{"id":109,"date":"2019-07-31T10:33:14","date_gmt":"2019-07-31T08:33:14","guid":{"rendered":"http:\/\/www.modepen.org\/?page_id=109"},"modified":"2020-11-27T10:48:18","modified_gmt":"2020-11-27T09:48:18","slug":"pagina-inicial","status":"publish","type":"page","link":"https:\/\/www.modepen.org\/index.php\/pagina-inicial\/","title":{"rendered":"Novas Importantes e Movilizaci\u00f3ns"},"content":{"rendered":"<div>\n<h1><img loading=\"lazy\" decoding=\"async\" class=\"alignleft size-full wp-image-786\" src=\"http:\/\/www.modepen.org\/wp-content\/uploads\/2020\/09\/WhatsApp-Image-2020-09-21-at-13.46.02-2.jpeg\" alt=\"\" width=\"1080\" height=\"1377\" srcset=\"https:\/\/www.modepen.org\/wp-content\/uploads\/2020\/09\/WhatsApp-Image-2020-09-21-at-13.46.02-2.jpeg 1080w, https:\/\/www.modepen.org\/wp-content\/uploads\/2020\/09\/WhatsApp-Image-2020-09-21-at-13.46.02-2-235x300.jpeg 235w, https:\/\/www.modepen.org\/wp-content\/uploads\/2020\/09\/WhatsApp-Image-2020-09-21-at-13.46.02-2-768x979.jpeg 768w, https:\/\/www.modepen.org\/wp-content\/uploads\/2020\/09\/WhatsApp-Image-2020-09-21-at-13.46.02-2-803x1024.jpeg 803w\" sizes=\"auto, (max-width: 1080px) 100vw, 1080px\" \/><img loading=\"lazy\" decoding=\"async\" class=\"alignleft size-full wp-image-787\" src=\"http:\/\/www.modepen.org\/wp-content\/uploads\/2020\/09\/WhatsApp-Image-2020-09-20-at-12.52.54.jpeg\" alt=\"\" width=\"1080\" height=\"1378\" srcset=\"https:\/\/www.modepen.org\/wp-content\/uploads\/2020\/09\/WhatsApp-Image-2020-09-20-at-12.52.54.jpeg 1080w, https:\/\/www.modepen.org\/wp-content\/uploads\/2020\/09\/WhatsApp-Image-2020-09-20-at-12.52.54-235x300.jpeg 235w, https:\/\/www.modepen.org\/wp-content\/uploads\/2020\/09\/WhatsApp-Image-2020-09-20-at-12.52.54-768x980.jpeg 768w, https:\/\/www.modepen.org\/wp-content\/uploads\/2020\/09\/WhatsApp-Image-2020-09-20-at-12.52.54-803x1024.jpeg 803w\" sizes=\"auto, (max-width: 1080px) 100vw, 1080px\" \/><\/h1>\n<h1><img loading=\"lazy\" decoding=\"async\" class=\"alignleft size-full wp-image-789\" src=\"http:\/\/www.modepen.org\/wp-content\/uploads\/2020\/09\/WhatsApp-Image-2020-09-27-at-13.09.15.jpeg\" alt=\"\" width=\"1131\" height=\"1600\" srcset=\"https:\/\/www.modepen.org\/wp-content\/uploads\/2020\/09\/WhatsApp-Image-2020-09-27-at-13.09.15.jpeg 1131w, https:\/\/www.modepen.org\/wp-content\/uploads\/2020\/09\/WhatsApp-Image-2020-09-27-at-13.09.15-212x300.jpeg 212w, https:\/\/www.modepen.org\/wp-content\/uploads\/2020\/09\/WhatsApp-Image-2020-09-27-at-13.09.15-768x1086.jpeg 768w, https:\/\/www.modepen.org\/wp-content\/uploads\/2020\/09\/WhatsApp-Image-2020-09-27-at-13.09.15-724x1024.jpeg 724w\" sizes=\"auto, (max-width: 1131px) 100vw, 1131px\" \/><img loading=\"lazy\" decoding=\"async\" class=\"alignleft size-full wp-image-777\" src=\"http:\/\/www.modepen.org\/wp-content\/uploads\/2020\/09\/IMG_20200912_215301.jpg\" alt=\"\" width=\"1080\" height=\"1445\" srcset=\"https:\/\/www.modepen.org\/wp-content\/uploads\/2020\/09\/IMG_20200912_215301.jpg 1080w, https:\/\/www.modepen.org\/wp-content\/uploads\/2020\/09\/IMG_20200912_215301-224x300.jpg 224w, https:\/\/www.modepen.org\/wp-content\/uploads\/2020\/09\/IMG_20200912_215301-768x1028.jpg 768w, https:\/\/www.modepen.org\/wp-content\/uploads\/2020\/09\/IMG_20200912_215301-765x1024.jpg 765w\" sizes=\"auto, (max-width: 1080px) 100vw, 1080px\" \/><img loading=\"lazy\" decoding=\"async\" class=\"alignleft size-full wp-image-690\" src=\"http:\/\/www.modepen.org\/wp-content\/uploads\/2020\/07\/IMG-20200711-WA0011.jpg\" alt=\"18 de Xullo de 2020 en Boiro\" width=\"1138\" height=\"1600\" srcset=\"https:\/\/www.modepen.org\/wp-content\/uploads\/2020\/07\/IMG-20200711-WA0011.jpg 1138w, https:\/\/www.modepen.org\/wp-content\/uploads\/2020\/07\/IMG-20200711-WA0011-213x300.jpg 213w, https:\/\/www.modepen.org\/wp-content\/uploads\/2020\/07\/IMG-20200711-WA0011-768x1080.jpg 768w, https:\/\/www.modepen.org\/wp-content\/uploads\/2020\/07\/IMG-20200711-WA0011-728x1024.jpg 728w\" sizes=\"auto, (max-width: 1138px) 100vw, 1138px\" \/><img loading=\"lazy\" decoding=\"async\" class=\"wp-image-600 alignleft\" src=\"http:\/\/www.modepen.org\/wp-content\/uploads\/2020\/05\/CorazonVerdeSSP.jpg\" alt=\"\" width=\"121\" height=\"121\" srcset=\"https:\/\/www.modepen.org\/wp-content\/uploads\/2020\/05\/CorazonVerdeSSP.jpg 640w, https:\/\/www.modepen.org\/wp-content\/uploads\/2020\/05\/CorazonVerdeSSP-150x150.jpg 150w, https:\/\/www.modepen.org\/wp-content\/uploads\/2020\/05\/CorazonVerdeSSP-300x300.jpg 300w\" sizes=\"auto, (max-width: 121px) 100vw, 121px\" \/><\/h1>\n<h1><iframe loading=\"lazy\" title=\"La Ma\u00f1ana - 24\/06\/20\" src=\"https:\/\/www.youtube.com\/embed\/dpfaQ-sMI4Y?feature=oembed\" width=\"743\" height=\"418\" frameborder=\"0\" allowfullscreen=\"allowfullscreen\"><\/iframe><\/h1>\n<p>&nbsp;<\/p>\n<p><iframe loading=\"lazy\" title=\"La Ma\u00f1ana - 24\/06\/20\" width=\"840\" height=\"473\" src=\"https:\/\/www.youtube.com\/embed\/dpfaQ-sMI4Y?feature=oembed\" frameborder=\"0\" allow=\"accelerometer; autoplay; clipboard-write; encrypted-media; gyroscope; picture-in-picture\" allowfullscreen><\/iframe><\/p>\n<p>24-06-2020: <a href=\"http:\/\/www.modepen.org\/wp-content\/uploads\/2020\/06\/200624_Convocatoria-MARCHA-SANTIAGO_1.pdf\" target=\"_blank\" rel=\"noopener noreferrer\">Convocatoria da Marcha por uns Servizos Sociais 100% P\u00fablicos, Universais y de Calidade<\/a><\/p>\n<p>&nbsp;<\/p>\n<p><a href=\"http:\/\/www.modepen.org\/index.php\/marcha-santiago-24-06-2020\/\" target=\"_blank\" rel=\"noopener noreferrer\"><img loading=\"lazy\" decoding=\"async\" class=\"wp-image-609 size-full aligncenter\" title=\"Hacer click para ampliar\" src=\"http:\/\/www.modepen.org\/wp-content\/uploads\/2020\/06\/Cartaz-marcha-Santiago24p.jpg\" alt=\"\" width=\"199\" height=\"284\" \/><\/a><\/p>\n<p><iframe loading=\"lazy\" title=\"Marcha por una Servicios Sociais 100% P\u00fablicos Santiago 24 de Xu\u00f1o as 12:00h\" width=\"840\" height=\"473\" src=\"https:\/\/www.youtube.com\/embed\/06zFvuuly3k?feature=oembed\" frameborder=\"0\" allow=\"accelerometer; autoplay; clipboard-write; encrypted-media; gyroscope; picture-in-picture\" allowfullscreen><\/iframe><\/p>\n<h2>ENCONTRO TELEM\u00c1TICO SOBRE A DEPENDENCIA<\/h2>\n<p>O d\u00eda 23\/06\/2020, tivo lugar un \u201cDebate Telem\u00e1tico sobre a Dependencia\u201d, usando o programa inform\u00e1tico Zoom, organizado pola \u201cAlianza Galega polo Servizos Sociais P\u00fablicos para os Maiores\u201d, que est\u00e1 constitu\u00edda polos seguintes colectivos sociais: \u201cMovemento Galego en Defensa das Pensi\u00f3ns P\u00fablicas (MODEP\u00c9N)\u201d, \u201cTraballadoras das Residencias Galegas (TReGA), e Asociaci\u00f3ns de Familiares de Usuarios das Residencias(REDE).<br \/>\nEstaban invitados todos as organizaci\u00f3ns pol\u00edticas con presenza no \u00faltimo Parlamento Galego. Finalmente participaron no \u201cDebate\u201d Montse Prado do BNG, Maria Chao da Marea Galeguista, e Xulio Torrado do PSdeG-PSOE. Galicia En Com\u00fan escusou a s\u00faa asistencia, por problemas de axenda, e o PP, que tam\u00e9n estaba invitado, non participou.<br \/>\nPor parte de Alianza participaron: Paco Vizoso do Modepen; Maribel Barreiro de TReGA e Xos\u00e9 Berm\u00fadez secretario de REDE.<\/p>\n<p><iframe loading=\"lazy\" title=\"Debate Telem\u00e1tico Sobre a Dependencia 23 de Xu\u00f1o\" width=\"840\" height=\"473\" src=\"https:\/\/www.youtube.com\/embed\/MPQSxuiMuTI?feature=oembed\" frameborder=\"0\" allow=\"accelerometer; autoplay; clipboard-write; encrypted-media; gyroscope; picture-in-picture\" allowfullscreen><\/iframe><\/p>\n<p><a href=\"http:\/\/www.modepen.org\/index.php\/marcha-cangas-18-06-2020\/\" target=\"_blank\" rel=\"noopener noreferrer\"><img loading=\"lazy\" decoding=\"async\" class=\"alignleft wp-image-609 size-full\" title=\"Hacer click para ampliar\" src=\"http:\/\/www.modepen.org\/wp-content\/uploads\/2020\/06\/200618_Cangasp.jpg\" alt=\"\" width=\"199\" height=\"284\" \/><\/a><\/p>\n<p><a href=\"http:\/\/www.modepen.org\/index.php\/marcha-ribadeo-18-06-2020\/\" target=\"_blank\" rel=\"noopener noreferrer\"><img loading=\"lazy\" decoding=\"async\" class=\"alignleft wp-image-609 size-full\" title=\"Hacer click para ampliar\" src=\"http:\/\/www.modepen.org\/wp-content\/uploads\/2020\/06\/20200618-Ribadeop.jpg\" alt=\"\" width=\"199\" height=\"284\" \/><\/a><a href=\"http:\/\/www.modepen.org\/index.php\/convocatoria-servizos-sociais\/\" target=\"_blank\" rel=\"noopener noreferrer\"><img loading=\"lazy\" decoding=\"async\" class=\"alignleft wp-image-609 size-full\" title=\"Hacer click para ampliar\" src=\"http:\/\/www.modepen.org\/wp-content\/uploads\/2020\/06\/marchaxu\u00f1op.jpg\" alt=\"\" width=\"199\" height=\"284\" \/><\/a><\/p>\n<p>&nbsp;<\/p>\n<\/div>\n<div>\n<p>&nbsp;<\/p>\n<p>&nbsp;<\/p>\n<p>&nbsp;<\/p>\n<p>&nbsp;<\/p>\n<p>&nbsp;<\/p>\n<p>12-06-2020: V\u00eddeo das Marchas C\u00edvicas realizadas<br \/>\n<a href=\"http:\/\/www.modepen.org\/index.php\/video-das-marchas-civicas-realizadas-11-06-2020\/\" target=\"_blank\" rel=\"noopener noreferrer\"><img loading=\"lazy\" decoding=\"async\" class=\"aligncenter wp-image-609 size-full\" title=\"Hacer click para ver video\" src=\"http:\/\/www.modepen.org\/wp-content\/uploads\/2020\/06\/Marchas-11-06-2020.jpg\" alt=\"\" width=\"199\" height=\"284\" \/><\/a><\/p>\n<p>07-06-2020: <a href=\"https:\/\/youtu.be\/4lzzryxGRi4\" target=\"_blank\" rel=\"noopener noreferrer\">V\u00eddeo promocional Marchas C\u00edvicas por uns Servizos Sociais 100% P\u00fablicos<\/a><\/p>\n<p>02-06-2020: <a href=\"https:\/\/docs.google.com\/forms\/d\/e\/1FAIpQLSdIqIXvfQn0Jv_Mt_CdQUD8Mrpcd1RbVfvDUyjS41LE1noCrQ\/viewform?fbclid=IwAR0wxHMxxUmApS49hL5xf_B9IJSO3WuutwRi2XPtvYtO5_9vU5JYytB-hMY\" target=\"_blank\" rel=\"noopener noreferrer\">Dou o meu apoio \u00e1s Marchas C\u00edvicas<\/a><\/p>\n<p>01-06-2020: <a href=\"http:\/\/www.modepen.org\/wp-content\/uploads\/2020\/06\/CONVOCATORIA-MARCHAS-CIVICAS.pdf\" target=\"_blank\" rel=\"noopener noreferrer\">CONVOCATORIA DE \u201cMARCHAS C\u00cdVICAS\u201d: por uns Servizos Sociais 100% P\u00fablicos, Contra a Privatizaci\u00f3n, e en Solidariedade coas V\u00edtimas da Covid-19 nas Residencias, o 11 de Xu\u00f1o, nas 7 grandes cidades de Galiza..<\/a><\/p>\n<p>&nbsp;<\/p>\n<p>&nbsp;<\/p>\n<p>&nbsp;<\/p>\n<p>&nbsp;<\/p>\n<p>&nbsp;<\/p>\n<\/div>\n<div>\n<p>&nbsp;<\/p>\n<\/div>\n","protected":false},"excerpt":{"rendered":"<p>&nbsp; 24-06-2020: Convocatoria da Marcha por uns Servizos Sociais 100% P\u00fablicos, Universais y de Calidade &nbsp; ENCONTRO TELEM\u00c1TICO SOBRE A[&#8230;]<\/p>\n","protected":false},"author":3,"featured_media":0,"parent":0,"menu_order":0,"comment_status":"closed","ping_status":"closed","template":"","meta":{"footnotes":""},"class_list":["post-109","page","type-page","status-publish","hentry"],"_links":{"self":[{"href":"https:\/\/www.modepen.org\/index.php\/wp-json\/wp\/v2\/pages\/109","targetHints":{"allow":["GET"]}}],"collection":[{"href":"https:\/\/www.modepen.org\/index.php\/wp-json\/wp\/v2\/pages"}],"about":[{"href":"https:\/\/www.modepen.org\/index.php\/wp-json\/wp\/v2\/types\/page"}],"author":[{"embeddable":true,"href":"https:\/\/www.modepen.org\/index.php\/wp-json\/wp\/v2\/users\/3"}],"replies":[{"embeddable":true,"href":"https:\/\/www.modepen.org\/index.php\/wp-json\/wp\/v2\/comments?post=109"}],"version-history":[{"count":111,"href":"https:\/\/www.modepen.org\/index.php\/wp-json\/wp\/v2\/pages\/109\/revisions"}],"predecessor-version":[{"id":932,"href":"https:\/\/www.modepen.org\/index.php\/wp-json\/wp\/v2\/pages\/109\/revisions\/932"}],"wp:attachment":[{"href":"https:\/\/www.modepen.org\/index.php\/wp-json\/wp\/v2\/media?parent=109"}],"curies":[{"name":"wp","href":"https:\/\/api.w.org\/{rel}","templated":true}]}}