{"id":2006,"date":"2022-01-31T19:10:51","date_gmt":"2022-01-31T18:10:51","guid":{"rendered":"https:\/\/www.modepen.org\/?page_id=2006"},"modified":"2022-01-31T19:25:41","modified_gmt":"2022-01-31T18:25:41","slug":"historial-de-eventos","status":"publish","type":"page","link":"https:\/\/www.modepen.org\/index.php\/historial-de-eventos\/","title":{"rendered":"Historial de Eventos"},"content":{"rendered":"\n        <div class=\"eap__list\">\n            \n<div id=\"post-3689\" class=\"eap__event\">\n    <div class=\"eap__img\">\n        <img loading=\"lazy\" decoding=\"async\" width=\"318\" height=\"450\" src=\"https:\/\/www.modepen.org\/wp-content\/uploads\/2026\/04\/Charla-A-Rua-20260417_2-P.jpg\" class=\"attachment-post-thumbnail size-post-thumbnail wp-post-image\" alt=\"\" srcset=\"https:\/\/www.modepen.org\/wp-content\/uploads\/2026\/04\/Charla-A-Rua-20260417_2-P.jpg 318w, https:\/\/www.modepen.org\/wp-content\/uploads\/2026\/04\/Charla-A-Rua-20260417_2-P-212x300.jpg 212w, https:\/\/www.modepen.org\/wp-content\/uploads\/2026\/04\/Charla-A-Rua-20260417_2-P-106x150.jpg 106w\" sizes=\"auto, (max-width: 318px) 100vw, 318px\" \/>    <\/div>\n\n    <div class=\"eap__content\">\n        <!-- header -->\n        <header class=\"eap__header\">\n            <h2 class=\"eap__title\"><a href=\"https:\/\/www.modepen.org\/index.php\/events\/charla-coloquio-sobre-o-sistema-publico-de-pensions-no-concello-da-rua\/\" rel=\"bookmark\">Charla-Coloquio sobre o Sistema P\u00fablico de Pensi\u00f3ns no Concello da R\u00faa<\/a><\/h2>\n                        \n<!-- event meta -->\n<p class=\"eap__meta\">\n            <span class=\"eap__date no-wrap\">\n            <span class=\"dashicons dashicons-calendar-alt\"><\/span> Abril 17, 2026        <\/span>\n         |         <span class=\"eap__time no-wrap\">\n            <span class=\"dashicons dashicons-clock\"><\/span> 7:30 pm        <\/span>\n        \n    <br>\n\n                <a href=\"https:\/\/maps.app.goo.gl\/oUAm5SHB54A5MzSc9\" target=\"_blank\" class=\"eap__location\">Edificio do Concello<\/a>, A R\u00faa, Galiza            <\/p>\n\n        <\/header>\n\n        <!-- main -->\n        <main class=\"eap__excerpt\">\n                            <p class=\"eap__more\">\n                    <a href=\"https:\/\/www.modepen.org\/index.php\/events\/charla-coloquio-sobre-o-sistema-publico-de-pensions-no-concello-da-rua\/\">Read more<\/a>\n                <\/p>\n                        <\/main>\n    <\/div>\n<\/div>\n\n<div id=\"post-3685\" class=\"eap__event\">\n    <div class=\"eap__img\">\n        <img loading=\"lazy\" decoding=\"async\" width=\"318\" height=\"450\" src=\"https:\/\/www.modepen.org\/wp-content\/uploads\/2026\/04\/Mesa-informativa-Coruna-20260415-P.jpg\" class=\"attachment-post-thumbnail size-post-thumbnail wp-post-image\" alt=\"\" srcset=\"https:\/\/www.modepen.org\/wp-content\/uploads\/2026\/04\/Mesa-informativa-Coruna-20260415-P.jpg 318w, https:\/\/www.modepen.org\/wp-content\/uploads\/2026\/04\/Mesa-informativa-Coruna-20260415-P-212x300.jpg 212w, https:\/\/www.modepen.org\/wp-content\/uploads\/2026\/04\/Mesa-informativa-Coruna-20260415-P-106x150.jpg 106w\" sizes=\"auto, (max-width: 318px) 100vw, 318px\" \/>    <\/div>\n\n    <div class=\"eap__content\">\n        <!-- header -->\n        <header class=\"eap__header\">\n            <h2 class=\"eap__title\"><a href=\"https:\/\/www.modepen.org\/index.php\/events\/a-coruna-mesa-informativa-o-dia-15-de-abril\/\" rel=\"bookmark\">A Coru\u00f1a: Mesa Informativa o d\u00eda 15 de Abril<\/a><\/h2>\n                        \n<!-- event meta -->\n<p class=\"eap__meta\">\n            <span class=\"eap__date no-wrap\">\n            <span class=\"dashicons dashicons-calendar-alt\"><\/span> Abril 15, 2026        <\/span>\n         |         <span class=\"eap__time no-wrap\">\n            <span class=\"dashicons dashicons-clock\"><\/span> 12:00 pm        <\/span>\n        \n    <br>\n\n                <a href=\"https:\/\/maps.app.goo.gl\/UtHBkWm6mXJkennx5\" target=\"_blank\" class=\"eap__location\">Mercado de Elvi\u00f1a<\/a>, A Coru\u00f1a, Galiza            <\/p>\n\n        <\/header>\n\n        <!-- main -->\n        <main class=\"eap__excerpt\">\n                            <p class=\"eap__more\">\n                    <a href=\"https:\/\/www.modepen.org\/index.php\/events\/a-coruna-mesa-informativa-o-dia-15-de-abril\/\">Read more<\/a>\n                <\/p>\n                        <\/main>\n    <\/div>\n<\/div>\n\n<div id=\"post-3680\" class=\"eap__event\">\n    <div class=\"eap__img\">\n        <img loading=\"lazy\" decoding=\"async\" width=\"283\" height=\"400\" src=\"https:\/\/www.modepen.org\/wp-content\/uploads\/2026\/03\/vigo-06-04-2026-P.jpg\" class=\"attachment-post-thumbnail size-post-thumbnail wp-post-image\" alt=\"\" srcset=\"https:\/\/www.modepen.org\/wp-content\/uploads\/2026\/03\/vigo-06-04-2026-P.jpg 283w, https:\/\/www.modepen.org\/wp-content\/uploads\/2026\/03\/vigo-06-04-2026-P-212x300.jpg 212w, https:\/\/www.modepen.org\/wp-content\/uploads\/2026\/03\/vigo-06-04-2026-P-106x150.jpg 106w\" sizes=\"auto, (max-width: 283px) 100vw, 283px\" \/>    <\/div>\n\n    <div class=\"eap__content\">\n        <!-- header -->\n        <header class=\"eap__header\">\n            <h2 class=\"eap__title\"><a href=\"https:\/\/www.modepen.org\/index.php\/events\/vigo-concentracion-diante-do-marco-o-dia-6-de-abril-mobilizate-acude\/\" rel=\"bookmark\">Vigo: Concentraci\u00f3n diante do MARCO o d\u00eda 6 de Abril MOBIL\u00cdZATE!!! ACUDE!!!<\/a><\/h2>\n                        \n<!-- event meta -->\n<p class=\"eap__meta\">\n            <span class=\"eap__date no-wrap\">\n            <span class=\"dashicons dashicons-calendar-alt\"><\/span> Abril 6, 2026        <\/span>\n         |         <span class=\"eap__time no-wrap\">\n            <span class=\"dashicons dashicons-clock\"><\/span> 7:30 pm        <\/span>\n        \n    <br>\n\n                <a href=\"https:\/\/maps.app.goo.gl\/mAsS39HkhpTXJcpF7\" target=\"_blank\" class=\"eap__location\">Diante do MARCO na R\u00faa Pr\u00edncipe<\/a>, Vigo, Galiza            <\/p>\n\n        <\/header>\n\n        <!-- main -->\n        <main class=\"eap__excerpt\">\n                            <p class=\"eap__more\">\n                    <a href=\"https:\/\/www.modepen.org\/index.php\/events\/vigo-concentracion-diante-do-marco-o-dia-6-de-abril-mobilizate-acude\/\">Read more<\/a>\n                <\/p>\n                        <\/main>\n    <\/div>\n<\/div>\n\n<div id=\"post-3673\" class=\"eap__event\">\n    <div class=\"eap__img\">\n        <img loading=\"lazy\" decoding=\"async\" width=\"318\" height=\"450\" src=\"https:\/\/www.modepen.org\/wp-content\/uploads\/2026\/03\/Vigo-09-03-2026-P.jpg\" class=\"attachment-post-thumbnail size-post-thumbnail wp-post-image\" alt=\"\" srcset=\"https:\/\/www.modepen.org\/wp-content\/uploads\/2026\/03\/Vigo-09-03-2026-P.jpg 318w, https:\/\/www.modepen.org\/wp-content\/uploads\/2026\/03\/Vigo-09-03-2026-P-212x300.jpg 212w, https:\/\/www.modepen.org\/wp-content\/uploads\/2026\/03\/Vigo-09-03-2026-P-106x150.jpg 106w\" sizes=\"auto, (max-width: 318px) 100vw, 318px\" \/>    <\/div>\n\n    <div class=\"eap__content\">\n        <!-- header -->\n        <header class=\"eap__header\">\n            <h2 class=\"eap__title\"><a href=\"https:\/\/www.modepen.org\/index.php\/events\/vigo-concentracion-diante-do-marco-o-dia-9-de-marzo-as-mulleres-pensionistas-falamos-decidimos-e-loitamos-rematemos-coa-fenda-de-xenero\/\" rel=\"bookmark\">Vigo: Concentraci\u00f3n diante do MARCO o d\u00eda 9 de Marzo. As Mulleres Pensionistas falamos, decidimos e loitamos. Rematemos coa FENDA DE X\u00c9NERO.<\/a><\/h2>\n                        \n<!-- event meta -->\n<p class=\"eap__meta\">\n            <span class=\"eap__date no-wrap\">\n            <span class=\"dashicons dashicons-calendar-alt\"><\/span> Marzo 9, 2026        <\/span>\n         |         <span class=\"eap__time no-wrap\">\n            <span class=\"dashicons dashicons-clock\"><\/span> 7:30 pm        <\/span>\n        \n    <br>\n\n                <a href=\"https:\/\/maps.app.goo.gl\/JUaKmhYt8yTJa9NN6\" target=\"_blank\" class=\"eap__location\">Diante do MARCO, na R\u00faa Pr\u00edncipe<\/a>, Vigo, Galiza            <\/p>\n\n        <\/header>\n\n        <!-- main -->\n        <main class=\"eap__excerpt\">\n                            <p class=\"eap__more\">\n                    <a href=\"https:\/\/www.modepen.org\/index.php\/events\/vigo-concentracion-diante-do-marco-o-dia-9-de-marzo-as-mulleres-pensionistas-falamos-decidimos-e-loitamos-rematemos-coa-fenda-de-xenero\/\">Read more<\/a>\n                <\/p>\n                        <\/main>\n    <\/div>\n<\/div>\n\n<div id=\"post-3666\" class=\"eap__event\">\n    <div class=\"eap__img\">\n        <img loading=\"lazy\" decoding=\"async\" width=\"317\" height=\"450\" src=\"https:\/\/www.modepen.org\/wp-content\/uploads\/2026\/03\/FENDA-DE-XENERO-ADICAE-02-P.jpg\" class=\"attachment-post-thumbnail size-post-thumbnail wp-post-image\" alt=\"\" srcset=\"https:\/\/www.modepen.org\/wp-content\/uploads\/2026\/03\/FENDA-DE-XENERO-ADICAE-02-P.jpg 317w, https:\/\/www.modepen.org\/wp-content\/uploads\/2026\/03\/FENDA-DE-XENERO-ADICAE-02-P-211x300.jpg 211w, https:\/\/www.modepen.org\/wp-content\/uploads\/2026\/03\/FENDA-DE-XENERO-ADICAE-02-P-106x150.jpg 106w\" sizes=\"auto, (max-width: 317px) 100vw, 317px\" \/>    <\/div>\n\n    <div class=\"eap__content\">\n        <!-- header -->\n        <header class=\"eap__header\">\n            <h2 class=\"eap__title\"><a href=\"https:\/\/www.modepen.org\/index.php\/events\/conversas-analise-da-fenda-de-xenero-nas-pension\/\" rel=\"bookmark\">Conversas: An\u00e1lise da Fenda de X\u00e9nero nas Pensi\u00f3ns.<\/a><\/h2>\n                        \n<!-- event meta -->\n<p class=\"eap__meta\">\n            <span class=\"eap__date no-wrap\">\n            <span class=\"dashicons dashicons-calendar-alt\"><\/span> Marzo 4, 2026        <\/span>\n         |         <span class=\"eap__time no-wrap\">\n            <span class=\"dashicons dashicons-clock\"><\/span> 6:30 pm        <\/span>\n        \n    <br>\n\n                <a href=\"https:\/\/maps.app.goo.gl\/dBqC5xgyuCwzK4mr7\" target=\"_blank\" class=\"eap__location\">R\u00faa Pizarro, 52 Entreplanta A<\/a>, Vigo, Galiza            <\/p>\n\n        <\/header>\n\n        <!-- main -->\n        <main class=\"eap__excerpt\">\n                            <p class=\"eap__more\">\n                    <a href=\"https:\/\/www.modepen.org\/index.php\/events\/conversas-analise-da-fenda-de-xenero-nas-pension\/\">Read more<\/a>\n                <\/p>\n                        <\/main>\n    <\/div>\n<\/div>\n\n<div id=\"post-3634\" class=\"eap__event\">\n    <div class=\"eap__img\">\n        <img loading=\"lazy\" decoding=\"async\" width=\"301\" height=\"400\" src=\"https:\/\/www.modepen.org\/wp-content\/uploads\/2026\/02\/Concentracion-Cangas-20260213-P.jpeg\" class=\"attachment-post-thumbnail size-post-thumbnail wp-post-image\" alt=\"\" srcset=\"https:\/\/www.modepen.org\/wp-content\/uploads\/2026\/02\/Concentracion-Cangas-20260213-P.jpeg 301w, https:\/\/www.modepen.org\/wp-content\/uploads\/2026\/02\/Concentracion-Cangas-20260213-P-226x300.jpeg 226w, https:\/\/www.modepen.org\/wp-content\/uploads\/2026\/02\/Concentracion-Cangas-20260213-P-113x150.jpeg 113w\" sizes=\"auto, (max-width: 301px) 100vw, 301px\" \/>    <\/div>\n\n    <div class=\"eap__content\">\n        <!-- header -->\n        <header class=\"eap__header\">\n            <h2 class=\"eap__title\"><a href=\"https:\/\/www.modepen.org\/index.php\/events\/cangas-concentracion-na-defensa-das-pensions-publicas-e-contra-a-sua-privatizacion-o-dia-13-de-febreiro-as-2000-h-diante-do-concello-de-cangas\/\" rel=\"bookmark\">Cangas: Concentraci\u00f3n na Defensa das Pensi\u00f3ns P\u00fablicas e contra a sua Privatizaci\u00f3n, o d\u00eda 13 de Febreiro, as 20:00 h. diante do Concello de Cangas.<\/a><\/h2>\n                        \n<!-- event meta -->\n<p class=\"eap__meta\">\n            <span class=\"eap__date no-wrap\">\n            <span class=\"dashicons dashicons-calendar-alt\"><\/span> Febreiro 13, 2026        <\/span>\n         |         <span class=\"eap__time no-wrap\">\n            <span class=\"dashicons dashicons-clock\"><\/span> 8:00 pm        <\/span>\n        \n    <br>\n\n                <a href=\"https:\/\/maps.app.goo.gl\/oJQLnVmu4rwu9YHc8\" target=\"_blank\" class=\"eap__location\">Diante do Concello<\/a>, Cangas, Galiza            <\/p>\n\n        <\/header>\n\n        <!-- main -->\n        <main class=\"eap__excerpt\">\n                            <p class=\"eap__more\">\n                    <a href=\"https:\/\/www.modepen.org\/index.php\/events\/cangas-concentracion-na-defensa-das-pensions-publicas-e-contra-a-sua-privatizacion-o-dia-13-de-febreiro-as-2000-h-diante-do-concello-de-cangas\/\">Read more<\/a>\n                <\/p>\n                        <\/main>\n    <\/div>\n<\/div>\n\n<div id=\"post-3639\" class=\"eap__event\">\n    <div class=\"eap__img\">\n        <img loading=\"lazy\" decoding=\"async\" width=\"284\" height=\"400\" src=\"https:\/\/www.modepen.org\/wp-content\/uploads\/2026\/02\/Cartaz-Charla-Tui-20260212-01-P.jpg\" class=\"attachment-post-thumbnail size-post-thumbnail wp-post-image\" alt=\"\" srcset=\"https:\/\/www.modepen.org\/wp-content\/uploads\/2026\/02\/Cartaz-Charla-Tui-20260212-01-P.jpg 284w, https:\/\/www.modepen.org\/wp-content\/uploads\/2026\/02\/Cartaz-Charla-Tui-20260212-01-P-213x300.jpg 213w, https:\/\/www.modepen.org\/wp-content\/uploads\/2026\/02\/Cartaz-Charla-Tui-20260212-01-P-107x150.jpg 107w\" sizes=\"auto, (max-width: 284px) 100vw, 284px\" \/>    <\/div>\n\n    <div class=\"eap__content\">\n        <!-- header -->\n        <header class=\"eap__header\">\n            <h2 class=\"eap__title\"><a href=\"https:\/\/www.modepen.org\/index.php\/events\/tui-charla-coloquio-fagamos-memoria-na-sala-felix-rodriguez\/\" rel=\"bookmark\">Tui: Charla Coloquio: FAGAMOS MEMORIA na Sala F\u00e9lix Rodr\u00edguez<\/a><\/h2>\n                        \n<!-- event meta -->\n<p class=\"eap__meta\">\n            <span class=\"eap__date no-wrap\">\n            <span class=\"dashicons dashicons-calendar-alt\"><\/span> Febreiro 12, 2026        <\/span>\n         |         <span class=\"eap__time no-wrap\">\n            <span class=\"dashicons dashicons-clock\"><\/span> 7:30 pm        <\/span>\n        \n    <br>\n\n                <a href=\"https:\/\/maps.app.goo.gl\/Ho3eqm4ZnZA3oSrA7\" target=\"_blank\" class=\"eap__location\">Sala F\u00e9lix Rodr\u00edguez<\/a>, Tui, Galiza            <\/p>\n\n        <\/header>\n\n        <!-- main -->\n        <main class=\"eap__excerpt\">\n                            <p class=\"eap__more\">\n                    <a href=\"https:\/\/www.modepen.org\/index.php\/events\/tui-charla-coloquio-fagamos-memoria-na-sala-felix-rodriguez\/\">Read more<\/a>\n                <\/p>\n                        <\/main>\n    <\/div>\n<\/div>\n\n<div id=\"post-3630\" class=\"eap__event\">\n    <div class=\"eap__img\">\n        <img loading=\"lazy\" decoding=\"async\" width=\"270\" height=\"400\" src=\"https:\/\/www.modepen.org\/wp-content\/uploads\/2026\/02\/Mesa-Informativa-Coruna-20260204-P.jpg\" class=\"attachment-post-thumbnail size-post-thumbnail wp-post-image\" alt=\"\" srcset=\"https:\/\/www.modepen.org\/wp-content\/uploads\/2026\/02\/Mesa-Informativa-Coruna-20260204-P.jpg 270w, https:\/\/www.modepen.org\/wp-content\/uploads\/2026\/02\/Mesa-Informativa-Coruna-20260204-P-203x300.jpg 203w, https:\/\/www.modepen.org\/wp-content\/uploads\/2026\/02\/Mesa-Informativa-Coruna-20260204-P-101x150.jpg 101w\" sizes=\"auto, (max-width: 270px) 100vw, 270px\" \/>    <\/div>\n\n    <div class=\"eap__content\">\n        <!-- header -->\n        <header class=\"eap__header\">\n            <h2 class=\"eap__title\"><a href=\"https:\/\/www.modepen.org\/index.php\/events\/coruna-mesa-informativa-o-dia-4-de-febreiro\/\" rel=\"bookmark\">Coru\u00f1a: Mesa Informativa o d\u00eda 4 de Febreiro<\/a><\/h2>\n                        \n<!-- event meta -->\n<p class=\"eap__meta\">\n            <span class=\"eap__date no-wrap\">\n            <span class=\"dashicons dashicons-calendar-alt\"><\/span> Febreiro 4, 2026        <\/span>\n         |         <span class=\"eap__time no-wrap\">\n            <span class=\"dashicons dashicons-clock\"><\/span> 12:00 pm        <\/span>\n        \n    <br>\n\n                <a href=\"https:\/\/maps.app.goo.gl\/NRcPMHtrmuZhzRhx8\" target=\"_blank\" class=\"eap__location\">Praza das Conchi\u00f1as<\/a>, A Coru\u00f1a, Galiza            <\/p>\n\n        <\/header>\n\n        <!-- main -->\n        <main class=\"eap__excerpt\">\n                            <p class=\"eap__more\">\n                    <a href=\"https:\/\/www.modepen.org\/index.php\/events\/coruna-mesa-informativa-o-dia-4-de-febreiro\/\">Read more<\/a>\n                <\/p>\n                        <\/main>\n    <\/div>\n<\/div>\n\n<div id=\"post-3596\" class=\"eap__event\">\n    <div class=\"eap__img\">\n        <img loading=\"lazy\" decoding=\"async\" width=\"318\" height=\"450\" src=\"https:\/\/www.modepen.org\/wp-content\/uploads\/2026\/01\/Conversas-Mulleres-2-P.jpg\" class=\"attachment-post-thumbnail size-post-thumbnail wp-post-image\" alt=\"\" srcset=\"https:\/\/www.modepen.org\/wp-content\/uploads\/2026\/01\/Conversas-Mulleres-2-P.jpg 318w, https:\/\/www.modepen.org\/wp-content\/uploads\/2026\/01\/Conversas-Mulleres-2-P-212x300.jpg 212w, https:\/\/www.modepen.org\/wp-content\/uploads\/2026\/01\/Conversas-Mulleres-2-P-106x150.jpg 106w\" sizes=\"auto, (max-width: 318px) 100vw, 318px\" \/>    <\/div>\n\n    <div class=\"eap__content\">\n        <!-- header -->\n        <header class=\"eap__header\">\n            <h2 class=\"eap__title\"><a href=\"https:\/\/www.modepen.org\/index.php\/events\/conversas-analise-da-fenda-de-xenero-nas-pensions-2\/\" rel=\"bookmark\">Conversas: An\u00e1lise da Fenda de X\u00e9nero nas Pensi\u00f3ns<\/a><\/h2>\n                        \n<!-- event meta -->\n<p class=\"eap__meta\">\n            <span class=\"eap__date no-wrap\">\n            <span class=\"dashicons dashicons-calendar-alt\"><\/span> Febreiro 3, 2026        <\/span>\n         |         <span class=\"eap__time no-wrap\">\n            <span class=\"dashicons dashicons-clock\"><\/span> 7:30 pm        <\/span>\n        \n    <br>\n\n                <a href=\"https:\/\/maps.app.goo.gl\/WN8ytpFD19FHRa9i9\" target=\"_blank\" class=\"eap__location\">AMORADA, R\u00faa Enrique X. Macias, 6<\/a>, Vigo, Galiza            <\/p>\n\n        <\/header>\n\n        <!-- main -->\n        <main class=\"eap__excerpt\">\n                            <p class=\"eap__more\">\n                    <a href=\"https:\/\/www.modepen.org\/index.php\/events\/conversas-analise-da-fenda-de-xenero-nas-pensions-2\/\">Read more<\/a>\n                <\/p>\n                        <\/main>\n    <\/div>\n<\/div>\n\n<div id=\"post-3618\" class=\"eap__event\">\n    <div class=\"eap__img\">\n        <img loading=\"lazy\" decoding=\"async\" width=\"283\" height=\"400\" src=\"https:\/\/www.modepen.org\/wp-content\/uploads\/2026\/01\/VIGO-2-2-2026-P.jpg\" class=\"attachment-post-thumbnail size-post-thumbnail wp-post-image\" alt=\"\" srcset=\"https:\/\/www.modepen.org\/wp-content\/uploads\/2026\/01\/VIGO-2-2-2026-P.jpg 283w, https:\/\/www.modepen.org\/wp-content\/uploads\/2026\/01\/VIGO-2-2-2026-P-212x300.jpg 212w, https:\/\/www.modepen.org\/wp-content\/uploads\/2026\/01\/VIGO-2-2-2026-P-106x150.jpg 106w\" sizes=\"auto, (max-width: 283px) 100vw, 283px\" \/>    <\/div>\n\n    <div class=\"eap__content\">\n        <!-- header -->\n        <header class=\"eap__header\">\n            <h2 class=\"eap__title\"><a href=\"https:\/\/www.modepen.org\/index.php\/events\/vigo-concentracion-diante-do-marco-o-dia-2-de-febreiro-futuro-das-pensions-no-2026-mobilizate-acude\/\" rel=\"bookmark\">Vigo: Concentraci\u00f3n diante do MARCO o d\u00eda 2 de Febreiro. Futuro das pensi\u00f3ns no 2026. MOBIL\u00cdZATE!!! ACUDE!!!<\/a><\/h2>\n                        \n<!-- event meta -->\n<p class=\"eap__meta\">\n            <span class=\"eap__date no-wrap\">\n            <span class=\"dashicons dashicons-calendar-alt\"><\/span> Febreiro 2, 2026        <\/span>\n         |         <span class=\"eap__time no-wrap\">\n            <span class=\"dashicons dashicons-clock\"><\/span> 7:30 pm        <\/span>\n        \n    <br>\n\n                <a href=\"https:\/\/maps.app.goo.gl\/y3MentogsnqEzPSS7\" target=\"_blank\" class=\"eap__location\">Diante do MARCO, na R\u00faa Pr\u00edncipe<\/a>, Vigo, Galiza            <\/p>\n\n        <\/header>\n\n        <!-- main -->\n        <main class=\"eap__excerpt\">\n                            <p class=\"eap__more\">\n                    <a href=\"https:\/\/www.modepen.org\/index.php\/events\/vigo-concentracion-diante-do-marco-o-dia-2-de-febreiro-futuro-das-pensions-no-2026-mobilizate-acude\/\">Read more<\/a>\n                <\/p>\n                        <\/main>\n    <\/div>\n<\/div>\n\n<div id=\"post-3622\" class=\"eap__event\">\n    <div class=\"eap__img\">\n        <img loading=\"lazy\" decoding=\"async\" width=\"283\" height=\"400\" src=\"https:\/\/www.modepen.org\/wp-content\/uploads\/2026\/01\/Concentracion-ValMinhor-20260202-P.jpeg\" class=\"attachment-post-thumbnail size-post-thumbnail wp-post-image\" alt=\"\" srcset=\"https:\/\/www.modepen.org\/wp-content\/uploads\/2026\/01\/Concentracion-ValMinhor-20260202-P.jpeg 283w, https:\/\/www.modepen.org\/wp-content\/uploads\/2026\/01\/Concentracion-ValMinhor-20260202-P-212x300.jpeg 212w, https:\/\/www.modepen.org\/wp-content\/uploads\/2026\/01\/Concentracion-ValMinhor-20260202-P-106x150.jpeg 106w\" sizes=\"auto, (max-width: 283px) 100vw, 283px\" \/>    <\/div>\n\n    <div class=\"eap__content\">\n        <!-- header -->\n        <header class=\"eap__header\">\n            <h2 class=\"eap__title\"><a href=\"https:\/\/www.modepen.org\/index.php\/events\/val-minor-concentracion-o-luns-2-de-febreiro-diante-da-capela-de-san-campio-a-ramallosa-mantenamos-o-sistema-publico-de-pensions-auditoria-publica-da-seguridade-social\/\" rel=\"bookmark\">Val Mi\u00f1or: Concentraci\u00f3n  o luns, 2 de Febreiro, diante da Capela de San Campio (A Ramallosa). Mante\u00f1amos o Sistema P\u00fablico de Pensi\u00f3ns. Auditor\u00eda P\u00fablica da Seguridade Social.<\/a><\/h2>\n                        \n<!-- event meta -->\n<p class=\"eap__meta\">\n            <span class=\"eap__date no-wrap\">\n            <span class=\"dashicons dashicons-calendar-alt\"><\/span> Febreiro 2, 2026        <\/span>\n         |         <span class=\"eap__time no-wrap\">\n            <span class=\"dashicons dashicons-clock\"><\/span> 12:00 pm        <\/span>\n        \n    <br>\n\n                <a href=\"https:\/\/maps.app.goo.gl\/RsR8M6jBNeptbMkZ6\" target=\"_blank\" class=\"eap__location\">Diante da Capela de San Campio<\/a>, A Ramallosa, Galiza            <\/p>\n\n        <\/header>\n\n        <!-- main -->\n        <main class=\"eap__excerpt\">\n                            <p class=\"eap__more\">\n                    <a href=\"https:\/\/www.modepen.org\/index.php\/events\/val-minor-concentracion-o-luns-2-de-febreiro-diante-da-capela-de-san-campio-a-ramallosa-mantenamos-o-sistema-publico-de-pensions-auditoria-publica-da-seguridade-social\/\">Read more<\/a>\n                <\/p>\n                        <\/main>\n    <\/div>\n<\/div>\n\n<div id=\"post-3600\" class=\"eap__event\">\n    <div class=\"eap__img\">\n        <img loading=\"lazy\" decoding=\"async\" width=\"600\" height=\"427\" src=\"https:\/\/www.modepen.org\/wp-content\/uploads\/2026\/01\/MANI-SOS-1-FEB-2026-3-GP.jpg\" class=\"attachment-post-thumbnail size-post-thumbnail wp-post-image\" alt=\"\" srcset=\"https:\/\/www.modepen.org\/wp-content\/uploads\/2026\/01\/MANI-SOS-1-FEB-2026-3-GP.jpg 600w, https:\/\/www.modepen.org\/wp-content\/uploads\/2026\/01\/MANI-SOS-1-FEB-2026-3-GP-300x214.jpg 300w, https:\/\/www.modepen.org\/wp-content\/uploads\/2026\/01\/MANI-SOS-1-FEB-2026-3-GP-150x107.jpg 150w\" sizes=\"auto, (max-width: 600px) 100vw, 600px\" \/>    <\/div>\n\n    <div class=\"eap__content\">\n        <!-- header -->\n        <header class=\"eap__header\">\n            <h2 class=\"eap__title\"><a href=\"https:\/\/www.modepen.org\/index.php\/events\/manifestacion-en-santiago-o-dia-1-de-febreiro-mais-sanidade-publica\/\" rel=\"bookmark\">Manifestaci\u00f3n en Santiago o d\u00eda 1 de Febreiro: M\u00e1is Sanidade P\u00fablica<\/a><\/h2>\n                        \n<!-- event meta -->\n<p class=\"eap__meta\">\n            <span class=\"eap__date no-wrap\">\n            <span class=\"dashicons dashicons-calendar-alt\"><\/span> Febreiro 1, 2026        <\/span>\n         |         <span class=\"eap__time no-wrap\">\n            <span class=\"dashicons dashicons-clock\"><\/span> 12:00 pm        <\/span>\n        \n    <br>\n\n                <a href=\"https:\/\/maps.app.goo.gl\/T3CpBjxzH18Z13bJA\" target=\"_blank\" class=\"eap__location\">A Alameda<\/a>, Santiago, Galiza            <\/p>\n\n        <\/header>\n\n        <!-- main -->\n        <main class=\"eap__excerpt\">\n                            <p class=\"eap__more\">\n                    <a href=\"https:\/\/www.modepen.org\/index.php\/events\/manifestacion-en-santiago-o-dia-1-de-febreiro-mais-sanidade-publica\/\">Read more<\/a>\n                <\/p>\n                        <\/main>\n    <\/div>\n<\/div>\n\n<div id=\"post-3612\" class=\"eap__event\">\n    <div class=\"eap__img\">\n        <img loading=\"lazy\" decoding=\"async\" width=\"318\" height=\"450\" src=\"https:\/\/www.modepen.org\/wp-content\/uploads\/2026\/01\/Cartaz-Asemblea-2026-Cangas-P.jpg\" class=\"attachment-post-thumbnail size-post-thumbnail wp-post-image\" alt=\"\" srcset=\"https:\/\/www.modepen.org\/wp-content\/uploads\/2026\/01\/Cartaz-Asemblea-2026-Cangas-P.jpg 318w, https:\/\/www.modepen.org\/wp-content\/uploads\/2026\/01\/Cartaz-Asemblea-2026-Cangas-P-212x300.jpg 212w, https:\/\/www.modepen.org\/wp-content\/uploads\/2026\/01\/Cartaz-Asemblea-2026-Cangas-P-106x150.jpg 106w\" sizes=\"auto, (max-width: 318px) 100vw, 318px\" \/>    <\/div>\n\n    <div class=\"eap__content\">\n        <!-- header -->\n        <header class=\"eap__header\">\n            <h2 class=\"eap__title\"><a href=\"https:\/\/www.modepen.org\/index.php\/events\/vii-asemblea-nacional-de-modepen-en-cangas\/\" rel=\"bookmark\">VII Asemblea Nacional de MODEPEN en Cangas<\/a><\/h2>\n                        \n<!-- event meta -->\n<p class=\"eap__meta\">\n            <span class=\"eap__date no-wrap\">\n            <span class=\"dashicons dashicons-calendar-alt\"><\/span> Xaneiro 31, 2026        <\/span>\n         |         <span class=\"eap__time no-wrap\">\n            <span class=\"dashicons dashicons-clock\"><\/span> 10:00 am        <\/span>\n         \u2013             <span class=\"eap__time no-wrap\">\n                2:00 pm            <\/span>\n            \n    <br>\n\n                <a href=\"https:\/\/maps.app.goo.gl\/re2R7bzfAWhP1wzw7\" target=\"_blank\" class=\"eap__location\">Auditorio do Concello de Cangas<\/a>, Cangas, Galiza            <\/p>\n\n        <\/header>\n\n        <!-- main -->\n        <main class=\"eap__excerpt\">\n                            <p class=\"eap__more\">\n                    <a href=\"https:\/\/www.modepen.org\/index.php\/events\/vii-asemblea-nacional-de-modepen-en-cangas\/\">Read more<\/a>\n                <\/p>\n                        <\/main>\n    <\/div>\n<\/div>\n\n<div id=\"post-3590\" class=\"eap__event\">\n    <div class=\"eap__img\">\n        <img loading=\"lazy\" decoding=\"async\" width=\"339\" height=\"450\" src=\"https:\/\/www.modepen.org\/wp-content\/uploads\/2025\/12\/Concentracion-Cangas-20251212-P.jpg\" class=\"attachment-post-thumbnail size-post-thumbnail wp-post-image\" alt=\"\" srcset=\"https:\/\/www.modepen.org\/wp-content\/uploads\/2025\/12\/Concentracion-Cangas-20251212-P.jpg 339w, https:\/\/www.modepen.org\/wp-content\/uploads\/2025\/12\/Concentracion-Cangas-20251212-P-226x300.jpg 226w, https:\/\/www.modepen.org\/wp-content\/uploads\/2025\/12\/Concentracion-Cangas-20251212-P-113x150.jpg 113w\" sizes=\"auto, (max-width: 339px) 100vw, 339px\" \/>    <\/div>\n\n    <div class=\"eap__content\">\n        <!-- header -->\n        <header class=\"eap__header\">\n            <h2 class=\"eap__title\"><a href=\"https:\/\/www.modepen.org\/index.php\/events\/cangas-concentracion-na-defensa-das-pensions-publicas-e-contra-a-sua-privatizacion-o-dia-12-de-decembro-as-2000-h-diante-do-concello-de-cangas\/\" rel=\"bookmark\">Cangas: Concentraci\u00f3n na Defensa das Pensi\u00f3ns P\u00fablicas e contra a sua Privatizaci\u00f3n, o d\u00eda 12 de Decembro, as 20:00 h. diante do Concello de Cangas.<\/a><\/h2>\n                        \n<!-- event meta -->\n<p class=\"eap__meta\">\n            <span class=\"eap__date no-wrap\">\n            <span class=\"dashicons dashicons-calendar-alt\"><\/span> Decembro 12, 2025        <\/span>\n         |         <span class=\"eap__time no-wrap\">\n            <span class=\"dashicons dashicons-clock\"><\/span> 8:00 pm        <\/span>\n        \n    <br>\n\n                <a href=\"https:\/\/maps.app.goo.gl\/5biUxSqwSvPxDhgN6\" target=\"_blank\" class=\"eap__location\">Diante do Concello<\/a>, Cangas, Galiza            <\/p>\n\n        <\/header>\n\n        <!-- main -->\n        <main class=\"eap__excerpt\">\n                            <p class=\"eap__more\">\n                    <a href=\"https:\/\/www.modepen.org\/index.php\/events\/cangas-concentracion-na-defensa-das-pensions-publicas-e-contra-a-sua-privatizacion-o-dia-12-de-decembro-as-2000-h-diante-do-concello-de-cangas\/\">Read more<\/a>\n                <\/p>\n                        <\/main>\n    <\/div>\n<\/div>\n\n<div id=\"post-3585\" class=\"eap__event\">\n    <div class=\"eap__img\">\n        <img loading=\"lazy\" decoding=\"async\" width=\"318\" height=\"450\" src=\"https:\/\/www.modepen.org\/wp-content\/uploads\/2025\/12\/Mesa-Informativa-Coruna-20251203-P.jpg\" class=\"attachment-post-thumbnail size-post-thumbnail wp-post-image\" alt=\"\" srcset=\"https:\/\/www.modepen.org\/wp-content\/uploads\/2025\/12\/Mesa-Informativa-Coruna-20251203-P.jpg 318w, https:\/\/www.modepen.org\/wp-content\/uploads\/2025\/12\/Mesa-Informativa-Coruna-20251203-P-212x300.jpg 212w, https:\/\/www.modepen.org\/wp-content\/uploads\/2025\/12\/Mesa-Informativa-Coruna-20251203-P-106x150.jpg 106w\" sizes=\"auto, (max-width: 318px) 100vw, 318px\" \/>    <\/div>\n\n    <div class=\"eap__content\">\n        <!-- header -->\n        <header class=\"eap__header\">\n            <h2 class=\"eap__title\"><a href=\"https:\/\/www.modepen.org\/index.php\/events\/coruna-mesa-informativa-na-gaiteira-o-3-de-decembro-as-12-h\/\" rel=\"bookmark\">Coru\u00f1a: Mesa Informativa na Gaiteira o 3 de Decembro as 12 h.<\/a><\/h2>\n                        \n<!-- event meta -->\n<p class=\"eap__meta\">\n            <span class=\"eap__date no-wrap\">\n            <span class=\"dashicons dashicons-calendar-alt\"><\/span> Decembro 3, 2025        <\/span>\n         |         <span class=\"eap__time no-wrap\">\n            <span class=\"dashicons dashicons-clock\"><\/span> 12:00 pm        <\/span>\n        \n    <br>\n\n                <a href=\"https:\/\/maps.app.goo.gl\/URpmhJT3oSyAfSNZ8\" target=\"_blank\" class=\"eap__location\">Na Gaiteira<\/a>, A Coru\u00f1a, Galiza            <\/p>\n\n        <\/header>\n\n        <!-- main -->\n        <main class=\"eap__excerpt\">\n                            <p class=\"eap__more\">\n                    <a href=\"https:\/\/www.modepen.org\/index.php\/events\/coruna-mesa-informativa-na-gaiteira-o-3-de-decembro-as-12-h\/\">Read more<\/a>\n                <\/p>\n                        <\/main>\n    <\/div>\n<\/div>\n\n<div id=\"post-3577\" class=\"eap__event\">\n    <div class=\"eap__img\">\n        <img loading=\"lazy\" decoding=\"async\" width=\"318\" height=\"450\" src=\"https:\/\/www.modepen.org\/wp-content\/uploads\/2025\/11\/Concentracion-Vigo-20251201-P.jpg\" class=\"attachment-post-thumbnail size-post-thumbnail wp-post-image\" alt=\"\" srcset=\"https:\/\/www.modepen.org\/wp-content\/uploads\/2025\/11\/Concentracion-Vigo-20251201-P.jpg 318w, https:\/\/www.modepen.org\/wp-content\/uploads\/2025\/11\/Concentracion-Vigo-20251201-P-212x300.jpg 212w, https:\/\/www.modepen.org\/wp-content\/uploads\/2025\/11\/Concentracion-Vigo-20251201-P-106x150.jpg 106w\" sizes=\"auto, (max-width: 318px) 100vw, 318px\" \/>    <\/div>\n\n    <div class=\"eap__content\">\n        <!-- header -->\n        <header class=\"eap__header\">\n            <h2 class=\"eap__title\"><a href=\"https:\/\/www.modepen.org\/index.php\/events\/vigo-concentracion-diante-do-marco-o-dia-1-de-decembro-non-a-violencia-contra-as-mulleres-mobilizate-acude\/\" rel=\"bookmark\">Vigo: Concentraci\u00f3n diante do MARCO o d\u00eda 1 de Decembro. Non a violencia contra as mulleres. MOBIL\u00cdZATE!!! ACUDE!!!<\/a><\/h2>\n                        \n<!-- event meta -->\n<p class=\"eap__meta\">\n            <span class=\"eap__date no-wrap\">\n            <span class=\"dashicons dashicons-calendar-alt\"><\/span> Decembro 1, 2025        <\/span>\n         |         <span class=\"eap__time no-wrap\">\n            <span class=\"dashicons dashicons-clock\"><\/span> 7:30 pm        <\/span>\n        \n    <br>\n\n                <a href=\"https:\/\/maps.app.goo.gl\/4R2wsUrtkt2g5Pts9\" target=\"_blank\" class=\"eap__location\">Diante do MARCO, na R\u00faa Pr\u00edncipe<\/a>, Vigo, Galiza            <\/p>\n\n        <\/header>\n\n        <!-- main -->\n        <main class=\"eap__excerpt\">\n                            <p class=\"eap__more\">\n                    <a href=\"https:\/\/www.modepen.org\/index.php\/events\/vigo-concentracion-diante-do-marco-o-dia-1-de-decembro-non-a-violencia-contra-as-mulleres-mobilizate-acude\/\">Read more<\/a>\n                <\/p>\n                        <\/main>\n    <\/div>\n<\/div>\n\n<div id=\"post-3581\" class=\"eap__event\">\n    <div class=\"eap__img\">\n        <img loading=\"lazy\" decoding=\"async\" width=\"338\" height=\"450\" src=\"https:\/\/www.modepen.org\/wp-content\/uploads\/2025\/11\/Concentracion-Valminhor-20251201-P.jpg\" class=\"attachment-post-thumbnail size-post-thumbnail wp-post-image\" alt=\"\" srcset=\"https:\/\/www.modepen.org\/wp-content\/uploads\/2025\/11\/Concentracion-Valminhor-20251201-P.jpg 338w, https:\/\/www.modepen.org\/wp-content\/uploads\/2025\/11\/Concentracion-Valminhor-20251201-P-225x300.jpg 225w, https:\/\/www.modepen.org\/wp-content\/uploads\/2025\/11\/Concentracion-Valminhor-20251201-P-113x150.jpg 113w\" sizes=\"auto, (max-width: 338px) 100vw, 338px\" \/>    <\/div>\n\n    <div class=\"eap__content\">\n        <!-- header -->\n        <header class=\"eap__header\">\n            <h2 class=\"eap__title\"><a href=\"https:\/\/www.modepen.org\/index.php\/events\/val-minor-concentracion-o-luns-1-de-decembro-diante-da-capela-de-san-campio-a-ramallosa-mantenamos-o-sistema-publico-de-pensions-auditoria-publica-da-seguridade-social\/\" rel=\"bookmark\">Val Mi\u00f1or: Concentraci\u00f3n  o luns, 1 de Decembro, diante da Capela de San Campio (A Ramallosa). Mante\u00f1amos o Sistema P\u00fablico de Pensi\u00f3ns. Auditor\u00eda P\u00fablica da Seguridade Social.<\/a><\/h2>\n                        \n<!-- event meta -->\n<p class=\"eap__meta\">\n            <span class=\"eap__date no-wrap\">\n            <span class=\"dashicons dashicons-calendar-alt\"><\/span> Decembro 1, 2025        <\/span>\n         |         <span class=\"eap__time no-wrap\">\n            <span class=\"dashicons dashicons-clock\"><\/span> 12:00 pm        <\/span>\n        \n    <br>\n\n                <a href=\"https:\/\/maps.app.goo.gl\/gkz51guBM5K8gAgm7\" target=\"_blank\" class=\"eap__location\">Diante da capela de San Campio<\/a>, A Ramallosa, Galiza            <\/p>\n\n        <\/header>\n\n        <!-- main -->\n        <main class=\"eap__excerpt\">\n                            <p class=\"eap__more\">\n                    <a href=\"https:\/\/www.modepen.org\/index.php\/events\/val-minor-concentracion-o-luns-1-de-decembro-diante-da-capela-de-san-campio-a-ramallosa-mantenamos-o-sistema-publico-de-pensions-auditoria-publica-da-seguridade-social\/\">Read more<\/a>\n                <\/p>\n                        <\/main>\n    <\/div>\n<\/div>\n\n<div id=\"post-3571\" class=\"eap__event\">\n    <div class=\"eap__img\">\n        <img loading=\"lazy\" decoding=\"async\" width=\"324\" height=\"450\" src=\"https:\/\/www.modepen.org\/wp-content\/uploads\/2025\/11\/Mesa-Informativa-Coruna-20251105-P.jpg\" class=\"attachment-post-thumbnail size-post-thumbnail wp-post-image\" alt=\"\" srcset=\"https:\/\/www.modepen.org\/wp-content\/uploads\/2025\/11\/Mesa-Informativa-Coruna-20251105-P.jpg 324w, https:\/\/www.modepen.org\/wp-content\/uploads\/2025\/11\/Mesa-Informativa-Coruna-20251105-P-216x300.jpg 216w, https:\/\/www.modepen.org\/wp-content\/uploads\/2025\/11\/Mesa-Informativa-Coruna-20251105-P-108x150.jpg 108w\" sizes=\"auto, (max-width: 324px) 100vw, 324px\" \/>    <\/div>\n\n    <div class=\"eap__content\">\n        <!-- header -->\n        <header class=\"eap__header\">\n            <h2 class=\"eap__title\"><a href=\"https:\/\/www.modepen.org\/index.php\/events\/coruna-mesa-informativa-no-merdo-de-elvina-o-5-de-novembro-as-12-h\/\" rel=\"bookmark\">Coru\u00f1a: Mesa Informativa no Mercado de Elvi\u00f1a o 5 de Novembro as 12 h.<\/a><\/h2>\n                        \n<!-- event meta -->\n<p class=\"eap__meta\">\n            <span class=\"eap__date no-wrap\">\n            <span class=\"dashicons dashicons-calendar-alt\"><\/span> Novembro 5, 2025        <\/span>\n         |         <span class=\"eap__time no-wrap\">\n            <span class=\"dashicons dashicons-clock\"><\/span> 12:00 pm        <\/span>\n        \n    <br>\n\n                <a href=\"https:\/\/www.google.com\/maps\/place\/Mercado+de+Elvia\/@43.3478057,-8.4083947,17z\/data=!3m2!4b1!5s0xd2e7c986fd0e561:0xb540a0070a8e257!4m6!3m5!1s0xd2e7c9871648bf7:0x428a9b98a20574e6!8m2!3d43.3478018!4d-8.4058198!16sg11c437lbcn?entry=ttu&g_ep=EgoyMDI1MTAyOS4yIKXMDSoASAFQAw\" target=\"_blank\" class=\"eap__location\">Mercado de Elvi\u00f1a<\/a>, A Coru\u00f1a, Galiza            <\/p>\n\n        <\/header>\n\n        <!-- main -->\n        <main class=\"eap__excerpt\">\n                            <p class=\"eap__more\">\n                    <a href=\"https:\/\/www.modepen.org\/index.php\/events\/coruna-mesa-informativa-no-merdo-de-elvina-o-5-de-novembro-as-12-h\/\">Read more<\/a>\n                <\/p>\n                        <\/main>\n    <\/div>\n<\/div>\n\n<div id=\"post-3557\" class=\"eap__event\">\n    <div class=\"eap__img\">\n        <img loading=\"lazy\" decoding=\"async\" width=\"318\" height=\"450\" src=\"https:\/\/www.modepen.org\/wp-content\/uploads\/2025\/10\/Concentracion-Vigo-20251103-P.jpg\" class=\"attachment-post-thumbnail size-post-thumbnail wp-post-image\" alt=\"\" srcset=\"https:\/\/www.modepen.org\/wp-content\/uploads\/2025\/10\/Concentracion-Vigo-20251103-P.jpg 318w, https:\/\/www.modepen.org\/wp-content\/uploads\/2025\/10\/Concentracion-Vigo-20251103-P-212x300.jpg 212w, https:\/\/www.modepen.org\/wp-content\/uploads\/2025\/10\/Concentracion-Vigo-20251103-P-106x150.jpg 106w\" sizes=\"auto, (max-width: 318px) 100vw, 318px\" \/>    <\/div>\n\n    <div class=\"eap__content\">\n        <!-- header -->\n        <header class=\"eap__header\">\n            <h2 class=\"eap__title\"><a href=\"https:\/\/www.modepen.org\/index.php\/events\/vigo-concentracion-diante-do-marco-o-dia-3-de-novembro-pension-minima-salario-minimo-mobilizate-acude\/\" rel=\"bookmark\">Vigo: Concentraci\u00f3n diante do MARCO o d\u00eda 3 de Novembro. Pensi\u00f3n M\u00ednima = Salario M\u00ednimo. MOBIL\u00cdZATE!!! ACUDE!!!<\/a><\/h2>\n                        \n<!-- event meta -->\n<p class=\"eap__meta\">\n            <span class=\"eap__date no-wrap\">\n            <span class=\"dashicons dashicons-calendar-alt\"><\/span> Novembro 3, 2025        <\/span>\n         |         <span class=\"eap__time no-wrap\">\n            <span class=\"dashicons dashicons-clock\"><\/span> 7:30 pm        <\/span>\n        \n    <br>\n\n                <a href=\"https:\/\/www.google.com\/maps\/place\/MARCO+(Museo+de+Arte+Contemporneo)\/@42.2358809,-8.7237194,16z\/data=!3m2!4b1!5s0xd2f626bd6fb9e77:0xd830f5e28c220935!4m6!3m5!1s0xd2f626a677a5749:0x2bf3edcb59caa0c9!8m2!3d42.235877!4d-8.7211445!16sm0gmfhbw?entry=ttu&g_ep=EgoyMDI1MTAyNi4wIKXMDSoASAFQAw\" target=\"_blank\" class=\"eap__location\">Diante do MARCO, na R\u00faa Pr\u00edncipe<\/a>, Vigo, Galiza            <\/p>\n\n        <\/header>\n\n        <!-- main -->\n        <main class=\"eap__excerpt\">\n                            <p class=\"eap__more\">\n                    <a href=\"https:\/\/www.modepen.org\/index.php\/events\/vigo-concentracion-diante-do-marco-o-dia-3-de-novembro-pension-minima-salario-minimo-mobilizate-acude\/\">Read more<\/a>\n                <\/p>\n                        <\/main>\n    <\/div>\n<\/div>\n\n<div id=\"post-3562\" class=\"eap__event\">\n    <div class=\"eap__img\">\n        <img loading=\"lazy\" decoding=\"async\" width=\"338\" height=\"450\" src=\"https:\/\/www.modepen.org\/wp-content\/uploads\/2025\/10\/Concentracion-Cangas-20251103-P.jpg\" class=\"attachment-post-thumbnail size-post-thumbnail wp-post-image\" alt=\"\" srcset=\"https:\/\/www.modepen.org\/wp-content\/uploads\/2025\/10\/Concentracion-Cangas-20251103-P.jpg 338w, https:\/\/www.modepen.org\/wp-content\/uploads\/2025\/10\/Concentracion-Cangas-20251103-P-225x300.jpg 225w, https:\/\/www.modepen.org\/wp-content\/uploads\/2025\/10\/Concentracion-Cangas-20251103-P-113x150.jpg 113w\" sizes=\"auto, (max-width: 338px) 100vw, 338px\" \/>    <\/div>\n\n    <div class=\"eap__content\">\n        <!-- header -->\n        <header class=\"eap__header\">\n            <h2 class=\"eap__title\"><a href=\"https:\/\/www.modepen.org\/index.php\/events\/val-minor-concentracion-o-luns-3-de-novembro-diante-da-capela-de-san-campio-a-ramallosa-mantenamos-o-sistema-publico-de-pensions-auditoria-publica-da-seguridade-social\/\" rel=\"bookmark\">Val Mi\u00f1or: Concentraci\u00f3n  o luns, 3 de Novembro, diante da Capela de San Campio (A Ramallosa). Mante\u00f1amos o Sistema P\u00fablico de Pensi\u00f3ns. Auditor\u00eda P\u00fablica da Seguridade Social.<\/a><\/h2>\n                        \n<!-- event meta -->\n<p class=\"eap__meta\">\n            <span class=\"eap__date no-wrap\">\n            <span class=\"dashicons dashicons-calendar-alt\"><\/span> Novembro 3, 2025        <\/span>\n         |         <span class=\"eap__time no-wrap\">\n            <span class=\"dashicons dashicons-clock\"><\/span> 12:00 pm        <\/span>\n        \n    <br>\n\n                <a href=\"https:\/\/www.google.com\/maps\/place\/Capilla+de+San+Campio\/@42.1162137,-8.8159127,17z\/data=!3m1!4b1!4m6!3m5!1s0xd258c95712c3d8d:0xd6b647208e53d088!8m2!3d42.1162097!4d-8.8133378!16sg11dfm686bh?entry=ttu&g_ep=EgoyMDI1MTAyOC4wIKXMDSoASAFQAw\" target=\"_blank\" class=\"eap__location\">Diante da Capela de San Campio<\/a>, A Ramallosa, Galiza            <\/p>\n\n        <\/header>\n\n        <!-- main -->\n        <main class=\"eap__excerpt\">\n                            <p class=\"eap__more\">\n                    <a href=\"https:\/\/www.modepen.org\/index.php\/events\/val-minor-concentracion-o-luns-3-de-novembro-diante-da-capela-de-san-campio-a-ramallosa-mantenamos-o-sistema-publico-de-pensions-auditoria-publica-da-seguridade-social\/\">Read more<\/a>\n                <\/p>\n                        <\/main>\n    <\/div>\n<\/div>\n\n<div id=\"post-3567\" class=\"eap__event\">\n    <div class=\"eap__img\">\n        <img loading=\"lazy\" decoding=\"async\" width=\"327\" height=\"450\" src=\"https:\/\/www.modepen.org\/wp-content\/uploads\/2025\/10\/Concentracion-Ribadeo-20251101-P.jpg\" class=\"attachment-post-thumbnail size-post-thumbnail wp-post-image\" alt=\"\" srcset=\"https:\/\/www.modepen.org\/wp-content\/uploads\/2025\/10\/Concentracion-Ribadeo-20251101-P.jpg 327w, https:\/\/www.modepen.org\/wp-content\/uploads\/2025\/10\/Concentracion-Ribadeo-20251101-P-218x300.jpg 218w, https:\/\/www.modepen.org\/wp-content\/uploads\/2025\/10\/Concentracion-Ribadeo-20251101-P-109x150.jpg 109w\" sizes=\"auto, (max-width: 327px) 100vw, 327px\" \/>    <\/div>\n\n    <div class=\"eap__content\">\n        <!-- header -->\n        <header class=\"eap__header\">\n            <h2 class=\"eap__title\"><a href=\"https:\/\/www.modepen.org\/index.php\/events\/ribadeo-xubilados-e-pensionistas-da-marina-concentracion-o-dia-1-de-novembro-as-12-h-no-canton-dos-moreno-o-teu-apoio-de-hoxe-e-a-tua-pension-de-mana\/\" rel=\"bookmark\">Ribadeo: Xubilados e Pensionistas da Mari\u00f1a &#8211; Concentraci\u00f3n o d\u00eda 1 de Novembro, as 12 h. no Cant\u00f3n dos Moreno. O TEU APOIO DE HOXE E A TUA PENSI\u00d3N DE MA\u00d1\u00c1.<\/a><\/h2>\n                        \n<!-- event meta -->\n<p class=\"eap__meta\">\n            <span class=\"eap__date no-wrap\">\n            <span class=\"dashicons dashicons-calendar-alt\"><\/span> Novembro 1, 2025        <\/span>\n         |         <span class=\"eap__time no-wrap\">\n            <span class=\"dashicons dashicons-clock\"><\/span> 12:00 pm        <\/span>\n        \n    <br>\n\n    Cant\u00f3n dos Moreno, Ribadeo, Galiza<\/p>\n\n        <\/header>\n\n        <!-- main -->\n        <main class=\"eap__excerpt\">\n                            <p class=\"eap__more\">\n                    <a href=\"https:\/\/www.modepen.org\/index.php\/events\/ribadeo-xubilados-e-pensionistas-da-marina-concentracion-o-dia-1-de-novembro-as-12-h-no-canton-dos-moreno-o-teu-apoio-de-hoxe-e-a-tua-pension-de-mana\/\">Read more<\/a>\n                <\/p>\n                        <\/main>\n    <\/div>\n<\/div>\n\n<div id=\"post-3539\" class=\"eap__event\">\n    <div class=\"eap__img\">\n        <img loading=\"lazy\" decoding=\"async\" width=\"840\" height=\"68\" src=\"https:\/\/www.modepen.org\/wp-content\/uploads\/2025\/10\/cabeceira-en-lina-840x68.jpg\" class=\"attachment-post-thumbnail size-post-thumbnail wp-post-image\" alt=\"\" srcset=\"https:\/\/www.modepen.org\/wp-content\/uploads\/2025\/10\/cabeceira-en-lina-840x68.jpg 840w, https:\/\/www.modepen.org\/wp-content\/uploads\/2025\/10\/cabeceira-en-lina-300x23.jpg 300w, https:\/\/www.modepen.org\/wp-content\/uploads\/2025\/10\/cabeceira-en-lina-150x12.jpg 150w\" sizes=\"auto, (max-width: 840px) 100vw, 840px\" \/>    <\/div>\n\n    <div class=\"eap__content\">\n        <!-- header -->\n        <header class=\"eap__header\">\n            <h2 class=\"eap__title\"><a href=\"https:\/\/www.modepen.org\/index.php\/events\/modepen-pon-en-marcha-unha-axuda-a-os-servizos-dixitais-2\/\" rel=\"bookmark\">MODEPEN pon en marcha unha axuda a os servizos dixitais.<\/a><\/h2>\n                        \n<!-- event meta -->\n<p class=\"eap__meta\">\n            <span class=\"eap__date no-wrap\">\n            <span class=\"dashicons dashicons-calendar-alt\"><\/span> Outubro 27, 2025        <\/span>\n         |         <span class=\"eap__time no-wrap\">\n            <span class=\"dashicons dashicons-clock\"><\/span> 10:00 am        <\/span>\n         \u2013             <span class=\"eap__time no-wrap\">\n                12:30 pm            <\/span>\n            \n    <br>\n\n    Na r\u00faa Pizarro n\u00ba 6, local A Nubeira, Vigo, Galiza<\/p>\n\n        <\/header>\n\n        <!-- main -->\n        <main class=\"eap__excerpt\">\n                            <p class=\"eap__more\">\n                    <a href=\"https:\/\/www.modepen.org\/index.php\/events\/modepen-pon-en-marcha-unha-axuda-a-os-servizos-dixitais-2\/\">Read more<\/a>\n                <\/p>\n                        <\/main>\n    <\/div>\n<\/div>\n\n<div id=\"post-3508\" class=\"eap__event\">\n    <div class=\"eap__img\">\n        <img loading=\"lazy\" decoding=\"async\" width=\"318\" height=\"450\" src=\"https:\/\/www.modepen.org\/wp-content\/uploads\/2025\/09\/Madrid-25-10-2025-Galego-P.jpg\" class=\"attachment-post-thumbnail size-post-thumbnail wp-post-image\" alt=\"\" srcset=\"https:\/\/www.modepen.org\/wp-content\/uploads\/2025\/09\/Madrid-25-10-2025-Galego-P.jpg 318w, https:\/\/www.modepen.org\/wp-content\/uploads\/2025\/09\/Madrid-25-10-2025-Galego-P-212x300.jpg 212w, https:\/\/www.modepen.org\/wp-content\/uploads\/2025\/09\/Madrid-25-10-2025-Galego-P-106x150.jpg 106w\" sizes=\"auto, (max-width: 318px) 100vw, 318px\" \/>    <\/div>\n\n    <div class=\"eap__content\">\n        <!-- header -->\n        <header class=\"eap__header\">\n            <h2 class=\"eap__title\"><a href=\"https:\/\/www.modepen.org\/index.php\/events\/manifestacion-tods-a-madrid-a-defender-as-pensions-publicas\/\" rel=\"bookmark\">MANIFESTACI\u00d3N TOD@S A MADRID A DEFENDER AS PENSI\u00d3NS P\u00daBLICAS.<\/a><\/h2>\n                        \n<!-- event meta -->\n<p class=\"eap__meta\">\n            <span class=\"eap__date no-wrap\">\n            <span class=\"dashicons dashicons-calendar-alt\"><\/span> Outubro 25, 2025        <\/span>\n        \n    <br>\n\n    ATOCHA - SOL, MADRID, ESPA\u00d1A<\/p>\n\n        <\/header>\n\n        <!-- main -->\n        <main class=\"eap__excerpt\">\n                            <p class=\"eap__more\">\n                    <a href=\"https:\/\/www.modepen.org\/index.php\/events\/manifestacion-tods-a-madrid-a-defender-as-pensions-publicas\/\">Read more<\/a>\n                <\/p>\n                        <\/main>\n    <\/div>\n<\/div>\n\n<div id=\"post-3546\" class=\"eap__event\">\n    <div class=\"eap__img\">\n        <img loading=\"lazy\" decoding=\"async\" width=\"318\" height=\"450\" src=\"https:\/\/www.modepen.org\/wp-content\/uploads\/2025\/10\/Charla17-10-2025-P.jpg\" class=\"attachment-post-thumbnail size-post-thumbnail wp-post-image\" alt=\"\" srcset=\"https:\/\/www.modepen.org\/wp-content\/uploads\/2025\/10\/Charla17-10-2025-P.jpg 318w, https:\/\/www.modepen.org\/wp-content\/uploads\/2025\/10\/Charla17-10-2025-P-212x300.jpg 212w, https:\/\/www.modepen.org\/wp-content\/uploads\/2025\/10\/Charla17-10-2025-P-106x150.jpg 106w\" sizes=\"auto, (max-width: 318px) 100vw, 318px\" \/>    <\/div>\n\n    <div class=\"eap__content\">\n        <!-- header -->\n        <header class=\"eap__header\">\n            <h2 class=\"eap__title\"><a href=\"https:\/\/www.modepen.org\/index.php\/events\/conversas-analise-da-fenda-de-xenero-nas-pensions\/\" rel=\"bookmark\">Conversas: An\u00e1lise da Fenda de X\u00e9nero nas Pensi\u00f3ns.<\/a><\/h2>\n                        \n<!-- event meta -->\n<p class=\"eap__meta\">\n            <span class=\"eap__date no-wrap\">\n            <span class=\"dashicons dashicons-calendar-alt\"><\/span> Outubro 17, 2025        <\/span>\n         |         <span class=\"eap__time no-wrap\">\n            <span class=\"dashicons dashicons-clock\"><\/span> 7:30 pm        <\/span>\n        \n    <br>\n\n    Local A Nubeira, na R\u00faa Pizarro n\u00ba 6 (Baixo), Vigo, Galiza<\/p>\n\n        <\/header>\n\n        <!-- main -->\n        <main class=\"eap__excerpt\">\n                            <p class=\"eap__more\">\n                    <a href=\"https:\/\/www.modepen.org\/index.php\/events\/conversas-analise-da-fenda-de-xenero-nas-pensions\/\">Read more<\/a>\n                <\/p>\n                        <\/main>\n    <\/div>\n<\/div>\n\n<div id=\"post-3542\" class=\"eap__event\">\n    <div class=\"eap__img\">\n        <img loading=\"lazy\" decoding=\"async\" width=\"339\" height=\"450\" src=\"https:\/\/www.modepen.org\/wp-content\/uploads\/2025\/10\/Concentracion-Cangas-20251016-P.jpg\" class=\"attachment-post-thumbnail size-post-thumbnail wp-post-image\" alt=\"\" srcset=\"https:\/\/www.modepen.org\/wp-content\/uploads\/2025\/10\/Concentracion-Cangas-20251016-P.jpg 339w, https:\/\/www.modepen.org\/wp-content\/uploads\/2025\/10\/Concentracion-Cangas-20251016-P-226x300.jpg 226w, https:\/\/www.modepen.org\/wp-content\/uploads\/2025\/10\/Concentracion-Cangas-20251016-P-113x150.jpg 113w\" sizes=\"auto, (max-width: 339px) 100vw, 339px\" \/>    <\/div>\n\n    <div class=\"eap__content\">\n        <!-- header -->\n        <header class=\"eap__header\">\n            <h2 class=\"eap__title\"><a href=\"https:\/\/www.modepen.org\/index.php\/events\/cangas-concentracion-na-defensa-das-pensions-publicas-e-contra-a-sua-privatizacion-o-dia-16-de-outubro-as-2000-h-diante-do-concello-de-cangas\/\" rel=\"bookmark\">Cangas: Concentraci\u00f3n na Defensa das Pensi\u00f3ns P\u00fablicas e contra a sua Privatizaci\u00f3n, o d\u00eda 16 de Outubro, as 20:00 h. diante do Concello de Cangas.<\/a><\/h2>\n                        \n<!-- event meta -->\n<p class=\"eap__meta\">\n            <span class=\"eap__date no-wrap\">\n            <span class=\"dashicons dashicons-calendar-alt\"><\/span> Outubro 16, 2025        <\/span>\n         |         <span class=\"eap__time no-wrap\">\n            <span class=\"dashicons dashicons-clock\"><\/span> 8:00 pm        <\/span>\n        \n    <br>\n\n    Diante do Concello, Cangas, Galiza<\/p>\n\n        <\/header>\n\n        <!-- main -->\n        <main class=\"eap__excerpt\">\n                            <p class=\"eap__more\">\n                    <a href=\"https:\/\/www.modepen.org\/index.php\/events\/cangas-concentracion-na-defensa-das-pensions-publicas-e-contra-a-sua-privatizacion-o-dia-16-de-outubro-as-2000-h-diante-do-concello-de-cangas\/\">Read more<\/a>\n                <\/p>\n                        <\/main>\n    <\/div>\n<\/div>\n\n<div id=\"post-3536\" class=\"eap__event\">\n    <div class=\"eap__img\">\n        <img loading=\"lazy\" decoding=\"async\" width=\"840\" height=\"68\" src=\"https:\/\/www.modepen.org\/wp-content\/uploads\/2025\/10\/cabeceira-en-lina-840x68.jpg\" class=\"attachment-post-thumbnail size-post-thumbnail wp-post-image\" alt=\"\" srcset=\"https:\/\/www.modepen.org\/wp-content\/uploads\/2025\/10\/cabeceira-en-lina-840x68.jpg 840w, https:\/\/www.modepen.org\/wp-content\/uploads\/2025\/10\/cabeceira-en-lina-300x23.jpg 300w, https:\/\/www.modepen.org\/wp-content\/uploads\/2025\/10\/cabeceira-en-lina-150x12.jpg 150w\" sizes=\"auto, (max-width: 840px) 100vw, 840px\" \/>    <\/div>\n\n    <div class=\"eap__content\">\n        <!-- header -->\n        <header class=\"eap__header\">\n            <h2 class=\"eap__title\"><a href=\"https:\/\/www.modepen.org\/index.php\/events\/modepen-pon-en-marcha-unha-axuda-a-os-servizos-dixitais\/\" rel=\"bookmark\">MODEPEN pon en marcha unha axuda a os servizos dixitais.<\/a><\/h2>\n                        \n<!-- event meta -->\n<p class=\"eap__meta\">\n            <span class=\"eap__date no-wrap\">\n            <span class=\"dashicons dashicons-calendar-alt\"><\/span> Outubro 13, 2025        <\/span>\n         |         <span class=\"eap__time no-wrap\">\n            <span class=\"dashicons dashicons-clock\"><\/span> 10:00 am        <\/span>\n         \u2013             <span class=\"eap__time no-wrap\">\n                12:30 pm            <\/span>\n            \n    <br>\n\n    Na r\u00faa Pizarro n\u00ba 6, local A Nubeira, Vigo, Galiza<\/p>\n\n        <\/header>\n\n        <!-- main -->\n        <main class=\"eap__excerpt\">\n                            <p class=\"eap__more\">\n                    <a href=\"https:\/\/www.modepen.org\/index.php\/events\/modepen-pon-en-marcha-unha-axuda-a-os-servizos-dixitais\/\">Read more<\/a>\n                <\/p>\n                        <\/main>\n    <\/div>\n<\/div>\n\n<div id=\"post-3526\" class=\"eap__event\">\n    <div class=\"eap__img\">\n        <img loading=\"lazy\" decoding=\"async\" width=\"318\" height=\"450\" src=\"https:\/\/www.modepen.org\/wp-content\/uploads\/2025\/09\/Concentracion-Vigo-20251006-P.jpg\" class=\"attachment-post-thumbnail size-post-thumbnail wp-post-image\" alt=\"\" srcset=\"https:\/\/www.modepen.org\/wp-content\/uploads\/2025\/09\/Concentracion-Vigo-20251006-P.jpg 318w, https:\/\/www.modepen.org\/wp-content\/uploads\/2025\/09\/Concentracion-Vigo-20251006-P-212x300.jpg 212w, https:\/\/www.modepen.org\/wp-content\/uploads\/2025\/09\/Concentracion-Vigo-20251006-P-106x150.jpg 106w\" sizes=\"auto, (max-width: 318px) 100vw, 318px\" \/>    <\/div>\n\n    <div class=\"eap__content\">\n        <!-- header -->\n        <header class=\"eap__header\">\n            <h2 class=\"eap__title\"><a href=\"https:\/\/www.modepen.org\/index.php\/events\/vigo-concentracion-diante-do-marco-o-dia-6-de-outubro-defendamos-os-dereitos-dos-pensionistas-e-tamen-os-dereitos-de-todos\/\" rel=\"bookmark\">Vigo: Concentraci\u00f3n diante do MARCO o d\u00eda 6 de Outubro. DEFENDAMOS OS DEREITOS DOS PENSIONISTAS E TAM\u00c9N OS DEREITOS DE TODOS.<\/a><\/h2>\n                        \n<!-- event meta -->\n<p class=\"eap__meta\">\n            <span class=\"eap__date no-wrap\">\n            <span class=\"dashicons dashicons-calendar-alt\"><\/span> Outubro 6, 2025        <\/span>\n         |         <span class=\"eap__time no-wrap\">\n            <span class=\"dashicons dashicons-clock\"><\/span> 7:30 pm        <\/span>\n        \n    <br>\n\n    Diante do MARCO, na R\u00faa Pr\u00edncipe, Vigo, Galiza<\/p>\n\n        <\/header>\n\n        <!-- main -->\n        <main class=\"eap__excerpt\">\n                            <p class=\"eap__more\">\n                    <a href=\"https:\/\/www.modepen.org\/index.php\/events\/vigo-concentracion-diante-do-marco-o-dia-6-de-outubro-defendamos-os-dereitos-dos-pensionistas-e-tamen-os-dereitos-de-todos\/\">Read more<\/a>\n                <\/p>\n                        <\/main>\n    <\/div>\n<\/div>\n\n<div id=\"post-3531\" class=\"eap__event\">\n    <div class=\"eap__img\">\n        <img loading=\"lazy\" decoding=\"async\" width=\"318\" height=\"450\" src=\"https:\/\/www.modepen.org\/wp-content\/uploads\/2025\/10\/Concentracion-ValMinor-20251006-P.jpg\" class=\"attachment-post-thumbnail size-post-thumbnail wp-post-image\" alt=\"\" srcset=\"https:\/\/www.modepen.org\/wp-content\/uploads\/2025\/10\/Concentracion-ValMinor-20251006-P.jpg 318w, https:\/\/www.modepen.org\/wp-content\/uploads\/2025\/10\/Concentracion-ValMinor-20251006-P-212x300.jpg 212w, https:\/\/www.modepen.org\/wp-content\/uploads\/2025\/10\/Concentracion-ValMinor-20251006-P-106x150.jpg 106w\" sizes=\"auto, (max-width: 318px) 100vw, 318px\" \/>    <\/div>\n\n    <div class=\"eap__content\">\n        <!-- header -->\n        <header class=\"eap__header\">\n            <h2 class=\"eap__title\"><a href=\"https:\/\/www.modepen.org\/index.php\/events\/val-minor-concentracion-o-luns-6-de-outubro-diante-da-capela-de-san-campio-a-ramallosa-mantenamos-o-sistema-publico-de-pensions-non-a-fenda-de-xenero\/\" rel=\"bookmark\">Val Mi\u00f1or: Concentraci\u00f3n  o luns, 6 de Outubro, diante da Capela de San Campio (A Ramallosa). Mante\u00f1amos o sistema P\u00fablico de Pensi\u00f3ns. Non a fenda de x\u00e9nero.<\/a><\/h2>\n                        \n<!-- event meta -->\n<p class=\"eap__meta\">\n            <span class=\"eap__date no-wrap\">\n            <span class=\"dashicons dashicons-calendar-alt\"><\/span> Outubro 6, 2025        <\/span>\n         |         <span class=\"eap__time no-wrap\">\n            <span class=\"dashicons dashicons-clock\"><\/span> 12:00 pm        <\/span>\n        \n    <br>\n\n    Diante da Capela de San Campio, A Ramallosa, Galiza<\/p>\n\n        <\/header>\n\n        <!-- main -->\n        <main class=\"eap__excerpt\">\n                            <p class=\"eap__more\">\n                    <a href=\"https:\/\/www.modepen.org\/index.php\/events\/val-minor-concentracion-o-luns-6-de-outubro-diante-da-capela-de-san-campio-a-ramallosa-mantenamos-o-sistema-publico-de-pensions-non-a-fenda-de-xenero\/\">Read more<\/a>\n                <\/p>\n                        <\/main>\n    <\/div>\n<\/div>\n\n<div id=\"post-3521\" class=\"eap__event\">\n    <div class=\"eap__img\">\n        <img loading=\"lazy\" decoding=\"async\" width=\"339\" height=\"450\" src=\"https:\/\/www.modepen.org\/wp-content\/uploads\/2025\/09\/Concentracion-Cangas-20250926-P.jpeg\" class=\"attachment-post-thumbnail size-post-thumbnail wp-post-image\" alt=\"\" srcset=\"https:\/\/www.modepen.org\/wp-content\/uploads\/2025\/09\/Concentracion-Cangas-20250926-P.jpeg 339w, https:\/\/www.modepen.org\/wp-content\/uploads\/2025\/09\/Concentracion-Cangas-20250926-P-226x300.jpeg 226w, https:\/\/www.modepen.org\/wp-content\/uploads\/2025\/09\/Concentracion-Cangas-20250926-P-113x150.jpeg 113w\" sizes=\"auto, (max-width: 339px) 100vw, 339px\" \/>    <\/div>\n\n    <div class=\"eap__content\">\n        <!-- header -->\n        <header class=\"eap__header\">\n            <h2 class=\"eap__title\"><a href=\"https:\/\/www.modepen.org\/index.php\/events\/cangas-concentracion-na-defensa-das-pensions-publicas-e-contra-a-sua-privatizacion-o-dia-26-de-setembro-as-2000-h-diante-do-concello-de-cangas\/\" rel=\"bookmark\">Cangas: Concentraci\u00f3n na Defensa das Pensi\u00f3ns P\u00fablicas e contra a sua Privatizaci\u00f3n, o d\u00eda 26 de Setembro, as 20:00 h. diante do Concello de Cangas.<\/a><\/h2>\n                        \n<!-- event meta -->\n<p class=\"eap__meta\">\n            <span class=\"eap__date no-wrap\">\n            <span class=\"dashicons dashicons-calendar-alt\"><\/span> Setembro 26, 2025        <\/span>\n         |         <span class=\"eap__time no-wrap\">\n            <span class=\"dashicons dashicons-clock\"><\/span> 8:00 pm        <\/span>\n        \n    <br>\n\n    Diante do Concello, Cangas, Galiza<\/p>\n\n        <\/header>\n\n        <!-- main -->\n        <main class=\"eap__excerpt\">\n                            <p class=\"eap__more\">\n                    <a href=\"https:\/\/www.modepen.org\/index.php\/events\/cangas-concentracion-na-defensa-das-pensions-publicas-e-contra-a-sua-privatizacion-o-dia-26-de-setembro-as-2000-h-diante-do-concello-de-cangas\/\">Read more<\/a>\n                <\/p>\n                        <\/main>\n    <\/div>\n<\/div>\n\n<div id=\"post-3499\" class=\"eap__event\">\n    <div class=\"eap__img\">\n        <img loading=\"lazy\" decoding=\"async\" width=\"318\" height=\"450\" src=\"https:\/\/www.modepen.org\/wp-content\/uploads\/2025\/08\/Vigo-01-09-2025-P.jpg\" class=\"attachment-post-thumbnail size-post-thumbnail wp-post-image\" alt=\"\" srcset=\"https:\/\/www.modepen.org\/wp-content\/uploads\/2025\/08\/Vigo-01-09-2025-P.jpg 318w, https:\/\/www.modepen.org\/wp-content\/uploads\/2025\/08\/Vigo-01-09-2025-P-212x300.jpg 212w, https:\/\/www.modepen.org\/wp-content\/uploads\/2025\/08\/Vigo-01-09-2025-P-106x150.jpg 106w\" sizes=\"auto, (max-width: 318px) 100vw, 318px\" \/>    <\/div>\n\n    <div class=\"eap__content\">\n        <!-- header -->\n        <header class=\"eap__header\">\n            <h2 class=\"eap__title\"><a href=\"https:\/\/www.modepen.org\/index.php\/events\/vigo-concentracion-diante-do-marco-o-dia-1-de-setembro-mobilizate-acude-xa-son-nove-anos-de-loita\/\" rel=\"bookmark\">Vigo: Concentraci\u00f3n diante do MARCO o d\u00eda 1 de Setembro. MOBIL\u00cdZATE !!! ACUDE !!! &#8211; XA SON NOVE ANOS DE LOITA<\/a><\/h2>\n                        \n<!-- event meta -->\n<p class=\"eap__meta\">\n            <span class=\"eap__date no-wrap\">\n            <span class=\"dashicons dashicons-calendar-alt\"><\/span> Setembro 1, 2025        <\/span>\n         |         <span class=\"eap__time no-wrap\">\n            <span class=\"dashicons dashicons-clock\"><\/span> 7:30 pm        <\/span>\n        \n    <br>\n\n    Diante do MARCO, na R\u00faa Principe, Vigo, Galiza<\/p>\n\n        <\/header>\n\n        <!-- main -->\n        <main class=\"eap__excerpt\">\n                            <p class=\"eap__more\">\n                    <a href=\"https:\/\/www.modepen.org\/index.php\/events\/vigo-concentracion-diante-do-marco-o-dia-1-de-setembro-mobilizate-acude-xa-son-nove-anos-de-loita\/\">Read more<\/a>\n                <\/p>\n                        <\/main>\n    <\/div>\n<\/div>\n\n<div id=\"post-3503\" class=\"eap__event\">\n    <div class=\"eap__img\">\n        <img loading=\"lazy\" decoding=\"async\" width=\"338\" height=\"450\" src=\"https:\/\/www.modepen.org\/wp-content\/uploads\/2025\/08\/Concentracion-Valminor-20250901-P.jpeg\" class=\"attachment-post-thumbnail size-post-thumbnail wp-post-image\" alt=\"\" srcset=\"https:\/\/www.modepen.org\/wp-content\/uploads\/2025\/08\/Concentracion-Valminor-20250901-P.jpeg 338w, https:\/\/www.modepen.org\/wp-content\/uploads\/2025\/08\/Concentracion-Valminor-20250901-P-225x300.jpeg 225w, https:\/\/www.modepen.org\/wp-content\/uploads\/2025\/08\/Concentracion-Valminor-20250901-P-113x150.jpeg 113w\" sizes=\"auto, (max-width: 338px) 100vw, 338px\" \/>    <\/div>\n\n    <div class=\"eap__content\">\n        <!-- header -->\n        <header class=\"eap__header\">\n            <h2 class=\"eap__title\"><a href=\"https:\/\/www.modepen.org\/index.php\/events\/val-minor-concentracion-o-luns-1-de-setembro-diante-da-capela-de-san-campio-a-ramallosa-auditoria-publica-da-seguridade-social\/\" rel=\"bookmark\">Val Mi\u00f1or: Concentraci\u00f3n  o luns, 1 de Setembro, diante da Capela de San Campio (A Ramallosa). Auditor\u00eda p\u00fablica da Seguridade Social.<\/a><\/h2>\n                        \n<!-- event meta -->\n<p class=\"eap__meta\">\n            <span class=\"eap__date no-wrap\">\n            <span class=\"dashicons dashicons-calendar-alt\"><\/span> Setembro 1, 2025        <\/span>\n         |         <span class=\"eap__time no-wrap\">\n            <span class=\"dashicons dashicons-clock\"><\/span> 12:00 pm        <\/span>\n        \n    <br>\n\n    Diante da Capela de San Campio, A Ramallosa, Galiza<\/p>\n\n        <\/header>\n\n        <!-- main -->\n        <main class=\"eap__excerpt\">\n                            <p class=\"eap__more\">\n                    <a href=\"https:\/\/www.modepen.org\/index.php\/events\/val-minor-concentracion-o-luns-1-de-setembro-diante-da-capela-de-san-campio-a-ramallosa-auditoria-publica-da-seguridade-social\/\">Read more<\/a>\n                <\/p>\n                        <\/main>\n    <\/div>\n<\/div>\n\n<div id=\"post-3494\" class=\"eap__event\">\n    <div class=\"eap__img\">\n        <img loading=\"lazy\" decoding=\"async\" width=\"327\" height=\"450\" src=\"https:\/\/www.modepen.org\/wp-content\/uploads\/2025\/07\/Concentracion-Ribadeo-20250802-P.jpg\" class=\"attachment-post-thumbnail size-post-thumbnail wp-post-image\" alt=\"\" srcset=\"https:\/\/www.modepen.org\/wp-content\/uploads\/2025\/07\/Concentracion-Ribadeo-20250802-P.jpg 327w, https:\/\/www.modepen.org\/wp-content\/uploads\/2025\/07\/Concentracion-Ribadeo-20250802-P-218x300.jpg 218w, https:\/\/www.modepen.org\/wp-content\/uploads\/2025\/07\/Concentracion-Ribadeo-20250802-P-109x150.jpg 109w\" sizes=\"auto, (max-width: 327px) 100vw, 327px\" \/>    <\/div>\n\n    <div class=\"eap__content\">\n        <!-- header -->\n        <header class=\"eap__header\">\n            <h2 class=\"eap__title\"><a href=\"https:\/\/www.modepen.org\/index.php\/events\/ribadeo-xubilados-e-pensionistas-da-marina-concentracion-o-dia-2-de-agosto-as-12-h-no-canton-dos-moreno-goberne-quen-goberne-as-pensions-e-o-publico-defendense\/\" rel=\"bookmark\">Ribadeo: Xubilados e Pensionistas da Mari\u00f1a &#8211; Concentraci\u00f3n o d\u00eda 2 de Agosto, as 12 h. no Cant\u00f3n dos Moreno. Goberne quen Goberne, as Pensi\u00f3ns e o P\u00fablico, Def\u00e9ndense.<\/a><\/h2>\n                        \n<!-- event meta -->\n<p class=\"eap__meta\">\n            <span class=\"eap__date no-wrap\">\n            <span class=\"dashicons dashicons-calendar-alt\"><\/span> Agosto 2, 2025        <\/span>\n         |         <span class=\"eap__time no-wrap\">\n            <span class=\"dashicons dashicons-clock\"><\/span> 12:00 pm        <\/span>\n        \n    <br>\n\n    Cant\u00f3n dos Morenoi, Ribadeo, Galiza<\/p>\n\n        <\/header>\n\n        <!-- main -->\n        <main class=\"eap__excerpt\">\n                            <p class=\"eap__more\">\n                    <a href=\"https:\/\/www.modepen.org\/index.php\/events\/ribadeo-xubilados-e-pensionistas-da-marina-concentracion-o-dia-2-de-agosto-as-12-h-no-canton-dos-moreno-goberne-quen-goberne-as-pensions-e-o-publico-defendense\/\">Read more<\/a>\n                <\/p>\n                        <\/main>\n    <\/div>\n<\/div>\n\n<div id=\"post-3478\" class=\"eap__event\">\n    <div class=\"eap__img\">\n        <img loading=\"lazy\" decoding=\"async\" width=\"318\" height=\"450\" src=\"https:\/\/www.modepen.org\/wp-content\/uploads\/2025\/07\/Concentracion-Valminor-20250707-P.jpeg\" class=\"attachment-post-thumbnail size-post-thumbnail wp-post-image\" alt=\"\" srcset=\"https:\/\/www.modepen.org\/wp-content\/uploads\/2025\/07\/Concentracion-Valminor-20250707-P.jpeg 318w, https:\/\/www.modepen.org\/wp-content\/uploads\/2025\/07\/Concentracion-Valminor-20250707-P-212x300.jpeg 212w, https:\/\/www.modepen.org\/wp-content\/uploads\/2025\/07\/Concentracion-Valminor-20250707-P-106x150.jpeg 106w\" sizes=\"auto, (max-width: 318px) 100vw, 318px\" \/>    <\/div>\n\n    <div class=\"eap__content\">\n        <!-- header -->\n        <header class=\"eap__header\">\n            <h2 class=\"eap__title\"><a href=\"https:\/\/www.modepen.org\/index.php\/events\/val-minor-concentracion-o-luns-7-de-xullo-diante-da-capela-de-san-campio-a-ramallosa-auditoria-publica-da-seguridade-social\/\" rel=\"bookmark\">Val Mi\u00f1or: Concentraci\u00f3n  o luns, 7 de Xullo, diante da Capela de San Campio (A Ramallosa). Auditor\u00eda p\u00fablica da Seguridade Social.<\/a><\/h2>\n                        \n<!-- event meta -->\n<p class=\"eap__meta\">\n            <span class=\"eap__date no-wrap\">\n            <span class=\"dashicons dashicons-calendar-alt\"><\/span> Xullo 7, 2025        <\/span>\n         |         <span class=\"eap__time no-wrap\">\n            <span class=\"dashicons dashicons-clock\"><\/span> 12:00 pm        <\/span>\n        \n    <br>\n\n    diante da Capela de San Campio, A Ramallosa, Galiza<\/p>\n\n        <\/header>\n\n        <!-- main -->\n        <main class=\"eap__excerpt\">\n                            <p class=\"eap__more\">\n                    <a href=\"https:\/\/www.modepen.org\/index.php\/events\/val-minor-concentracion-o-luns-7-de-xullo-diante-da-capela-de-san-campio-a-ramallosa-auditoria-publica-da-seguridade-social\/\">Read more<\/a>\n                <\/p>\n                        <\/main>\n    <\/div>\n<\/div>\n\n<div id=\"post-3482\" class=\"eap__event\">\n    <div class=\"eap__img\">\n        <img loading=\"lazy\" decoding=\"async\" width=\"318\" height=\"450\" src=\"https:\/\/www.modepen.org\/wp-content\/uploads\/2025\/07\/Concentracion-Vigo-20250707-P.jpeg\" class=\"attachment-post-thumbnail size-post-thumbnail wp-post-image\" alt=\"\" srcset=\"https:\/\/www.modepen.org\/wp-content\/uploads\/2025\/07\/Concentracion-Vigo-20250707-P.jpeg 318w, https:\/\/www.modepen.org\/wp-content\/uploads\/2025\/07\/Concentracion-Vigo-20250707-P-212x300.jpeg 212w, https:\/\/www.modepen.org\/wp-content\/uploads\/2025\/07\/Concentracion-Vigo-20250707-P-106x150.jpeg 106w\" sizes=\"auto, (max-width: 318px) 100vw, 318px\" \/>    <\/div>\n\n    <div class=\"eap__content\">\n        <!-- header -->\n        <header class=\"eap__header\">\n            <h2 class=\"eap__title\"><a href=\"https:\/\/www.modepen.org\/index.php\/events\/vigo-concentracion-diante-do-marco-o-dia-7-de-xullo-mobilizate-acude-xa-son-nove-anos-de-loita\/\" rel=\"bookmark\">Vigo: Concentraci\u00f3n diante do MARCO o d\u00eda 7 de Xullo. MOBIL\u00cdZATE !!! ACUDE !!! &#8211; XA SON NOVE ANOS DE LOITA<\/a><\/h2>\n                        \n<!-- event meta -->\n<p class=\"eap__meta\">\n            <span class=\"eap__date no-wrap\">\n            <span class=\"dashicons dashicons-calendar-alt\"><\/span> Xullo 7, 2025        <\/span>\n         |         <span class=\"eap__time no-wrap\">\n            <span class=\"dashicons dashicons-clock\"><\/span> 7:30 pm        <\/span>\n        \n    <br>\n\n    Diante do MARCO, na R\u00faa Pr\u00edncipe, Vigo, Galiza<\/p>\n\n        <\/header>\n\n        <!-- main -->\n        <main class=\"eap__excerpt\">\n                            <p class=\"eap__more\">\n                    <a href=\"https:\/\/www.modepen.org\/index.php\/events\/vigo-concentracion-diante-do-marco-o-dia-7-de-xullo-mobilizate-acude-xa-son-nove-anos-de-loita\/\">Read more<\/a>\n                <\/p>\n                        <\/main>\n    <\/div>\n<\/div>\n\n<div id=\"post-3474\" class=\"eap__event\">\n    <div class=\"eap__img\">\n        <img loading=\"lazy\" decoding=\"async\" width=\"327\" height=\"450\" src=\"https:\/\/www.modepen.org\/wp-content\/uploads\/2025\/07\/Concentracion-Ribadeo-20250705-P.jpg\" class=\"attachment-post-thumbnail size-post-thumbnail wp-post-image\" alt=\"\" srcset=\"https:\/\/www.modepen.org\/wp-content\/uploads\/2025\/07\/Concentracion-Ribadeo-20250705-P.jpg 327w, https:\/\/www.modepen.org\/wp-content\/uploads\/2025\/07\/Concentracion-Ribadeo-20250705-P-218x300.jpg 218w, https:\/\/www.modepen.org\/wp-content\/uploads\/2025\/07\/Concentracion-Ribadeo-20250705-P-109x150.jpg 109w\" sizes=\"auto, (max-width: 327px) 100vw, 327px\" \/>    <\/div>\n\n    <div class=\"eap__content\">\n        <!-- header -->\n        <header class=\"eap__header\">\n            <h2 class=\"eap__title\"><a href=\"https:\/\/www.modepen.org\/index.php\/events\/ribadeo-xubilados-e-pensionistas-da-marina-concentracion-o-dia-5-de-xullo-as-12-h-no-canton-dos-moreno-goberne-quen-goberne-as-pensions-e-o-publico-defendense\/\" rel=\"bookmark\">Ribadeo: Xubilados e Pensionistas da Mari\u00f1a &#8211; Concentraci\u00f3n o d\u00eda 5 de Xullo, as 12 h. no Cant\u00f3n dos Moreno. Goberne quen Goberne, as Pensi\u00f3ns e o P\u00fablico, Def\u00e9ndense.<\/a><\/h2>\n                        \n<!-- event meta -->\n<p class=\"eap__meta\">\n            <span class=\"eap__date no-wrap\">\n            <span class=\"dashicons dashicons-calendar-alt\"><\/span> Xullo 5, 2025        <\/span>\n         |         <span class=\"eap__time no-wrap\">\n            <span class=\"dashicons dashicons-clock\"><\/span> 12:00 pm        <\/span>\n        \n    <br>\n\n    Cant\u00f3n dos Moreno, Ribadeo, Galiza<\/p>\n\n        <\/header>\n\n        <!-- main -->\n        <main class=\"eap__excerpt\">\n                            <p class=\"eap__more\">\n                    <a href=\"https:\/\/www.modepen.org\/index.php\/events\/ribadeo-xubilados-e-pensionistas-da-marina-concentracion-o-dia-5-de-xullo-as-12-h-no-canton-dos-moreno-goberne-quen-goberne-as-pensions-e-o-publico-defendense\/\">Read more<\/a>\n                <\/p>\n                        <\/main>\n    <\/div>\n<\/div>\n\n<div id=\"post-3457\" class=\"eap__event\">\n    <div class=\"eap__img\">\n        <img loading=\"lazy\" decoding=\"async\" width=\"339\" height=\"450\" src=\"https:\/\/www.modepen.org\/wp-content\/uploads\/2025\/06\/Concentracion-Cangas-20250620-P.jpeg\" class=\"attachment-post-thumbnail size-post-thumbnail wp-post-image\" alt=\"\" srcset=\"https:\/\/www.modepen.org\/wp-content\/uploads\/2025\/06\/Concentracion-Cangas-20250620-P.jpeg 339w, https:\/\/www.modepen.org\/wp-content\/uploads\/2025\/06\/Concentracion-Cangas-20250620-P-226x300.jpeg 226w, https:\/\/www.modepen.org\/wp-content\/uploads\/2025\/06\/Concentracion-Cangas-20250620-P-113x150.jpeg 113w\" sizes=\"auto, (max-width: 339px) 100vw, 339px\" \/>    <\/div>\n\n    <div class=\"eap__content\">\n        <!-- header -->\n        <header class=\"eap__header\">\n            <h2 class=\"eap__title\"><a href=\"https:\/\/www.modepen.org\/index.php\/events\/cangas-concentracion-na-defensa-das-pensions-publicas-e-contra-a-sua-privatizacion-o-dia-20-de-xuno-as-2000-h-diante-do-concello-de-cangas\/\" rel=\"bookmark\">Cangas: Concentraci\u00f3n na Defensa das Pensi\u00f3ns P\u00fablicas e contra a sua Privatizaci\u00f3n, o d\u00eda 20 de Xu\u00f1o, as 20:00 h. diante do Concello de Cangas.<\/a><\/h2>\n                        \n<!-- event meta -->\n<p class=\"eap__meta\">\n            <span class=\"eap__date no-wrap\">\n            <span class=\"dashicons dashicons-calendar-alt\"><\/span> Xu\u00f1o 20, 2025        <\/span>\n         |         <span class=\"eap__time no-wrap\">\n            <span class=\"dashicons dashicons-clock\"><\/span> 8:00 pm        <\/span>\n        \n    <br>\n\n    Diante do Concello, Cangas, Galiza<\/p>\n\n        <\/header>\n\n        <!-- main -->\n        <main class=\"eap__excerpt\">\n                            <p class=\"eap__more\">\n                    <a href=\"https:\/\/www.modepen.org\/index.php\/events\/cangas-concentracion-na-defensa-das-pensions-publicas-e-contra-a-sua-privatizacion-o-dia-20-de-xuno-as-2000-h-diante-do-concello-de-cangas\/\">Read more<\/a>\n                <\/p>\n                        <\/main>\n    <\/div>\n<\/div>\n\n<div id=\"post-3442\" class=\"eap__event\">\n    <div class=\"eap__img\">\n        <img loading=\"lazy\" decoding=\"async\" width=\"327\" height=\"450\" src=\"https:\/\/www.modepen.org\/wp-content\/uploads\/2025\/06\/Concentracion-Ribadeo-07-06-2025-P.jpeg\" class=\"attachment-post-thumbnail size-post-thumbnail wp-post-image\" alt=\"\" srcset=\"https:\/\/www.modepen.org\/wp-content\/uploads\/2025\/06\/Concentracion-Ribadeo-07-06-2025-P.jpeg 327w, https:\/\/www.modepen.org\/wp-content\/uploads\/2025\/06\/Concentracion-Ribadeo-07-06-2025-P-218x300.jpeg 218w, https:\/\/www.modepen.org\/wp-content\/uploads\/2025\/06\/Concentracion-Ribadeo-07-06-2025-P-109x150.jpeg 109w\" sizes=\"auto, (max-width: 327px) 100vw, 327px\" \/>    <\/div>\n\n    <div class=\"eap__content\">\n        <!-- header -->\n        <header class=\"eap__header\">\n            <h2 class=\"eap__title\"><a href=\"https:\/\/www.modepen.org\/index.php\/events\/ribadeo-xubilados-e-pensionistas-da-marina-concentracion-o-dia-7-de-xuno-as-12-h-no-canton-dos-moreno-goberne-quen-goberne-as-pensions-e-o-publico-defendense\/\" rel=\"bookmark\">Ribadeo: Xubilados e Pensionistas da Mari\u00f1a &#8211; Concentraci\u00f3n o d\u00eda 7 de Xu\u00f1o, as 12 h. no Cant\u00f3n dos Moreno. Goberne quen Goberne, as Pensi\u00f3ns e o P\u00fablico, Def\u00e9ndense.<\/a><\/h2>\n                        \n<!-- event meta -->\n<p class=\"eap__meta\">\n            <span class=\"eap__date no-wrap\">\n            <span class=\"dashicons dashicons-calendar-alt\"><\/span> Xu\u00f1o 7, 2025        <\/span>\n         |         <span class=\"eap__time no-wrap\">\n            <span class=\"dashicons dashicons-clock\"><\/span> 12:00 pm        <\/span>\n        \n    <br>\n\n    Cant\u00f3n dos Moreno, Ribadeo, Galiza<\/p>\n\n        <\/header>\n\n        <!-- main -->\n        <main class=\"eap__excerpt\">\n                            <p class=\"eap__more\">\n                    <a href=\"https:\/\/www.modepen.org\/index.php\/events\/ribadeo-xubilados-e-pensionistas-da-marina-concentracion-o-dia-7-de-xuno-as-12-h-no-canton-dos-moreno-goberne-quen-goberne-as-pensions-e-o-publico-defendense\/\">Read more<\/a>\n                <\/p>\n                        <\/main>\n    <\/div>\n<\/div>\n\n<div id=\"post-3435\" class=\"eap__event\">\n    <div class=\"eap__img\">\n        <img loading=\"lazy\" decoding=\"async\" width=\"318\" height=\"450\" src=\"https:\/\/www.modepen.org\/wp-content\/uploads\/2025\/05\/Vigo02-06-2025-P.jpg\" class=\"attachment-post-thumbnail size-post-thumbnail wp-post-image\" alt=\"\" srcset=\"https:\/\/www.modepen.org\/wp-content\/uploads\/2025\/05\/Vigo02-06-2025-P.jpg 318w, https:\/\/www.modepen.org\/wp-content\/uploads\/2025\/05\/Vigo02-06-2025-P-212x300.jpg 212w, https:\/\/www.modepen.org\/wp-content\/uploads\/2025\/05\/Vigo02-06-2025-P-106x150.jpg 106w\" sizes=\"auto, (max-width: 318px) 100vw, 318px\" \/>    <\/div>\n\n    <div class=\"eap__content\">\n        <!-- header -->\n        <header class=\"eap__header\">\n            <h2 class=\"eap__title\"><a href=\"https:\/\/www.modepen.org\/index.php\/events\/vigo-concentracion-diante-do-marco-o-dia-2-de-xuno-mobilizate-acude-xa-son-nove-anos-de-loita\/\" rel=\"bookmark\">Vigo: Concentraci\u00f3n diante do MARCO o d\u00eda 2 de Xu\u00f1o. MOBIL\u00cdZATE !!! ACUDE !!! &#8211; XA SON NOVE ANOS DE LOITA<\/a><\/h2>\n                        \n<!-- event meta -->\n<p class=\"eap__meta\">\n            <span class=\"eap__date no-wrap\">\n            <span class=\"dashicons dashicons-calendar-alt\"><\/span> Xu\u00f1o 2, 2025        <\/span>\n         |         <span class=\"eap__time no-wrap\">\n            <span class=\"dashicons dashicons-clock\"><\/span> 7:30 pm        <\/span>\n        \n    <br>\n\n    Diante do MARCO, na R\u00faa Pr\u00edncipe, Vigo, Galiza<\/p>\n\n        <\/header>\n\n        <!-- main -->\n        <main class=\"eap__excerpt\">\n                            <p class=\"eap__more\">\n                    <a href=\"https:\/\/www.modepen.org\/index.php\/events\/vigo-concentracion-diante-do-marco-o-dia-2-de-xuno-mobilizate-acude-xa-son-nove-anos-de-loita\/\">Read more<\/a>\n                <\/p>\n                        <\/main>\n    <\/div>\n<\/div>\n\n<div id=\"post-3430\" class=\"eap__event\">\n    <div class=\"eap__img\">\n        <img loading=\"lazy\" decoding=\"async\" width=\"313\" height=\"450\" src=\"https:\/\/www.modepen.org\/wp-content\/uploads\/2025\/05\/Coruna-20250507-P.jpeg\" class=\"attachment-post-thumbnail size-post-thumbnail wp-post-image\" alt=\"\" srcset=\"https:\/\/www.modepen.org\/wp-content\/uploads\/2025\/05\/Coruna-20250507-P.jpeg 313w, https:\/\/www.modepen.org\/wp-content\/uploads\/2025\/05\/Coruna-20250507-P-209x300.jpeg 209w, https:\/\/www.modepen.org\/wp-content\/uploads\/2025\/05\/Coruna-20250507-P-104x150.jpeg 104w\" sizes=\"auto, (max-width: 313px) 100vw, 313px\" \/>    <\/div>\n\n    <div class=\"eap__content\">\n        <!-- header -->\n        <header class=\"eap__header\">\n            <h2 class=\"eap__title\"><a href=\"https:\/\/www.modepen.org\/index.php\/events\/a-coruna-mesa-informativa-na-rua-alcalde-marchesi-o-dia-7-as-12-h\/\" rel=\"bookmark\">A Coru\u00f1a: Mesa Informativa na R\u00faa Alcalde Marchesi, o d\u00eda 7, as 12 h.<\/a><\/h2>\n                        \n<!-- event meta -->\n<p class=\"eap__meta\">\n            <span class=\"eap__date no-wrap\">\n            <span class=\"dashicons dashicons-calendar-alt\"><\/span> Maio 7, 2025        <\/span>\n         |         <span class=\"eap__time no-wrap\">\n            <span class=\"dashicons dashicons-clock\"><\/span> 12:00 pm        <\/span>\n        \n    <br>\n\n    R\u00faa Alcalde Marchesi, A Coru\u00f1a, Galiza<\/p>\n\n        <\/header>\n\n        <!-- main -->\n        <main class=\"eap__excerpt\">\n                            <p class=\"eap__more\">\n                    <a href=\"https:\/\/www.modepen.org\/index.php\/events\/a-coruna-mesa-informativa-na-rua-alcalde-marchesi-o-dia-7-as-12-h\/\">Read more<\/a>\n                <\/p>\n                        <\/main>\n    <\/div>\n<\/div>\n\n<div id=\"post-3422\" class=\"eap__event\">\n    <div class=\"eap__img\">\n        <img loading=\"lazy\" decoding=\"async\" width=\"326\" height=\"450\" src=\"https:\/\/www.modepen.org\/wp-content\/uploads\/2025\/05\/ValMinor-20250505-P.jpeg\" class=\"attachment-post-thumbnail size-post-thumbnail wp-post-image\" alt=\"\" srcset=\"https:\/\/www.modepen.org\/wp-content\/uploads\/2025\/05\/ValMinor-20250505-P.jpeg 326w, https:\/\/www.modepen.org\/wp-content\/uploads\/2025\/05\/ValMinor-20250505-P-217x300.jpeg 217w, https:\/\/www.modepen.org\/wp-content\/uploads\/2025\/05\/ValMinor-20250505-P-109x150.jpeg 109w\" sizes=\"auto, (max-width: 326px) 100vw, 326px\" \/>    <\/div>\n\n    <div class=\"eap__content\">\n        <!-- header -->\n        <header class=\"eap__header\">\n            <h2 class=\"eap__title\"><a href=\"https:\/\/www.modepen.org\/index.php\/events\/val-minor-concentracion-o-luns-5-de-maio-diante-da-capela-de-san-campio-a-ramallosa-auditoria-publica-da-seguridade-social\/\" rel=\"bookmark\">Val Mi\u00f1or: Concentraci\u00f3n o luns,  5 de Maio, diante da Capela de San Campio (A Ramallosa). Auditor\u00eda p\u00fablica da Seguridade Social.<\/a><\/h2>\n                        \n<!-- event meta -->\n<p class=\"eap__meta\">\n            <span class=\"eap__date no-wrap\">\n            <span class=\"dashicons dashicons-calendar-alt\"><\/span> Maio 5, 2025        <\/span>\n         |         <span class=\"eap__time no-wrap\">\n            <span class=\"dashicons dashicons-clock\"><\/span> 12:00 pm        <\/span>\n        \n    <br>\n\n    Diante da Capela de San Campio, A Ramallosa, Galiza<\/p>\n\n        <\/header>\n\n        <!-- main -->\n        <main class=\"eap__excerpt\">\n                            <p class=\"eap__more\">\n                    <a href=\"https:\/\/www.modepen.org\/index.php\/events\/val-minor-concentracion-o-luns-5-de-maio-diante-da-capela-de-san-campio-a-ramallosa-auditoria-publica-da-seguridade-social\/\">Read more<\/a>\n                <\/p>\n                        <\/main>\n    <\/div>\n<\/div>\n\n<div id=\"post-3426\" class=\"eap__event\">\n    <div class=\"eap__img\">\n        <img loading=\"lazy\" decoding=\"async\" width=\"318\" height=\"450\" src=\"https:\/\/www.modepen.org\/wp-content\/uploads\/2025\/05\/Vigo-20250505-P.jpeg\" class=\"attachment-post-thumbnail size-post-thumbnail wp-post-image\" alt=\"\" srcset=\"https:\/\/www.modepen.org\/wp-content\/uploads\/2025\/05\/Vigo-20250505-P.jpeg 318w, https:\/\/www.modepen.org\/wp-content\/uploads\/2025\/05\/Vigo-20250505-P-212x300.jpeg 212w, https:\/\/www.modepen.org\/wp-content\/uploads\/2025\/05\/Vigo-20250505-P-106x150.jpeg 106w\" sizes=\"auto, (max-width: 318px) 100vw, 318px\" \/>    <\/div>\n\n    <div class=\"eap__content\">\n        <!-- header -->\n        <header class=\"eap__header\">\n            <h2 class=\"eap__title\"><a href=\"https:\/\/www.modepen.org\/index.php\/events\/vigo-concentracion-diante-do-marco-o-dia-5-de-maio-mobilizate-acude-xa-son-nove-anos-de-loita\/\" rel=\"bookmark\">Vigo: Concentraci\u00f3n diante do MARCO o d\u00eda 5 de Maio. MOBIL\u00cdZATE !!! ACUDE !!! &#8211; XA SON NOVE ANOS DE LOITA<\/a><\/h2>\n                        \n<!-- event meta -->\n<p class=\"eap__meta\">\n            <span class=\"eap__date no-wrap\">\n            <span class=\"dashicons dashicons-calendar-alt\"><\/span> Maio 5, 2025        <\/span>\n         |         <span class=\"eap__time no-wrap\">\n            <span class=\"dashicons dashicons-clock\"><\/span> 7:30 pm        <\/span>\n        \n    <br>\n\n    Diante do MARCO, na R\u00faa Pr\u00edncipe, Vigo, Galiza<\/p>\n\n        <\/header>\n\n        <!-- main -->\n        <main class=\"eap__excerpt\">\n                            <p class=\"eap__more\">\n                    <a href=\"https:\/\/www.modepen.org\/index.php\/events\/vigo-concentracion-diante-do-marco-o-dia-5-de-maio-mobilizate-acude-xa-son-nove-anos-de-loita\/\">Read more<\/a>\n                <\/p>\n                        <\/main>\n    <\/div>\n<\/div>\n\n<div id=\"post-3418\" class=\"eap__event\">\n    <div class=\"eap__img\">\n        <img loading=\"lazy\" decoding=\"async\" width=\"327\" height=\"450\" src=\"https:\/\/www.modepen.org\/wp-content\/uploads\/2025\/05\/A-Marina-20250503-P.jpg\" class=\"attachment-post-thumbnail size-post-thumbnail wp-post-image\" alt=\"\" srcset=\"https:\/\/www.modepen.org\/wp-content\/uploads\/2025\/05\/A-Marina-20250503-P.jpg 327w, https:\/\/www.modepen.org\/wp-content\/uploads\/2025\/05\/A-Marina-20250503-P-218x300.jpg 218w, https:\/\/www.modepen.org\/wp-content\/uploads\/2025\/05\/A-Marina-20250503-P-109x150.jpg 109w\" sizes=\"auto, (max-width: 327px) 100vw, 327px\" \/>    <\/div>\n\n    <div class=\"eap__content\">\n        <!-- header -->\n        <header class=\"eap__header\">\n            <h2 class=\"eap__title\"><a href=\"https:\/\/www.modepen.org\/index.php\/events\/ribadeo-concentracion-o-dia-3-de-maio-as-12-h-no-canton-dos-moreno-goberne-quen-goberne-as-pensions-e-o-publico-defendense\/\" rel=\"bookmark\">Ribadeo: Concentraci\u00f3n o d\u00eda 3 de Maio, as 12 h. no Cant\u00f3n dos Moreno. Goberne quen Goberne, as Pensi\u00f3ns e o P\u00fablico, Def\u00e9ndense.<\/a><\/h2>\n                        \n<!-- event meta -->\n<p class=\"eap__meta\">\n            <span class=\"eap__date no-wrap\">\n            <span class=\"dashicons dashicons-calendar-alt\"><\/span> Maio 3, 2025        <\/span>\n         |         <span class=\"eap__time no-wrap\">\n            <span class=\"dashicons dashicons-clock\"><\/span> 12:00 pm        <\/span>\n        \n    <br>\n\n    Cant\u00f3n dos Moreno, Ribadeo, Galiza<\/p>\n\n        <\/header>\n\n        <!-- main -->\n        <main class=\"eap__excerpt\">\n                            <p class=\"eap__more\">\n                    <a href=\"https:\/\/www.modepen.org\/index.php\/events\/ribadeo-concentracion-o-dia-3-de-maio-as-12-h-no-canton-dos-moreno-goberne-quen-goberne-as-pensions-e-o-publico-defendense\/\">Read more<\/a>\n                <\/p>\n                        <\/main>\n    <\/div>\n<\/div>\n\n<div id=\"post-3406\" class=\"eap__event\">\n    <div class=\"eap__img\">\n        <img loading=\"lazy\" decoding=\"async\" width=\"301\" height=\"400\" src=\"https:\/\/www.modepen.org\/wp-content\/uploads\/2025\/04\/Cangas-20250425-P.jpeg\" class=\"attachment-post-thumbnail size-post-thumbnail wp-post-image\" alt=\"\" srcset=\"https:\/\/www.modepen.org\/wp-content\/uploads\/2025\/04\/Cangas-20250425-P.jpeg 301w, https:\/\/www.modepen.org\/wp-content\/uploads\/2025\/04\/Cangas-20250425-P-226x300.jpeg 226w, https:\/\/www.modepen.org\/wp-content\/uploads\/2025\/04\/Cangas-20250425-P-113x150.jpeg 113w\" sizes=\"auto, (max-width: 301px) 100vw, 301px\" \/>    <\/div>\n\n    <div class=\"eap__content\">\n        <!-- header -->\n        <header class=\"eap__header\">\n            <h2 class=\"eap__title\"><a href=\"https:\/\/www.modepen.org\/index.php\/events\/cangas-concentracion-na-defensa-das-pensions-publicas-e-contra-a-sua-privatizacion-o-dia-25-de-abril-as-2000-h-diante-do-concello-de-cangas\/\" rel=\"bookmark\">Cangas: Concentraci\u00f3n na Defensa das Pensi\u00f3ns P\u00fablicas e contra a sua Privatizaci\u00f3n, o d\u00eda 25 de Abril, as 20:00 h. diante do Concello de Cangas.<\/a><\/h2>\n                        \n<!-- event meta -->\n<p class=\"eap__meta\">\n            <span class=\"eap__date no-wrap\">\n            <span class=\"dashicons dashicons-calendar-alt\"><\/span> Abril 25, 2025        <\/span>\n         |         <span class=\"eap__time no-wrap\">\n            <span class=\"dashicons dashicons-clock\"><\/span> 8:00 pm        <\/span>\n        \n    <br>\n\n    Diante do Concello, Cangas, Galiza<\/p>\n\n        <\/header>\n\n        <!-- main -->\n        <main class=\"eap__excerpt\">\n                            <p class=\"eap__more\">\n                    <a href=\"https:\/\/www.modepen.org\/index.php\/events\/cangas-concentracion-na-defensa-das-pensions-publicas-e-contra-a-sua-privatizacion-o-dia-25-de-abril-as-2000-h-diante-do-concello-de-cangas\/\">Read more<\/a>\n                <\/p>\n                        <\/main>\n    <\/div>\n<\/div>\n\n<div id=\"post-3401\" class=\"eap__event\">\n    <div class=\"eap__img\">\n        <img loading=\"lazy\" decoding=\"async\" width=\"283\" height=\"400\" src=\"https:\/\/www.modepen.org\/wp-content\/uploads\/2025\/04\/Vigo-07-04-2025-P.jpg\" class=\"attachment-post-thumbnail size-post-thumbnail wp-post-image\" alt=\"\" srcset=\"https:\/\/www.modepen.org\/wp-content\/uploads\/2025\/04\/Vigo-07-04-2025-P.jpg 283w, https:\/\/www.modepen.org\/wp-content\/uploads\/2025\/04\/Vigo-07-04-2025-P-212x300.jpg 212w, https:\/\/www.modepen.org\/wp-content\/uploads\/2025\/04\/Vigo-07-04-2025-P-106x150.jpg 106w\" sizes=\"auto, (max-width: 283px) 100vw, 283px\" \/>    <\/div>\n\n    <div class=\"eap__content\">\n        <!-- header -->\n        <header class=\"eap__header\">\n            <h2 class=\"eap__title\"><a href=\"https:\/\/www.modepen.org\/index.php\/events\/vigo-concentracion-diante-do-marco-o-dia-7-de-abril-mobilizate-acude-xa-son-oito-anos-de-loita\/\" rel=\"bookmark\">Vigo: Concentraci\u00f3n diante do MARCO o d\u00eda 7 de Abril. MOBIL\u00cdZATE !!! ACUDE !!! &#8211; XA SON OITO ANOS DE LOITA<\/a><\/h2>\n                        \n<!-- event meta -->\n<p class=\"eap__meta\">\n            <span class=\"eap__date no-wrap\">\n            <span class=\"dashicons dashicons-calendar-alt\"><\/span> Abril 7, 2025        <\/span>\n         |         <span class=\"eap__time no-wrap\">\n            <span class=\"dashicons dashicons-clock\"><\/span> 7:30 pm        <\/span>\n        \n    <br>\n\n    Diante do MARCO, na R\u00faa Pr\u00edncipe, Vigo, Galiza<\/p>\n\n        <\/header>\n\n        <!-- main -->\n        <main class=\"eap__excerpt\">\n                            <p class=\"eap__more\">\n                    <a href=\"https:\/\/www.modepen.org\/index.php\/events\/vigo-concentracion-diante-do-marco-o-dia-7-de-abril-mobilizate-acude-xa-son-oito-anos-de-loita\/\">Read more<\/a>\n                <\/p>\n                        <\/main>\n    <\/div>\n<\/div>\n\n<div id=\"post-3369\" class=\"eap__event\">\n    <div class=\"eap__img\">\n        <img loading=\"lazy\" decoding=\"async\" width=\"285\" height=\"400\" src=\"https:\/\/www.modepen.org\/wp-content\/uploads\/2025\/03\/5-Cartaz-BUS-SOS-6-abril-2025-Modepen-P-1.jpg\" class=\"attachment-post-thumbnail size-post-thumbnail wp-post-image\" alt=\"\" srcset=\"https:\/\/www.modepen.org\/wp-content\/uploads\/2025\/03\/5-Cartaz-BUS-SOS-6-abril-2025-Modepen-P-1.jpg 285w, https:\/\/www.modepen.org\/wp-content\/uploads\/2025\/03\/5-Cartaz-BUS-SOS-6-abril-2025-Modepen-P-1-214x300.jpg 214w, https:\/\/www.modepen.org\/wp-content\/uploads\/2025\/03\/5-Cartaz-BUS-SOS-6-abril-2025-Modepen-P-1-107x150.jpg 107w\" sizes=\"auto, (max-width: 285px) 100vw, 285px\" \/>    <\/div>\n\n    <div class=\"eap__content\">\n        <!-- header -->\n        <header class=\"eap__header\">\n            <h2 class=\"eap__title\"><a href=\"https:\/\/www.modepen.org\/index.php\/events\/manifestacion-de-sos-sanidade-en-santiago-o-6-de-abril\/\" rel=\"bookmark\">MANIFESTACI\u00d3N DE SOS SANIDADE EN SANTIAGO O 6 DE ABRIL.<\/a><\/h2>\n                        \n<!-- event meta -->\n<p class=\"eap__meta\">\n            <span class=\"eap__date no-wrap\">\n            <span class=\"dashicons dashicons-calendar-alt\"><\/span> Abril 6, 2025        <\/span>\n         |         <span class=\"eap__time no-wrap\">\n            <span class=\"dashicons dashicons-clock\"><\/span> 12:00 pm        <\/span>\n        \n    <br>\n\n    A Alameda, Santiago, Galiza<\/p>\n\n        <\/header>\n\n        <!-- main -->\n        <main class=\"eap__excerpt\">\n                            <p class=\"eap__more\">\n                    <a href=\"https:\/\/www.modepen.org\/index.php\/events\/manifestacion-de-sos-sanidade-en-santiago-o-6-de-abril\/\">Read more<\/a>\n                <\/p>\n                        <\/main>\n    <\/div>\n<\/div>\n\n<div id=\"post-3384\" class=\"eap__event\">\n    <div class=\"eap__img\">\n        <img loading=\"lazy\" decoding=\"async\" width=\"291\" height=\"400\" src=\"https:\/\/www.modepen.org\/wp-content\/uploads\/2025\/03\/Ribadeo-20250405-P.jpg\" class=\"attachment-post-thumbnail size-post-thumbnail wp-post-image\" alt=\"\" srcset=\"https:\/\/www.modepen.org\/wp-content\/uploads\/2025\/03\/Ribadeo-20250405-P.jpg 291w, https:\/\/www.modepen.org\/wp-content\/uploads\/2025\/03\/Ribadeo-20250405-P-218x300.jpg 218w, https:\/\/www.modepen.org\/wp-content\/uploads\/2025\/03\/Ribadeo-20250405-P-109x150.jpg 109w\" sizes=\"auto, (max-width: 291px) 100vw, 291px\" \/>    <\/div>\n\n    <div class=\"eap__content\">\n        <!-- header -->\n        <header class=\"eap__header\">\n            <h2 class=\"eap__title\"><a href=\"https:\/\/www.modepen.org\/index.php\/events\/ribadeo-concentracion-o-dia-5-de-abril-as-12-h-no-canton-dos-moreno-goberne-quen-goberne-as-pensions-e-o-publico-defendense\/\" rel=\"bookmark\">Ribadeo: Concentraci\u00f3n o d\u00eda 5 de Abril, as 12 h. no Cant\u00f3n dos Moreno. Goberne quen Goberne, as Pensi\u00f3ns e o P\u00fablico, Def\u00e9ndense.<\/a><\/h2>\n                        \n<!-- event meta -->\n<p class=\"eap__meta\">\n            <span class=\"eap__date no-wrap\">\n            <span class=\"dashicons dashicons-calendar-alt\"><\/span> Abril 5, 2025        <\/span>\n         |         <span class=\"eap__time no-wrap\">\n            <span class=\"dashicons dashicons-clock\"><\/span> 12:00 pm        <\/span>\n        \n    <br>\n\n    Cant\u00f3n dos Moreno, Ribadeo, Galiza<\/p>\n\n        <\/header>\n\n        <!-- main -->\n        <main class=\"eap__excerpt\">\n                            <p class=\"eap__more\">\n                    <a href=\"https:\/\/www.modepen.org\/index.php\/events\/ribadeo-concentracion-o-dia-5-de-abril-as-12-h-no-canton-dos-moreno-goberne-quen-goberne-as-pensions-e-o-publico-defendense\/\">Read more<\/a>\n                <\/p>\n                        <\/main>\n    <\/div>\n<\/div>\n\n<div id=\"post-3388\" class=\"eap__event\">\n    <div class=\"eap__img\">\n        <img loading=\"lazy\" decoding=\"async\" width=\"286\" height=\"400\" src=\"https:\/\/www.modepen.org\/wp-content\/uploads\/2025\/03\/Coruna-20250402-P.jpg\" class=\"attachment-post-thumbnail size-post-thumbnail wp-post-image\" alt=\"\" srcset=\"https:\/\/www.modepen.org\/wp-content\/uploads\/2025\/03\/Coruna-20250402-P.jpg 286w, https:\/\/www.modepen.org\/wp-content\/uploads\/2025\/03\/Coruna-20250402-P-215x300.jpg 215w, https:\/\/www.modepen.org\/wp-content\/uploads\/2025\/03\/Coruna-20250402-P-107x150.jpg 107w\" sizes=\"auto, (max-width: 286px) 100vw, 286px\" \/>    <\/div>\n\n    <div class=\"eap__content\">\n        <!-- header -->\n        <header class=\"eap__header\">\n            <h2 class=\"eap__title\"><a href=\"https:\/\/www.modepen.org\/index.php\/events\/a-coruna-informacion-sobre-pensions\/\" rel=\"bookmark\">A Coru\u00f1a: Informaci\u00f3n sobre Pensi\u00f3ns.<\/a><\/h2>\n                        \n<!-- event meta -->\n<p class=\"eap__meta\">\n            <span class=\"eap__date no-wrap\">\n            <span class=\"dashicons dashicons-calendar-alt\"><\/span> Abril 2, 2025        <\/span>\n         |         <span class=\"eap__time no-wrap\">\n            <span class=\"dashicons dashicons-clock\"><\/span> 12:00 pm        <\/span>\n        \n    <br>\n\n    A Gaiteira, A Coru\u00f1a, Galiza<\/p>\n\n        <\/header>\n\n        <!-- main -->\n        <main class=\"eap__excerpt\">\n                            <p class=\"eap__more\">\n                    <a href=\"https:\/\/www.modepen.org\/index.php\/events\/a-coruna-informacion-sobre-pensions\/\">Read more<\/a>\n                <\/p>\n                        <\/main>\n    <\/div>\n<\/div>\n\n<div id=\"post-3362\" class=\"eap__event\">\n    <div class=\"eap__img\">\n        <img loading=\"lazy\" decoding=\"async\" width=\"290\" height=\"400\" src=\"https:\/\/www.modepen.org\/wp-content\/uploads\/2025\/02\/Burela-20250307-P.jpg\" class=\"attachment-post-thumbnail size-post-thumbnail wp-post-image\" alt=\"\" srcset=\"https:\/\/www.modepen.org\/wp-content\/uploads\/2025\/02\/Burela-20250307-P.jpg 290w, https:\/\/www.modepen.org\/wp-content\/uploads\/2025\/02\/Burela-20250307-P-218x300.jpg 218w, https:\/\/www.modepen.org\/wp-content\/uploads\/2025\/02\/Burela-20250307-P-109x150.jpg 109w\" sizes=\"auto, (max-width: 290px) 100vw, 290px\" \/>    <\/div>\n\n    <div class=\"eap__content\">\n        <!-- header -->\n        <header class=\"eap__header\">\n            <h2 class=\"eap__title\"><a href=\"https:\/\/www.modepen.org\/index.php\/events\/burela-charla-informativa-pensions-e-servizos-publicos\/\" rel=\"bookmark\">Burela: Charla Informativa Pensi\u00f3ns e Servizos P\u00fablicos<\/a><\/h2>\n                        \n<!-- event meta -->\n<p class=\"eap__meta\">\n            <span class=\"eap__date no-wrap\">\n            <span class=\"dashicons dashicons-calendar-alt\"><\/span> Marzo 7, 2025        <\/span>\n         |         <span class=\"eap__time no-wrap\">\n            <span class=\"dashicons dashicons-clock\"><\/span> 7:00 pm        <\/span>\n        \n    <br>\n\n    Sal\u00f3n de Conferencias, preto da estaci\u00f3n de autobuses, Burela, Galiza<\/p>\n\n        <\/header>\n\n        <!-- main -->\n        <main class=\"eap__excerpt\">\n                            <p class=\"eap__more\">\n                    <a href=\"https:\/\/www.modepen.org\/index.php\/events\/burela-charla-informativa-pensions-e-servizos-publicos\/\">Read more<\/a>\n                <\/p>\n                        <\/main>\n    <\/div>\n<\/div>\n\n<div id=\"post-3353\" class=\"eap__event\">\n    <div class=\"eap__img\">\n        <img loading=\"lazy\" decoding=\"async\" width=\"318\" height=\"450\" src=\"https:\/\/www.modepen.org\/wp-content\/uploads\/2025\/02\/Vigo-03-03-2025-P.jpg\" class=\"attachment-post-thumbnail size-post-thumbnail wp-post-image\" alt=\"\" srcset=\"https:\/\/www.modepen.org\/wp-content\/uploads\/2025\/02\/Vigo-03-03-2025-P.jpg 318w, https:\/\/www.modepen.org\/wp-content\/uploads\/2025\/02\/Vigo-03-03-2025-P-212x300.jpg 212w, https:\/\/www.modepen.org\/wp-content\/uploads\/2025\/02\/Vigo-03-03-2025-P-106x150.jpg 106w\" sizes=\"auto, (max-width: 318px) 100vw, 318px\" \/>    <\/div>\n\n    <div class=\"eap__content\">\n        <!-- header -->\n        <header class=\"eap__header\">\n            <h2 class=\"eap__title\"><a href=\"https:\/\/www.modepen.org\/index.php\/events\/vigo-concentracion-diante-do-marco-o-dia-3-de-marzo-igualdade-si-mobilizate-acude\/\" rel=\"bookmark\">Vigo: Concentraci\u00f3n diante do MARCO o d\u00eda 3 de Marzo. IGUALDADE, S\u00cd!!! &#8211; MOBILIZATE!!!  ACUDE!!!<\/a><\/h2>\n                        \n<!-- event meta -->\n<p class=\"eap__meta\">\n            <span class=\"eap__date no-wrap\">\n            <span class=\"dashicons dashicons-calendar-alt\"><\/span> Marzo 3, 2025        <\/span>\n         |         <span class=\"eap__time no-wrap\">\n            <span class=\"dashicons dashicons-clock\"><\/span> 7:30 pm        <\/span>\n        \n    <br>\n\n    Diante do MARCO, na R\u00faa Pr\u00edncipe, Vigo, Galiza<\/p>\n\n        <\/header>\n\n        <!-- main -->\n        <main class=\"eap__excerpt\">\n                            <p class=\"eap__more\">\n                    <a href=\"https:\/\/www.modepen.org\/index.php\/events\/vigo-concentracion-diante-do-marco-o-dia-3-de-marzo-igualdade-si-mobilizate-acude\/\">Read more<\/a>\n                <\/p>\n                        <\/main>\n    <\/div>\n<\/div>\n\n<div id=\"post-3357\" class=\"eap__event\">\n    <div class=\"eap__img\">\n        <img loading=\"lazy\" decoding=\"async\" width=\"282\" height=\"400\" src=\"https:\/\/www.modepen.org\/wp-content\/uploads\/2025\/02\/ValMinor-20250303-P.jpg\" class=\"attachment-post-thumbnail size-post-thumbnail wp-post-image\" alt=\"\" srcset=\"https:\/\/www.modepen.org\/wp-content\/uploads\/2025\/02\/ValMinor-20250303-P.jpg 282w, https:\/\/www.modepen.org\/wp-content\/uploads\/2025\/02\/ValMinor-20250303-P-212x300.jpg 212w, https:\/\/www.modepen.org\/wp-content\/uploads\/2025\/02\/ValMinor-20250303-P-106x150.jpg 106w\" sizes=\"auto, (max-width: 282px) 100vw, 282px\" \/>    <\/div>\n\n    <div class=\"eap__content\">\n        <!-- header -->\n        <header class=\"eap__header\">\n            <h2 class=\"eap__title\"><a href=\"https:\/\/www.modepen.org\/index.php\/events\/val-minor-concentracion-o-luns-3-de-marzo-diante-da-capela-de-san-campio-a-ramallosa-auditoria-publica-da-seguridade-social\/\" rel=\"bookmark\">Val Mi\u00f1or: Concentraci\u00f3n o luns,  3 de Marzo, diante da Capela de San Campio (A Ramallosa). Auditor\u00eda p\u00fablica da Seguridade Social.<\/a><\/h2>\n                        \n<!-- event meta -->\n<p class=\"eap__meta\">\n            <span class=\"eap__date no-wrap\">\n            <span class=\"dashicons dashicons-calendar-alt\"><\/span> Marzo 3, 2025        <\/span>\n         |         <span class=\"eap__time no-wrap\">\n            <span class=\"dashicons dashicons-clock\"><\/span> 12:00 pm        <\/span>\n        \n    <br>\n\n    Diante da Capela de San Campio, A Ramallosa, Galiza<\/p>\n\n        <\/header>\n\n        <!-- main -->\n        <main class=\"eap__excerpt\">\n                            <p class=\"eap__more\">\n                    <a href=\"https:\/\/www.modepen.org\/index.php\/events\/val-minor-concentracion-o-luns-3-de-marzo-diante-da-capela-de-san-campio-a-ramallosa-auditoria-publica-da-seguridade-social\/\">Read more<\/a>\n                <\/p>\n                        <\/main>\n    <\/div>\n<\/div>\n\n<div id=\"post-3338\" class=\"eap__event\">\n    <div class=\"eap__img\">\n        <img loading=\"lazy\" decoding=\"async\" width=\"283\" height=\"400\" src=\"https:\/\/www.modepen.org\/wp-content\/uploads\/2025\/02\/febreiro-2025-P.jpg\" class=\"attachment-post-thumbnail size-post-thumbnail wp-post-image\" alt=\"\" srcset=\"https:\/\/www.modepen.org\/wp-content\/uploads\/2025\/02\/febreiro-2025-P.jpg 283w, https:\/\/www.modepen.org\/wp-content\/uploads\/2025\/02\/febreiro-2025-P-212x300.jpg 212w, https:\/\/www.modepen.org\/wp-content\/uploads\/2025\/02\/febreiro-2025-P-106x150.jpg 106w\" sizes=\"auto, (max-width: 283px) 100vw, 283px\" \/>    <\/div>\n\n    <div class=\"eap__content\">\n        <!-- header -->\n        <header class=\"eap__header\">\n            <h2 class=\"eap__title\"><a href=\"https:\/\/www.modepen.org\/index.php\/events\/a-coruna-mesa-informativa-no-mercado-das-conchinas-o-dia-19-de-febreiro-as-12-h-as-pensions-don-un-dereito\/\" rel=\"bookmark\">A Coru\u00f1a: Mesa Informativa no Mercado das Conchi\u00f1as o d\u00eda 19 de Febreiro as 12 h. As Pensi\u00f3ns son un dereito.<\/a><\/h2>\n                        \n<!-- event meta -->\n<p class=\"eap__meta\">\n            <span class=\"eap__date no-wrap\">\n            <span class=\"dashicons dashicons-calendar-alt\"><\/span> Febreiro 19, 2025        <\/span>\n         |         <span class=\"eap__time no-wrap\">\n            <span class=\"dashicons dashicons-clock\"><\/span> 12:00 pm        <\/span>\n        \n    <br>\n\n    Mercado das Conchi\u00f1as, R\u00faa Barcelona, A Coru\u00f1a, Galiza<\/p>\n\n        <\/header>\n\n        <!-- main -->\n        <main class=\"eap__excerpt\">\n                            <p class=\"eap__more\">\n                    <a href=\"https:\/\/www.modepen.org\/index.php\/events\/a-coruna-mesa-informativa-no-mercado-das-conchinas-o-dia-19-de-febreiro-as-12-h-as-pensions-don-un-dereito\/\">Read more<\/a>\n                <\/p>\n                        <\/main>\n    <\/div>\n<\/div>\n\n<div id=\"post-3309\" class=\"eap__event\">\n    <div class=\"eap__img\">\n        <img loading=\"lazy\" decoding=\"async\" width=\"318\" height=\"450\" src=\"https:\/\/www.modepen.org\/wp-content\/uploads\/2025\/01\/Vigo-03-02-2025-P.jpg\" class=\"attachment-post-thumbnail size-post-thumbnail wp-post-image\" alt=\"\" srcset=\"https:\/\/www.modepen.org\/wp-content\/uploads\/2025\/01\/Vigo-03-02-2025-P.jpg 318w, https:\/\/www.modepen.org\/wp-content\/uploads\/2025\/01\/Vigo-03-02-2025-P-212x300.jpg 212w, https:\/\/www.modepen.org\/wp-content\/uploads\/2025\/01\/Vigo-03-02-2025-P-106x150.jpg 106w\" sizes=\"auto, (max-width: 318px) 100vw, 318px\" \/>    <\/div>\n\n    <div class=\"eap__content\">\n        <!-- header -->\n        <header class=\"eap__header\">\n            <h2 class=\"eap__title\"><a href=\"https:\/\/www.modepen.org\/index.php\/events\/vigo-concentracion-diante-do-marco-o-dia-3-de-febreiro-si-a-revalorizacion-das-pensions-mobilizate-acude\/\" rel=\"bookmark\">Vigo: Concentraci\u00f3n diante do MARCO o d\u00eda 3 de Febreiro. &#8220;SI&#8221; \u00e1 REVALORIZACI\u00d3N das PENSIONS &#8211; MOBILIZATE!!!  ACUDE!!!<\/a><\/h2>\n                        \n<!-- event meta -->\n<p class=\"eap__meta\">\n            <span class=\"eap__date no-wrap\">\n            <span class=\"dashicons dashicons-calendar-alt\"><\/span> Febreiro 3, 2025        <\/span>\n         |         <span class=\"eap__time no-wrap\">\n            <span class=\"dashicons dashicons-clock\"><\/span> 7:30 pm        <\/span>\n        \n    <br>\n\n    Diante do MARCO na R\u00faa Pr\u00edncipe, Vigo, Galiza<\/p>\n\n        <\/header>\n\n        <!-- main -->\n        <main class=\"eap__excerpt\">\n                            <p class=\"eap__more\">\n                    <a href=\"https:\/\/www.modepen.org\/index.php\/events\/vigo-concentracion-diante-do-marco-o-dia-3-de-febreiro-si-a-revalorizacion-das-pensions-mobilizate-acude\/\">Read more<\/a>\n                <\/p>\n                        <\/main>\n    <\/div>\n<\/div>\n\n<div id=\"post-3318\" class=\"eap__event\">\n    <div class=\"eap__img\">\n        <img loading=\"lazy\" decoding=\"async\" width=\"337\" height=\"450\" src=\"https:\/\/www.modepen.org\/wp-content\/uploads\/2025\/01\/ValMinhor-20250203-P.jpg\" class=\"attachment-post-thumbnail size-post-thumbnail wp-post-image\" alt=\"\" srcset=\"https:\/\/www.modepen.org\/wp-content\/uploads\/2025\/01\/ValMinhor-20250203-P.jpg 337w, https:\/\/www.modepen.org\/wp-content\/uploads\/2025\/01\/ValMinhor-20250203-P-225x300.jpg 225w, https:\/\/www.modepen.org\/wp-content\/uploads\/2025\/01\/ValMinhor-20250203-P-112x150.jpg 112w\" sizes=\"auto, (max-width: 337px) 100vw, 337px\" \/>    <\/div>\n\n    <div class=\"eap__content\">\n        <!-- header -->\n        <header class=\"eap__header\">\n            <h2 class=\"eap__title\"><a href=\"https:\/\/www.modepen.org\/index.php\/events\/val-minor-concentracion-o-luns-3-de-febreiro-diante-da-capela-de-san-campio-a-ramallosa-mantenamos-o-sistema-publico-de-pensions\/\" rel=\"bookmark\">Val Mi\u00f1or: Concentraci\u00f3n o luns,  3 de Febreiro, diante da Capela de San Campio (A Ramallosa). Mante\u00f1amos o sistema p\u00fablico de pensi\u00f3ns.<\/a><\/h2>\n                        \n<!-- event meta -->\n<p class=\"eap__meta\">\n            <span class=\"eap__date no-wrap\">\n            <span class=\"dashicons dashicons-calendar-alt\"><\/span> Febreiro 3, 2025        <\/span>\n         |         <span class=\"eap__time no-wrap\">\n            <span class=\"dashicons dashicons-clock\"><\/span> 12:00 pm        <\/span>\n        \n    <br>\n\n    Diante da capela de San Campio, A Ramallosa, Galiza<\/p>\n\n        <\/header>\n\n        <!-- main -->\n        <main class=\"eap__excerpt\">\n                            <p class=\"eap__more\">\n                    <a href=\"https:\/\/www.modepen.org\/index.php\/events\/val-minor-concentracion-o-luns-3-de-febreiro-diante-da-capela-de-san-campio-a-ramallosa-mantenamos-o-sistema-publico-de-pensions\/\">Read more<\/a>\n                <\/p>\n                        <\/main>\n    <\/div>\n<\/div>\n\n<div id=\"post-3313\" class=\"eap__event\">\n    <div class=\"eap__img\">\n        <img loading=\"lazy\" decoding=\"async\" width=\"327\" height=\"450\" src=\"https:\/\/www.modepen.org\/wp-content\/uploads\/2025\/01\/Ribadeo-20250201-P.jpg\" class=\"attachment-post-thumbnail size-post-thumbnail wp-post-image\" alt=\"\" srcset=\"https:\/\/www.modepen.org\/wp-content\/uploads\/2025\/01\/Ribadeo-20250201-P.jpg 327w, https:\/\/www.modepen.org\/wp-content\/uploads\/2025\/01\/Ribadeo-20250201-P-218x300.jpg 218w, https:\/\/www.modepen.org\/wp-content\/uploads\/2025\/01\/Ribadeo-20250201-P-109x150.jpg 109w\" sizes=\"auto, (max-width: 327px) 100vw, 327px\" \/>    <\/div>\n\n    <div class=\"eap__content\">\n        <!-- header -->\n        <header class=\"eap__header\">\n            <h2 class=\"eap__title\"><a href=\"https:\/\/www.modepen.org\/index.php\/events\/ribadeo-concentracion-o-dia-1-de-febreiro-as-12-h-no-canton-dos-moreno-goberne-quen-goberne-as-pensions-e-o-publico-defendense\/\" rel=\"bookmark\">Ribadeo: Concentraci\u00f3n o d\u00eda 1 de Febreiro, as 12 h. no Cant\u00f3n dos Moreno. Goberne quen Goberne, as Pensi\u00f3ns e o P\u00fablico, Def\u00e9ndense.<\/a><\/h2>\n                        \n<!-- event meta -->\n<p class=\"eap__meta\">\n            <span class=\"eap__date no-wrap\">\n            <span class=\"dashicons dashicons-calendar-alt\"><\/span> Febreiro 1, 2025        <\/span>\n         |         <span class=\"eap__time no-wrap\">\n            <span class=\"dashicons dashicons-clock\"><\/span> 12:00 pm        <\/span>\n        \n    <br>\n\n    Cant\u00f3n dos Moreno, Ribadeo, GAliza<\/p>\n\n        <\/header>\n\n        <!-- main -->\n        <main class=\"eap__excerpt\">\n                            <p class=\"eap__more\">\n                    <a href=\"https:\/\/www.modepen.org\/index.php\/events\/ribadeo-concentracion-o-dia-1-de-febreiro-as-12-h-no-canton-dos-moreno-goberne-quen-goberne-as-pensions-e-o-publico-defendense\/\">Read more<\/a>\n                <\/p>\n                        <\/main>\n    <\/div>\n<\/div>\n\n<div id=\"post-3274\" class=\"eap__event\">\n    <div class=\"eap__img\">\n        <img loading=\"lazy\" decoding=\"async\" width=\"327\" height=\"450\" src=\"https:\/\/www.modepen.org\/wp-content\/uploads\/2024\/12\/Concentracion-Ribadeo-20241207-P.jpg\" class=\"attachment-post-thumbnail size-post-thumbnail wp-post-image\" alt=\"\" srcset=\"https:\/\/www.modepen.org\/wp-content\/uploads\/2024\/12\/Concentracion-Ribadeo-20241207-P.jpg 327w, https:\/\/www.modepen.org\/wp-content\/uploads\/2024\/12\/Concentracion-Ribadeo-20241207-P-218x300.jpg 218w, https:\/\/www.modepen.org\/wp-content\/uploads\/2024\/12\/Concentracion-Ribadeo-20241207-P-109x150.jpg 109w\" sizes=\"auto, (max-width: 327px) 100vw, 327px\" \/>    <\/div>\n\n    <div class=\"eap__content\">\n        <!-- header -->\n        <header class=\"eap__header\">\n            <h2 class=\"eap__title\"><a href=\"https:\/\/www.modepen.org\/index.php\/events\/ribadeo-concentracion-o-dia-7-de-decembro-as-12-h-no-canton-dos-moreno-goberne-quen-goberne-as-pensions-e-o-publico-defendense\/\" rel=\"bookmark\">Ribadeo: Concentraci\u00f3n o d\u00eda 7 de Decembro, as 12 h. no Cant\u00f3n dos Moreno. Goberne quen Goberne, as Pensi\u00f3ns e o P\u00fablico, Def\u00e9ndense.<\/a><\/h2>\n                        \n<!-- event meta -->\n<p class=\"eap__meta\">\n            <span class=\"eap__date no-wrap\">\n            <span class=\"dashicons dashicons-calendar-alt\"><\/span> Decembro 7, 2024        <\/span>\n         |         <span class=\"eap__time no-wrap\">\n            <span class=\"dashicons dashicons-clock\"><\/span> 12:00 pm        <\/span>\n        \n    <br>\n\n    Cant\u00f3n dos Moreno, Ribadeo, Galiza<\/p>\n\n        <\/header>\n\n        <!-- main -->\n        <main class=\"eap__excerpt\">\n                            <p class=\"eap__more\">\n                    <a href=\"https:\/\/www.modepen.org\/index.php\/events\/ribadeo-concentracion-o-dia-7-de-decembro-as-12-h-no-canton-dos-moreno-goberne-quen-goberne-as-pensions-e-o-publico-defendense\/\">Read more<\/a>\n                <\/p>\n                        <\/main>\n    <\/div>\n<\/div>\n\n<div id=\"post-3265\" class=\"eap__event\">\n    <div class=\"eap__img\">\n        <img loading=\"lazy\" decoding=\"async\" width=\"318\" height=\"450\" src=\"https:\/\/www.modepen.org\/wp-content\/uploads\/2024\/11\/Cartaz-Vigo-2024-12-02-P.jpg\" class=\"attachment-post-thumbnail size-post-thumbnail wp-post-image\" alt=\"\" srcset=\"https:\/\/www.modepen.org\/wp-content\/uploads\/2024\/11\/Cartaz-Vigo-2024-12-02-P.jpg 318w, https:\/\/www.modepen.org\/wp-content\/uploads\/2024\/11\/Cartaz-Vigo-2024-12-02-P-212x300.jpg 212w, https:\/\/www.modepen.org\/wp-content\/uploads\/2024\/11\/Cartaz-Vigo-2024-12-02-P-106x150.jpg 106w\" sizes=\"auto, (max-width: 318px) 100vw, 318px\" \/>    <\/div>\n\n    <div class=\"eap__content\">\n        <!-- header -->\n        <header class=\"eap__header\">\n            <h2 class=\"eap__title\"><a href=\"https:\/\/www.modepen.org\/index.php\/events\/vigo-concentracion-diante-do-marco-o-dia-2-de-decembro-mobilizate-acude\/\" rel=\"bookmark\">Vigo: Concentraci\u00f3n diante do MARCO o d\u00eda 2 de Decembro. MOBIL\u00cdZATE!! ACUDE!!<\/a><\/h2>\n                        \n<!-- event meta -->\n<p class=\"eap__meta\">\n            <span class=\"eap__date no-wrap\">\n            <span class=\"dashicons dashicons-calendar-alt\"><\/span> Decembro 2, 2024        <\/span>\n         |         <span class=\"eap__time no-wrap\">\n            <span class=\"dashicons dashicons-clock\"><\/span> 7:30 pm        <\/span>\n        \n    <br>\n\n    Diante do MARCO, na R\u00faa Pr\u00edncipe, Vigo, Galiza<\/p>\n\n        <\/header>\n\n        <!-- main -->\n        <main class=\"eap__excerpt\">\n                            <p class=\"eap__more\">\n                    <a href=\"https:\/\/www.modepen.org\/index.php\/events\/vigo-concentracion-diante-do-marco-o-dia-2-de-decembro-mobilizate-acude\/\">Read more<\/a>\n                <\/p>\n                        <\/main>\n    <\/div>\n<\/div>\n\n<div id=\"post-3244\" class=\"eap__event\">\n    <div class=\"eap__img\">\n        <img loading=\"lazy\" decoding=\"async\" width=\"338\" height=\"450\" src=\"https:\/\/www.modepen.org\/wp-content\/uploads\/2024\/11\/Concentracion-Cangas-20241129-P.jpg\" class=\"attachment-post-thumbnail size-post-thumbnail wp-post-image\" alt=\"\" srcset=\"https:\/\/www.modepen.org\/wp-content\/uploads\/2024\/11\/Concentracion-Cangas-20241129-P.jpg 338w, https:\/\/www.modepen.org\/wp-content\/uploads\/2024\/11\/Concentracion-Cangas-20241129-P-225x300.jpg 225w, https:\/\/www.modepen.org\/wp-content\/uploads\/2024\/11\/Concentracion-Cangas-20241129-P-113x150.jpg 113w\" sizes=\"auto, (max-width: 338px) 100vw, 338px\" \/>    <\/div>\n\n    <div class=\"eap__content\">\n        <!-- header -->\n        <header class=\"eap__header\">\n            <h2 class=\"eap__title\"><a href=\"https:\/\/www.modepen.org\/index.php\/events\/cangas-concentracion-na-defensa-das-pensions-publicas-e-contra-a-sua-privatizacion-o-dia-29-de-novembro-as-1930-h-diante-do-concello-de-cangas\/\" rel=\"bookmark\">Cangas: Concentraci\u00f3n na Defensa das Pensi\u00f3ns P\u00fablicas e contra a sua Privatizaci\u00f3n, o d\u00eda 29 de Novembro, as 19:30 h. diante do Concello de Cangas.<\/a><\/h2>\n                        \n<!-- event meta -->\n<p class=\"eap__meta\">\n            <span class=\"eap__date no-wrap\">\n            <span class=\"dashicons dashicons-calendar-alt\"><\/span> Novembro 29, 2024        <\/span>\n         |         <span class=\"eap__time no-wrap\">\n            <span class=\"dashicons dashicons-clock\"><\/span> 7:30 pm        <\/span>\n        \n    <br>\n\n    Diante do Concello, Cangas, Galiza<\/p>\n\n        <\/header>\n\n        <!-- main -->\n        <main class=\"eap__excerpt\">\n                            <p class=\"eap__more\">\n                    <a href=\"https:\/\/www.modepen.org\/index.php\/events\/cangas-concentracion-na-defensa-das-pensions-publicas-e-contra-a-sua-privatizacion-o-dia-29-de-novembro-as-1930-h-diante-do-concello-de-cangas\/\">Read more<\/a>\n                <\/p>\n                        <\/main>\n    <\/div>\n<\/div>\n\n<div id=\"post-3234\" class=\"eap__event\">\n    <div class=\"eap__img\">\n        <img loading=\"lazy\" decoding=\"async\" width=\"318\" height=\"450\" src=\"https:\/\/www.modepen.org\/wp-content\/uploads\/2024\/11\/Concentracion-Coruna-20241106-P.jpg\" class=\"attachment-post-thumbnail size-post-thumbnail wp-post-image\" alt=\"\" srcset=\"https:\/\/www.modepen.org\/wp-content\/uploads\/2024\/11\/Concentracion-Coruna-20241106-P.jpg 318w, https:\/\/www.modepen.org\/wp-content\/uploads\/2024\/11\/Concentracion-Coruna-20241106-P-212x300.jpg 212w, https:\/\/www.modepen.org\/wp-content\/uploads\/2024\/11\/Concentracion-Coruna-20241106-P-106x150.jpg 106w\" sizes=\"auto, (max-width: 318px) 100vw, 318px\" \/>    <\/div>\n\n    <div class=\"eap__content\">\n        <!-- header -->\n        <header class=\"eap__header\">\n            <h2 class=\"eap__title\"><a href=\"https:\/\/www.modepen.org\/index.php\/events\/a-coruna-concentracion-no-obelisco-o-dia-6-de-novembro-as-12-h-goberne-quen-goberne-as-pensions-defendense\/\" rel=\"bookmark\">A Coru\u00f1a: Concentraci\u00f3n no Obelisco o d\u00eda 6 de Novembro as 12 h. Goberne quen goberne, as pensi\u00f3ns def\u00e9ndense.<\/a><\/h2>\n                        \n<!-- event meta -->\n<p class=\"eap__meta\">\n            <span class=\"eap__date no-wrap\">\n            <span class=\"dashicons dashicons-calendar-alt\"><\/span> Novembro 6, 2024        <\/span>\n         |         <span class=\"eap__time no-wrap\">\n            <span class=\"dashicons dashicons-clock\"><\/span> 12:00 pm        <\/span>\n        \n    <br>\n\n    No Obelisco, A Coru\u00f1a, Galiza<\/p>\n\n        <\/header>\n\n        <!-- main -->\n        <main class=\"eap__excerpt\">\n                            <p class=\"eap__more\">\n                    <a href=\"https:\/\/www.modepen.org\/index.php\/events\/a-coruna-concentracion-no-obelisco-o-dia-6-de-novembro-as-12-h-goberne-quen-goberne-as-pensions-defendense\/\">Read more<\/a>\n                <\/p>\n                        <\/main>\n    <\/div>\n<\/div>\n\n<div id=\"post-3229\" class=\"eap__event\">\n    <div class=\"eap__img\">\n        <img loading=\"lazy\" decoding=\"async\" width=\"318\" height=\"450\" src=\"https:\/\/www.modepen.org\/wp-content\/uploads\/2024\/10\/Vigo-04-11-2024-P.jpg\" class=\"attachment-post-thumbnail size-post-thumbnail wp-post-image\" alt=\"\" srcset=\"https:\/\/www.modepen.org\/wp-content\/uploads\/2024\/10\/Vigo-04-11-2024-P.jpg 318w, https:\/\/www.modepen.org\/wp-content\/uploads\/2024\/10\/Vigo-04-11-2024-P-212x300.jpg 212w, https:\/\/www.modepen.org\/wp-content\/uploads\/2024\/10\/Vigo-04-11-2024-P-106x150.jpg 106w\" sizes=\"auto, (max-width: 318px) 100vw, 318px\" \/>    <\/div>\n\n    <div class=\"eap__content\">\n        <!-- header -->\n        <header class=\"eap__header\">\n            <h2 class=\"eap__title\"><a href=\"https:\/\/www.modepen.org\/index.php\/events\/vigo-concentracion-diante-do-marco-o-dia-4-de-novembro-xoven-escoita-tamen-e-a-tua-loita\/\" rel=\"bookmark\">Vigo: Concentraci\u00f3n diante do MARCO o d\u00eda 4 de Novembro. Xoven, Escoita! Tam\u00e9n \u00e9 a t\u00faa loita!.<\/a><\/h2>\n                        \n<!-- event meta -->\n<p class=\"eap__meta\">\n            <span class=\"eap__date no-wrap\">\n            <span class=\"dashicons dashicons-calendar-alt\"><\/span> Novembro 4, 2024        <\/span>\n         |         <span class=\"eap__time no-wrap\">\n            <span class=\"dashicons dashicons-clock\"><\/span> 7:30 pm        <\/span>\n        \n    <br>\n\n    Diante do MARCO, na R\u00faa Pr\u00edncipe, Vigo, Galiza<\/p>\n\n        <\/header>\n\n        <!-- main -->\n        <main class=\"eap__excerpt\">\n                            <p class=\"eap__more\">\n                    <a href=\"https:\/\/www.modepen.org\/index.php\/events\/vigo-concentracion-diante-do-marco-o-dia-4-de-novembro-xoven-escoita-tamen-e-a-tua-loita\/\">Read more<\/a>\n                <\/p>\n                        <\/main>\n    <\/div>\n<\/div>\n\n<div id=\"post-3239\" class=\"eap__event\">\n    <div class=\"eap__img\">\n        <img loading=\"lazy\" decoding=\"async\" width=\"337\" height=\"450\" src=\"https:\/\/www.modepen.org\/wp-content\/uploads\/2024\/11\/Concentracion-A-Ramallosa-20241104-P.jpg\" class=\"attachment-post-thumbnail size-post-thumbnail wp-post-image\" alt=\"\" srcset=\"https:\/\/www.modepen.org\/wp-content\/uploads\/2024\/11\/Concentracion-A-Ramallosa-20241104-P.jpg 337w, https:\/\/www.modepen.org\/wp-content\/uploads\/2024\/11\/Concentracion-A-Ramallosa-20241104-P-225x300.jpg 225w, https:\/\/www.modepen.org\/wp-content\/uploads\/2024\/11\/Concentracion-A-Ramallosa-20241104-P-112x150.jpg 112w\" sizes=\"auto, (max-width: 337px) 100vw, 337px\" \/>    <\/div>\n\n    <div class=\"eap__content\">\n        <!-- header -->\n        <header class=\"eap__header\">\n            <h2 class=\"eap__title\"><a href=\"https:\/\/www.modepen.org\/index.php\/events\/val-minor-concentracion-o-luns-4-de-novembro-diante-da-capela-de-san-campio-a-ramallosa-mantenamos-o-sistema-publico-de-pensions\/\" rel=\"bookmark\">Val Mi\u00f1or: Concentraci\u00f3n o luns,  4 de Novembro, diante da Capela de San Campio (A Ramallosa). Mante\u00f1amos o sistema p\u00fablico de pensi\u00f3ns.<\/a><\/h2>\n                        \n<!-- event meta -->\n<p class=\"eap__meta\">\n            <span class=\"eap__date no-wrap\">\n            <span class=\"dashicons dashicons-calendar-alt\"><\/span> Novembro 4, 2024        <\/span>\n         |         <span class=\"eap__time no-wrap\">\n            <span class=\"dashicons dashicons-clock\"><\/span> 12:00 pm        <\/span>\n        \n    <br>\n\n    Diante da capela de San Campio, A Ramallosa, Galiza<\/p>\n\n        <\/header>\n\n        <!-- main -->\n        <main class=\"eap__excerpt\">\n                            <p class=\"eap__more\">\n                    <a href=\"https:\/\/www.modepen.org\/index.php\/events\/val-minor-concentracion-o-luns-4-de-novembro-diante-da-capela-de-san-campio-a-ramallosa-mantenamos-o-sistema-publico-de-pensions\/\">Read more<\/a>\n                <\/p>\n                        <\/main>\n    <\/div>\n<\/div>\n\n<div id=\"post-3218\" class=\"eap__event\">\n    <div class=\"eap__img\">\n        <img loading=\"lazy\" decoding=\"async\" width=\"327\" height=\"450\" src=\"https:\/\/www.modepen.org\/wp-content\/uploads\/2024\/10\/Conentracion-Ribadeo-20241102-P.jpg\" class=\"attachment-post-thumbnail size-post-thumbnail wp-post-image\" alt=\"\" srcset=\"https:\/\/www.modepen.org\/wp-content\/uploads\/2024\/10\/Conentracion-Ribadeo-20241102-P.jpg 327w, https:\/\/www.modepen.org\/wp-content\/uploads\/2024\/10\/Conentracion-Ribadeo-20241102-P-218x300.jpg 218w, https:\/\/www.modepen.org\/wp-content\/uploads\/2024\/10\/Conentracion-Ribadeo-20241102-P-109x150.jpg 109w\" sizes=\"auto, (max-width: 327px) 100vw, 327px\" \/>    <\/div>\n\n    <div class=\"eap__content\">\n        <!-- header -->\n        <header class=\"eap__header\">\n            <h2 class=\"eap__title\"><a href=\"https:\/\/www.modepen.org\/index.php\/events\/ribadeo-concentracion-o-dia-2-de-novembro-as-12-h-no-canton-dos-moreno-goberne-quen-goberne-as-pensions-e-o-publico-defendense\/\" rel=\"bookmark\">Ribadeo: Concentraci\u00f3n o d\u00eda 2 de Novembro, as 12 h. no Cant\u00f3n dos Moreno. Goberne quen Goberne, as Pensi\u00f3ns e o P\u00fablico, Def\u00e9ndense.<\/a><\/h2>\n                        \n<!-- event meta -->\n<p class=\"eap__meta\">\n            <span class=\"eap__date no-wrap\">\n            <span class=\"dashicons dashicons-calendar-alt\"><\/span> Novembro 2, 2024        <\/span>\n         |         <span class=\"eap__time no-wrap\">\n            <span class=\"dashicons dashicons-clock\"><\/span> 12:00 pm        <\/span>\n        \n    <br>\n\n    Cant\u00f3n dos Moreno, Ribadeo, Galiza<\/p>\n\n        <\/header>\n\n        <!-- main -->\n        <main class=\"eap__excerpt\">\n                            <p class=\"eap__more\">\n                    <a href=\"https:\/\/www.modepen.org\/index.php\/events\/ribadeo-concentracion-o-dia-2-de-novembro-as-12-h-no-canton-dos-moreno-goberne-quen-goberne-as-pensions-e-o-publico-defendense\/\">Read more<\/a>\n                <\/p>\n                        <\/main>\n    <\/div>\n<\/div>\n\n<div id=\"post-3147\" class=\"eap__event\">\n    <div class=\"eap__img\">\n        <img loading=\"lazy\" decoding=\"async\" width=\"318\" height=\"450\" src=\"https:\/\/www.modepen.org\/wp-content\/uploads\/2024\/06\/Manifestacion-Madrid-20241026-2-P-Gal.jpg\" class=\"attachment-post-thumbnail size-post-thumbnail wp-post-image\" alt=\"\" srcset=\"https:\/\/www.modepen.org\/wp-content\/uploads\/2024\/06\/Manifestacion-Madrid-20241026-2-P-Gal.jpg 318w, https:\/\/www.modepen.org\/wp-content\/uploads\/2024\/06\/Manifestacion-Madrid-20241026-2-P-Gal-212x300.jpg 212w, https:\/\/www.modepen.org\/wp-content\/uploads\/2024\/06\/Manifestacion-Madrid-20241026-2-P-Gal-106x150.jpg 106w\" sizes=\"auto, (max-width: 318px) 100vw, 318px\" \/>    <\/div>\n\n    <div class=\"eap__content\">\n        <!-- header -->\n        <header class=\"eap__header\">\n            <h2 class=\"eap__title\"><a href=\"https:\/\/www.modepen.org\/index.php\/events\/manifestacion-de-pensionistas-en-madrid-el-26-de-octubre-la-movilizacion-es-nuestra-fuerza\/\" rel=\"bookmark\">Manifestaci\u00f3n de Pensionistas en Madrid o 26 de Outubro. A Mobilizaci\u00f3n \u00e9 a nosa forza.<\/a><\/h2>\n                        \n<!-- event meta -->\n<p class=\"eap__meta\">\n            <span class=\"eap__date no-wrap\">\n            <span class=\"dashicons dashicons-calendar-alt\"><\/span> Outubro 26, 2024        <\/span>\n         |         <span class=\"eap__time no-wrap\">\n            <span class=\"dashicons dashicons-clock\"><\/span> 11:00 am        <\/span>\n        \n    <br>\n\n    Atocha - Sol, Madrid, Madrid<\/p>\n\n        <\/header>\n\n        <!-- main -->\n        <main class=\"eap__excerpt\">\n                            <p class=\"eap__more\">\n                    <a href=\"https:\/\/www.modepen.org\/index.php\/events\/manifestacion-de-pensionistas-en-madrid-el-26-de-octubre-la-movilizacion-es-nuestra-fuerza\/\">Read more<\/a>\n                <\/p>\n                        <\/main>\n    <\/div>\n<\/div>\n\n<div id=\"post-3212\" class=\"eap__event\">\n    <div class=\"eap__img\">\n        <img loading=\"lazy\" decoding=\"async\" width=\"338\" height=\"450\" src=\"https:\/\/www.modepen.org\/wp-content\/uploads\/2024\/10\/Concentracion-Cangas-20241011-P.jpg\" class=\"attachment-post-thumbnail size-post-thumbnail wp-post-image\" alt=\"\" srcset=\"https:\/\/www.modepen.org\/wp-content\/uploads\/2024\/10\/Concentracion-Cangas-20241011-P.jpg 338w, https:\/\/www.modepen.org\/wp-content\/uploads\/2024\/10\/Concentracion-Cangas-20241011-P-225x300.jpg 225w, https:\/\/www.modepen.org\/wp-content\/uploads\/2024\/10\/Concentracion-Cangas-20241011-P-113x150.jpg 113w\" sizes=\"auto, (max-width: 338px) 100vw, 338px\" \/>    <\/div>\n\n    <div class=\"eap__content\">\n        <!-- header -->\n        <header class=\"eap__header\">\n            <h2 class=\"eap__title\"><a href=\"https:\/\/www.modepen.org\/index.php\/events\/cangas-concentracion-na-defensa-das-pensions-publicas-e-contra-a-sua-privatizacion-o-dia-11-de-outubro-as-2000-h-diante-do-concello-de-cangas\/\" rel=\"bookmark\">Cangas: Concentraci\u00f3n na Defensa das Pensi\u00f3ns P\u00fablicas e contra a sua Privatizaci\u00f3n, o d\u00eda 11 de Outubro, as 20:00 h. diante do Concello de Cangas.<\/a><\/h2>\n                        \n<!-- event meta -->\n<p class=\"eap__meta\">\n            <span class=\"eap__date no-wrap\">\n            <span class=\"dashicons dashicons-calendar-alt\"><\/span> Outubro 11, 2024        <\/span>\n         |         <span class=\"eap__time no-wrap\">\n            <span class=\"dashicons dashicons-clock\"><\/span> 8:00 pm        <\/span>\n        \n    <br>\n\n    Diante do Concello, Cangas, Galiza<\/p>\n\n        <\/header>\n\n        <!-- main -->\n        <main class=\"eap__excerpt\">\n                            <p class=\"eap__more\">\n                    <a href=\"https:\/\/www.modepen.org\/index.php\/events\/cangas-concentracion-na-defensa-das-pensions-publicas-e-contra-a-sua-privatizacion-o-dia-11-de-outubro-as-2000-h-diante-do-concello-de-cangas\/\">Read more<\/a>\n                <\/p>\n                        <\/main>\n    <\/div>\n<\/div>\n\n<div id=\"post-3207\" class=\"eap__event\">\n    <div class=\"eap__img\">\n        <img loading=\"lazy\" decoding=\"async\" width=\"318\" height=\"450\" src=\"https:\/\/www.modepen.org\/wp-content\/uploads\/2024\/10\/Cartaz-Concentracion-Vigo-2024-10-07-P.jpg\" class=\"attachment-post-thumbnail size-post-thumbnail wp-post-image\" alt=\"\" srcset=\"https:\/\/www.modepen.org\/wp-content\/uploads\/2024\/10\/Cartaz-Concentracion-Vigo-2024-10-07-P.jpg 318w, https:\/\/www.modepen.org\/wp-content\/uploads\/2024\/10\/Cartaz-Concentracion-Vigo-2024-10-07-P-212x300.jpg 212w, https:\/\/www.modepen.org\/wp-content\/uploads\/2024\/10\/Cartaz-Concentracion-Vigo-2024-10-07-P-106x150.jpg 106w\" sizes=\"auto, (max-width: 318px) 100vw, 318px\" \/>    <\/div>\n\n    <div class=\"eap__content\">\n        <!-- header -->\n        <header class=\"eap__header\">\n            <h2 class=\"eap__title\"><a href=\"https:\/\/www.modepen.org\/index.php\/events\/vigo-concentracion-diante-do-marco-o-dia-7-de-outubro-as-fianzas-ao-asalto-das-pensions-publicas\/\" rel=\"bookmark\">Vigo: Concentraci\u00f3n diante do MARCO o d\u00eda 7 de Outubro. AS FINANZAS AO ASALTO DAS PENSI\u00d3NS P\u00daBLICAS.<\/a><\/h2>\n                        \n<!-- event meta -->\n<p class=\"eap__meta\">\n            <span class=\"eap__date no-wrap\">\n            <span class=\"dashicons dashicons-calendar-alt\"><\/span> Outubro 7, 2024        <\/span>\n         |         <span class=\"eap__time no-wrap\">\n            <span class=\"dashicons dashicons-clock\"><\/span> 7:30 pm        <\/span>\n        \n    <br>\n\n    Diante do MARCO, na R\u00faa Pr\u00edncipe, Vigo, Galiza<\/p>\n\n        <\/header>\n\n        <!-- main -->\n        <main class=\"eap__excerpt\">\n                            <p class=\"eap__more\">\n                    <a href=\"https:\/\/www.modepen.org\/index.php\/events\/vigo-concentracion-diante-do-marco-o-dia-7-de-outubro-as-fianzas-ao-asalto-das-pensions-publicas\/\">Read more<\/a>\n                <\/p>\n                        <\/main>\n    <\/div>\n<\/div>\n\n<div id=\"post-3192\" class=\"eap__event\">\n    <div class=\"eap__img\">\n        <img loading=\"lazy\" decoding=\"async\" width=\"318\" height=\"450\" src=\"https:\/\/www.modepen.org\/wp-content\/uploads\/2024\/09\/Cartaz-VI-Asemblea-MODEPEN-P.jpg\" class=\"attachment-post-thumbnail size-post-thumbnail wp-post-image\" alt=\"\" srcset=\"https:\/\/www.modepen.org\/wp-content\/uploads\/2024\/09\/Cartaz-VI-Asemblea-MODEPEN-P.jpg 318w, https:\/\/www.modepen.org\/wp-content\/uploads\/2024\/09\/Cartaz-VI-Asemblea-MODEPEN-P-212x300.jpg 212w, https:\/\/www.modepen.org\/wp-content\/uploads\/2024\/09\/Cartaz-VI-Asemblea-MODEPEN-P-106x150.jpg 106w\" sizes=\"auto, (max-width: 318px) 100vw, 318px\" \/>    <\/div>\n\n    <div class=\"eap__content\">\n        <!-- header -->\n        <header class=\"eap__header\">\n            <h2 class=\"eap__title\"><a href=\"https:\/\/www.modepen.org\/index.php\/events\/vi-asemblea-nacional-de-modepen-no-concello-de-san-sadurnino-o-21-de-setembro-do-2024\/\" rel=\"bookmark\">VI Asemblea Nacional de MODEPEN no Concello de San Sadurni\u00f1o o 21 de Setembro do 2024<\/a><\/h2>\n                        \n<!-- event meta -->\n<p class=\"eap__meta\">\n            <span class=\"eap__date no-wrap\">\n            <span class=\"dashicons dashicons-calendar-alt\"><\/span> Setembro 21, 2024        <\/span>\n         |         <span class=\"eap__time no-wrap\">\n            <span class=\"dashicons dashicons-clock\"><\/span> 10:00 am        <\/span>\n         \u2013             <span class=\"eap__time no-wrap\">\n                8:00 pm            <\/span>\n            \n    <br>\n\n    Casa da Cultura do Concello, San Sadurni\u00f1o, Galiza<\/p>\n\n        <\/header>\n\n        <!-- main -->\n        <main class=\"eap__excerpt\">\n                            <p class=\"eap__more\">\n                    <a href=\"https:\/\/www.modepen.org\/index.php\/events\/vi-asemblea-nacional-de-modepen-no-concello-de-san-sadurnino-o-21-de-setembro-do-2024\/\">Read more<\/a>\n                <\/p>\n                        <\/main>\n    <\/div>\n<\/div>\n\n<div id=\"post-3184\" class=\"eap__event\">\n    <div class=\"eap__img\">\n        <img loading=\"lazy\" decoding=\"async\" width=\"318\" height=\"450\" src=\"https:\/\/www.modepen.org\/wp-content\/uploads\/2024\/08\/Vigo-2-09-2024-P.jpg\" class=\"attachment-post-thumbnail size-post-thumbnail wp-post-image\" alt=\"\" srcset=\"https:\/\/www.modepen.org\/wp-content\/uploads\/2024\/08\/Vigo-2-09-2024-P.jpg 318w, https:\/\/www.modepen.org\/wp-content\/uploads\/2024\/08\/Vigo-2-09-2024-P-212x300.jpg 212w, https:\/\/www.modepen.org\/wp-content\/uploads\/2024\/08\/Vigo-2-09-2024-P-106x150.jpg 106w\" sizes=\"auto, (max-width: 318px) 100vw, 318px\" \/>    <\/div>\n\n    <div class=\"eap__content\">\n        <!-- header -->\n        <header class=\"eap__header\">\n            <h2 class=\"eap__title\"><a href=\"https:\/\/www.modepen.org\/index.php\/events\/vigo-concentracion-diante-do-marco-o-dia-2-de-setembro-a-mobilizacion-a-nosa-forza\/\" rel=\"bookmark\">Vigo: Concentraci\u00f3n diante do MARCO o d\u00eda 2 de Setembro. A MOBILIZACI\u00d3N: A NOSA FORZA!!!!<\/a><\/h2>\n                        \n<!-- event meta -->\n<p class=\"eap__meta\">\n            <span class=\"eap__date no-wrap\">\n            <span class=\"dashicons dashicons-calendar-alt\"><\/span> Setembro 2, 2024        <\/span>\n         |         <span class=\"eap__time no-wrap\">\n            <span class=\"dashicons dashicons-clock\"><\/span> 7:30 pm        <\/span>\n        \n    <br>\n\n    Diante do MARCO, na R\u00faa Pr\u00edncipe, Vigo, Galiza<\/p>\n\n        <\/header>\n\n        <!-- main -->\n        <main class=\"eap__excerpt\">\n                            <p class=\"eap__more\">\n                    <a href=\"https:\/\/www.modepen.org\/index.php\/events\/vigo-concentracion-diante-do-marco-o-dia-2-de-setembro-a-mobilizacion-a-nosa-forza\/\">Read more<\/a>\n                <\/p>\n                        <\/main>\n    <\/div>\n<\/div>\n\n<div id=\"post-3143\" class=\"eap__event\">\n    <div class=\"eap__img\">\n        <img loading=\"lazy\" decoding=\"async\" width=\"318\" height=\"450\" src=\"https:\/\/www.modepen.org\/wp-content\/uploads\/2024\/06\/Concentracion-ValMinor-20240701-P.jpg\" class=\"attachment-post-thumbnail size-post-thumbnail wp-post-image\" alt=\"\" srcset=\"https:\/\/www.modepen.org\/wp-content\/uploads\/2024\/06\/Concentracion-ValMinor-20240701-P.jpg 318w, https:\/\/www.modepen.org\/wp-content\/uploads\/2024\/06\/Concentracion-ValMinor-20240701-P-212x300.jpg 212w, https:\/\/www.modepen.org\/wp-content\/uploads\/2024\/06\/Concentracion-ValMinor-20240701-P-106x150.jpg 106w\" sizes=\"auto, (max-width: 318px) 100vw, 318px\" \/>    <\/div>\n\n    <div class=\"eap__content\">\n        <!-- header -->\n        <header class=\"eap__header\">\n            <h2 class=\"eap__title\"><a href=\"https:\/\/www.modepen.org\/index.php\/events\/val-minor-concentracion-o-luns-1-de-xullo-diante-da-capela-de-san-campio-a-ramallosa-salarios-xustos-pensions-dignas\/\" rel=\"bookmark\">Val Mi\u00f1or: Concentraci\u00f3n o luns,  1 de Xullo, diante da Capela de San Campio (A Ramallosa). Salarios Xustos = Pensi\u00f3ns Dignas.<\/a><\/h2>\n                        \n<!-- event meta -->\n<p class=\"eap__meta\">\n            <span class=\"eap__date no-wrap\">\n            <span class=\"dashicons dashicons-calendar-alt\"><\/span> Xullo 1, 2024        <\/span>\n         |         <span class=\"eap__time no-wrap\">\n            <span class=\"dashicons dashicons-clock\"><\/span> 12:00 pm        <\/span>\n        \n    <br>\n\n    Diante da Capela de San Campioi, A Ramallosa, Galiza<\/p>\n\n        <\/header>\n\n        <!-- main -->\n        <main class=\"eap__excerpt\">\n                            <p class=\"eap__more\">\n                    <a href=\"https:\/\/www.modepen.org\/index.php\/events\/val-minor-concentracion-o-luns-1-de-xullo-diante-da-capela-de-san-campio-a-ramallosa-salarios-xustos-pensions-dignas\/\">Read more<\/a>\n                <\/p>\n                        <\/main>\n    <\/div>\n<\/div>\n\n<div id=\"post-3152\" class=\"eap__event\">\n    <div class=\"eap__img\">\n        <img loading=\"lazy\" decoding=\"async\" width=\"318\" height=\"450\" src=\"https:\/\/www.modepen.org\/wp-content\/uploads\/2024\/06\/Concentracion-Vigo-20240701-P.jpg\" class=\"attachment-post-thumbnail size-post-thumbnail wp-post-image\" alt=\"\" srcset=\"https:\/\/www.modepen.org\/wp-content\/uploads\/2024\/06\/Concentracion-Vigo-20240701-P.jpg 318w, https:\/\/www.modepen.org\/wp-content\/uploads\/2024\/06\/Concentracion-Vigo-20240701-P-212x300.jpg 212w, https:\/\/www.modepen.org\/wp-content\/uploads\/2024\/06\/Concentracion-Vigo-20240701-P-106x150.jpg 106w\" sizes=\"auto, (max-width: 318px) 100vw, 318px\" \/>    <\/div>\n\n    <div class=\"eap__content\">\n        <!-- header -->\n        <header class=\"eap__header\">\n            <h2 class=\"eap__title\"><a href=\"https:\/\/www.modepen.org\/index.php\/events\/vigo-concentracion-diante-do-marco-o-dia-1-de-xullo-ningun-pensionista-por-debaixo-de-1-134-e\/\" rel=\"bookmark\">Vigo: Concentraci\u00f3n diante do MARCO o d\u00eda 1 de Xullo. Ning\u00fan Pensionista por debaixo de 1.134 \u20ac.<\/a><\/h2>\n                        \n<!-- event meta -->\n<p class=\"eap__meta\">\n            <span class=\"eap__date no-wrap\">\n            <span class=\"dashicons dashicons-calendar-alt\"><\/span> Xullo 1, 2024        <\/span>\n         |         <span class=\"eap__time no-wrap\">\n            <span class=\"dashicons dashicons-clock\"><\/span> 7:30 pm        <\/span>\n        \n    <br>\n\n    Diante do MARCO, na R\u00faa Pr\u00edncipe, Vigo, Galiza<\/p>\n\n        <\/header>\n\n        <!-- main -->\n        <main class=\"eap__excerpt\">\n                            <p class=\"eap__more\">\n                    <a href=\"https:\/\/www.modepen.org\/index.php\/events\/vigo-concentracion-diante-do-marco-o-dia-1-de-xullo-ningun-pensionista-por-debaixo-de-1-134-e\/\">Read more<\/a>\n                <\/p>\n                        <\/main>\n    <\/div>\n<\/div>\n\n<div id=\"post-3123\" class=\"eap__event\">\n    <div class=\"eap__img\">\n        <img loading=\"lazy\" decoding=\"async\" width=\"338\" height=\"450\" src=\"https:\/\/www.modepen.org\/wp-content\/uploads\/2024\/06\/Concentracion-Cangas-20240614-P.jpg\" class=\"attachment-post-thumbnail size-post-thumbnail wp-post-image\" alt=\"\" srcset=\"https:\/\/www.modepen.org\/wp-content\/uploads\/2024\/06\/Concentracion-Cangas-20240614-P.jpg 338w, https:\/\/www.modepen.org\/wp-content\/uploads\/2024\/06\/Concentracion-Cangas-20240614-P-225x300.jpg 225w, https:\/\/www.modepen.org\/wp-content\/uploads\/2024\/06\/Concentracion-Cangas-20240614-P-113x150.jpg 113w\" sizes=\"auto, (max-width: 338px) 100vw, 338px\" \/>    <\/div>\n\n    <div class=\"eap__content\">\n        <!-- header -->\n        <header class=\"eap__header\">\n            <h2 class=\"eap__title\"><a href=\"https:\/\/www.modepen.org\/index.php\/events\/cangas-concentracion-na-defensa-das-pensions-publicas-e-contra-a-sua-privatizacion-o-dia-14-de-xuno-as-2000-h-diante-do-concello-de-cangas\/\" rel=\"bookmark\">Cangas: Concentraci\u00f3n na Defensa das Pensi\u00f3ns P\u00fablicas e contra a sua Privatizaci\u00f3n, o d\u00eda 14 de Xu\u00f1o, as 20:00 h. diante do Concello de Cangas.<\/a><\/h2>\n                        \n<!-- event meta -->\n<p class=\"eap__meta\">\n            <span class=\"eap__date no-wrap\">\n            <span class=\"dashicons dashicons-calendar-alt\"><\/span> Xu\u00f1o 14, 2024        <\/span>\n         |         <span class=\"eap__time no-wrap\">\n            <span class=\"dashicons dashicons-clock\"><\/span> 8:00 pm        <\/span>\n        \n    <br>\n\n    Diante do Concello, Cangas do Morrazo, Galiza<\/p>\n\n        <\/header>\n\n        <!-- main -->\n        <main class=\"eap__excerpt\">\n                            <p class=\"eap__more\">\n                    <a href=\"https:\/\/www.modepen.org\/index.php\/events\/cangas-concentracion-na-defensa-das-pensions-publicas-e-contra-a-sua-privatizacion-o-dia-14-de-xuno-as-2000-h-diante-do-concello-de-cangas\/\">Read more<\/a>\n                <\/p>\n                        <\/main>\n    <\/div>\n<\/div>\n\n<div id=\"post-3113\" class=\"eap__event\">\n    <div class=\"eap__img\">\n        <img loading=\"lazy\" decoding=\"async\" width=\"337\" height=\"450\" src=\"https:\/\/www.modepen.org\/wp-content\/uploads\/2024\/05\/Concentracion-Val-Minor-20240603-P.jpg\" class=\"attachment-post-thumbnail size-post-thumbnail wp-post-image\" alt=\"\" srcset=\"https:\/\/www.modepen.org\/wp-content\/uploads\/2024\/05\/Concentracion-Val-Minor-20240603-P.jpg 337w, https:\/\/www.modepen.org\/wp-content\/uploads\/2024\/05\/Concentracion-Val-Minor-20240603-P-225x300.jpg 225w, https:\/\/www.modepen.org\/wp-content\/uploads\/2024\/05\/Concentracion-Val-Minor-20240603-P-112x150.jpg 112w\" sizes=\"auto, (max-width: 337px) 100vw, 337px\" \/>    <\/div>\n\n    <div class=\"eap__content\">\n        <!-- header -->\n        <header class=\"eap__header\">\n            <h2 class=\"eap__title\"><a href=\"https:\/\/www.modepen.org\/index.php\/events\/val-minor-concentracion-o-luns-3-de-xuno-diante-da-capela-de-san-campio-a-ramallosa-mantenamos-o-sistema-publico-de-pensions\/\" rel=\"bookmark\">Val Mi\u00f1or: Concentraci\u00f3n o luns,  3 de Xu\u00f1o, diante da Capela de San Campio (A Ramallosa). Mante\u00f1amos o Sistema P\u00fablico de Pensi\u00f3ns.<\/a><\/h2>\n                        \n<!-- event meta -->\n<p class=\"eap__meta\">\n            <span class=\"eap__date no-wrap\">\n            <span class=\"dashicons dashicons-calendar-alt\"><\/span> Xu\u00f1o 3, 2024        <\/span>\n         |         <span class=\"eap__time no-wrap\">\n            <span class=\"dashicons dashicons-clock\"><\/span> 12:00 pm        <\/span>\n        \n    <br>\n\n    Diante da Capela de San Campio, A Ramallosa, Galiza<\/p>\n\n        <\/header>\n\n        <!-- main -->\n        <main class=\"eap__excerpt\">\n                            <p class=\"eap__more\">\n                    <a href=\"https:\/\/www.modepen.org\/index.php\/events\/val-minor-concentracion-o-luns-3-de-xuno-diante-da-capela-de-san-campio-a-ramallosa-mantenamos-o-sistema-publico-de-pensions\/\">Read more<\/a>\n                <\/p>\n                        <\/main>\n    <\/div>\n<\/div>\n\n<div id=\"post-3117\" class=\"eap__event\">\n    <div class=\"eap__img\">\n        <img loading=\"lazy\" decoding=\"async\" width=\"318\" height=\"450\" src=\"https:\/\/www.modepen.org\/wp-content\/uploads\/2024\/05\/Vigo-03-06-2024-P.jpg\" class=\"attachment-post-thumbnail size-post-thumbnail wp-post-image\" alt=\"\" srcset=\"https:\/\/www.modepen.org\/wp-content\/uploads\/2024\/05\/Vigo-03-06-2024-P.jpg 318w, https:\/\/www.modepen.org\/wp-content\/uploads\/2024\/05\/Vigo-03-06-2024-P-212x300.jpg 212w, https:\/\/www.modepen.org\/wp-content\/uploads\/2024\/05\/Vigo-03-06-2024-P-106x150.jpg 106w\" sizes=\"auto, (max-width: 318px) 100vw, 318px\" \/>    <\/div>\n\n    <div class=\"eap__content\">\n        <!-- header -->\n        <header class=\"eap__header\">\n            <h2 class=\"eap__title\"><a href=\"https:\/\/www.modepen.org\/index.php\/events\/vigo-concentracion-diante-do-marco-o-dia-3-de-xuno-nin-un-euro-dos-salarios-aos-plans-privados-de-pensions\/\" rel=\"bookmark\">Vigo: Concentraci\u00f3n diante do MARCO o d\u00eda 3 de Xu\u00f1o. NIN UN EURO DOS SALARIOS aos PLANS PRIVADOS DE PENSI\u00d3NS!!!<\/a><\/h2>\n                        \n<!-- event meta -->\n<p class=\"eap__meta\">\n            <span class=\"eap__date no-wrap\">\n            <span class=\"dashicons dashicons-calendar-alt\"><\/span> Xu\u00f1o 3, 2024        <\/span>\n         |         <span class=\"eap__time no-wrap\">\n            <span class=\"dashicons dashicons-clock\"><\/span> 8:00 pm        <\/span>\n        \n    <br>\n\n    Diante do MARCO, na R\u00faa Pr\u00edncipe, Vigo, Galiza<\/p>\n\n        <\/header>\n\n        <!-- main -->\n        <main class=\"eap__excerpt\">\n                            <p class=\"eap__more\">\n                    <a href=\"https:\/\/www.modepen.org\/index.php\/events\/vigo-concentracion-diante-do-marco-o-dia-3-de-xuno-nin-un-euro-dos-salarios-aos-plans-privados-de-pensions\/\">Read more<\/a>\n                <\/p>\n                        <\/main>\n    <\/div>\n<\/div>\n\n<div id=\"post-3106\" class=\"eap__event\">\n    <div class=\"eap__img\">\n        <img loading=\"lazy\" decoding=\"async\" width=\"327\" height=\"450\" src=\"https:\/\/www.modepen.org\/wp-content\/uploads\/2024\/05\/Concentracion-Ribadeo-20240601-P.jpg\" class=\"attachment-post-thumbnail size-post-thumbnail wp-post-image\" alt=\"\" srcset=\"https:\/\/www.modepen.org\/wp-content\/uploads\/2024\/05\/Concentracion-Ribadeo-20240601-P.jpg 327w, https:\/\/www.modepen.org\/wp-content\/uploads\/2024\/05\/Concentracion-Ribadeo-20240601-P-218x300.jpg 218w, https:\/\/www.modepen.org\/wp-content\/uploads\/2024\/05\/Concentracion-Ribadeo-20240601-P-109x150.jpg 109w\" sizes=\"auto, (max-width: 327px) 100vw, 327px\" \/>    <\/div>\n\n    <div class=\"eap__content\">\n        <!-- header -->\n        <header class=\"eap__header\">\n            <h2 class=\"eap__title\"><a href=\"https:\/\/www.modepen.org\/index.php\/events\/ribadeo-concentracion-o-dia-6-de-abril-as-12-h-no-canton-dos-moreno-goberne-quen-goberne-as-pensions-e-o-publico-defendense\/\" rel=\"bookmark\">Ribadeo: Concentraci\u00f3n o d\u00eda 1 de Xu\u00f1o, as 12 h. no Cant\u00f3n dos Moreno. Goberne quen Goberne, as Pensi\u00f3ns e o P\u00fablico, Def\u00e9ndense.<\/a><\/h2>\n                        \n<!-- event meta -->\n<p class=\"eap__meta\">\n            <span class=\"eap__date no-wrap\">\n            <span class=\"dashicons dashicons-calendar-alt\"><\/span> Xu\u00f1o 1, 2024        <\/span>\n         |         <span class=\"eap__time no-wrap\">\n            <span class=\"dashicons dashicons-clock\"><\/span> 12:00 pm        <\/span>\n        \n    <br>\n\n    Cant\u00f3n dos Moreno, Ribadeo, Galiza<\/p>\n\n        <\/header>\n\n        <!-- main -->\n        <main class=\"eap__excerpt\">\n                            <p class=\"eap__more\">\n                    <a href=\"https:\/\/www.modepen.org\/index.php\/events\/ribadeo-concentracion-o-dia-6-de-abril-as-12-h-no-canton-dos-moreno-goberne-quen-goberne-as-pensions-e-o-publico-defendense\/\">Read more<\/a>\n                <\/p>\n                        <\/main>\n    <\/div>\n<\/div>\n\n<div id=\"post-3054\" class=\"eap__event\">\n    <div class=\"eap__img\">\n        <img loading=\"lazy\" decoding=\"async\" width=\"318\" height=\"450\" src=\"https:\/\/www.modepen.org\/wp-content\/uploads\/2024\/04\/Movilizacion-Galiza-20240506-1-P.jpg\" class=\"attachment-post-thumbnail size-post-thumbnail wp-post-image\" alt=\"\" srcset=\"https:\/\/www.modepen.org\/wp-content\/uploads\/2024\/04\/Movilizacion-Galiza-20240506-1-P.jpg 318w, https:\/\/www.modepen.org\/wp-content\/uploads\/2024\/04\/Movilizacion-Galiza-20240506-1-P-212x300.jpg 212w, https:\/\/www.modepen.org\/wp-content\/uploads\/2024\/04\/Movilizacion-Galiza-20240506-1-P-106x150.jpg 106w\" sizes=\"auto, (max-width: 318px) 100vw, 318px\" \/>    <\/div>\n\n    <div class=\"eap__content\">\n        <!-- header -->\n        <header class=\"eap__header\">\n            <h2 class=\"eap__title\"><a href=\"https:\/\/www.modepen.org\/index.php\/events\/movilizacion-pensionista-estatal-o-6-de-maio-movilizacions-en-coruna-ribadeo-val-minor-e-vigo\/\" rel=\"bookmark\">Mobilizaci\u00f3n Pensionista Estatal o 6 de Maio. Movilizaci\u00f3ns en Coru\u00f1a, Ribadeo, Val Mi\u00f1or e Vigo.<\/a><\/h2>\n                        \n<!-- event meta -->\n<p class=\"eap__meta\">\n            <span class=\"eap__date no-wrap\">\n            <span class=\"dashicons dashicons-calendar-alt\"><\/span> Maio 6, 2024        <\/span>\n         |         <span class=\"eap__time no-wrap\">\n            <span class=\"dashicons dashicons-clock\"><\/span> 12:00 pm        <\/span>\n        \n    <br>\n\n    Galiza, Galiza, Galiza<\/p>\n\n        <\/header>\n\n        <!-- main -->\n        <main class=\"eap__excerpt\">\n                            <p class=\"eap__more\">\n                    <a href=\"https:\/\/www.modepen.org\/index.php\/events\/movilizacion-pensionista-estatal-o-6-de-maio-movilizacions-en-coruna-ribadeo-val-minor-e-vigo\/\">Read more<\/a>\n                <\/p>\n                        <\/main>\n    <\/div>\n<\/div>\n\n<div id=\"post-3064\" class=\"eap__event\">\n    <div class=\"eap__img\">\n        <img loading=\"lazy\" decoding=\"async\" width=\"318\" height=\"450\" src=\"https:\/\/www.modepen.org\/wp-content\/uploads\/2024\/04\/Cartaz-2024-05-06-Vigo-50-P.jpg\" class=\"attachment-post-thumbnail size-post-thumbnail wp-post-image\" alt=\"\" srcset=\"https:\/\/www.modepen.org\/wp-content\/uploads\/2024\/04\/Cartaz-2024-05-06-Vigo-50-P.jpg 318w, https:\/\/www.modepen.org\/wp-content\/uploads\/2024\/04\/Cartaz-2024-05-06-Vigo-50-P-212x300.jpg 212w, https:\/\/www.modepen.org\/wp-content\/uploads\/2024\/04\/Cartaz-2024-05-06-Vigo-50-P-106x150.jpg 106w\" sizes=\"auto, (max-width: 318px) 100vw, 318px\" \/>    <\/div>\n\n    <div class=\"eap__content\">\n        <!-- header -->\n        <header class=\"eap__header\">\n            <h2 class=\"eap__title\"><a href=\"https:\/\/www.modepen.org\/index.php\/events\/movilizacion-pensionista-estatal-o-6-de-maio-movilizacion-en-vigo-na-farola-de-urzaiz-as-20-h\/\" rel=\"bookmark\">Mobilizaci\u00f3n Pensionista Estatal o 6 de Maio. Movilizaci\u00f3n en Vigo, na Farola de Urzaiz, as 20 h.<\/a><\/h2>\n                        \n<!-- event meta -->\n<p class=\"eap__meta\">\n            <span class=\"eap__date no-wrap\">\n            <span class=\"dashicons dashicons-calendar-alt\"><\/span> Maio 6, 2024        <\/span>\n         |         <span class=\"eap__time no-wrap\">\n            <span class=\"dashicons dashicons-clock\"><\/span> 8:00 pm        <\/span>\n        \n    <br>\n\n    na Farola de Urzaiz, Vigo, GAliza<\/p>\n\n        <\/header>\n\n        <!-- main -->\n        <main class=\"eap__excerpt\">\n                            <p class=\"eap__more\">\n                    <a href=\"https:\/\/www.modepen.org\/index.php\/events\/movilizacion-pensionista-estatal-o-6-de-maio-movilizacion-en-vigo-na-farola-de-urzaiz-as-20-h\/\">Read more<\/a>\n                <\/p>\n                        <\/main>\n    <\/div>\n<\/div>\n\n<div id=\"post-3077\" class=\"eap__event\">\n    <div class=\"eap__img\">\n        <img loading=\"lazy\" decoding=\"async\" width=\"318\" height=\"450\" src=\"https:\/\/www.modepen.org\/wp-content\/uploads\/2024\/05\/Cartaz-2024-05-06-Coruna-6-10-P.jpg\" class=\"attachment-post-thumbnail size-post-thumbnail wp-post-image\" alt=\"\" srcset=\"https:\/\/www.modepen.org\/wp-content\/uploads\/2024\/05\/Cartaz-2024-05-06-Coruna-6-10-P.jpg 318w, https:\/\/www.modepen.org\/wp-content\/uploads\/2024\/05\/Cartaz-2024-05-06-Coruna-6-10-P-212x300.jpg 212w, https:\/\/www.modepen.org\/wp-content\/uploads\/2024\/05\/Cartaz-2024-05-06-Coruna-6-10-P-106x150.jpg 106w\" sizes=\"auto, (max-width: 318px) 100vw, 318px\" \/>    <\/div>\n\n    <div class=\"eap__content\">\n        <!-- header -->\n        <header class=\"eap__header\">\n            <h2 class=\"eap__title\"><a href=\"https:\/\/www.modepen.org\/index.php\/events\/mobilizacion-pensionista-estatal-o-6-de-maio-movilizacion-en-coruna-no-obelisco-as-12-h\/\" rel=\"bookmark\">Mobilizaci\u00f3n Pensionista Estatal o 6 de Maio. Movilizaci\u00f3n en Coru\u00f1a, no Obelisco, as 12 h.<\/a><\/h2>\n                        \n<!-- event meta -->\n<p class=\"eap__meta\">\n            <span class=\"eap__date no-wrap\">\n            <span class=\"dashicons dashicons-calendar-alt\"><\/span> Maio 6, 2024        <\/span>\n         |         <span class=\"eap__time no-wrap\">\n            <span class=\"dashicons dashicons-clock\"><\/span> 12:00 pm        <\/span>\n        \n    <br>\n\n    No Obelisco, A Coru\u00f1a, Galiza<\/p>\n\n        <\/header>\n\n        <!-- main -->\n        <main class=\"eap__excerpt\">\n                            <p class=\"eap__more\">\n                    <a href=\"https:\/\/www.modepen.org\/index.php\/events\/mobilizacion-pensionista-estatal-o-6-de-maio-movilizacion-en-coruna-no-obelisco-as-12-h\/\">Read more<\/a>\n                <\/p>\n                        <\/main>\n    <\/div>\n<\/div>\n\n<div id=\"post-3085\" class=\"eap__event\">\n    <div class=\"eap__img\">\n        <img loading=\"lazy\" decoding=\"async\" width=\"318\" height=\"450\" src=\"https:\/\/www.modepen.org\/wp-content\/uploads\/2024\/05\/Cartaz-2024-05-06-Val-Minor-5-10-P.jpg\" class=\"attachment-post-thumbnail size-post-thumbnail wp-post-image\" alt=\"\" srcset=\"https:\/\/www.modepen.org\/wp-content\/uploads\/2024\/05\/Cartaz-2024-05-06-Val-Minor-5-10-P.jpg 318w, https:\/\/www.modepen.org\/wp-content\/uploads\/2024\/05\/Cartaz-2024-05-06-Val-Minor-5-10-P-212x300.jpg 212w, https:\/\/www.modepen.org\/wp-content\/uploads\/2024\/05\/Cartaz-2024-05-06-Val-Minor-5-10-P-106x150.jpg 106w\" sizes=\"auto, (max-width: 318px) 100vw, 318px\" \/>    <\/div>\n\n    <div class=\"eap__content\">\n        <!-- header -->\n        <header class=\"eap__header\">\n            <h2 class=\"eap__title\"><a href=\"https:\/\/www.modepen.org\/index.php\/events\/mobilizacion-pensionista-estatal-o-6-de-maio-movilizacion-en-val-minor-na-capela-da-ramallosa-as-12-h\/\" rel=\"bookmark\">Mobilizaci\u00f3n Pensionista Estatal o 6 de Maio. Movilizaci\u00f3n en Val Mi\u00f1or, na Capela da Ramallosa, as 12 h.<\/a><\/h2>\n                        \n<!-- event meta -->\n<p class=\"eap__meta\">\n            <span class=\"eap__date no-wrap\">\n            <span class=\"dashicons dashicons-calendar-alt\"><\/span> Maio 6, 2024        <\/span>\n         |         <span class=\"eap__time no-wrap\">\n            <span class=\"dashicons dashicons-clock\"><\/span> 12:00 pm        <\/span>\n        \n    <br>\n\n    Na Capela da Ramallosa, Val Mi\u00f1or, Galiza<\/p>\n\n        <\/header>\n\n        <!-- main -->\n        <main class=\"eap__excerpt\">\n                            <p class=\"eap__more\">\n                    <a href=\"https:\/\/www.modepen.org\/index.php\/events\/mobilizacion-pensionista-estatal-o-6-de-maio-movilizacion-en-val-minor-na-capela-da-ramallosa-as-12-h\/\">Read more<\/a>\n                <\/p>\n                        <\/main>\n    <\/div>\n<\/div>\n\n<div id=\"post-3081\" class=\"eap__event\">\n    <div class=\"eap__img\">\n        <img loading=\"lazy\" decoding=\"async\" width=\"318\" height=\"450\" src=\"https:\/\/www.modepen.org\/wp-content\/uploads\/2024\/05\/Cartaz-2024-05-06-Ribadeo-50-P.jpg\" class=\"attachment-post-thumbnail size-post-thumbnail wp-post-image\" alt=\"\" srcset=\"https:\/\/www.modepen.org\/wp-content\/uploads\/2024\/05\/Cartaz-2024-05-06-Ribadeo-50-P.jpg 318w, https:\/\/www.modepen.org\/wp-content\/uploads\/2024\/05\/Cartaz-2024-05-06-Ribadeo-50-P-212x300.jpg 212w, https:\/\/www.modepen.org\/wp-content\/uploads\/2024\/05\/Cartaz-2024-05-06-Ribadeo-50-P-106x150.jpg 106w\" sizes=\"auto, (max-width: 318px) 100vw, 318px\" \/>    <\/div>\n\n    <div class=\"eap__content\">\n        <!-- header -->\n        <header class=\"eap__header\">\n            <h2 class=\"eap__title\"><a href=\"https:\/\/www.modepen.org\/index.php\/events\/mobilizacion-pensionista-estatal-o-6-de-maio-movilizacion-en-ribadeo-no-canton-dos-moreno-as-12-h\/\" rel=\"bookmark\">Mobilizaci\u00f3n Pensionista Estatal o 4 de Maio. Movilizaci\u00f3n en Ribadeo, no Cant\u00f3n dos Moreno, as 12 h<\/a><\/h2>\n                        \n<!-- event meta -->\n<p class=\"eap__meta\">\n            <span class=\"eap__date no-wrap\">\n            <span class=\"dashicons dashicons-calendar-alt\"><\/span> Maio 4, 2024        <\/span>\n         |         <span class=\"eap__time no-wrap\">\n            <span class=\"dashicons dashicons-clock\"><\/span> 12:00 pm        <\/span>\n        \n    <br>\n\n    No Cant\u00f3n dos Moreno, Ribadeo, Galiza<\/p>\n\n        <\/header>\n\n        <!-- main -->\n        <main class=\"eap__excerpt\">\n                            <p class=\"eap__more\">\n                    <a href=\"https:\/\/www.modepen.org\/index.php\/events\/mobilizacion-pensionista-estatal-o-6-de-maio-movilizacion-en-ribadeo-no-canton-dos-moreno-as-12-h\/\">Read more<\/a>\n                <\/p>\n                        <\/main>\n    <\/div>\n<\/div>\n\n<div id=\"post-3045\" class=\"eap__event\">\n    <div class=\"eap__img\">\n        <img loading=\"lazy\" decoding=\"async\" width=\"316\" height=\"450\" src=\"https:\/\/www.modepen.org\/wp-content\/uploads\/2024\/04\/Charla-Coloquio-Tui-20240425-P.jpg\" class=\"attachment-post-thumbnail size-post-thumbnail wp-post-image\" alt=\"\" srcset=\"https:\/\/www.modepen.org\/wp-content\/uploads\/2024\/04\/Charla-Coloquio-Tui-20240425-P.jpg 316w, https:\/\/www.modepen.org\/wp-content\/uploads\/2024\/04\/Charla-Coloquio-Tui-20240425-P-211x300.jpg 211w, https:\/\/www.modepen.org\/wp-content\/uploads\/2024\/04\/Charla-Coloquio-Tui-20240425-P-105x150.jpg 105w\" sizes=\"auto, (max-width: 316px) 100vw, 316px\" \/>    <\/div>\n\n    <div class=\"eap__content\">\n        <!-- header -->\n        <header class=\"eap__header\">\n            <h2 class=\"eap__title\"><a href=\"https:\/\/www.modepen.org\/index.php\/events\/baixo-mino-tui-charla-coloquio-pola-defensa-dos-servizos-publicos\/\" rel=\"bookmark\">Baixo Mi\u00f1o &#8211; Tui: Charla-coloquio pola defensa dos Servizos P\u00fablicos.<\/a><\/h2>\n                        \n<!-- event meta -->\n<p class=\"eap__meta\">\n            <span class=\"eap__date no-wrap\">\n            <span class=\"dashicons dashicons-calendar-alt\"><\/span> Abril 25, 2024        <\/span>\n         |         <span class=\"eap__time no-wrap\">\n            <span class=\"dashicons dashicons-clock\"><\/span> 8:30 pm        <\/span>\n        \n    <br>\n\n    Sala F\u00e9lix Rodr\u00edguez (Area Panor\u00e1mica), Tui, Galiza<\/p>\n\n        <\/header>\n\n        <!-- main -->\n        <main class=\"eap__excerpt\">\n                            <p class=\"eap__more\">\n                    <a href=\"https:\/\/www.modepen.org\/index.php\/events\/baixo-mino-tui-charla-coloquio-pola-defensa-dos-servizos-publicos\/\">Read more<\/a>\n                <\/p>\n                        <\/main>\n    <\/div>\n<\/div>\n\n<div id=\"post-3049\" class=\"eap__event\">\n    <div class=\"eap__img\">\n        <img loading=\"lazy\" decoding=\"async\" width=\"318\" height=\"450\" src=\"https:\/\/www.modepen.org\/wp-content\/uploads\/2024\/04\/Videoconferencia-Xabier-20240425-P.jpg\" class=\"attachment-post-thumbnail size-post-thumbnail wp-post-image\" alt=\"\" srcset=\"https:\/\/www.modepen.org\/wp-content\/uploads\/2024\/04\/Videoconferencia-Xabier-20240425-P.jpg 318w, https:\/\/www.modepen.org\/wp-content\/uploads\/2024\/04\/Videoconferencia-Xabier-20240425-P-212x300.jpg 212w, https:\/\/www.modepen.org\/wp-content\/uploads\/2024\/04\/Videoconferencia-Xabier-20240425-P-106x150.jpg 106w\" sizes=\"auto, (max-width: 318px) 100vw, 318px\" \/>    <\/div>\n\n    <div class=\"eap__content\">\n        <!-- header -->\n        <header class=\"eap__header\">\n            <h2 class=\"eap__title\"><a href=\"https:\/\/www.modepen.org\/index.php\/events\/videoconferencia-de-xabier-perez-davila-analisis-critico-del-plan-de-pensiones-de-empleo-de-la-construccion\/\" rel=\"bookmark\">Videoconferencia de Xabier P\u00e9rez Davila: An\u00e1lisis cr\u00edtico del Plan de Pensiones de Empleo de la Construcci\u00f3n.<\/a><\/h2>\n                        \n<!-- event meta -->\n<p class=\"eap__meta\">\n            <span class=\"eap__date no-wrap\">\n            <span class=\"dashicons dashicons-calendar-alt\"><\/span> Abril 25, 2024        <\/span>\n         |         <span class=\"eap__time no-wrap\">\n            <span class=\"dashicons dashicons-clock\"><\/span> 7:00 pm        <\/span>\n        \n    <br>\n\n    Videoconferencia Zoom, Vigo, Galiza<\/p>\n\n        <\/header>\n\n        <!-- main -->\n        <main class=\"eap__excerpt\">\n                            <p class=\"eap__more\">\n                    <a href=\"https:\/\/www.modepen.org\/index.php\/events\/videoconferencia-de-xabier-perez-davila-analisis-critico-del-plan-de-pensiones-de-empleo-de-la-construccion\/\">Read more<\/a>\n                <\/p>\n                        <\/main>\n    <\/div>\n<\/div>\n\n<div id=\"post-3036\" class=\"eap__event\">\n    <div class=\"eap__img\">\n        <img loading=\"lazy\" decoding=\"async\" width=\"327\" height=\"450\" src=\"https:\/\/www.modepen.org\/wp-content\/uploads\/2024\/03\/Concentracion-Ribadeo-20240406-P.jpg\" class=\"attachment-post-thumbnail size-post-thumbnail wp-post-image\" alt=\"\" srcset=\"https:\/\/www.modepen.org\/wp-content\/uploads\/2024\/03\/Concentracion-Ribadeo-20240406-P.jpg 327w, https:\/\/www.modepen.org\/wp-content\/uploads\/2024\/03\/Concentracion-Ribadeo-20240406-P-218x300.jpg 218w, https:\/\/www.modepen.org\/wp-content\/uploads\/2024\/03\/Concentracion-Ribadeo-20240406-P-109x150.jpg 109w\" sizes=\"auto, (max-width: 327px) 100vw, 327px\" \/>    <\/div>\n\n    <div class=\"eap__content\">\n        <!-- header -->\n        <header class=\"eap__header\">\n            <h2 class=\"eap__title\"><a href=\"https:\/\/www.modepen.org\/index.php\/events\/ribadeo-concentracion-o-dia-6-de-abril-as-12-h-no-canton-dos-moreno-por-ti-por-min-por-todos\/\" rel=\"bookmark\">Ribadeo: Concentraci\u00f3n o d\u00eda 6 de Abril, as 12 h. no Cant\u00f3n dos Moreno. Por ti, por min, por todos.<\/a><\/h2>\n                        \n<!-- event meta -->\n<p class=\"eap__meta\">\n            <span class=\"eap__date no-wrap\">\n            <span class=\"dashicons dashicons-calendar-alt\"><\/span> Abril 6, 2024        <\/span>\n         |         <span class=\"eap__time no-wrap\">\n            <span class=\"dashicons dashicons-clock\"><\/span> 12:00 pm        <\/span>\n        \n    <br>\n\n    Cant\u00f3n dos Moreno, Ribadeo, Galiza<\/p>\n\n        <\/header>\n\n        <!-- main -->\n        <main class=\"eap__excerpt\">\n                            <p class=\"eap__more\">\n                    <a href=\"https:\/\/www.modepen.org\/index.php\/events\/ribadeo-concentracion-o-dia-6-de-abril-as-12-h-no-canton-dos-moreno-por-ti-por-min-por-todos\/\">Read more<\/a>\n                <\/p>\n                        <\/main>\n    <\/div>\n<\/div>\n\n<div id=\"post-3028\" class=\"eap__event\">\n    <div class=\"eap__img\">\n        <img loading=\"lazy\" decoding=\"async\" width=\"318\" height=\"450\" src=\"https:\/\/www.modepen.org\/wp-content\/uploads\/2024\/03\/Concentracion-Coruna-20240402-P.jpg\" class=\"attachment-post-thumbnail size-post-thumbnail wp-post-image\" alt=\"\" srcset=\"https:\/\/www.modepen.org\/wp-content\/uploads\/2024\/03\/Concentracion-Coruna-20240402-P.jpg 318w, https:\/\/www.modepen.org\/wp-content\/uploads\/2024\/03\/Concentracion-Coruna-20240402-P-212x300.jpg 212w, https:\/\/www.modepen.org\/wp-content\/uploads\/2024\/03\/Concentracion-Coruna-20240402-P-106x150.jpg 106w\" sizes=\"auto, (max-width: 318px) 100vw, 318px\" \/>    <\/div>\n\n    <div class=\"eap__content\">\n        <!-- header -->\n        <header class=\"eap__header\">\n            <h2 class=\"eap__title\"><a href=\"https:\/\/www.modepen.org\/index.php\/events\/a-coruna-concentracion-no-obelisco-o-dia-2-de-abril-as-12-h-ningunha-pension-inferior-ao-salario-minimo\/\" rel=\"bookmark\">A Coru\u00f1a: Concentraci\u00f3n no Obelisco o d\u00eda 2 de Abril as 12 h. Ningunha Pensi\u00f3n Inferior ao Salario M\u00ednimo.<\/a><\/h2>\n                        \n<!-- event meta -->\n<p class=\"eap__meta\">\n            <span class=\"eap__date no-wrap\">\n            <span class=\"dashicons dashicons-calendar-alt\"><\/span> Abril 2, 2024        <\/span>\n         |         <span class=\"eap__time no-wrap\">\n            <span class=\"dashicons dashicons-clock\"><\/span> 12:00 pm        <\/span>\n        \n    <br>\n\n    No Obelico, A Coru\u00f1a, Galiza<\/p>\n\n        <\/header>\n\n        <!-- main -->\n        <main class=\"eap__excerpt\">\n                            <p class=\"eap__more\">\n                    <a href=\"https:\/\/www.modepen.org\/index.php\/events\/a-coruna-concentracion-no-obelisco-o-dia-2-de-abril-as-12-h-ningunha-pension-inferior-ao-salario-minimo\/\">Read more<\/a>\n                <\/p>\n                        <\/main>\n    <\/div>\n<\/div>\n\n<div id=\"post-3021\" class=\"eap__event\">\n    <div class=\"eap__img\">\n        <img loading=\"lazy\" decoding=\"async\" width=\"318\" height=\"450\" src=\"https:\/\/www.modepen.org\/wp-content\/uploads\/2024\/03\/Vigo-01-04-2024-P.jpg\" class=\"attachment-post-thumbnail size-post-thumbnail wp-post-image\" alt=\"\" srcset=\"https:\/\/www.modepen.org\/wp-content\/uploads\/2024\/03\/Vigo-01-04-2024-P.jpg 318w, https:\/\/www.modepen.org\/wp-content\/uploads\/2024\/03\/Vigo-01-04-2024-P-212x300.jpg 212w, https:\/\/www.modepen.org\/wp-content\/uploads\/2024\/03\/Vigo-01-04-2024-P-106x150.jpg 106w\" sizes=\"auto, (max-width: 318px) 100vw, 318px\" \/>    <\/div>\n\n    <div class=\"eap__content\">\n        <!-- header -->\n        <header class=\"eap__header\">\n            <h2 class=\"eap__title\"><a href=\"https:\/\/www.modepen.org\/index.php\/events\/vigo-concentracion-polas-pensions-publicas-diante-do-marco\/\" rel=\"bookmark\">Vigo: Concentraci\u00f3n polas Pensi\u00f3ns P\u00fablicas diante do MARCO o d\u00eda 1 de Abril<\/a><\/h2>\n                        \n<!-- event meta -->\n<p class=\"eap__meta\">\n            <span class=\"eap__date no-wrap\">\n            <span class=\"dashicons dashicons-calendar-alt\"><\/span> Abril 1, 2024        <\/span>\n         |         <span class=\"eap__time no-wrap\">\n            <span class=\"dashicons dashicons-clock\"><\/span> 7:00 pm        <\/span>\n        \n    <br>\n\n    Diante do MARCO, na R\u00faa Pr\u00edncipe, Vigo, Galiza<\/p>\n\n        <\/header>\n\n        <!-- main -->\n        <main class=\"eap__excerpt\">\n                            <p class=\"eap__more\">\n                    <a href=\"https:\/\/www.modepen.org\/index.php\/events\/vigo-concentracion-polas-pensions-publicas-diante-do-marco\/\">Read more<\/a>\n                <\/p>\n                        <\/main>\n    <\/div>\n<\/div>\n\n<div id=\"post-3031\" class=\"eap__event\">\n    <div class=\"eap__img\">\n        <img loading=\"lazy\" decoding=\"async\" width=\"337\" height=\"450\" src=\"https:\/\/www.modepen.org\/wp-content\/uploads\/2024\/03\/Concentracion-ValMinor-20240401-P.jpg\" class=\"attachment-post-thumbnail size-post-thumbnail wp-post-image\" alt=\"\" srcset=\"https:\/\/www.modepen.org\/wp-content\/uploads\/2024\/03\/Concentracion-ValMinor-20240401-P.jpg 337w, https:\/\/www.modepen.org\/wp-content\/uploads\/2024\/03\/Concentracion-ValMinor-20240401-P-225x300.jpg 225w, https:\/\/www.modepen.org\/wp-content\/uploads\/2024\/03\/Concentracion-ValMinor-20240401-P-112x150.jpg 112w\" sizes=\"auto, (max-width: 337px) 100vw, 337px\" \/>    <\/div>\n\n    <div class=\"eap__content\">\n        <!-- header -->\n        <header class=\"eap__header\">\n            <h2 class=\"eap__title\"><a href=\"https:\/\/www.modepen.org\/index.php\/events\/val-minor-concentracion-o-luns-1-de-abril-diante-da-capela-de-san-campio-a-ramallosa\/\" rel=\"bookmark\">Val Mi\u00f1or: Concentraci\u00f3n o luns,  1 de Abril, diante da Capela de San Campio (A Ramallosa)<\/a><\/h2>\n                        \n<!-- event meta -->\n<p class=\"eap__meta\">\n            <span class=\"eap__date no-wrap\">\n            <span class=\"dashicons dashicons-calendar-alt\"><\/span> Abril 1, 2024        <\/span>\n         |         <span class=\"eap__time no-wrap\">\n            <span class=\"dashicons dashicons-clock\"><\/span> 12:00 pm        <\/span>\n        \n    <br>\n\n    Diante da capela de San Campio, A Ramallosa, Galiza<\/p>\n\n        <\/header>\n\n        <!-- main -->\n        <main class=\"eap__excerpt\">\n                            <p class=\"eap__more\">\n                    <a href=\"https:\/\/www.modepen.org\/index.php\/events\/val-minor-concentracion-o-luns-1-de-abril-diante-da-capela-de-san-campio-a-ramallosa\/\">Read more<\/a>\n                <\/p>\n                        <\/main>\n    <\/div>\n<\/div>\n\n<div id=\"post-2985\" class=\"eap__event\">\n    <div class=\"eap__img\">\n        <img loading=\"lazy\" decoding=\"async\" width=\"320\" height=\"450\" src=\"https:\/\/www.modepen.org\/wp-content\/uploads\/2024\/03\/Charla-Tomino-20240322-P.jpg\" class=\"attachment-post-thumbnail size-post-thumbnail wp-post-image\" alt=\"\" srcset=\"https:\/\/www.modepen.org\/wp-content\/uploads\/2024\/03\/Charla-Tomino-20240322-P.jpg 320w, https:\/\/www.modepen.org\/wp-content\/uploads\/2024\/03\/Charla-Tomino-20240322-P-213x300.jpg 213w, https:\/\/www.modepen.org\/wp-content\/uploads\/2024\/03\/Charla-Tomino-20240322-P-107x150.jpg 107w\" sizes=\"auto, (max-width: 320px) 100vw, 320px\" \/>    <\/div>\n\n    <div class=\"eap__content\">\n        <!-- header -->\n        <header class=\"eap__header\">\n            <h2 class=\"eap__title\"><a href=\"https:\/\/www.modepen.org\/index.php\/events\/baixo-mino-charla-coloquio-para-informar-do-estado-das-pensions-actuais-e-futuras\/\" rel=\"bookmark\">Baixo Mi\u00f1o: Charla-coloquio  para informar do estado das pensi\u00f3ns actuais e futuras.<\/a><\/h2>\n                        \n<!-- event meta -->\n<p class=\"eap__meta\">\n            <span class=\"eap__date no-wrap\">\n            <span class=\"dashicons dashicons-calendar-alt\"><\/span> Marzo 22, 2024        <\/span>\n         |         <span class=\"eap__time no-wrap\">\n            <span class=\"dashicons dashicons-clock\"><\/span> 8:00 pm        <\/span>\n        \n    <br>\n\n    Hotel Nueva Colina, Praza do Seixo, Tomi\u00f1o, Galiza<\/p>\n\n        <\/header>\n\n        <!-- main -->\n        <main class=\"eap__excerpt\">\n                            <p class=\"eap__more\">\n                    <a href=\"https:\/\/www.modepen.org\/index.php\/events\/baixo-mino-charla-coloquio-para-informar-do-estado-das-pensions-actuais-e-futuras\/\">Read more<\/a>\n                <\/p>\n                        <\/main>\n    <\/div>\n<\/div>\n\n<div id=\"post-2999\" class=\"eap__event\">\n    <div class=\"eap__img\">\n        <img loading=\"lazy\" decoding=\"async\" width=\"338\" height=\"450\" src=\"https:\/\/www.modepen.org\/wp-content\/uploads\/2024\/03\/Concentracion-Cangas-20240315-P.jpg\" class=\"attachment-post-thumbnail size-post-thumbnail wp-post-image\" alt=\"\" srcset=\"https:\/\/www.modepen.org\/wp-content\/uploads\/2024\/03\/Concentracion-Cangas-20240315-P.jpg 338w, https:\/\/www.modepen.org\/wp-content\/uploads\/2024\/03\/Concentracion-Cangas-20240315-P-225x300.jpg 225w, https:\/\/www.modepen.org\/wp-content\/uploads\/2024\/03\/Concentracion-Cangas-20240315-P-113x150.jpg 113w\" sizes=\"auto, (max-width: 338px) 100vw, 338px\" \/>    <\/div>\n\n    <div class=\"eap__content\">\n        <!-- header -->\n        <header class=\"eap__header\">\n            <h2 class=\"eap__title\"><a href=\"https:\/\/www.modepen.org\/index.php\/events\/cangas-concentracion-na-defensa-das-pensions-publicas-e-contra-a-sua-privatizacion-o-dia-15-de-marzo-as-2000-h-diante-do-concello-de-cangas\/\" rel=\"bookmark\">Cangas: Concentraci\u00f3n na Defensa das Pensi\u00f3ns P\u00fablicas e contra a sua privatizaci\u00f3n, o d\u00eda 15 de Marzo, as 20:00 h. diante do Concello de Cangas.<\/a><\/h2>\n                        \n<!-- event meta -->\n<p class=\"eap__meta\">\n            <span class=\"eap__date no-wrap\">\n            <span class=\"dashicons dashicons-calendar-alt\"><\/span> Marzo 15, 2024        <\/span>\n         |         <span class=\"eap__time no-wrap\">\n            <span class=\"dashicons dashicons-clock\"><\/span> 8:00 pm        <\/span>\n        \n    <br>\n\n    Diante do Concello, Cangas do Morrazo, Galiza<\/p>\n\n        <\/header>\n\n        <!-- main -->\n        <main class=\"eap__excerpt\">\n                            <p class=\"eap__more\">\n                    <a href=\"https:\/\/www.modepen.org\/index.php\/events\/cangas-concentracion-na-defensa-das-pensions-publicas-e-contra-a-sua-privatizacion-o-dia-15-de-marzo-as-2000-h-diante-do-concello-de-cangas\/\">Read more<\/a>\n                <\/p>\n                        <\/main>\n    <\/div>\n<\/div>\n\n<div id=\"post-2990\" class=\"eap__event\">\n    <div class=\"eap__img\">\n        <img loading=\"lazy\" decoding=\"async\" width=\"360\" height=\"450\" src=\"https:\/\/www.modepen.org\/wp-content\/uploads\/2024\/03\/Conferencia-Xabier-20240313-Modepen-Minhor-P.jpg\" class=\"attachment-post-thumbnail size-post-thumbnail wp-post-image\" alt=\"\" srcset=\"https:\/\/www.modepen.org\/wp-content\/uploads\/2024\/03\/Conferencia-Xabier-20240313-Modepen-Minhor-P.jpg 360w, https:\/\/www.modepen.org\/wp-content\/uploads\/2024\/03\/Conferencia-Xabier-20240313-Modepen-Minhor-P-240x300.jpg 240w, https:\/\/www.modepen.org\/wp-content\/uploads\/2024\/03\/Conferencia-Xabier-20240313-Modepen-Minhor-P-120x150.jpg 120w\" sizes=\"auto, (max-width: 360px) 100vw, 360px\" \/>    <\/div>\n\n    <div class=\"eap__content\">\n        <!-- header -->\n        <header class=\"eap__header\">\n            <h2 class=\"eap__title\"><a href=\"https:\/\/www.modepen.org\/index.php\/events\/modepen-minhor-conferencia-de-xabier-perez-davila-fondo-de-pensions-da-construccion-o-inicio-da-privatizacion-das-pensions\/\" rel=\"bookmark\">Modepen Minhor: Conferencia de Xabier P\u00e9rez Davila &#8211; Fondo de Pensi\u00f3ns da Construcci\u00f3n: O inicio da privatizaci\u00f3n das Pensi\u00f3ns<\/a><\/h2>\n                        \n<!-- event meta -->\n<p class=\"eap__meta\">\n            <span class=\"eap__date no-wrap\">\n            <span class=\"dashicons dashicons-calendar-alt\"><\/span> Marzo 13, 2024        <\/span>\n         |         <span class=\"eap__time no-wrap\">\n            <span class=\"dashicons dashicons-clock\"><\/span> 8:00 pm        <\/span>\n        \n    <br>\n\n    Aula de Cultura Ponte de Rosas (Local do IEM), Gondomar, Galiza<\/p>\n\n        <\/header>\n\n        <!-- main -->\n        <main class=\"eap__excerpt\">\n                            <p class=\"eap__more\">\n                    <a href=\"https:\/\/www.modepen.org\/index.php\/events\/modepen-minhor-conferencia-de-xabier-perez-davila-fondo-de-pensions-da-construccion-o-inicio-da-privatizacion-das-pensions\/\">Read more<\/a>\n                <\/p>\n                        <\/main>\n    <\/div>\n<\/div>\n\n<div id=\"post-2977\" class=\"eap__event\">\n    <div class=\"eap__img\">\n        <img loading=\"lazy\" decoding=\"async\" width=\"318\" height=\"450\" src=\"https:\/\/www.modepen.org\/wp-content\/uploads\/2024\/02\/Concentracion-Val-Minor-20240304-P.jpg\" class=\"attachment-post-thumbnail size-post-thumbnail wp-post-image\" alt=\"\" srcset=\"https:\/\/www.modepen.org\/wp-content\/uploads\/2024\/02\/Concentracion-Val-Minor-20240304-P.jpg 318w, https:\/\/www.modepen.org\/wp-content\/uploads\/2024\/02\/Concentracion-Val-Minor-20240304-P-212x300.jpg 212w, https:\/\/www.modepen.org\/wp-content\/uploads\/2024\/02\/Concentracion-Val-Minor-20240304-P-106x150.jpg 106w\" sizes=\"auto, (max-width: 318px) 100vw, 318px\" \/>    <\/div>\n\n    <div class=\"eap__content\">\n        <!-- header -->\n        <header class=\"eap__header\">\n            <h2 class=\"eap__title\"><a href=\"https:\/\/www.modepen.org\/index.php\/events\/val-minor-concentracion-o-luns-4-de-marzo-diante-da-capela-de-san-campio-a-ramallosa\/\" rel=\"bookmark\">Val Mi\u00f1or: Concentraci\u00f3n o luns,  4 de Marzo, diante da Capela de San Campio (A Ramallosa)<\/a><\/h2>\n                        \n<!-- event meta -->\n<p class=\"eap__meta\">\n            <span class=\"eap__date no-wrap\">\n            <span class=\"dashicons dashicons-calendar-alt\"><\/span> Marzo 4, 2024        <\/span>\n         |         <span class=\"eap__time no-wrap\">\n            <span class=\"dashicons dashicons-clock\"><\/span> 12:00 pm        <\/span>\n        \n    <br>\n\n    Diante da Capela de San Campio, A Ramallosa, Galiza<\/p>\n\n        <\/header>\n\n        <!-- main -->\n        <main class=\"eap__excerpt\">\n                            <p class=\"eap__more\">\n                    <a href=\"https:\/\/www.modepen.org\/index.php\/events\/val-minor-concentracion-o-luns-4-de-marzo-diante-da-capela-de-san-campio-a-ramallosa\/\">Read more<\/a>\n                <\/p>\n                        <\/main>\n    <\/div>\n<\/div>\n\n<div id=\"post-2981\" class=\"eap__event\">\n    <div class=\"eap__img\">\n        <img loading=\"lazy\" decoding=\"async\" width=\"318\" height=\"450\" src=\"https:\/\/www.modepen.org\/wp-content\/uploads\/2024\/02\/Vigo.-04-03-2024-P.jpg\" class=\"attachment-post-thumbnail size-post-thumbnail wp-post-image\" alt=\"\" srcset=\"https:\/\/www.modepen.org\/wp-content\/uploads\/2024\/02\/Vigo.-04-03-2024-P.jpg 318w, https:\/\/www.modepen.org\/wp-content\/uploads\/2024\/02\/Vigo.-04-03-2024-P-212x300.jpg 212w, https:\/\/www.modepen.org\/wp-content\/uploads\/2024\/02\/Vigo.-04-03-2024-P-106x150.jpg 106w\" sizes=\"auto, (max-width: 318px) 100vw, 318px\" \/>    <\/div>\n\n    <div class=\"eap__content\">\n        <!-- header -->\n        <header class=\"eap__header\">\n            <h2 class=\"eap__title\"><a href=\"https:\/\/www.modepen.org\/index.php\/events\/vigo-concentracion-o-luns-4-de-marzo-fronte-ao-marco-na-rua-principe-as-mulleres-pensionistas-falamos-decidimos-e-loitamos\/\" rel=\"bookmark\">Vigo: Concentraci\u00f3n o luns, 4 de Marzo, fronte ao MARCO, na R\u00faa Pr\u00edncipe. AS MULLERES PENSIONISTAS FALAMOS, DECIDIMOS E LOITAMOS<\/a><\/h2>\n                        \n<!-- event meta -->\n<p class=\"eap__meta\">\n            <span class=\"eap__date no-wrap\">\n            <span class=\"dashicons dashicons-calendar-alt\"><\/span> Marzo 4, 2024        <\/span>\n         |         <span class=\"eap__time no-wrap\">\n            <span class=\"dashicons dashicons-clock\"><\/span> 7:00 pm        <\/span>\n        \n    <br>\n\n    Fronte ao MARCO, na R\u00faa Pr\u00edncipe, Vigo, Galiza<\/p>\n\n        <\/header>\n\n        <!-- main -->\n        <main class=\"eap__excerpt\">\n                            <p class=\"eap__more\">\n                    <a href=\"https:\/\/www.modepen.org\/index.php\/events\/vigo-concentracion-o-luns-4-de-marzo-fronte-ao-marco-na-rua-principe-as-mulleres-pensionistas-falamos-decidimos-e-loitamos\/\">Read more<\/a>\n                <\/p>\n                        <\/main>\n    <\/div>\n<\/div>\n\n<div id=\"post-2972\" class=\"eap__event\">\n    <div class=\"eap__img\">\n        <img loading=\"lazy\" decoding=\"async\" width=\"327\" height=\"450\" src=\"https:\/\/www.modepen.org\/wp-content\/uploads\/2024\/02\/Concentracion-Ribadeo-20240302-P.jpg\" class=\"attachment-post-thumbnail size-post-thumbnail wp-post-image\" alt=\"\" srcset=\"https:\/\/www.modepen.org\/wp-content\/uploads\/2024\/02\/Concentracion-Ribadeo-20240302-P.jpg 327w, https:\/\/www.modepen.org\/wp-content\/uploads\/2024\/02\/Concentracion-Ribadeo-20240302-P-218x300.jpg 218w, https:\/\/www.modepen.org\/wp-content\/uploads\/2024\/02\/Concentracion-Ribadeo-20240302-P-109x150.jpg 109w\" sizes=\"auto, (max-width: 327px) 100vw, 327px\" \/>    <\/div>\n\n    <div class=\"eap__content\">\n        <!-- header -->\n        <header class=\"eap__header\">\n            <h2 class=\"eap__title\"><a href=\"https:\/\/www.modepen.org\/index.php\/events\/ribadeo-concentracion-o-dia-2-de-marzoo-as-12-h-no-canton-dos-moreno-por-ti-por-min-por-todos\/\" rel=\"bookmark\">Ribadeo: Concentraci\u00f3n o d\u00eda 2 de Marzo, as 12 h. no Cant\u00f3n dos Moreno. Por ti, por min, por todos.<\/a><\/h2>\n                        \n<!-- event meta -->\n<p class=\"eap__meta\">\n            <span class=\"eap__date no-wrap\">\n            <span class=\"dashicons dashicons-calendar-alt\"><\/span> Marzo 2, 2024        <\/span>\n         |         <span class=\"eap__time no-wrap\">\n            <span class=\"dashicons dashicons-clock\"><\/span> 12:00 pm        <\/span>\n        \n    <br>\n\n    Cant\u00f3n dos Moreno, Ribadeo, Galiza<\/p>\n\n        <\/header>\n\n        <!-- main -->\n        <main class=\"eap__excerpt\">\n                            <p class=\"eap__more\">\n                    <a href=\"https:\/\/www.modepen.org\/index.php\/events\/ribadeo-concentracion-o-dia-2-de-marzoo-as-12-h-no-canton-dos-moreno-por-ti-por-min-por-todos\/\">Read more<\/a>\n                <\/p>\n                        <\/main>\n    <\/div>\n<\/div>\n\n<div id=\"post-2960\" class=\"eap__event\">\n    <div class=\"eap__img\">\n        <img loading=\"lazy\" decoding=\"async\" width=\"337\" height=\"450\" src=\"https:\/\/www.modepen.org\/wp-content\/uploads\/2024\/02\/Cartaz-charla-23-3-2024-P.jpg\" class=\"attachment-post-thumbnail size-post-thumbnail wp-post-image\" alt=\"\" srcset=\"https:\/\/www.modepen.org\/wp-content\/uploads\/2024\/02\/Cartaz-charla-23-3-2024-P.jpg 337w, https:\/\/www.modepen.org\/wp-content\/uploads\/2024\/02\/Cartaz-charla-23-3-2024-P-225x300.jpg 225w, https:\/\/www.modepen.org\/wp-content\/uploads\/2024\/02\/Cartaz-charla-23-3-2024-P-112x150.jpg 112w\" sizes=\"auto, (max-width: 337px) 100vw, 337px\" \/>    <\/div>\n\n    <div class=\"eap__content\">\n        <!-- header -->\n        <header class=\"eap__header\">\n            <h2 class=\"eap__title\"><a href=\"https:\/\/www.modepen.org\/index.php\/events\/charla-coloquio-sobre-as-pensions-situacion-actual-retos-e-alternativas\/\" rel=\"bookmark\">Charla coloquio sobre as pensi\u00f3ns: Situaci\u00f3n actual, retos e alternativas.<\/a><\/h2>\n                        \n<!-- event meta -->\n<p class=\"eap__meta\">\n            <span class=\"eap__date no-wrap\">\n            <span class=\"dashicons dashicons-calendar-alt\"><\/span> Febreiro 23, 2024        <\/span>\n         |         <span class=\"eap__time no-wrap\">\n            <span class=\"dashicons dashicons-clock\"><\/span> 7:30 pm        <\/span>\n        \n    <br>\n\n    Asociaci\u00f3n veci\u00f1al de Bala\u00eddos \u201cVal do Fragoso\u201d, Vigo, Galiza<\/p>\n\n        <\/header>\n\n        <!-- main -->\n        <main class=\"eap__excerpt\">\n                            <p class=\"eap__more\">\n                    <a href=\"https:\/\/www.modepen.org\/index.php\/events\/charla-coloquio-sobre-as-pensions-situacion-actual-retos-e-alternativas\/\">Read more<\/a>\n                <\/p>\n                        <\/main>\n    <\/div>\n<\/div>\n\n<div id=\"post-2942\" class=\"eap__event\">\n    <div class=\"eap__img\">\n        <img loading=\"lazy\" decoding=\"async\" width=\"318\" height=\"450\" src=\"https:\/\/www.modepen.org\/wp-content\/uploads\/2024\/01\/concen.-6-febero-2024-P.jpg\" class=\"attachment-post-thumbnail size-post-thumbnail wp-post-image\" alt=\"\" srcset=\"https:\/\/www.modepen.org\/wp-content\/uploads\/2024\/01\/concen.-6-febero-2024-P.jpg 318w, https:\/\/www.modepen.org\/wp-content\/uploads\/2024\/01\/concen.-6-febero-2024-P-212x300.jpg 212w, https:\/\/www.modepen.org\/wp-content\/uploads\/2024\/01\/concen.-6-febero-2024-P-106x150.jpg 106w\" sizes=\"auto, (max-width: 318px) 100vw, 318px\" \/>    <\/div>\n\n    <div class=\"eap__content\">\n        <!-- header -->\n        <header class=\"eap__header\">\n            <h2 class=\"eap__title\"><a href=\"https:\/\/www.modepen.org\/index.php\/events\/a-coruna-concentracion-no-obelisco-o-dia-6-de-febreiro-por-uns-servizos-sociais-100-publicos-univesais-e-de-calidade\/\" rel=\"bookmark\">A Coru\u00f1a: Concentraci\u00f3n no Obelisco o d\u00eda 6 de Febreiro. Por uns Servizos Sociais 100% P\u00fablicos Univesais e de Calidade.<\/a><\/h2>\n                        \n<!-- event meta -->\n<p class=\"eap__meta\">\n            <span class=\"eap__date no-wrap\">\n            <span class=\"dashicons dashicons-calendar-alt\"><\/span> Febreiro 6, 2024        <\/span>\n         |         <span class=\"eap__time no-wrap\">\n            <span class=\"dashicons dashicons-clock\"><\/span> 12:00 pm        <\/span>\n        \n    <br>\n\n    No Obelisco, A Coru\u00f1a, Galiza<\/p>\n\n        <\/header>\n\n        <!-- main -->\n        <main class=\"eap__excerpt\">\n                            <p class=\"eap__more\">\n                    <a href=\"https:\/\/www.modepen.org\/index.php\/events\/a-coruna-concentracion-no-obelisco-o-dia-6-de-febreiro-por-uns-servizos-sociais-100-publicos-univesais-e-de-calidade\/\">Read more<\/a>\n                <\/p>\n                        <\/main>\n    <\/div>\n<\/div>\n\n<div id=\"post-2935\" class=\"eap__event\">\n    <div class=\"eap__img\">\n        <img loading=\"lazy\" decoding=\"async\" width=\"318\" height=\"450\" src=\"https:\/\/www.modepen.org\/wp-content\/uploads\/2024\/01\/Concentracion-ValMinhor-20240205-P.jpg\" class=\"attachment-post-thumbnail size-post-thumbnail wp-post-image\" alt=\"\" srcset=\"https:\/\/www.modepen.org\/wp-content\/uploads\/2024\/01\/Concentracion-ValMinhor-20240205-P.jpg 318w, https:\/\/www.modepen.org\/wp-content\/uploads\/2024\/01\/Concentracion-ValMinhor-20240205-P-212x300.jpg 212w, https:\/\/www.modepen.org\/wp-content\/uploads\/2024\/01\/Concentracion-ValMinhor-20240205-P-106x150.jpg 106w\" sizes=\"auto, (max-width: 318px) 100vw, 318px\" \/>    <\/div>\n\n    <div class=\"eap__content\">\n        <!-- header -->\n        <header class=\"eap__header\">\n            <h2 class=\"eap__title\"><a href=\"https:\/\/www.modepen.org\/index.php\/events\/val-minor-concentracion-o-luns-5-de-febreiro-diante-da-capela-de-san-campio-a-ramallosa\/\" rel=\"bookmark\">Val Mi\u00f1or: Concentraci\u00f3n o luns,  5 de Febreiro, diante da Capela de San Campio (A Ramallosa)<\/a><\/h2>\n                        \n<!-- event meta -->\n<p class=\"eap__meta\">\n            <span class=\"eap__date no-wrap\">\n            <span class=\"dashicons dashicons-calendar-alt\"><\/span> Febreiro 5, 2024        <\/span>\n         |         <span class=\"eap__time no-wrap\">\n            <span class=\"dashicons dashicons-clock\"><\/span> 12:00 pm        <\/span>\n        \n    <br>\n\n    Diante da Capela de San Campio, A Ramallosa - Nigran, Galiza<\/p>\n\n        <\/header>\n\n        <!-- main -->\n        <main class=\"eap__excerpt\">\n                            <p class=\"eap__more\">\n                    <a href=\"https:\/\/www.modepen.org\/index.php\/events\/val-minor-concentracion-o-luns-5-de-febreiro-diante-da-capela-de-san-campio-a-ramallosa\/\">Read more<\/a>\n                <\/p>\n                        <\/main>\n    <\/div>\n<\/div>\n\n<div id=\"post-2948\" class=\"eap__event\">\n    <div class=\"eap__img\">\n        <img loading=\"lazy\" decoding=\"async\" width=\"318\" height=\"450\" src=\"https:\/\/www.modepen.org\/wp-content\/uploads\/2024\/02\/Concentracion-Vigo-20240205-P.jpg\" class=\"attachment-post-thumbnail size-post-thumbnail wp-post-image\" alt=\"\" srcset=\"https:\/\/www.modepen.org\/wp-content\/uploads\/2024\/02\/Concentracion-Vigo-20240205-P.jpg 318w, https:\/\/www.modepen.org\/wp-content\/uploads\/2024\/02\/Concentracion-Vigo-20240205-P-212x300.jpg 212w, https:\/\/www.modepen.org\/wp-content\/uploads\/2024\/02\/Concentracion-Vigo-20240205-P-106x150.jpg 106w\" sizes=\"auto, (max-width: 318px) 100vw, 318px\" \/>    <\/div>\n\n    <div class=\"eap__content\">\n        <!-- header -->\n        <header class=\"eap__header\">\n            <h2 class=\"eap__title\"><a href=\"https:\/\/www.modepen.org\/index.php\/events\/vigo-concentracion-o-luns-5-de-febreiro-fronte-ao-marco-na-rua-principe-xa-van-75-concentracions-e-a-loita-continua\/\" rel=\"bookmark\">Vigo, Concentraci\u00f3n o luns, 5 de Febreiro, fronte ao MARCO, na R\u00faa Pr\u00edncipe. Xa van 75 concentraci\u00f3ns !! e a loita contin\u00faa!!!<\/a><\/h2>\n                        \n<!-- event meta -->\n<p class=\"eap__meta\">\n            <span class=\"eap__date no-wrap\">\n            <span class=\"dashicons dashicons-calendar-alt\"><\/span> Febreiro 5, 2024        <\/span>\n         |         <span class=\"eap__time no-wrap\">\n            <span class=\"dashicons dashicons-clock\"><\/span> 7:00 pm        <\/span>\n        \n    <br>\n\n    Diante do MARCO, na R\u00faa Pr\u00edncipe, Vigo, Galiza<\/p>\n\n        <\/header>\n\n        <!-- main -->\n        <main class=\"eap__excerpt\">\n                            <p class=\"eap__more\">\n                    <a href=\"https:\/\/www.modepen.org\/index.php\/events\/vigo-concentracion-o-luns-5-de-febreiro-fronte-ao-marco-na-rua-principe-xa-van-75-concentracions-e-a-loita-continua\/\">Read more<\/a>\n                <\/p>\n                        <\/main>\n    <\/div>\n<\/div>\n\n<div id=\"post-2939\" class=\"eap__event\">\n    <div class=\"eap__img\">\n        <img loading=\"lazy\" decoding=\"async\" width=\"337\" height=\"450\" src=\"https:\/\/www.modepen.org\/wp-content\/uploads\/2024\/01\/Manifestacion-Sanidad-20240204-P.jpg\" class=\"attachment-post-thumbnail size-post-thumbnail wp-post-image\" alt=\"\" srcset=\"https:\/\/www.modepen.org\/wp-content\/uploads\/2024\/01\/Manifestacion-Sanidad-20240204-P.jpg 337w, https:\/\/www.modepen.org\/wp-content\/uploads\/2024\/01\/Manifestacion-Sanidad-20240204-P-225x300.jpg 225w, https:\/\/www.modepen.org\/wp-content\/uploads\/2024\/01\/Manifestacion-Sanidad-20240204-P-112x150.jpg 112w\" sizes=\"auto, (max-width: 337px) 100vw, 337px\" \/>    <\/div>\n\n    <div class=\"eap__content\">\n        <!-- header -->\n        <header class=\"eap__header\">\n            <h2 class=\"eap__title\"><a href=\"https:\/\/www.modepen.org\/index.php\/events\/manifestacion-de-sos-sanidade-publica-en-compostela-o-04-02-2024\/\" rel=\"bookmark\">Manifestaci\u00f3n de SOS Sanidade P\u00fablica en Compostela o 04-02-2024.<\/a><\/h2>\n                        \n<!-- event meta -->\n<p class=\"eap__meta\">\n            <span class=\"eap__date no-wrap\">\n            <span class=\"dashicons dashicons-calendar-alt\"><\/span> Febreiro 4, 2024        <\/span>\n         |         <span class=\"eap__time no-wrap\">\n            <span class=\"dashicons dashicons-clock\"><\/span> 12:00 pm        <\/span>\n        \n    <br>\n\n    Alameda, Santiago de Compostela, Galiza<\/p>\n\n        <\/header>\n\n        <!-- main -->\n        <main class=\"eap__excerpt\">\n                            <p class=\"eap__more\">\n                    <a href=\"https:\/\/www.modepen.org\/index.php\/events\/manifestacion-de-sos-sanidade-publica-en-compostela-o-04-02-2024\/\">Read more<\/a>\n                <\/p>\n                        <\/main>\n    <\/div>\n<\/div>\n\n<div id=\"post-2925\" class=\"eap__event\">\n    <div class=\"eap__img\">\n        <img loading=\"lazy\" decoding=\"async\" width=\"338\" height=\"450\" src=\"https:\/\/www.modepen.org\/wp-content\/uploads\/2024\/01\/Concentracion-Cangas-20240126-P.jpg\" class=\"attachment-post-thumbnail size-post-thumbnail wp-post-image\" alt=\"\" srcset=\"https:\/\/www.modepen.org\/wp-content\/uploads\/2024\/01\/Concentracion-Cangas-20240126-P.jpg 338w, https:\/\/www.modepen.org\/wp-content\/uploads\/2024\/01\/Concentracion-Cangas-20240126-P-225x300.jpg 225w, https:\/\/www.modepen.org\/wp-content\/uploads\/2024\/01\/Concentracion-Cangas-20240126-P-113x150.jpg 113w\" sizes=\"auto, (max-width: 338px) 100vw, 338px\" \/>    <\/div>\n\n    <div class=\"eap__content\">\n        <!-- header -->\n        <header class=\"eap__header\">\n            <h2 class=\"eap__title\"><a href=\"https:\/\/www.modepen.org\/index.php\/events\/cangas-concentracion-na-defensa-das-pensions-publicas-e-contra-a-sua-privatizacion-o-dia-26-de-xaneiro-as-1930-h-diante-do-concello-de-cangas\/\" rel=\"bookmark\">Cangas: Concentraci\u00f3n na Defensa das Pensi\u00f3ns P\u00fablicas e contra a sua privatizaci\u00f3n, o d\u00eda 26 de Xaneiro, as 19:30 h. diante do Concello de Cangas.<\/a><\/h2>\n                        \n<!-- event meta -->\n<p class=\"eap__meta\">\n            <span class=\"eap__date no-wrap\">\n            <span class=\"dashicons dashicons-calendar-alt\"><\/span> Xaneiro 26, 2024        <\/span>\n         |         <span class=\"eap__time no-wrap\">\n            <span class=\"dashicons dashicons-clock\"><\/span> 7:30 pm        <\/span>\n        \n    <br>\n\n    Diante do Concello, Cangas, Galiza<\/p>\n\n        <\/header>\n\n        <!-- main -->\n        <main class=\"eap__excerpt\">\n                            <p class=\"eap__more\">\n                    <a href=\"https:\/\/www.modepen.org\/index.php\/events\/cangas-concentracion-na-defensa-das-pensions-publicas-e-contra-a-sua-privatizacion-o-dia-26-de-xaneiro-as-1930-h-diante-do-concello-de-cangas\/\">Read more<\/a>\n                <\/p>\n                        <\/main>\n    <\/div>\n<\/div>\n\n<div id=\"post-2908\" class=\"eap__event\">\n    <div class=\"eap__img\">\n        <img loading=\"lazy\" decoding=\"async\" width=\"318\" height=\"450\" src=\"https:\/\/www.modepen.org\/wp-content\/uploads\/2024\/01\/Vigo-08-01-2024-P.jpg\" class=\"attachment-post-thumbnail size-post-thumbnail wp-post-image\" alt=\"\" srcset=\"https:\/\/www.modepen.org\/wp-content\/uploads\/2024\/01\/Vigo-08-01-2024-P.jpg 318w, https:\/\/www.modepen.org\/wp-content\/uploads\/2024\/01\/Vigo-08-01-2024-P-212x300.jpg 212w, https:\/\/www.modepen.org\/wp-content\/uploads\/2024\/01\/Vigo-08-01-2024-P-106x150.jpg 106w\" sizes=\"auto, (max-width: 318px) 100vw, 318px\" \/>    <\/div>\n\n    <div class=\"eap__content\">\n        <!-- header -->\n        <header class=\"eap__header\">\n            <h2 class=\"eap__title\"><a href=\"https:\/\/www.modepen.org\/index.php\/events\/vigo-concentracion-o-luns-8-de-xaneiro-fronte-ao-marco-na-rua-principe-comenza-o-ano-novo-e-a-loita-continua\/\" rel=\"bookmark\">Vigo, Concentraci\u00f3n o luns, 8 de Xaneiro, fronte ao MARCO, na R\u00faa Pr\u00edncipe. Comenza o ano novo e a loita contin\u00faa!!!<\/a><\/h2>\n                        \n<!-- event meta -->\n<p class=\"eap__meta\">\n            <span class=\"eap__date no-wrap\">\n            <span class=\"dashicons dashicons-calendar-alt\"><\/span> Xaneiro 8, 2024        <\/span>\n         |         <span class=\"eap__time no-wrap\">\n            <span class=\"dashicons dashicons-clock\"><\/span> 7:00 pm        <\/span>\n        \n    <br>\n\n    Fronte ao MARCO, na R\u00faa Pr\u00edncipe, Vigo, Galiza<\/p>\n\n        <\/header>\n\n        <!-- main -->\n        <main class=\"eap__excerpt\">\n                            <p class=\"eap__more\">\n                    <a href=\"https:\/\/www.modepen.org\/index.php\/events\/vigo-concentracion-o-luns-8-de-xaneiro-fronte-ao-marco-na-rua-principe-comenza-o-ano-novo-e-a-loita-continua\/\">Read more<\/a>\n                <\/p>\n                        <\/main>\n    <\/div>\n<\/div>\n\n<div id=\"post-2899\" class=\"eap__event\">\n    <div class=\"eap__img\">\n        <img loading=\"lazy\" decoding=\"async\" width=\"327\" height=\"450\" src=\"https:\/\/www.modepen.org\/wp-content\/uploads\/2023\/12\/Concentracion-Ribadeo-20240106-P.jpg\" class=\"attachment-post-thumbnail size-post-thumbnail wp-post-image\" alt=\"\" srcset=\"https:\/\/www.modepen.org\/wp-content\/uploads\/2023\/12\/Concentracion-Ribadeo-20240106-P.jpg 327w, https:\/\/www.modepen.org\/wp-content\/uploads\/2023\/12\/Concentracion-Ribadeo-20240106-P-218x300.jpg 218w, https:\/\/www.modepen.org\/wp-content\/uploads\/2023\/12\/Concentracion-Ribadeo-20240106-P-109x150.jpg 109w\" sizes=\"auto, (max-width: 327px) 100vw, 327px\" \/>    <\/div>\n\n    <div class=\"eap__content\">\n        <!-- header -->\n        <header class=\"eap__header\">\n            <h2 class=\"eap__title\"><a href=\"https:\/\/www.modepen.org\/index.php\/events\/ribadeo-concentracion-o-dia-6-de-xaneiro-as-12-h-no-canton-dos-moreno-por-ti-por-min-por-todos\/\" rel=\"bookmark\">Ribadeo: Concentraci\u00f3n o d\u00eda 6 de Xaneiro, as 12 h. no Cant\u00f3n dos Moreno. Por ti, por min, por todos.<\/a><\/h2>\n                        \n<!-- event meta -->\n<p class=\"eap__meta\">\n            <span class=\"eap__date no-wrap\">\n            <span class=\"dashicons dashicons-calendar-alt\"><\/span> Xaneiro 6, 2024        <\/span>\n         |         <span class=\"eap__time no-wrap\">\n            <span class=\"dashicons dashicons-clock\"><\/span> 12:00 pm        <\/span>\n        \n    <br>\n\n    Cant\u00f3n dos Moreno, Ribadeo, Galiza<\/p>\n\n        <\/header>\n\n        <!-- main -->\n        <main class=\"eap__excerpt\">\n                            <p class=\"eap__more\">\n                    <a href=\"https:\/\/www.modepen.org\/index.php\/events\/ribadeo-concentracion-o-dia-6-de-xaneiro-as-12-h-no-canton-dos-moreno-por-ti-por-min-por-todos\/\">Read more<\/a>\n                <\/p>\n                        <\/main>\n    <\/div>\n<\/div>\n\n<div id=\"post-2890\" class=\"eap__event\">\n    <div class=\"eap__img\">\n        <img loading=\"lazy\" decoding=\"async\" width=\"318\" height=\"450\" src=\"https:\/\/www.modepen.org\/wp-content\/uploads\/2023\/11\/5-decembro.-obelisco-P.jpg\" class=\"attachment-post-thumbnail size-post-thumbnail wp-post-image\" alt=\"\" srcset=\"https:\/\/www.modepen.org\/wp-content\/uploads\/2023\/11\/5-decembro.-obelisco-P.jpg 318w, https:\/\/www.modepen.org\/wp-content\/uploads\/2023\/11\/5-decembro.-obelisco-P-212x300.jpg 212w, https:\/\/www.modepen.org\/wp-content\/uploads\/2023\/11\/5-decembro.-obelisco-P-106x150.jpg 106w\" sizes=\"auto, (max-width: 318px) 100vw, 318px\" \/>    <\/div>\n\n    <div class=\"eap__content\">\n        <!-- header -->\n        <header class=\"eap__header\">\n            <h2 class=\"eap__title\"><a href=\"https:\/\/www.modepen.org\/index.php\/events\/a-coruna-concentracion-no-obelisco-o-martes-5-de-decembro-non-aos-plans-de-pensions-de-emprego\/\" rel=\"bookmark\">A Coru\u00f1a: Concentraci\u00f3n no Obelisco o martes, 5 de Decembro. Non aos Plans de Pensi\u00f3ns de Emprego.<\/a><\/h2>\n                        \n<!-- event meta -->\n<p class=\"eap__meta\">\n            <span class=\"eap__date no-wrap\">\n            <span class=\"dashicons dashicons-calendar-alt\"><\/span> Decembro 5, 2023        <\/span>\n         |         <span class=\"eap__time no-wrap\">\n            <span class=\"dashicons dashicons-clock\"><\/span> 12:00 pm        <\/span>\n        \n    <br>\n\n    No Obelisco, A Coru\u00f1a, Galiza<\/p>\n\n        <\/header>\n\n        <!-- main -->\n        <main class=\"eap__excerpt\">\n                            <p class=\"eap__more\">\n                    <a href=\"https:\/\/www.modepen.org\/index.php\/events\/a-coruna-concentracion-no-obelisco-o-martes-5-de-decembro-non-aos-plans-de-pensions-de-emprego\/\">Read more<\/a>\n                <\/p>\n                        <\/main>\n    <\/div>\n<\/div>\n\n<div id=\"post-2881\" class=\"eap__event\">\n    <div class=\"eap__img\">\n        <img loading=\"lazy\" decoding=\"async\" width=\"318\" height=\"450\" src=\"https:\/\/www.modepen.org\/wp-content\/uploads\/2023\/11\/Vigo.-04-12-2023-P.jpg\" class=\"attachment-post-thumbnail size-post-thumbnail wp-post-image\" alt=\"\" srcset=\"https:\/\/www.modepen.org\/wp-content\/uploads\/2023\/11\/Vigo.-04-12-2023-P.jpg 318w, https:\/\/www.modepen.org\/wp-content\/uploads\/2023\/11\/Vigo.-04-12-2023-P-212x300.jpg 212w, https:\/\/www.modepen.org\/wp-content\/uploads\/2023\/11\/Vigo.-04-12-2023-P-106x150.jpg 106w\" sizes=\"auto, (max-width: 318px) 100vw, 318px\" \/>    <\/div>\n\n    <div class=\"eap__content\">\n        <!-- header -->\n        <header class=\"eap__header\">\n            <h2 class=\"eap__title\"><a href=\"https:\/\/www.modepen.org\/index.php\/events\/concentracion-en-vigo-o-luns-4-de-decembro-fronte-ao-marco-na-rua-principe-a-loita-continua\/\" rel=\"bookmark\">Concentraci\u00f3n en Vigo, o luns, 4 de Decembro, fronte ao MARCO, na R\u00faa Pr\u00edncipe. A loita contin\u00faa!!!<\/a><\/h2>\n                        \n<!-- event meta -->\n<p class=\"eap__meta\">\n            <span class=\"eap__date no-wrap\">\n            <span class=\"dashicons dashicons-calendar-alt\"><\/span> Decembro 4, 2023        <\/span>\n         |         <span class=\"eap__time no-wrap\">\n            <span class=\"dashicons dashicons-clock\"><\/span> 7:00 pm        <\/span>\n        \n    <br>\n\n    Fronte ao MARCO, na R\u00faa Pr\u00edncipe, Vigo, Galiza<\/p>\n\n        <\/header>\n\n        <!-- main -->\n        <main class=\"eap__excerpt\">\n                            <p class=\"eap__more\">\n                    <a href=\"https:\/\/www.modepen.org\/index.php\/events\/concentracion-en-vigo-o-luns-4-de-decembro-fronte-ao-marco-na-rua-principe-a-loita-continua\/\">Read more<\/a>\n                <\/p>\n                        <\/main>\n    <\/div>\n<\/div>\n\n<div id=\"post-2886\" class=\"eap__event\">\n    <div class=\"eap__img\">\n        <img loading=\"lazy\" decoding=\"async\" width=\"317\" height=\"450\" src=\"https:\/\/www.modepen.org\/wp-content\/uploads\/2023\/11\/Conentracion-ValMinor-20231204-P.jpg\" class=\"attachment-post-thumbnail size-post-thumbnail wp-post-image\" alt=\"\" srcset=\"https:\/\/www.modepen.org\/wp-content\/uploads\/2023\/11\/Conentracion-ValMinor-20231204-P.jpg 317w, https:\/\/www.modepen.org\/wp-content\/uploads\/2023\/11\/Conentracion-ValMinor-20231204-P-211x300.jpg 211w, https:\/\/www.modepen.org\/wp-content\/uploads\/2023\/11\/Conentracion-ValMinor-20231204-P-106x150.jpg 106w\" sizes=\"auto, (max-width: 317px) 100vw, 317px\" \/>    <\/div>\n\n    <div class=\"eap__content\">\n        <!-- header -->\n        <header class=\"eap__header\">\n            <h2 class=\"eap__title\"><a href=\"https:\/\/www.modepen.org\/index.php\/events\/val-minor-concentracion-o-luns-4-de-decembro-diante-da-capela-de-san-campio-a-ramallosa\/\" rel=\"bookmark\">Val Mi\u00f1or: Concentraci\u00f3n o luns,  4 de Decembro, diante da Capela de San Campio (A Ramallosa)<\/a><\/h2>\n                        \n<!-- event meta -->\n<p class=\"eap__meta\">\n            <span class=\"eap__date no-wrap\">\n            <span class=\"dashicons dashicons-calendar-alt\"><\/span> Decembro 4, 2023        <\/span>\n         |         <span class=\"eap__time no-wrap\">\n            <span class=\"dashicons dashicons-clock\"><\/span> 12:00 pm        <\/span>\n        \n    <br>\n\n    Diante da capela de San Campio, A Ramallosa, Galiza<\/p>\n\n        <\/header>\n\n        <!-- main -->\n        <main class=\"eap__excerpt\">\n                            <p class=\"eap__more\">\n                    <a href=\"https:\/\/www.modepen.org\/index.php\/events\/val-minor-concentracion-o-luns-4-de-decembro-diante-da-capela-de-san-campio-a-ramallosa\/\">Read more<\/a>\n                <\/p>\n                        <\/main>\n    <\/div>\n<\/div>\n\n<div id=\"post-2876\" class=\"eap__event\">\n    <div class=\"eap__img\">\n        <img loading=\"lazy\" decoding=\"async\" width=\"318\" height=\"450\" src=\"https:\/\/www.modepen.org\/wp-content\/uploads\/2023\/11\/231106-conferencia-Gonzalo-Balo-1-P.jpg\" class=\"attachment-post-thumbnail size-post-thumbnail wp-post-image\" alt=\"\" srcset=\"https:\/\/www.modepen.org\/wp-content\/uploads\/2023\/11\/231106-conferencia-Gonzalo-Balo-1-P.jpg 318w, https:\/\/www.modepen.org\/wp-content\/uploads\/2023\/11\/231106-conferencia-Gonzalo-Balo-1-P-212x300.jpg 212w, https:\/\/www.modepen.org\/wp-content\/uploads\/2023\/11\/231106-conferencia-Gonzalo-Balo-1-P-106x150.jpg 106w\" sizes=\"auto, (max-width: 318px) 100vw, 318px\" \/>    <\/div>\n\n    <div class=\"eap__content\">\n        <!-- header -->\n        <header class=\"eap__header\">\n            <h2 class=\"eap__title\"><a href=\"https:\/\/www.modepen.org\/index.php\/events\/nigran-charla-sobre-pensions-e-movemento-pensionista-perspectivas-de-futuro\/\" rel=\"bookmark\">Nigran: Charla sobre Pensi\u00f3ns e Movemento Pensionista: Perspectivas de futuro.<\/a><\/h2>\n                        \n<!-- event meta -->\n<p class=\"eap__meta\">\n            <span class=\"eap__date no-wrap\">\n            <span class=\"dashicons dashicons-calendar-alt\"><\/span> Novembro 23, 2023        <\/span>\n         |         <span class=\"eap__time no-wrap\">\n            <span class=\"dashicons dashicons-clock\"><\/span> 8:00 pm        <\/span>\n        \n    <br>\n\n    Auditorio do Concello de Nigran, Nigran, Galiza<\/p>\n\n        <\/header>\n\n        <!-- main -->\n        <main class=\"eap__excerpt\">\n                            <p class=\"eap__more\">\n                    <a href=\"https:\/\/www.modepen.org\/index.php\/events\/nigran-charla-sobre-pensions-e-movemento-pensionista-perspectivas-de-futuro\/\">Read more<\/a>\n                <\/p>\n                        <\/main>\n    <\/div>\n<\/div>\n\n<div id=\"post-2870\" class=\"eap__event\">\n    <div class=\"eap__img\">\n        <img loading=\"lazy\" decoding=\"async\" width=\"309\" height=\"450\" src=\"https:\/\/www.modepen.org\/wp-content\/uploads\/2023\/11\/Concentracion-Coruna-20231107-P.jpg\" class=\"attachment-post-thumbnail size-post-thumbnail wp-post-image\" alt=\"\" srcset=\"https:\/\/www.modepen.org\/wp-content\/uploads\/2023\/11\/Concentracion-Coruna-20231107-P.jpg 309w, https:\/\/www.modepen.org\/wp-content\/uploads\/2023\/11\/Concentracion-Coruna-20231107-P-206x300.jpg 206w, https:\/\/www.modepen.org\/wp-content\/uploads\/2023\/11\/Concentracion-Coruna-20231107-P-103x150.jpg 103w\" sizes=\"auto, (max-width: 309px) 100vw, 309px\" \/>    <\/div>\n\n    <div class=\"eap__content\">\n        <!-- header -->\n        <header class=\"eap__header\">\n            <h2 class=\"eap__title\"><a href=\"https:\/\/www.modepen.org\/index.php\/events\/coruna-concentracion-no-obelisco-o-dia-7-de-novembro-as-12-h-goberne-quen-goberne-as-pensions-defendense\/\" rel=\"bookmark\">Coru\u00f1a: Concentraci\u00f3n no Obelisco o dia 7 de Novembro, as 12 h. Goberne quen goberne, as pensi\u00f3ns def\u00e9ndense.<\/a><\/h2>\n                        \n<!-- event meta -->\n<p class=\"eap__meta\">\n            <span class=\"eap__date no-wrap\">\n            <span class=\"dashicons dashicons-calendar-alt\"><\/span> Novembro 7, 2023        <\/span>\n         |         <span class=\"eap__time no-wrap\">\n            <span class=\"dashicons dashicons-clock\"><\/span> 12:00 pm        <\/span>\n        \n    <br>\n\n    No Obelisco, A Coru\u00f1a, Galiza<\/p>\n\n        <\/header>\n\n        <!-- main -->\n        <main class=\"eap__excerpt\">\n                            <p class=\"eap__more\">\n                    <a href=\"https:\/\/www.modepen.org\/index.php\/events\/coruna-concentracion-no-obelisco-o-dia-7-de-novembro-as-12-h-goberne-quen-goberne-as-pensions-defendense\/\">Read more<\/a>\n                <\/p>\n                        <\/main>\n    <\/div>\n<\/div>\n\n<div id=\"post-2862\" class=\"eap__event\">\n    <div class=\"eap__img\">\n        <img loading=\"lazy\" decoding=\"async\" width=\"318\" height=\"450\" src=\"https:\/\/www.modepen.org\/wp-content\/uploads\/2023\/11\/Concentracion-Vigo-20231106-P.jpg\" class=\"attachment-post-thumbnail size-post-thumbnail wp-post-image\" alt=\"\" srcset=\"https:\/\/www.modepen.org\/wp-content\/uploads\/2023\/11\/Concentracion-Vigo-20231106-P.jpg 318w, https:\/\/www.modepen.org\/wp-content\/uploads\/2023\/11\/Concentracion-Vigo-20231106-P-212x300.jpg 212w, https:\/\/www.modepen.org\/wp-content\/uploads\/2023\/11\/Concentracion-Vigo-20231106-P-106x150.jpg 106w\" sizes=\"auto, (max-width: 318px) 100vw, 318px\" \/>    <\/div>\n\n    <div class=\"eap__content\">\n        <!-- header -->\n        <header class=\"eap__header\">\n            <h2 class=\"eap__title\"><a href=\"https:\/\/www.modepen.org\/index.php\/events\/concentracion-en-vigo-o-luns-6-de-novembro-fronte-ao-marco-na-rua-principe-os-dereitos-conquistanse-na-rua\/\" rel=\"bookmark\">Concentraci\u00f3n en Vigo, o luns, 6 de Novembro, fronte ao MARCO, na R\u00faa Pr\u00edncipe. Os dereitos conqu\u00edstanse na r\u00faa!!<\/a><\/h2>\n                        \n<!-- event meta -->\n<p class=\"eap__meta\">\n            <span class=\"eap__date no-wrap\">\n            <span class=\"dashicons dashicons-calendar-alt\"><\/span> Novembro 6, 2023        <\/span>\n         |         <span class=\"eap__time no-wrap\">\n            <span class=\"dashicons dashicons-clock\"><\/span> 8:00 pm        <\/span>\n        \n    <br>\n\n    Fronte as MARCO, na R\u00faa Pr\u00edncipe, Vigo, Galiza<\/p>\n\n        <\/header>\n\n        <!-- main -->\n        <main class=\"eap__excerpt\">\n                            <p class=\"eap__more\">\n                    <a href=\"https:\/\/www.modepen.org\/index.php\/events\/concentracion-en-vigo-o-luns-6-de-novembro-fronte-ao-marco-na-rua-principe-os-dereitos-conquistanse-na-rua\/\">Read more<\/a>\n                <\/p>\n                        <\/main>\n    <\/div>\n<\/div>\n\n<div id=\"post-2866\" class=\"eap__event\">\n    <div class=\"eap__img\">\n        <img loading=\"lazy\" decoding=\"async\" width=\"321\" height=\"450\" src=\"https:\/\/www.modepen.org\/wp-content\/uploads\/2023\/11\/Concentracion-Valminor-20231106-P.jpg\" class=\"attachment-post-thumbnail size-post-thumbnail wp-post-image\" alt=\"\" srcset=\"https:\/\/www.modepen.org\/wp-content\/uploads\/2023\/11\/Concentracion-Valminor-20231106-P.jpg 321w, https:\/\/www.modepen.org\/wp-content\/uploads\/2023\/11\/Concentracion-Valminor-20231106-P-214x300.jpg 214w, https:\/\/www.modepen.org\/wp-content\/uploads\/2023\/11\/Concentracion-Valminor-20231106-P-107x150.jpg 107w\" sizes=\"auto, (max-width: 321px) 100vw, 321px\" \/>    <\/div>\n\n    <div class=\"eap__content\">\n        <!-- header -->\n        <header class=\"eap__header\">\n            <h2 class=\"eap__title\"><a href=\"https:\/\/www.modepen.org\/index.php\/events\/val-minor-concentracion-o-luns-6-de-novembro-diante-da-capela-de-san-campio-a-ramallosa\/\" rel=\"bookmark\">Val Mi\u00f1or: Concentraci\u00f3n o luns,  6 de Novembro, diante da Capela de San Campio (A Ramallosa)<\/a><\/h2>\n                        \n<!-- event meta -->\n<p class=\"eap__meta\">\n            <span class=\"eap__date no-wrap\">\n            <span class=\"dashicons dashicons-calendar-alt\"><\/span> Novembro 6, 2023        <\/span>\n         |         <span class=\"eap__time no-wrap\">\n            <span class=\"dashicons dashicons-clock\"><\/span> 12:00 pm        <\/span>\n         \u2013             <span class=\"eap__time no-wrap\">\n                12:00 pm            <\/span>\n            \n    <br>\n\n    Diante da capela de San Campio, A Ramallosa, Galiza<\/p>\n\n        <\/header>\n\n        <!-- main -->\n        <main class=\"eap__excerpt\">\n                            <p class=\"eap__more\">\n                    <a href=\"https:\/\/www.modepen.org\/index.php\/events\/val-minor-concentracion-o-luns-6-de-novembro-diante-da-capela-de-san-campio-a-ramallosa\/\">Read more<\/a>\n                <\/p>\n                        <\/main>\n    <\/div>\n<\/div>\n\n<div id=\"post-2852\" class=\"eap__event\">\n    <div class=\"eap__img\">\n        <img loading=\"lazy\" decoding=\"async\" width=\"313\" height=\"450\" src=\"https:\/\/www.modepen.org\/wp-content\/uploads\/2023\/10\/Concentracion-Ribadeo-20231104-P.jpg\" class=\"attachment-post-thumbnail size-post-thumbnail wp-post-image\" alt=\"\" srcset=\"https:\/\/www.modepen.org\/wp-content\/uploads\/2023\/10\/Concentracion-Ribadeo-20231104-P.jpg 313w, https:\/\/www.modepen.org\/wp-content\/uploads\/2023\/10\/Concentracion-Ribadeo-20231104-P-209x300.jpg 209w, https:\/\/www.modepen.org\/wp-content\/uploads\/2023\/10\/Concentracion-Ribadeo-20231104-P-104x150.jpg 104w\" sizes=\"auto, (max-width: 313px) 100vw, 313px\" \/>    <\/div>\n\n    <div class=\"eap__content\">\n        <!-- header -->\n        <header class=\"eap__header\">\n            <h2 class=\"eap__title\"><a href=\"https:\/\/www.modepen.org\/index.php\/events\/ribadeo-concentracion-o-dia-4-de-novembro-as-12-h-no-canton-dos-moreno-por-ti-por-min-por-todos\/\" rel=\"bookmark\">Ribadeo: Concentraci\u00f3n o d\u00eda 4 de Novembro, as 12 h. no Cant\u00f3n dos Moreno. Por ti, por min, por todos.<\/a><\/h2>\n                        \n<!-- event meta -->\n<p class=\"eap__meta\">\n            <span class=\"eap__date no-wrap\">\n            <span class=\"dashicons dashicons-calendar-alt\"><\/span> Novembro 4, 2023        <\/span>\n         |         <span class=\"eap__time no-wrap\">\n            <span class=\"dashicons dashicons-clock\"><\/span> 12:00 pm        <\/span>\n        \n    <br>\n\n    Cant\u00f3n dos Moreno, Ribadeo, Galiza<\/p>\n\n        <\/header>\n\n        <!-- main -->\n        <main class=\"eap__excerpt\">\n                            <p class=\"eap__more\">\n                    <a href=\"https:\/\/www.modepen.org\/index.php\/events\/ribadeo-concentracion-o-dia-4-de-novembro-as-12-h-no-canton-dos-moreno-por-ti-por-min-por-todos\/\">Read more<\/a>\n                <\/p>\n                        <\/main>\n    <\/div>\n<\/div>\n\n<div id=\"post-2856\" class=\"eap__event\">\n    <div class=\"eap__img\">\n        <img loading=\"lazy\" decoding=\"async\" width=\"337\" height=\"450\" src=\"https:\/\/www.modepen.org\/wp-content\/uploads\/2023\/10\/Mesa-Redonda-Redondela-20231103-P.jpg\" class=\"attachment-post-thumbnail size-post-thumbnail wp-post-image\" alt=\"\" srcset=\"https:\/\/www.modepen.org\/wp-content\/uploads\/2023\/10\/Mesa-Redonda-Redondela-20231103-P.jpg 337w, https:\/\/www.modepen.org\/wp-content\/uploads\/2023\/10\/Mesa-Redonda-Redondela-20231103-P-225x300.jpg 225w, https:\/\/www.modepen.org\/wp-content\/uploads\/2023\/10\/Mesa-Redonda-Redondela-20231103-P-112x150.jpg 112w\" sizes=\"auto, (max-width: 337px) 100vw, 337px\" \/>    <\/div>\n\n    <div class=\"eap__content\">\n        <!-- header -->\n        <header class=\"eap__header\">\n            <h2 class=\"eap__title\"><a href=\"https:\/\/www.modepen.org\/index.php\/events\/redondela-mesa-redonda-na-casa-da-cultura-pode-mellorarse-a-a-situacion-dos-maiores-e-dependentes-nos-domicilios-e-residencias\/\" rel=\"bookmark\">Redondela: Mesa Redonda na Casa da Cultura: Pode mellorarse a situaci\u00f3n dos maiores e dependentes nos domicilios e residencias.<\/a><\/h2>\n                        \n<!-- event meta -->\n<p class=\"eap__meta\">\n            <span class=\"eap__date no-wrap\">\n            <span class=\"dashicons dashicons-calendar-alt\"><\/span> Novembro 3, 2023        <\/span>\n         |         <span class=\"eap__time no-wrap\">\n            <span class=\"dashicons dashicons-clock\"><\/span> 7:30 pm        <\/span>\n        \n    <br>\n\n    Casa da Cultura, Redondela, Galiza<\/p>\n\n        <\/header>\n\n        <!-- main -->\n        <main class=\"eap__excerpt\">\n                            <p class=\"eap__more\">\n                    <a href=\"https:\/\/www.modepen.org\/index.php\/events\/redondela-mesa-redonda-na-casa-da-cultura-pode-mellorarse-a-a-situacion-dos-maiores-e-dependentes-nos-domicilios-e-residencias\/\">Read more<\/a>\n                <\/p>\n                        <\/main>\n    <\/div>\n<\/div>\n\n<div id=\"post-2817\" class=\"eap__event\">\n    <div class=\"eap__img\">\n        <img loading=\"lazy\" decoding=\"async\" width=\"318\" height=\"450\" src=\"https:\/\/www.modepen.org\/wp-content\/uploads\/2023\/09\/Manifestacion-Madrid-20231028-P.jpg\" class=\"attachment-post-thumbnail size-post-thumbnail wp-post-image\" alt=\"\" srcset=\"https:\/\/www.modepen.org\/wp-content\/uploads\/2023\/09\/Manifestacion-Madrid-20231028-P.jpg 318w, https:\/\/www.modepen.org\/wp-content\/uploads\/2023\/09\/Manifestacion-Madrid-20231028-P-212x300.jpg 212w, https:\/\/www.modepen.org\/wp-content\/uploads\/2023\/09\/Manifestacion-Madrid-20231028-P-106x150.jpg 106w\" sizes=\"auto, (max-width: 318px) 100vw, 318px\" \/>    <\/div>\n\n    <div class=\"eap__content\">\n        <!-- header -->\n        <header class=\"eap__header\">\n            <h2 class=\"eap__title\"><a href=\"https:\/\/www.modepen.org\/index.php\/events\/o-28-de-outubro-de-2023-tods-a-madrid\/\" rel=\"bookmark\">O 28 de outubro de 2023, tod@s a Madrid!.<\/a><\/h2>\n                        \n<!-- event meta -->\n<p class=\"eap__meta\">\n            <span class=\"eap__date no-wrap\">\n            <span class=\"dashicons dashicons-calendar-alt\"><\/span> Outubro 28, 2023        <\/span>\n         |         <span class=\"eap__time no-wrap\">\n            <span class=\"dashicons dashicons-clock\"><\/span> 11:00 am        <\/span>\n        \n    <br>\n\n    Pza. Atocha, Madrid, Espa\u00f1a<\/p>\n\n        <\/header>\n\n        <!-- main -->\n        <main class=\"eap__excerpt\">\n                            <p class=\"eap__more\">\n                    <a href=\"https:\/\/www.modepen.org\/index.php\/events\/o-28-de-outubro-de-2023-tods-a-madrid\/\">Read more<\/a>\n                <\/p>\n                        <\/main>\n    <\/div>\n<\/div>\n\n<div id=\"post-2841\" class=\"eap__event\">\n    <div class=\"eap__img\">\n        <img loading=\"lazy\" decoding=\"async\" width=\"317\" height=\"450\" src=\"https:\/\/www.modepen.org\/wp-content\/uploads\/2023\/10\/Conferencia-1vizoso-en-Nigran-20231020-P.jpg\" class=\"attachment-post-thumbnail size-post-thumbnail wp-post-image\" alt=\"\" srcset=\"https:\/\/www.modepen.org\/wp-content\/uploads\/2023\/10\/Conferencia-1vizoso-en-Nigran-20231020-P.jpg 317w, https:\/\/www.modepen.org\/wp-content\/uploads\/2023\/10\/Conferencia-1vizoso-en-Nigran-20231020-P-211x300.jpg 211w, https:\/\/www.modepen.org\/wp-content\/uploads\/2023\/10\/Conferencia-1vizoso-en-Nigran-20231020-P-106x150.jpg 106w\" sizes=\"auto, (max-width: 317px) 100vw, 317px\" \/>    <\/div>\n\n    <div class=\"eap__content\">\n        <!-- header -->\n        <header class=\"eap__header\">\n            <h2 class=\"eap__title\"><a href=\"https:\/\/www.modepen.org\/index.php\/events\/nigran-charla-conferencia-sobre-os-servizos-sociais-para-as-persoas-maiores\/\" rel=\"bookmark\">Nigran: Charla-Conferencia sobre os Servizos Sociais para as persoas maiores.<\/a><\/h2>\n                        \n<!-- event meta -->\n<p class=\"eap__meta\">\n            <span class=\"eap__date no-wrap\">\n            <span class=\"dashicons dashicons-calendar-alt\"><\/span> Outubro 20, 2023        <\/span>\n         |         <span class=\"eap__time no-wrap\">\n            <span class=\"dashicons dashicons-clock\"><\/span> 8:00 pm        <\/span>\n        \n    <br>\n\n    Auditorio Municipal de Nigr\u00e1n, Nigr\u00e1n, Galiza<\/p>\n\n        <\/header>\n\n        <!-- main -->\n        <main class=\"eap__excerpt\">\n                            <p class=\"eap__more\">\n                    <a href=\"https:\/\/www.modepen.org\/index.php\/events\/nigran-charla-conferencia-sobre-os-servizos-sociais-para-as-persoas-maiores\/\">Read more<\/a>\n                <\/p>\n                        <\/main>\n    <\/div>\n<\/div>\n\n<div id=\"post-2827\" class=\"eap__event\">\n    <div class=\"eap__img\">\n        <img loading=\"lazy\" decoding=\"async\" width=\"313\" height=\"450\" src=\"https:\/\/www.modepen.org\/wp-content\/uploads\/2023\/09\/Concentracion-Ribadeo-20231007-P.jpg\" class=\"attachment-post-thumbnail size-post-thumbnail wp-post-image\" alt=\"\" srcset=\"https:\/\/www.modepen.org\/wp-content\/uploads\/2023\/09\/Concentracion-Ribadeo-20231007-P.jpg 313w, https:\/\/www.modepen.org\/wp-content\/uploads\/2023\/09\/Concentracion-Ribadeo-20231007-P-209x300.jpg 209w, https:\/\/www.modepen.org\/wp-content\/uploads\/2023\/09\/Concentracion-Ribadeo-20231007-P-104x150.jpg 104w\" sizes=\"auto, (max-width: 313px) 100vw, 313px\" \/>    <\/div>\n\n    <div class=\"eap__content\">\n        <!-- header -->\n        <header class=\"eap__header\">\n            <h2 class=\"eap__title\"><a href=\"https:\/\/www.modepen.org\/index.php\/events\/ribadeo-concentracion-o-dia-7-de-outubro-as-12-h-no-canton-dos-moreno-por-ti-por-min-por-todos\/\" rel=\"bookmark\">Ribadeo: Concentraci\u00f3n o d\u00eda 7 de Outubro, as 12 h. no Cant\u00f3n dos Moreno. Por ti, por min, por todos.<\/a><\/h2>\n                        \n<!-- event meta -->\n<p class=\"eap__meta\">\n            <span class=\"eap__date no-wrap\">\n            <span class=\"dashicons dashicons-calendar-alt\"><\/span> Outubro 7, 2023        <\/span>\n         |         <span class=\"eap__time no-wrap\">\n            <span class=\"dashicons dashicons-clock\"><\/span> 12:00 pm        <\/span>\n        \n    <br>\n\n    Cant\u00f3n dos Moreno, Ribadeo, Galiza<\/p>\n\n        <\/header>\n\n        <!-- main -->\n        <main class=\"eap__excerpt\">\n                            <p class=\"eap__more\">\n                    <a href=\"https:\/\/www.modepen.org\/index.php\/events\/ribadeo-concentracion-o-dia-7-de-outubro-as-12-h-no-canton-dos-moreno-por-ti-por-min-por-todos\/\">Read more<\/a>\n                <\/p>\n                        <\/main>\n    <\/div>\n<\/div>\n\n<div id=\"post-2831\" class=\"eap__event\">\n    <div class=\"eap__img\">\n        <img loading=\"lazy\" decoding=\"async\" width=\"313\" height=\"450\" src=\"https:\/\/www.modepen.org\/wp-content\/uploads\/2023\/09\/Concentracion-Coruna-20231003-P.jpg\" class=\"attachment-post-thumbnail size-post-thumbnail wp-post-image\" alt=\"\" srcset=\"https:\/\/www.modepen.org\/wp-content\/uploads\/2023\/09\/Concentracion-Coruna-20231003-P.jpg 313w, https:\/\/www.modepen.org\/wp-content\/uploads\/2023\/09\/Concentracion-Coruna-20231003-P-209x300.jpg 209w, https:\/\/www.modepen.org\/wp-content\/uploads\/2023\/09\/Concentracion-Coruna-20231003-P-104x150.jpg 104w\" sizes=\"auto, (max-width: 313px) 100vw, 313px\" \/>    <\/div>\n\n    <div class=\"eap__content\">\n        <!-- header -->\n        <header class=\"eap__header\">\n            <h2 class=\"eap__title\"><a href=\"https:\/\/www.modepen.org\/index.php\/events\/a-coruna-concentracion-no-obelisco-as-12-h-non-aos-plans-de-pensions-de-emprego\/\" rel=\"bookmark\">A Coru\u00f1a: Concentraci\u00f3n no Obelisco o d\u00eda 3 de Outubro, as 12 h. Non aos Plans de Pensi\u00f3ns de Emprego.<\/a><\/h2>\n                        \n<!-- event meta -->\n<p class=\"eap__meta\">\n            <span class=\"eap__date no-wrap\">\n            <span class=\"dashicons dashicons-calendar-alt\"><\/span> Outubro 3, 2023        <\/span>\n         |         <span class=\"eap__time no-wrap\">\n            <span class=\"dashicons dashicons-clock\"><\/span> 12:00 pm        <\/span>\n        \n    <br>\n\n    No Obelisco, A Coru\u00f1a, Galiza<\/p>\n\n        <\/header>\n\n        <!-- main -->\n        <main class=\"eap__excerpt\">\n                            <p class=\"eap__more\">\n                    <a href=\"https:\/\/www.modepen.org\/index.php\/events\/a-coruna-concentracion-no-obelisco-as-12-h-non-aos-plans-de-pensions-de-emprego\/\">Read more<\/a>\n                <\/p>\n                        <\/main>\n    <\/div>\n<\/div>\n\n<div id=\"post-2812\" class=\"eap__event\">\n    <div class=\"eap__img\">\n        <img loading=\"lazy\" decoding=\"async\" width=\"318\" height=\"450\" src=\"https:\/\/www.modepen.org\/wp-content\/uploads\/2023\/09\/Concentracion-Vigo-20231002-P.jpg\" class=\"attachment-post-thumbnail size-post-thumbnail wp-post-image\" alt=\"\" srcset=\"https:\/\/www.modepen.org\/wp-content\/uploads\/2023\/09\/Concentracion-Vigo-20231002-P.jpg 318w, https:\/\/www.modepen.org\/wp-content\/uploads\/2023\/09\/Concentracion-Vigo-20231002-P-212x300.jpg 212w, https:\/\/www.modepen.org\/wp-content\/uploads\/2023\/09\/Concentracion-Vigo-20231002-P-106x150.jpg 106w\" sizes=\"auto, (max-width: 318px) 100vw, 318px\" \/>    <\/div>\n\n    <div class=\"eap__content\">\n        <!-- header -->\n        <header class=\"eap__header\">\n            <h2 class=\"eap__title\"><a href=\"https:\/\/www.modepen.org\/index.php\/events\/concentracion-en-vigo-o-luns-2-de-outubro-fronte-ao-marco-na-rua-principe-os-dereitos-conquistanse-na-rua\/\" rel=\"bookmark\">Concentraci\u00f3n en Vigo, o luns, 2 de Outubro, fronte ao MARCO, na R\u00faa Pr\u00edncipe. Os dereitos conqu\u00edstanse na r\u00faa!!<\/a><\/h2>\n                        \n<!-- event meta -->\n<p class=\"eap__meta\">\n            <span class=\"eap__date no-wrap\">\n            <span class=\"dashicons dashicons-calendar-alt\"><\/span> Outubro 2, 2023        <\/span>\n         |         <span class=\"eap__time no-wrap\">\n            <span class=\"dashicons dashicons-clock\"><\/span> 8:00 pm        <\/span>\n        \n    <br>\n\n    Fronte ao MARCO, na R\u00faa Pr\u00edncipe, Vigo, Galiza<\/p>\n\n        <\/header>\n\n        <!-- main -->\n        <main class=\"eap__excerpt\">\n                            <p class=\"eap__more\">\n                    <a href=\"https:\/\/www.modepen.org\/index.php\/events\/concentracion-en-vigo-o-luns-2-de-outubro-fronte-ao-marco-na-rua-principe-os-dereitos-conquistanse-na-rua\/\">Read more<\/a>\n                <\/p>\n                        <\/main>\n    <\/div>\n<\/div>\n\n<div id=\"post-2823\" class=\"eap__event\">\n    <div class=\"eap__img\">\n        <img loading=\"lazy\" decoding=\"async\" width=\"317\" height=\"450\" src=\"https:\/\/www.modepen.org\/wp-content\/uploads\/2023\/09\/Concentracion-ValMinor-20231002-P.jpg\" class=\"attachment-post-thumbnail size-post-thumbnail wp-post-image\" alt=\"\" srcset=\"https:\/\/www.modepen.org\/wp-content\/uploads\/2023\/09\/Concentracion-ValMinor-20231002-P.jpg 317w, https:\/\/www.modepen.org\/wp-content\/uploads\/2023\/09\/Concentracion-ValMinor-20231002-P-211x300.jpg 211w, https:\/\/www.modepen.org\/wp-content\/uploads\/2023\/09\/Concentracion-ValMinor-20231002-P-106x150.jpg 106w\" sizes=\"auto, (max-width: 317px) 100vw, 317px\" \/>    <\/div>\n\n    <div class=\"eap__content\">\n        <!-- header -->\n        <header class=\"eap__header\">\n            <h2 class=\"eap__title\"><a href=\"https:\/\/www.modepen.org\/index.php\/events\/val-minor-concentracion-o-luns-2-de-outubro-diante-da-capela-de-san-campio-a-ramallosa\/\" rel=\"bookmark\">Val Mi\u00f1or: Concentraci\u00f3n o luns,  2 de Outubro, diante da Capela de San Campio (A Ramallosa)<\/a><\/h2>\n                        \n<!-- event meta -->\n<p class=\"eap__meta\">\n            <span class=\"eap__date no-wrap\">\n            <span class=\"dashicons dashicons-calendar-alt\"><\/span> Outubro 2, 2023        <\/span>\n         |         <span class=\"eap__time no-wrap\">\n            <span class=\"dashicons dashicons-clock\"><\/span> 12:00 pm        <\/span>\n        \n    <br>\n\n    Diante da capela de San Campioi, A Ramallosa, Galiza<\/p>\n\n        <\/header>\n\n        <!-- main -->\n        <main class=\"eap__excerpt\">\n                            <p class=\"eap__more\">\n                    <a href=\"https:\/\/www.modepen.org\/index.php\/events\/val-minor-concentracion-o-luns-2-de-outubro-diante-da-capela-de-san-campio-a-ramallosa\/\">Read more<\/a>\n                <\/p>\n                        <\/main>\n    <\/div>\n<\/div>\n\n<div id=\"post-2791\" class=\"eap__event\">\n    <div class=\"eap__img\">\n        <img loading=\"lazy\" decoding=\"async\" width=\"318\" height=\"450\" src=\"https:\/\/www.modepen.org\/wp-content\/uploads\/2023\/08\/Concentracion-Vigo-20230904-P.jpg\" class=\"attachment-post-thumbnail size-post-thumbnail wp-post-image\" alt=\"\" srcset=\"https:\/\/www.modepen.org\/wp-content\/uploads\/2023\/08\/Concentracion-Vigo-20230904-P.jpg 318w, https:\/\/www.modepen.org\/wp-content\/uploads\/2023\/08\/Concentracion-Vigo-20230904-P-212x300.jpg 212w, https:\/\/www.modepen.org\/wp-content\/uploads\/2023\/08\/Concentracion-Vigo-20230904-P-106x150.jpg 106w\" sizes=\"auto, (max-width: 318px) 100vw, 318px\" \/>    <\/div>\n\n    <div class=\"eap__content\">\n        <!-- header -->\n        <header class=\"eap__header\">\n            <h2 class=\"eap__title\"><a href=\"https:\/\/www.modepen.org\/index.php\/events\/vigo-concentracion-o-luns-4-de-setembro-fronte-ao-marco-na-rua-principe-os-dereitos-conquistanse-na-rua\/\" rel=\"bookmark\">Vigo: Concentraci\u00f3n o luns, 4 de Setembro, fronte ao MARCO, na R\u00faa Pr\u00edncipe. Os dereitos conqu\u00edstanse na r\u00faa.<\/a><\/h2>\n                        \n<!-- event meta -->\n<p class=\"eap__meta\">\n            <span class=\"eap__date no-wrap\">\n            <span class=\"dashicons dashicons-calendar-alt\"><\/span> Setembro 4, 2023        <\/span>\n         |         <span class=\"eap__time no-wrap\">\n            <span class=\"dashicons dashicons-clock\"><\/span> 8:00 pm        <\/span>\n        \n    <br>\n\n    Fronte ao MARCO, na R\u00faa Pr\u00edncipe, Vigo, Galiza<\/p>\n\n        <\/header>\n\n        <!-- main -->\n        <main class=\"eap__excerpt\">\n                            <p class=\"eap__more\">\n                    <a href=\"https:\/\/www.modepen.org\/index.php\/events\/vigo-concentracion-o-luns-4-de-setembro-fronte-ao-marco-na-rua-principe-os-dereitos-conquistanse-na-rua\/\">Read more<\/a>\n                <\/p>\n                        <\/main>\n    <\/div>\n<\/div>\n\n<div id=\"post-2797\" class=\"eap__event\">\n    <div class=\"eap__img\">\n        <img loading=\"lazy\" decoding=\"async\" width=\"317\" height=\"450\" src=\"https:\/\/www.modepen.org\/wp-content\/uploads\/2023\/08\/Concentracion-Val-Minor-20230904-P.jpg\" class=\"attachment-post-thumbnail size-post-thumbnail wp-post-image\" alt=\"\" srcset=\"https:\/\/www.modepen.org\/wp-content\/uploads\/2023\/08\/Concentracion-Val-Minor-20230904-P.jpg 317w, https:\/\/www.modepen.org\/wp-content\/uploads\/2023\/08\/Concentracion-Val-Minor-20230904-P-211x300.jpg 211w, https:\/\/www.modepen.org\/wp-content\/uploads\/2023\/08\/Concentracion-Val-Minor-20230904-P-106x150.jpg 106w\" sizes=\"auto, (max-width: 317px) 100vw, 317px\" \/>    <\/div>\n\n    <div class=\"eap__content\">\n        <!-- header -->\n        <header class=\"eap__header\">\n            <h2 class=\"eap__title\"><a href=\"https:\/\/www.modepen.org\/index.php\/events\/val-minor-concentracion-o-luns-4-de-setembro-diante-da-capela-de-san-campio-a-ramallosa\/\" rel=\"bookmark\">Val Mi\u00f1or: Concentraci\u00f3n o luns,  4 de Setembro, diante da Capela de San Campio (A Ramallosa)<\/a><\/h2>\n                        \n<!-- event meta -->\n<p class=\"eap__meta\">\n            <span class=\"eap__date no-wrap\">\n            <span class=\"dashicons dashicons-calendar-alt\"><\/span> Setembro 4, 2023        <\/span>\n         |         <span class=\"eap__time no-wrap\">\n            <span class=\"dashicons dashicons-clock\"><\/span> 12:00 pm        <\/span>\n        \n    <br>\n\n    Diante da Capela de San Campio, A Ramallosa, Galiza<\/p>\n\n        <\/header>\n\n        <!-- main -->\n        <main class=\"eap__excerpt\">\n                            <p class=\"eap__more\">\n                    <a href=\"https:\/\/www.modepen.org\/index.php\/events\/val-minor-concentracion-o-luns-4-de-setembro-diante-da-capela-de-san-campio-a-ramallosa\/\">Read more<\/a>\n                <\/p>\n                        <\/main>\n    <\/div>\n<\/div>\n\n<div id=\"post-2787\" class=\"eap__event\">\n    <div class=\"eap__img\">\n        <img loading=\"lazy\" decoding=\"async\" width=\"313\" height=\"450\" src=\"https:\/\/www.modepen.org\/wp-content\/uploads\/2023\/08\/Concentracion-Ribadeo-20230902-P.jpg\" class=\"attachment-post-thumbnail size-post-thumbnail wp-post-image\" alt=\"\" srcset=\"https:\/\/www.modepen.org\/wp-content\/uploads\/2023\/08\/Concentracion-Ribadeo-20230902-P.jpg 313w, https:\/\/www.modepen.org\/wp-content\/uploads\/2023\/08\/Concentracion-Ribadeo-20230902-P-209x300.jpg 209w, https:\/\/www.modepen.org\/wp-content\/uploads\/2023\/08\/Concentracion-Ribadeo-20230902-P-104x150.jpg 104w\" sizes=\"auto, (max-width: 313px) 100vw, 313px\" \/>    <\/div>\n\n    <div class=\"eap__content\">\n        <!-- header -->\n        <header class=\"eap__header\">\n            <h2 class=\"eap__title\"><a href=\"https:\/\/www.modepen.org\/index.php\/events\/ribadeo-concentracion-o-dia-2-de-setembro-as-12-h-no-canton-dos-moreno-por-ti-por-min-por-todos\/\" rel=\"bookmark\">Ribadeo: Concentraci\u00f3n o d\u00eda 2 de Setembro, as 12 h. no Cant\u00f3n dos Moreno. Por ti, por min, por todos.<\/a><\/h2>\n                        \n<!-- event meta -->\n<p class=\"eap__meta\">\n            <span class=\"eap__date no-wrap\">\n            <span class=\"dashicons dashicons-calendar-alt\"><\/span> Setembro 2, 2023        <\/span>\n         |         <span class=\"eap__time no-wrap\">\n            <span class=\"dashicons dashicons-clock\"><\/span> 12:00 pm        <\/span>\n        \n    <br>\n\n    Cant\u00f3n dos Moreno, Ribadeo, Galiza<\/p>\n\n        <\/header>\n\n        <!-- main -->\n        <main class=\"eap__excerpt\">\n                            <p class=\"eap__more\">\n                    <a href=\"https:\/\/www.modepen.org\/index.php\/events\/ribadeo-concentracion-o-dia-2-de-setembro-as-12-h-no-canton-dos-moreno-por-ti-por-min-por-todos\/\">Read more<\/a>\n                <\/p>\n                        <\/main>\n    <\/div>\n<\/div>\n\n<div id=\"post-2777\" class=\"eap__event\">\n    <div class=\"eap__img\">\n        <img loading=\"lazy\" decoding=\"async\" width=\"318\" height=\"450\" src=\"https:\/\/www.modepen.org\/wp-content\/uploads\/2023\/08\/Cartaz-III-Xantar-Gres-03-1-P.jpg\" class=\"attachment-post-thumbnail size-post-thumbnail wp-post-image\" alt=\"\" srcset=\"https:\/\/www.modepen.org\/wp-content\/uploads\/2023\/08\/Cartaz-III-Xantar-Gres-03-1-P.jpg 318w, https:\/\/www.modepen.org\/wp-content\/uploads\/2023\/08\/Cartaz-III-Xantar-Gres-03-1-P-212x300.jpg 212w, https:\/\/www.modepen.org\/wp-content\/uploads\/2023\/08\/Cartaz-III-Xantar-Gres-03-1-P-106x150.jpg 106w\" sizes=\"auto, (max-width: 318px) 100vw, 318px\" \/>    <\/div>\n\n    <div class=\"eap__content\">\n        <!-- header -->\n        <header class=\"eap__header\">\n            <h2 class=\"eap__title\"><a href=\"https:\/\/www.modepen.org\/index.php\/events\/3o-xantar-de-confraternidade-do-modepen-nas-insuas-de-gres-vila-de-cruces\/\" rel=\"bookmark\">3\u00ba Xantar de Confraternidade do MODEPEN nas \u00cdnsuas de Gres (Vila de Cruces).<\/a><\/h2>\n                        \n<!-- event meta -->\n<p class=\"eap__meta\">\n            <span class=\"eap__date no-wrap\">\n            <span class=\"dashicons dashicons-calendar-alt\"><\/span> Agosto 11, 2023        <\/span>\n         |         <span class=\"eap__time no-wrap\">\n            <span class=\"dashicons dashicons-clock\"><\/span> 1:00 pm        <\/span>\n        \n    <br>\n\n    \u00cdnsuas de Gres (Vila de Cruces), Vila de Cruces, Galiza<\/p>\n\n        <\/header>\n\n        <!-- main -->\n        <main class=\"eap__excerpt\">\n                            <p class=\"eap__more\">\n                    <a href=\"https:\/\/www.modepen.org\/index.php\/events\/3o-xantar-de-confraternidade-do-modepen-nas-insuas-de-gres-vila-de-cruces\/\">Read more<\/a>\n                <\/p>\n                        <\/main>\n    <\/div>\n<\/div>\n\n<div id=\"post-2772\" class=\"eap__event\">\n    <div class=\"eap__img\">\n        <img loading=\"lazy\" decoding=\"async\" width=\"313\" height=\"450\" src=\"https:\/\/www.modepen.org\/wp-content\/uploads\/2023\/07\/Concentracion-Ribadeo-20230805-P.jpg\" class=\"attachment-post-thumbnail size-post-thumbnail wp-post-image\" alt=\"\" srcset=\"https:\/\/www.modepen.org\/wp-content\/uploads\/2023\/07\/Concentracion-Ribadeo-20230805-P.jpg 313w, https:\/\/www.modepen.org\/wp-content\/uploads\/2023\/07\/Concentracion-Ribadeo-20230805-P-209x300.jpg 209w, https:\/\/www.modepen.org\/wp-content\/uploads\/2023\/07\/Concentracion-Ribadeo-20230805-P-104x150.jpg 104w\" sizes=\"auto, (max-width: 313px) 100vw, 313px\" \/>    <\/div>\n\n    <div class=\"eap__content\">\n        <!-- header -->\n        <header class=\"eap__header\">\n            <h2 class=\"eap__title\"><a href=\"https:\/\/www.modepen.org\/index.php\/events\/ribadeo-concentracion-o-dia-5-de-agosto-as-12-h-no-canton-dos-moreno-por-ti-por-min-por-todos\/\" rel=\"bookmark\">Ribadeo: Concentraci\u00f3n o d\u00eda 5 de Agosto, as 12 h. no Cant\u00f3n dos Moreno. Por ti, por min, por todos.<\/a><\/h2>\n                        \n<!-- event meta -->\n<p class=\"eap__meta\">\n            <span class=\"eap__date no-wrap\">\n            <span class=\"dashicons dashicons-calendar-alt\"><\/span> Agosto 5, 2023        <\/span>\n         |         <span class=\"eap__time no-wrap\">\n            <span class=\"dashicons dashicons-clock\"><\/span> 12:00 pm        <\/span>\n        \n    <br>\n\n    Cant\u00f3n dos Moreno, Ribadeo, Galiza<\/p>\n\n        <\/header>\n\n        <!-- main -->\n        <main class=\"eap__excerpt\">\n                            <p class=\"eap__more\">\n                    <a href=\"https:\/\/www.modepen.org\/index.php\/events\/ribadeo-concentracion-o-dia-5-de-agosto-as-12-h-no-canton-dos-moreno-por-ti-por-min-por-todos\/\">Read more<\/a>\n                <\/p>\n                        <\/main>\n    <\/div>\n<\/div>\n\n<div id=\"post-2749\" class=\"eap__event\">\n    <div class=\"eap__img\">\n        <img loading=\"lazy\" decoding=\"async\" width=\"318\" height=\"450\" src=\"https:\/\/www.modepen.org\/wp-content\/uploads\/2023\/07\/Encontro-Pensionistas-Bilbao-20230720_21-Aprazado-P.jpg\" class=\"attachment-post-thumbnail size-post-thumbnail wp-post-image\" alt=\"\" srcset=\"https:\/\/www.modepen.org\/wp-content\/uploads\/2023\/07\/Encontro-Pensionistas-Bilbao-20230720_21-Aprazado-P.jpg 318w, https:\/\/www.modepen.org\/wp-content\/uploads\/2023\/07\/Encontro-Pensionistas-Bilbao-20230720_21-Aprazado-P-212x300.jpg 212w, https:\/\/www.modepen.org\/wp-content\/uploads\/2023\/07\/Encontro-Pensionistas-Bilbao-20230720_21-Aprazado-P-106x150.jpg 106w\" sizes=\"auto, (max-width: 318px) 100vw, 318px\" \/>    <\/div>\n\n    <div class=\"eap__content\">\n        <!-- header -->\n        <header class=\"eap__header\">\n            <h2 class=\"eap__title\"><a href=\"https:\/\/www.modepen.org\/index.php\/events\/aprazado-o-1o-encontro-de-pensionistas-dos-pobos-de-europa\/\" rel=\"bookmark\">Aprazado o 1\u00ba Encontro de Pensionistas dos Pobos de Europa<\/a><\/h2>\n                        \n<!-- event meta -->\n<p class=\"eap__meta\">\n            <span class=\"eap__date no-wrap\">\n            <span class=\"dashicons dashicons-calendar-alt\"><\/span> Xullo 20, 2023        <\/span>\n         \u2013         <span class=\"eap__date no-wrap\">\n            <span class=\"dashicons dashicons-calendar-alt\"><\/span> Xullo 21, 2023        <\/span>\n        \n    <br>\n\n    Universidad do Pais Vasco, Bilbao, Euskal Herria<\/p>\n\n        <\/header>\n\n        <!-- main -->\n        <main class=\"eap__excerpt\">\n                            <p class=\"eap__more\">\n                    <a href=\"https:\/\/www.modepen.org\/index.php\/events\/aprazado-o-1o-encontro-de-pensionistas-dos-pobos-de-europa\/\">Read more<\/a>\n                <\/p>\n                        <\/main>\n    <\/div>\n<\/div>\n\n<div id=\"post-2737\" class=\"eap__event\">\n    <div class=\"eap__img\">\n        <img loading=\"lazy\" decoding=\"async\" width=\"318\" height=\"450\" src=\"https:\/\/www.modepen.org\/wp-content\/uploads\/2023\/06\/Concentracion-Vigo-20230703-P.jpg\" class=\"attachment-post-thumbnail size-post-thumbnail wp-post-image\" alt=\"\" srcset=\"https:\/\/www.modepen.org\/wp-content\/uploads\/2023\/06\/Concentracion-Vigo-20230703-P.jpg 318w, https:\/\/www.modepen.org\/wp-content\/uploads\/2023\/06\/Concentracion-Vigo-20230703-P-212x300.jpg 212w, https:\/\/www.modepen.org\/wp-content\/uploads\/2023\/06\/Concentracion-Vigo-20230703-P-106x150.jpg 106w\" sizes=\"auto, (max-width: 318px) 100vw, 318px\" \/>    <\/div>\n\n    <div class=\"eap__content\">\n        <!-- header -->\n        <header class=\"eap__header\">\n            <h2 class=\"eap__title\"><a href=\"https:\/\/www.modepen.org\/index.php\/events\/vigo-concentracion-o-luns-3-de-xullo-fronte-a-o-marco-na-rua-principe-os-dereitos-conquistanse-na-rua-e-nas-urnas\/\" rel=\"bookmark\">Vigo: Concentraci\u00f3n o luns, 3 de Xullo, fronte a o MARCO, na R\u00faa Pr\u00edncipe. Os dereitos conqu\u00edstanse na r\u00faa e nas urnas.<\/a><\/h2>\n                        \n<!-- event meta -->\n<p class=\"eap__meta\">\n            <span class=\"eap__date no-wrap\">\n            <span class=\"dashicons dashicons-calendar-alt\"><\/span> Xullo 3, 2023        <\/span>\n         |         <span class=\"eap__time no-wrap\">\n            <span class=\"dashicons dashicons-clock\"><\/span> 8:00 pm        <\/span>\n        \n    <br>\n\n    Fronta ao MARCO, na R\u00faa Pr\u00edncipe, Vigo, Galiza<\/p>\n\n        <\/header>\n\n        <!-- main -->\n        <main class=\"eap__excerpt\">\n                            <p class=\"eap__more\">\n                    <a href=\"https:\/\/www.modepen.org\/index.php\/events\/vigo-concentracion-o-luns-3-de-xullo-fronte-a-o-marco-na-rua-principe-os-dereitos-conquistanse-na-rua-e-nas-urnas\/\">Read more<\/a>\n                <\/p>\n                        <\/main>\n    <\/div>\n<\/div>\n\n<div id=\"post-2732\" class=\"eap__event\">\n    <div class=\"eap__img\">\n        <img loading=\"lazy\" decoding=\"async\" width=\"313\" height=\"450\" src=\"https:\/\/www.modepen.org\/wp-content\/uploads\/2023\/06\/Concentracion-Ribadeo-20230701-P.jpg\" class=\"attachment-post-thumbnail size-post-thumbnail wp-post-image\" alt=\"\" srcset=\"https:\/\/www.modepen.org\/wp-content\/uploads\/2023\/06\/Concentracion-Ribadeo-20230701-P.jpg 313w, https:\/\/www.modepen.org\/wp-content\/uploads\/2023\/06\/Concentracion-Ribadeo-20230701-P-209x300.jpg 209w, https:\/\/www.modepen.org\/wp-content\/uploads\/2023\/06\/Concentracion-Ribadeo-20230701-P-104x150.jpg 104w\" sizes=\"auto, (max-width: 313px) 100vw, 313px\" \/>    <\/div>\n\n    <div class=\"eap__content\">\n        <!-- header -->\n        <header class=\"eap__header\">\n            <h2 class=\"eap__title\"><a href=\"https:\/\/www.modepen.org\/index.php\/events\/ribadeo-concentracion-o-dia-1-de-xullo-as-12-h-no-canton-dos-moreno-por-ti-por-min-por-todos\/\" rel=\"bookmark\">Ribadeo: Concentraci\u00f3n o d\u00eda 1 de Xullo, as 12 h. no Cant\u00f3n dos Moreno. Por ti, por min, por todos.<\/a><\/h2>\n                        \n<!-- event meta -->\n<p class=\"eap__meta\">\n            <span class=\"eap__date no-wrap\">\n            <span class=\"dashicons dashicons-calendar-alt\"><\/span> Xullo 1, 2023        <\/span>\n         |         <span class=\"eap__time no-wrap\">\n            <span class=\"dashicons dashicons-clock\"><\/span> 12:00 pm        <\/span>\n        \n    <br>\n\n    Cant\u00f3n dos Moreno, Ribadeo, Galiza<\/p>\n\n        <\/header>\n\n        <!-- main -->\n        <main class=\"eap__excerpt\">\n                            <p class=\"eap__more\">\n                    <a href=\"https:\/\/www.modepen.org\/index.php\/events\/ribadeo-concentracion-o-dia-1-de-xullo-as-12-h-no-canton-dos-moreno-por-ti-por-min-por-todos\/\">Read more<\/a>\n                <\/p>\n                        <\/main>\n    <\/div>\n<\/div>\n\n<div id=\"post-2690\" class=\"eap__event\">\n    <div class=\"eap__img\">\n        <img loading=\"lazy\" decoding=\"async\" width=\"317\" height=\"450\" src=\"https:\/\/www.modepen.org\/wp-content\/uploads\/2023\/05\/Concentracion-ValMinhor-20230605-P.jpg\" class=\"attachment-post-thumbnail size-post-thumbnail wp-post-image\" alt=\"\" srcset=\"https:\/\/www.modepen.org\/wp-content\/uploads\/2023\/05\/Concentracion-ValMinhor-20230605-P.jpg 317w, https:\/\/www.modepen.org\/wp-content\/uploads\/2023\/05\/Concentracion-ValMinhor-20230605-P-211x300.jpg 211w, https:\/\/www.modepen.org\/wp-content\/uploads\/2023\/05\/Concentracion-ValMinhor-20230605-P-106x150.jpg 106w\" sizes=\"auto, (max-width: 317px) 100vw, 317px\" \/>    <\/div>\n\n    <div class=\"eap__content\">\n        <!-- header -->\n        <header class=\"eap__header\">\n            <h2 class=\"eap__title\"><a href=\"https:\/\/www.modepen.org\/index.php\/events\/val-minor-concentracion-o-dia-5-de-xuno-diante-da-capela-de-san-campo-a-ramallosa\/\" rel=\"bookmark\">Val Mi\u00f1or: Concentraci\u00f3n o d\u00eda 5 de Xu\u00f1o, diante da Capela de San Campo (A Ramallosa)<\/a><\/h2>\n                        \n<!-- event meta -->\n<p class=\"eap__meta\">\n            <span class=\"eap__date no-wrap\">\n            <span class=\"dashicons dashicons-calendar-alt\"><\/span> Xu\u00f1o 5, 2023        <\/span>\n         |         <span class=\"eap__time no-wrap\">\n            <span class=\"dashicons dashicons-clock\"><\/span> 12:00 pm        <\/span>\n        \n    <br>\n\n    Capela de San Campio, A Ramallosa, Galiza<\/p>\n\n        <\/header>\n\n        <!-- main -->\n        <main class=\"eap__excerpt\">\n                            <p class=\"eap__more\">\n                    <a href=\"https:\/\/www.modepen.org\/index.php\/events\/val-minor-concentracion-o-dia-5-de-xuno-diante-da-capela-de-san-campo-a-ramallosa\/\">Read more<\/a>\n                <\/p>\n                        <\/main>\n    <\/div>\n<\/div>\n\n<div id=\"post-2698\" class=\"eap__event\">\n    <div class=\"eap__img\">\n        <img loading=\"lazy\" decoding=\"async\" width=\"318\" height=\"450\" src=\"https:\/\/www.modepen.org\/wp-content\/uploads\/2023\/05\/Concentracion-Vigo-20230605-P.jpg\" class=\"attachment-post-thumbnail size-post-thumbnail wp-post-image\" alt=\"\" srcset=\"https:\/\/www.modepen.org\/wp-content\/uploads\/2023\/05\/Concentracion-Vigo-20230605-P.jpg 318w, https:\/\/www.modepen.org\/wp-content\/uploads\/2023\/05\/Concentracion-Vigo-20230605-P-212x300.jpg 212w, https:\/\/www.modepen.org\/wp-content\/uploads\/2023\/05\/Concentracion-Vigo-20230605-P-106x150.jpg 106w\" sizes=\"auto, (max-width: 318px) 100vw, 318px\" \/>    <\/div>\n\n    <div class=\"eap__content\">\n        <!-- header -->\n        <header class=\"eap__header\">\n            <h2 class=\"eap__title\"><a href=\"https:\/\/www.modepen.org\/index.php\/events\/vigo-concentracion-o-luns-5-de-xuno-fronte-a-o-marco-na-rua-principe-os-dereitos-conquistanse-na-rua\/\" rel=\"bookmark\">Vigo: Concentraci\u00f3n o luns, 5 de Xu\u00f1o, fronte a o MARCO, na R\u00faa Pr\u00edncipe. Os dereitos conqu\u00edstanse na rua.<\/a><\/h2>\n                        \n<!-- event meta -->\n<p class=\"eap__meta\">\n            <span class=\"eap__date no-wrap\">\n            <span class=\"dashicons dashicons-calendar-alt\"><\/span> Xu\u00f1o 5, 2023        <\/span>\n         |         <span class=\"eap__time no-wrap\">\n            <span class=\"dashicons dashicons-clock\"><\/span> 8:00 pm        <\/span>\n        \n    <br>\n\n    Fronte ao MARCO, na R\u00faa Pr\u00edncipe, Vigo, Galiza<\/p>\n\n        <\/header>\n\n        <!-- main -->\n        <main class=\"eap__excerpt\">\n                            <p class=\"eap__more\">\n                    <a href=\"https:\/\/www.modepen.org\/index.php\/events\/vigo-concentracion-o-luns-5-de-xuno-fronte-a-o-marco-na-rua-principe-os-dereitos-conquistanse-na-rua\/\">Read more<\/a>\n                <\/p>\n                        <\/main>\n    <\/div>\n<\/div>\n\n<div id=\"post-2686\" class=\"eap__event\">\n    <div class=\"eap__img\">\n        <img loading=\"lazy\" decoding=\"async\" width=\"313\" height=\"450\" src=\"https:\/\/www.modepen.org\/wp-content\/uploads\/2023\/05\/Concentracion-Ribadeo-20230603-P.jpg\" class=\"attachment-post-thumbnail size-post-thumbnail wp-post-image\" alt=\"\" srcset=\"https:\/\/www.modepen.org\/wp-content\/uploads\/2023\/05\/Concentracion-Ribadeo-20230603-P.jpg 313w, https:\/\/www.modepen.org\/wp-content\/uploads\/2023\/05\/Concentracion-Ribadeo-20230603-P-209x300.jpg 209w, https:\/\/www.modepen.org\/wp-content\/uploads\/2023\/05\/Concentracion-Ribadeo-20230603-P-104x150.jpg 104w\" sizes=\"auto, (max-width: 313px) 100vw, 313px\" \/>    <\/div>\n\n    <div class=\"eap__content\">\n        <!-- header -->\n        <header class=\"eap__header\">\n            <h2 class=\"eap__title\"><a href=\"https:\/\/www.modepen.org\/index.php\/events\/ribadeo-concentracion-o-dia-3-de-xuno-as-12-h-no-canton-dos-moreno-por-ti-por-min-por-todos\/\" rel=\"bookmark\">Ribadeo: Concentraci\u00f3n o d\u00eda 3 de Xu\u00f1o, as 12 h. no Cant\u00f3n dos Moreno. Por ti, por min, por todos.<\/a><\/h2>\n                        \n<!-- event meta -->\n<p class=\"eap__meta\">\n            <span class=\"eap__date no-wrap\">\n            <span class=\"dashicons dashicons-calendar-alt\"><\/span> Xu\u00f1o 3, 2023        <\/span>\n         |         <span class=\"eap__time no-wrap\">\n            <span class=\"dashicons dashicons-clock\"><\/span> 12:00 pm        <\/span>\n        \n    <br>\n\n    Cant\u00f3n dos Moreno, Ribadeo, Galiza<\/p>\n\n        <\/header>\n\n        <!-- main -->\n        <main class=\"eap__excerpt\">\n                            <p class=\"eap__more\">\n                    <a href=\"https:\/\/www.modepen.org\/index.php\/events\/ribadeo-concentracion-o-dia-3-de-xuno-as-12-h-no-canton-dos-moreno-por-ti-por-min-por-todos\/\">Read more<\/a>\n                <\/p>\n                        <\/main>\n    <\/div>\n<\/div>\n\n<div id=\"post-2694\" class=\"eap__event\">\n    <div class=\"eap__img\">\n        <img loading=\"lazy\" decoding=\"async\" width=\"318\" height=\"450\" src=\"https:\/\/www.modepen.org\/wp-content\/uploads\/2023\/05\/Cartel-V-Asamblea-verde-P.jpg\" class=\"attachment-post-thumbnail size-post-thumbnail wp-post-image\" alt=\"\" srcset=\"https:\/\/www.modepen.org\/wp-content\/uploads\/2023\/05\/Cartel-V-Asamblea-verde-P.jpg 318w, https:\/\/www.modepen.org\/wp-content\/uploads\/2023\/05\/Cartel-V-Asamblea-verde-P-212x300.jpg 212w, https:\/\/www.modepen.org\/wp-content\/uploads\/2023\/05\/Cartel-V-Asamblea-verde-P-106x150.jpg 106w\" sizes=\"auto, (max-width: 318px) 100vw, 318px\" \/>    <\/div>\n\n    <div class=\"eap__content\">\n        <!-- header -->\n        <header class=\"eap__header\">\n            <h2 class=\"eap__title\"><a href=\"https:\/\/www.modepen.org\/index.php\/events\/v-asamblea-nacional-de-modepen\/\" rel=\"bookmark\">V Asamblea Nacional de MODEPEN<\/a><\/h2>\n                        \n<!-- event meta -->\n<p class=\"eap__meta\">\n            <span class=\"eap__date no-wrap\">\n            <span class=\"dashicons dashicons-calendar-alt\"><\/span> Xu\u00f1o 3, 2023        <\/span>\n         |         <span class=\"eap__time no-wrap\">\n            <span class=\"dashicons dashicons-clock\"><\/span> 10:00 am        <\/span>\n         \u2013             <span class=\"eap__time no-wrap\">\n                8:00 pm            <\/span>\n            \n    <br>\n\n    Centro Cultural Municipal, O Porri\u00f1o, Galiza<\/p>\n\n        <\/header>\n\n        <!-- main -->\n        <main class=\"eap__excerpt\">\n                            <p class=\"eap__more\">\n                    <a href=\"https:\/\/www.modepen.org\/index.php\/events\/v-asamblea-nacional-de-modepen\/\">Read more<\/a>\n                <\/p>\n                        <\/main>\n    <\/div>\n<\/div>\n\n<div id=\"post-2674\" class=\"eap__event\">\n    <div class=\"eap__img\">\n        <img loading=\"lazy\" decoding=\"async\" width=\"318\" height=\"450\" src=\"https:\/\/www.modepen.org\/wp-content\/uploads\/2023\/05\/Concentracion-Coruna-20230525-P.jpg\" class=\"attachment-post-thumbnail size-post-thumbnail wp-post-image\" alt=\"\" srcset=\"https:\/\/www.modepen.org\/wp-content\/uploads\/2023\/05\/Concentracion-Coruna-20230525-P.jpg 318w, https:\/\/www.modepen.org\/wp-content\/uploads\/2023\/05\/Concentracion-Coruna-20230525-P-212x300.jpg 212w, https:\/\/www.modepen.org\/wp-content\/uploads\/2023\/05\/Concentracion-Coruna-20230525-P-106x150.jpg 106w\" sizes=\"auto, (max-width: 318px) 100vw, 318px\" \/>    <\/div>\n\n    <div class=\"eap__content\">\n        <!-- header -->\n        <header class=\"eap__header\">\n            <h2 class=\"eap__title\"><a href=\"https:\/\/www.modepen.org\/index.php\/events\/a-coruna-concentracion-por-unha-pension-minima-de-1-080-e\/\" rel=\"bookmark\">A Coru\u00f1a: Concentraci\u00f3n por unha pensi\u00f3n m\u00ednima de 1.080 \u20ac.<\/a><\/h2>\n                        \n<!-- event meta -->\n<p class=\"eap__meta\">\n            <span class=\"eap__date no-wrap\">\n            <span class=\"dashicons dashicons-calendar-alt\"><\/span> Maio 25, 2023        <\/span>\n         |         <span class=\"eap__time no-wrap\">\n            <span class=\"dashicons dashicons-clock\"><\/span> 12:00 pm        <\/span>\n        \n    <br>\n\n    no Obelisco, A Coru\u00f1a, Galiza<\/p>\n\n        <\/header>\n\n        <!-- main -->\n        <main class=\"eap__excerpt\">\n                            <p class=\"eap__more\">\n                    <a href=\"https:\/\/www.modepen.org\/index.php\/events\/a-coruna-concentracion-por-unha-pension-minima-de-1-080-e\/\">Read more<\/a>\n                <\/p>\n                        <\/main>\n    <\/div>\n<\/div>\n\n<div id=\"post-2682\" class=\"eap__event\">\n    <div class=\"eap__img\">\n        <img loading=\"lazy\" decoding=\"async\" width=\"337\" height=\"450\" src=\"https:\/\/www.modepen.org\/wp-content\/uploads\/2023\/05\/Concentracion-Madrid-20230525-P.jpg\" class=\"attachment-post-thumbnail size-post-thumbnail wp-post-image\" alt=\"\" srcset=\"https:\/\/www.modepen.org\/wp-content\/uploads\/2023\/05\/Concentracion-Madrid-20230525-P.jpg 337w, https:\/\/www.modepen.org\/wp-content\/uploads\/2023\/05\/Concentracion-Madrid-20230525-P-225x300.jpg 225w, https:\/\/www.modepen.org\/wp-content\/uploads\/2023\/05\/Concentracion-Madrid-20230525-P-112x150.jpg 112w\" sizes=\"auto, (max-width: 337px) 100vw, 337px\" \/>    <\/div>\n\n    <div class=\"eap__content\">\n        <!-- header -->\n        <header class=\"eap__header\">\n            <h2 class=\"eap__title\"><a href=\"https:\/\/www.modepen.org\/index.php\/events\/madrid-movilizacion-pensionista-por-unha-pension-minima-de-1-080-e\/\" rel=\"bookmark\">Madrid: Movilizaci\u00f3n Pensionista por unha Pensi\u00f3n M\u00ednima de 1.080 \u20ac.<\/a><\/h2>\n                        \n<!-- event meta -->\n<p class=\"eap__meta\">\n            <span class=\"eap__date no-wrap\">\n            <span class=\"dashicons dashicons-calendar-alt\"><\/span> Maio 25, 2023        <\/span>\n         |         <span class=\"eap__time no-wrap\">\n            <span class=\"dashicons dashicons-clock\"><\/span> 12:00 pm        <\/span>\n        \n    <br>\n\n    Congreso de los Diputados, Madrid, Espa\u00f1a<\/p>\n\n        <\/header>\n\n        <!-- main -->\n        <main class=\"eap__excerpt\">\n                            <p class=\"eap__more\">\n                    <a href=\"https:\/\/www.modepen.org\/index.php\/events\/madrid-movilizacion-pensionista-por-unha-pension-minima-de-1-080-e\/\">Read more<\/a>\n                <\/p>\n                        <\/main>\n    <\/div>\n<\/div>\n\n<div id=\"post-2669\" class=\"eap__event\">\n    <div class=\"eap__img\">\n        <img loading=\"lazy\" decoding=\"async\" width=\"313\" height=\"450\" src=\"https:\/\/www.modepen.org\/wp-content\/uploads\/2023\/05\/Concentracion-Ribadeo-20230506-P.jpg\" class=\"attachment-post-thumbnail size-post-thumbnail wp-post-image\" alt=\"\" srcset=\"https:\/\/www.modepen.org\/wp-content\/uploads\/2023\/05\/Concentracion-Ribadeo-20230506-P.jpg 313w, https:\/\/www.modepen.org\/wp-content\/uploads\/2023\/05\/Concentracion-Ribadeo-20230506-P-209x300.jpg 209w, https:\/\/www.modepen.org\/wp-content\/uploads\/2023\/05\/Concentracion-Ribadeo-20230506-P-104x150.jpg 104w\" sizes=\"auto, (max-width: 313px) 100vw, 313px\" \/>    <\/div>\n\n    <div class=\"eap__content\">\n        <!-- header -->\n        <header class=\"eap__header\">\n            <h2 class=\"eap__title\"><a href=\"https:\/\/www.modepen.org\/index.php\/events\/ribadeo-concentracion-o-dia-6-de-maio-as-12-h-no-canton-dos-moreno-por-ti-por-min-por-todos\/\" rel=\"bookmark\">Ribadeo: Concentraci\u00f3n o d\u00eda 6 de Maio, as 12 h. no Cant\u00f3n dos Moreno. Por ti, por min, por todos.<\/a><\/h2>\n                        \n<!-- event meta -->\n<p class=\"eap__meta\">\n            <span class=\"eap__date no-wrap\">\n            <span class=\"dashicons dashicons-calendar-alt\"><\/span> Maio 6, 2023        <\/span>\n         |         <span class=\"eap__time no-wrap\">\n            <span class=\"dashicons dashicons-clock\"><\/span> 12:00 pm        <\/span>\n        \n    <br>\n\n    Cant\u00f3n dos Moreno, Ribadeo, Galiza<\/p>\n\n        <\/header>\n\n        <!-- main -->\n        <main class=\"eap__excerpt\">\n                            <p class=\"eap__more\">\n                    <a href=\"https:\/\/www.modepen.org\/index.php\/events\/ribadeo-concentracion-o-dia-6-de-maio-as-12-h-no-canton-dos-moreno-por-ti-por-min-por-todos\/\">Read more<\/a>\n                <\/p>\n                        <\/main>\n    <\/div>\n<\/div>\n\n<div id=\"post-2644\" class=\"eap__event\">\n    <div class=\"eap__img\">\n        <img loading=\"lazy\" decoding=\"async\" width=\"322\" height=\"450\" src=\"https:\/\/www.modepen.org\/wp-content\/uploads\/2023\/03\/Concentracion-ValMinhor-20230403-P.jpg\" class=\"attachment-post-thumbnail size-post-thumbnail wp-post-image\" alt=\"\" srcset=\"https:\/\/www.modepen.org\/wp-content\/uploads\/2023\/03\/Concentracion-ValMinhor-20230403-P.jpg 322w, https:\/\/www.modepen.org\/wp-content\/uploads\/2023\/03\/Concentracion-ValMinhor-20230403-P-215x300.jpg 215w, https:\/\/www.modepen.org\/wp-content\/uploads\/2023\/03\/Concentracion-ValMinhor-20230403-P-107x150.jpg 107w\" sizes=\"auto, (max-width: 322px) 100vw, 322px\" \/>    <\/div>\n\n    <div class=\"eap__content\">\n        <!-- header -->\n        <header class=\"eap__header\">\n            <h2 class=\"eap__title\"><a href=\"https:\/\/www.modepen.org\/index.php\/events\/val-minor-concentracion-o-dia-3-de-abril-diante-da-capela-de-san-campo-a-ramallosa\/\" rel=\"bookmark\">Val Mi\u00f1or: Concentraci\u00f3n o d\u00eda 3 de Abril, diante da Capela de San Campo (A Ramallosa)<\/a><\/h2>\n                        \n<!-- event meta -->\n<p class=\"eap__meta\">\n            <span class=\"eap__date no-wrap\">\n            <span class=\"dashicons dashicons-calendar-alt\"><\/span> Abril 3, 2023        <\/span>\n         |         <span class=\"eap__time no-wrap\">\n            <span class=\"dashicons dashicons-clock\"><\/span> 12:00 pm        <\/span>\n        \n    <br>\n\n    Diante da Capela de San Campo, A Ramallosa, Galiza<\/p>\n\n        <\/header>\n\n        <!-- main -->\n        <main class=\"eap__excerpt\">\n                            <p class=\"eap__more\">\n                    <a href=\"https:\/\/www.modepen.org\/index.php\/events\/val-minor-concentracion-o-dia-3-de-abril-diante-da-capela-de-san-campo-a-ramallosa\/\">Read more<\/a>\n                <\/p>\n                        <\/main>\n    <\/div>\n<\/div>\n\n<div id=\"post-2648\" class=\"eap__event\">\n    <div class=\"eap__img\">\n        <img loading=\"lazy\" decoding=\"async\" width=\"318\" height=\"450\" src=\"https:\/\/www.modepen.org\/wp-content\/uploads\/2023\/03\/Concentracion-Vigo-20230403-P.jpg\" class=\"attachment-post-thumbnail size-post-thumbnail wp-post-image\" alt=\"\" srcset=\"https:\/\/www.modepen.org\/wp-content\/uploads\/2023\/03\/Concentracion-Vigo-20230403-P.jpg 318w, https:\/\/www.modepen.org\/wp-content\/uploads\/2023\/03\/Concentracion-Vigo-20230403-P-212x300.jpg 212w, https:\/\/www.modepen.org\/wp-content\/uploads\/2023\/03\/Concentracion-Vigo-20230403-P-106x150.jpg 106w\" sizes=\"auto, (max-width: 318px) 100vw, 318px\" \/>    <\/div>\n\n    <div class=\"eap__content\">\n        <!-- header -->\n        <header class=\"eap__header\">\n            <h2 class=\"eap__title\"><a href=\"https:\/\/www.modepen.org\/index.php\/events\/vigo-concentracion-o-luns-3-de-abril-fronte-a-o-marco-na-rua-principe-esta-loita-non-e-so-pra-nos-senon-tamen-pra-eles\/\" rel=\"bookmark\">Vigo: Concentraci\u00f3n o luns, 3 de Abril, fronte a o MARCO, na R\u00faa Pr\u00edncipe. Esta loita non \u00e9 s\u00f3 pra n\u00f3s, sen\u00f3n tam\u00e9n pra eles.<\/a><\/h2>\n                        \n<!-- event meta -->\n<p class=\"eap__meta\">\n            <span class=\"eap__date no-wrap\">\n            <span class=\"dashicons dashicons-calendar-alt\"><\/span> Abril 3, 2023        <\/span>\n         |         <span class=\"eap__time no-wrap\">\n            <span class=\"dashicons dashicons-clock\"><\/span> 8:00 pm        <\/span>\n        \n    <br>\n\n    Diante do MARCO, na R\u00faa Pr\u00edncipe, Vigo, Galiza<\/p>\n\n        <\/header>\n\n        <!-- main -->\n        <main class=\"eap__excerpt\">\n                            <p class=\"eap__more\">\n                    <a href=\"https:\/\/www.modepen.org\/index.php\/events\/vigo-concentracion-o-luns-3-de-abril-fronte-a-o-marco-na-rua-principe-esta-loita-non-e-so-pra-nos-senon-tamen-pra-eles\/\">Read more<\/a>\n                <\/p>\n                        <\/main>\n    <\/div>\n<\/div>\n\n<div id=\"post-2652\" class=\"eap__event\">\n    <div class=\"eap__img\">\n        <img loading=\"lazy\" decoding=\"async\" width=\"313\" height=\"450\" src=\"https:\/\/www.modepen.org\/wp-content\/uploads\/2023\/03\/Concentracion-Ribadeo-20230401-P.jpg\" class=\"attachment-post-thumbnail size-post-thumbnail wp-post-image\" alt=\"\" srcset=\"https:\/\/www.modepen.org\/wp-content\/uploads\/2023\/03\/Concentracion-Ribadeo-20230401-P.jpg 313w, https:\/\/www.modepen.org\/wp-content\/uploads\/2023\/03\/Concentracion-Ribadeo-20230401-P-209x300.jpg 209w, https:\/\/www.modepen.org\/wp-content\/uploads\/2023\/03\/Concentracion-Ribadeo-20230401-P-104x150.jpg 104w\" sizes=\"auto, (max-width: 313px) 100vw, 313px\" \/>    <\/div>\n\n    <div class=\"eap__content\">\n        <!-- header -->\n        <header class=\"eap__header\">\n            <h2 class=\"eap__title\"><a href=\"https:\/\/www.modepen.org\/index.php\/events\/ribadeo-concentracion-o-dia-1-de-abril-as-12-h-no-canton-dos-moreno-por-ti-por-min-por-todos\/\" rel=\"bookmark\">Ribadeo: Concentraci\u00f3n o d\u00eda 1 de Abril, as 12 h. no Cant\u00f3n dos Moreno. Por ti, por min, por todos.<\/a><\/h2>\n                        \n<!-- event meta -->\n<p class=\"eap__meta\">\n            <span class=\"eap__date no-wrap\">\n            <span class=\"dashicons dashicons-calendar-alt\"><\/span> Abril 1, 2023        <\/span>\n         |         <span class=\"eap__time no-wrap\">\n            <span class=\"dashicons dashicons-clock\"><\/span> 12:00 pm        <\/span>\n        \n    <br>\n\n    Cant\u00f3n dos Moreno, Ribadeo, Galiza<\/p>\n\n        <\/header>\n\n        <!-- main -->\n        <main class=\"eap__excerpt\">\n                            <p class=\"eap__more\">\n                    <a href=\"https:\/\/www.modepen.org\/index.php\/events\/ribadeo-concentracion-o-dia-1-de-abril-as-12-h-no-canton-dos-moreno-por-ti-por-min-por-todos\/\">Read more<\/a>\n                <\/p>\n                        <\/main>\n    <\/div>\n<\/div>\n\n<div id=\"post-2616\" class=\"eap__event\">\n    <div class=\"eap__img\">\n        <img loading=\"lazy\" decoding=\"async\" width=\"337\" height=\"450\" src=\"https:\/\/www.modepen.org\/wp-content\/uploads\/2023\/03\/Concentracion-Val-Minhor-20230306-P.jpg\" class=\"attachment-post-thumbnail size-post-thumbnail wp-post-image\" alt=\"\" srcset=\"https:\/\/www.modepen.org\/wp-content\/uploads\/2023\/03\/Concentracion-Val-Minhor-20230306-P.jpg 337w, https:\/\/www.modepen.org\/wp-content\/uploads\/2023\/03\/Concentracion-Val-Minhor-20230306-P-225x300.jpg 225w, https:\/\/www.modepen.org\/wp-content\/uploads\/2023\/03\/Concentracion-Val-Minhor-20230306-P-112x150.jpg 112w\" sizes=\"auto, (max-width: 337px) 100vw, 337px\" \/>    <\/div>\n\n    <div class=\"eap__content\">\n        <!-- header -->\n        <header class=\"eap__header\">\n            <h2 class=\"eap__title\"><a href=\"https:\/\/www.modepen.org\/index.php\/events\/val-minor-concentracion-o-dia-6-de-marzo-diante-da-capela-de-san-campio-a-ramallosa\/\" rel=\"bookmark\">Val Mi\u00f1or: Concentraci\u00f3n o d\u00eda 6 de Marzo, diante da Capela de San Campio (A Ramallosa)<\/a><\/h2>\n                        \n<!-- event meta -->\n<p class=\"eap__meta\">\n            <span class=\"eap__date no-wrap\">\n            <span class=\"dashicons dashicons-calendar-alt\"><\/span> Marzo 6, 2023        <\/span>\n         |         <span class=\"eap__time no-wrap\">\n            <span class=\"dashicons dashicons-clock\"><\/span> 12:00 pm        <\/span>\n        \n    <br>\n\n    Diante da Capela de San Campio, A Ramallosa, Galiza<\/p>\n\n        <\/header>\n\n        <!-- main -->\n        <main class=\"eap__excerpt\">\n                            <p class=\"eap__more\">\n                    <a href=\"https:\/\/www.modepen.org\/index.php\/events\/val-minor-concentracion-o-dia-6-de-marzo-diante-da-capela-de-san-campio-a-ramallosa\/\">Read more<\/a>\n                <\/p>\n                        <\/main>\n    <\/div>\n<\/div>\n\n<div id=\"post-2620\" class=\"eap__event\">\n    <div class=\"eap__img\">\n        <img loading=\"lazy\" decoding=\"async\" width=\"318\" height=\"450\" src=\"https:\/\/www.modepen.org\/wp-content\/uploads\/2023\/03\/Vigo-2023-03-06-P.jpg\" class=\"attachment-post-thumbnail size-post-thumbnail wp-post-image\" alt=\"\" srcset=\"https:\/\/www.modepen.org\/wp-content\/uploads\/2023\/03\/Vigo-2023-03-06-P.jpg 318w, https:\/\/www.modepen.org\/wp-content\/uploads\/2023\/03\/Vigo-2023-03-06-P-212x300.jpg 212w, https:\/\/www.modepen.org\/wp-content\/uploads\/2023\/03\/Vigo-2023-03-06-P-106x150.jpg 106w\" sizes=\"auto, (max-width: 318px) 100vw, 318px\" \/>    <\/div>\n\n    <div class=\"eap__content\">\n        <!-- header -->\n        <header class=\"eap__header\">\n            <h2 class=\"eap__title\"><a href=\"https:\/\/www.modepen.org\/index.php\/events\/vigo-concentracion-o-luns-6-de-marzo-fronte-a-o-marco-na-rua-principe-rematemos-coa-fenda-de-xenero\/\" rel=\"bookmark\">Vigo: Concentraci\u00f3n o luns, 6 de Marzo, fronte a o MARCO, na R\u00faa Pr\u00edncipe. Rematemos coa Fenda de X\u00e9nero.<\/a><\/h2>\n                        \n<!-- event meta -->\n<p class=\"eap__meta\">\n            <span class=\"eap__date no-wrap\">\n            <span class=\"dashicons dashicons-calendar-alt\"><\/span> Marzo 6, 2023        <\/span>\n         |         <span class=\"eap__time no-wrap\">\n            <span class=\"dashicons dashicons-clock\"><\/span> 8:00 pm        <\/span>\n        \n    <br>\n\n    Diante do MARCO, ns R\u00faa Pr\u00edncipe, Vigo, Pontevedra<\/p>\n\n        <\/header>\n\n        <!-- main -->\n        <main class=\"eap__excerpt\">\n                            <p class=\"eap__more\">\n                    <a href=\"https:\/\/www.modepen.org\/index.php\/events\/vigo-concentracion-o-luns-6-de-marzo-fronte-a-o-marco-na-rua-principe-rematemos-coa-fenda-de-xenero\/\">Read more<\/a>\n                <\/p>\n                        <\/main>\n    <\/div>\n<\/div>\n\n<div id=\"post-2600\" class=\"eap__event\">\n    <div class=\"eap__img\">\n        <img loading=\"lazy\" decoding=\"async\" width=\"313\" height=\"450\" src=\"https:\/\/www.modepen.org\/wp-content\/uploads\/2023\/02\/Concentracion-Ribadeo-20230304-P.jpg\" class=\"attachment-post-thumbnail size-post-thumbnail wp-post-image\" alt=\"\" srcset=\"https:\/\/www.modepen.org\/wp-content\/uploads\/2023\/02\/Concentracion-Ribadeo-20230304-P.jpg 313w, https:\/\/www.modepen.org\/wp-content\/uploads\/2023\/02\/Concentracion-Ribadeo-20230304-P-209x300.jpg 209w, https:\/\/www.modepen.org\/wp-content\/uploads\/2023\/02\/Concentracion-Ribadeo-20230304-P-104x150.jpg 104w\" sizes=\"auto, (max-width: 313px) 100vw, 313px\" \/>    <\/div>\n\n    <div class=\"eap__content\">\n        <!-- header -->\n        <header class=\"eap__header\">\n            <h2 class=\"eap__title\"><a href=\"https:\/\/www.modepen.org\/index.php\/events\/ribadeo-concentracion-o-dia-4-de-marzo-as-12-h-no-canton-dos-moreno-por-ti-por-min-por-todos\/\" rel=\"bookmark\">Ribadeo: Concentraci\u00f3n o d\u00eda 4 de Marzo, as 12 h. no Cant\u00f3n dos Moreno. Por ti, por min, por todos.<\/a><\/h2>\n                        \n<!-- event meta -->\n<p class=\"eap__meta\">\n            <span class=\"eap__date no-wrap\">\n            <span class=\"dashicons dashicons-calendar-alt\"><\/span> Marzo 4, 2023        <\/span>\n         |         <span class=\"eap__time no-wrap\">\n            <span class=\"dashicons dashicons-clock\"><\/span> 12:00 pm        <\/span>\n        \n    <br>\n\n    Cant\u00f3n dos Moreno, Ribadeo, Galiza<\/p>\n\n        <\/header>\n\n        <!-- main -->\n        <main class=\"eap__excerpt\">\n                            <p class=\"eap__more\">\n                    <a href=\"https:\/\/www.modepen.org\/index.php\/events\/ribadeo-concentracion-o-dia-4-de-marzo-as-12-h-no-canton-dos-moreno-por-ti-por-min-por-todos\/\">Read more<\/a>\n                <\/p>\n                        <\/main>\n    <\/div>\n<\/div>\n\n<div id=\"post-2594\" class=\"eap__event\">\n    <div class=\"eap__img\">\n        <img loading=\"lazy\" decoding=\"async\" width=\"319\" height=\"450\" src=\"https:\/\/www.modepen.org\/wp-content\/uploads\/2023\/02\/Manifestacion-Santiago-20230212-Bus-Vigo-P.jpg\" class=\"attachment-post-thumbnail size-post-thumbnail wp-post-image\" alt=\"\" srcset=\"https:\/\/www.modepen.org\/wp-content\/uploads\/2023\/02\/Manifestacion-Santiago-20230212-Bus-Vigo-P.jpg 319w, https:\/\/www.modepen.org\/wp-content\/uploads\/2023\/02\/Manifestacion-Santiago-20230212-Bus-Vigo-P-213x300.jpg 213w, https:\/\/www.modepen.org\/wp-content\/uploads\/2023\/02\/Manifestacion-Santiago-20230212-Bus-Vigo-P-106x150.jpg 106w\" sizes=\"auto, (max-width: 319px) 100vw, 319px\" \/>    <\/div>\n\n    <div class=\"eap__content\">\n        <!-- header -->\n        <header class=\"eap__header\">\n            <h2 class=\"eap__title\"><a href=\"https:\/\/www.modepen.org\/index.php\/events\/manifestacion-en-defensa-e-mellora-da-sanidade-publica-santiago-as-12-na-alameda\/\" rel=\"bookmark\">Manifestaci\u00f3n en Defensa e Mellora da Sanidade P\u00fablica &#8211; Santiago as 12,  na Alameda<\/a><\/h2>\n                        \n<!-- event meta -->\n<p class=\"eap__meta\">\n            <span class=\"eap__date no-wrap\">\n            <span class=\"dashicons dashicons-calendar-alt\"><\/span> Febreiro 12, 2023        <\/span>\n         |         <span class=\"eap__time no-wrap\">\n            <span class=\"dashicons dashicons-clock\"><\/span> 12:00 pm        <\/span>\n        \n    <br>\n\n    Alameda, Santiago de Compostela, Galiza<\/p>\n\n        <\/header>\n\n        <!-- main -->\n        <main class=\"eap__excerpt\">\n                            <p class=\"eap__more\">\n                    <a href=\"https:\/\/www.modepen.org\/index.php\/events\/manifestacion-en-defensa-e-mellora-da-sanidade-publica-santiago-as-12-na-alameda\/\">Read more<\/a>\n                <\/p>\n                        <\/main>\n    <\/div>\n<\/div>\n\n<div id=\"post-2590\" class=\"eap__event\">\n    <div class=\"eap__img\">\n        <img loading=\"lazy\" decoding=\"async\" width=\"600\" height=\"450\" src=\"https:\/\/www.modepen.org\/wp-content\/uploads\/2023\/02\/Charla-Coloquio-Bembrive-20230210-P.jpg\" class=\"attachment-post-thumbnail size-post-thumbnail wp-post-image\" alt=\"\" srcset=\"https:\/\/www.modepen.org\/wp-content\/uploads\/2023\/02\/Charla-Coloquio-Bembrive-20230210-P.jpg 600w, https:\/\/www.modepen.org\/wp-content\/uploads\/2023\/02\/Charla-Coloquio-Bembrive-20230210-P-300x225.jpg 300w, https:\/\/www.modepen.org\/wp-content\/uploads\/2023\/02\/Charla-Coloquio-Bembrive-20230210-P-150x113.jpg 150w\" sizes=\"auto, (max-width: 600px) 100vw, 600px\" \/>    <\/div>\n\n    <div class=\"eap__content\">\n        <!-- header -->\n        <header class=\"eap__header\">\n            <h2 class=\"eap__title\"><a href=\"https:\/\/www.modepen.org\/index.php\/events\/vigo-charla-coloquio-sobre-pensions-no-scd-helios-de-bembrive\/\" rel=\"bookmark\">Vigo: Charla-Coloquio sobre Pensi\u00f3ns no SCD Helios de Bembrive<\/a><\/h2>\n                        \n<!-- event meta -->\n<p class=\"eap__meta\">\n            <span class=\"eap__date no-wrap\">\n            <span class=\"dashicons dashicons-calendar-alt\"><\/span> Febreiro 10, 2023        <\/span>\n         |         <span class=\"eap__time no-wrap\">\n            <span class=\"dashicons dashicons-clock\"><\/span> 7:00 pm        <\/span>\n        \n    <br>\n\n    SCD Helios de Bembrive, Vigo, Galiza<\/p>\n\n        <\/header>\n\n        <!-- main -->\n        <main class=\"eap__excerpt\">\n                            <p class=\"eap__more\">\n                    <a href=\"https:\/\/www.modepen.org\/index.php\/events\/vigo-charla-coloquio-sobre-pensions-no-scd-helios-de-bembrive\/\">Read more<\/a>\n                <\/p>\n                        <\/main>\n    <\/div>\n<\/div>\n\n<div id=\"post-2582\" class=\"eap__event\">\n    <div class=\"eap__img\">\n        <img loading=\"lazy\" decoding=\"async\" width=\"329\" height=\"450\" src=\"https:\/\/www.modepen.org\/wp-content\/uploads\/2023\/02\/Concentracion-Val-Minhor-20230206-P.jpg\" class=\"attachment-post-thumbnail size-post-thumbnail wp-post-image\" alt=\"\" srcset=\"https:\/\/www.modepen.org\/wp-content\/uploads\/2023\/02\/Concentracion-Val-Minhor-20230206-P.jpg 329w, https:\/\/www.modepen.org\/wp-content\/uploads\/2023\/02\/Concentracion-Val-Minhor-20230206-P-219x300.jpg 219w, https:\/\/www.modepen.org\/wp-content\/uploads\/2023\/02\/Concentracion-Val-Minhor-20230206-P-110x150.jpg 110w\" sizes=\"auto, (max-width: 329px) 100vw, 329px\" \/>    <\/div>\n\n    <div class=\"eap__content\">\n        <!-- header -->\n        <header class=\"eap__header\">\n            <h2 class=\"eap__title\"><a href=\"https:\/\/www.modepen.org\/index.php\/events\/val-minor-concentracion-o-dia-6-de-febreiro-diante-da-capela-de-san-campio-a-ramallosa\/\" rel=\"bookmark\">Val Mi\u00f1or: Concentraci\u00f3n o d\u00eda 6 de Febreiro, diante da Capela de San Campio (A Ramallosa)<\/a><\/h2>\n                        \n<!-- event meta -->\n<p class=\"eap__meta\">\n            <span class=\"eap__date no-wrap\">\n            <span class=\"dashicons dashicons-calendar-alt\"><\/span> Febreiro 6, 2023        <\/span>\n         |         <span class=\"eap__time no-wrap\">\n            <span class=\"dashicons dashicons-clock\"><\/span> 12:00 pm        <\/span>\n        \n    <br>\n\n    Diante da Capela de San Campio (A Ramallosa), A Ramallosa, Galiza<\/p>\n\n        <\/header>\n\n        <!-- main -->\n        <main class=\"eap__excerpt\">\n                            <p class=\"eap__more\">\n                    <a href=\"https:\/\/www.modepen.org\/index.php\/events\/val-minor-concentracion-o-dia-6-de-febreiro-diante-da-capela-de-san-campio-a-ramallosa\/\">Read more<\/a>\n                <\/p>\n                        <\/main>\n    <\/div>\n<\/div>\n\n<div id=\"post-2586\" class=\"eap__event\">\n    <div class=\"eap__img\">\n        <img loading=\"lazy\" decoding=\"async\" width=\"318\" height=\"450\" src=\"https:\/\/www.modepen.org\/wp-content\/uploads\/2023\/02\/Vigo-2023-02-06-1-P.jpg\" class=\"attachment-post-thumbnail size-post-thumbnail wp-post-image\" alt=\"\" srcset=\"https:\/\/www.modepen.org\/wp-content\/uploads\/2023\/02\/Vigo-2023-02-06-1-P.jpg 318w, https:\/\/www.modepen.org\/wp-content\/uploads\/2023\/02\/Vigo-2023-02-06-1-P-212x300.jpg 212w, https:\/\/www.modepen.org\/wp-content\/uploads\/2023\/02\/Vigo-2023-02-06-1-P-106x150.jpg 106w\" sizes=\"auto, (max-width: 318px) 100vw, 318px\" \/>    <\/div>\n\n    <div class=\"eap__content\">\n        <!-- header -->\n        <header class=\"eap__header\">\n            <h2 class=\"eap__title\"><a href=\"https:\/\/www.modepen.org\/index.php\/events\/vigo-concentracion-o-luns-6-de-febreiro-fronte-a-o-marco-na-rua-principe-non-ao-aumento-de-anos-para-o-calculo-da-pension\/\" rel=\"bookmark\">Vigo: Concentraci\u00f3n o luns, 6 de Febreiro, fronte a o MARCO, na R\u00faa Pr\u00edncipe. Non ao aumento de anos para o c\u00e1lculo da Pensi\u00f3n.<\/a><\/h2>\n                        \n<!-- event meta -->\n<p class=\"eap__meta\">\n            <span class=\"eap__date no-wrap\">\n            <span class=\"dashicons dashicons-calendar-alt\"><\/span> Febreiro 6, 2023        <\/span>\n         |         <span class=\"eap__time no-wrap\">\n            <span class=\"dashicons dashicons-clock\"><\/span> 8:00 pm        <\/span>\n        \n    <br>\n\n    Ddidante do MARCO, na R\u00faa Pr\u00edncipe, Vigo, Galiza<\/p>\n\n        <\/header>\n\n        <!-- main -->\n        <main class=\"eap__excerpt\">\n                            <p class=\"eap__more\">\n                    <a href=\"https:\/\/www.modepen.org\/index.php\/events\/vigo-concentracion-o-luns-6-de-febreiro-fronte-a-o-marco-na-rua-principe-non-ao-aumento-de-anos-para-o-calculo-da-pension\/\">Read more<\/a>\n                <\/p>\n                        <\/main>\n    <\/div>\n<\/div>\n\n<div id=\"post-2572\" class=\"eap__event\">\n    <div class=\"eap__img\">\n        <img loading=\"lazy\" decoding=\"async\" width=\"313\" height=\"450\" src=\"https:\/\/www.modepen.org\/wp-content\/uploads\/2023\/01\/Concentracion-Ribadeo-20230204-P.jpg\" class=\"attachment-post-thumbnail size-post-thumbnail wp-post-image\" alt=\"\" srcset=\"https:\/\/www.modepen.org\/wp-content\/uploads\/2023\/01\/Concentracion-Ribadeo-20230204-P.jpg 313w, https:\/\/www.modepen.org\/wp-content\/uploads\/2023\/01\/Concentracion-Ribadeo-20230204-P-209x300.jpg 209w, https:\/\/www.modepen.org\/wp-content\/uploads\/2023\/01\/Concentracion-Ribadeo-20230204-P-104x150.jpg 104w\" sizes=\"auto, (max-width: 313px) 100vw, 313px\" \/>    <\/div>\n\n    <div class=\"eap__content\">\n        <!-- header -->\n        <header class=\"eap__header\">\n            <h2 class=\"eap__title\"><a href=\"https:\/\/www.modepen.org\/index.php\/events\/ribadeo-concentracion-o-dia-4-de-febreiro-as-12-h-no-canton-dos-moreno-por-ti-por-min-por-todos\/\" rel=\"bookmark\">Ribadeo: Concentraci\u00f3n o d\u00eda 4 de Febreiro, as 12 h. no Cant\u00f3n dos MORENO. Por ti, por min, por todos.<\/a><\/h2>\n                        \n<!-- event meta -->\n<p class=\"eap__meta\">\n            <span class=\"eap__date no-wrap\">\n            <span class=\"dashicons dashicons-calendar-alt\"><\/span> Febreiro 4, 2023        <\/span>\n         |         <span class=\"eap__time no-wrap\">\n            <span class=\"dashicons dashicons-clock\"><\/span> 12:00 pm        <\/span>\n        \n    <br>\n\n    Cant\u00f3n dos Moreno, Ribadeo, Galiza<\/p>\n\n        <\/header>\n\n        <!-- main -->\n        <main class=\"eap__excerpt\">\n                            <p class=\"eap__more\">\n                    <a href=\"https:\/\/www.modepen.org\/index.php\/events\/ribadeo-concentracion-o-dia-4-de-febreiro-as-12-h-no-canton-dos-moreno-por-ti-por-min-por-todos\/\">Read more<\/a>\n                <\/p>\n                        <\/main>\n    <\/div>\n<\/div>\n\n<div id=\"post-2567\" class=\"eap__event\">\n    <div class=\"eap__img\">\n        <img loading=\"lazy\" decoding=\"async\" width=\"338\" height=\"450\" src=\"https:\/\/www.modepen.org\/wp-content\/uploads\/2023\/01\/Concentracion-Cangas-20230203-P.jpg\" class=\"attachment-post-thumbnail size-post-thumbnail wp-post-image\" alt=\"\" srcset=\"https:\/\/www.modepen.org\/wp-content\/uploads\/2023\/01\/Concentracion-Cangas-20230203-P.jpg 338w, https:\/\/www.modepen.org\/wp-content\/uploads\/2023\/01\/Concentracion-Cangas-20230203-P-225x300.jpg 225w, https:\/\/www.modepen.org\/wp-content\/uploads\/2023\/01\/Concentracion-Cangas-20230203-P-113x150.jpg 113w\" sizes=\"auto, (max-width: 338px) 100vw, 338px\" \/>    <\/div>\n\n    <div class=\"eap__content\">\n        <!-- header -->\n        <header class=\"eap__header\">\n            <h2 class=\"eap__title\"><a href=\"https:\/\/www.modepen.org\/index.php\/events\/cangas-concentracion-na-defensa-do-sistema-publico-de-pensions-e-contra-a-sua-privatizacion-o-dia-16-de-decembro-as-1930-h-diante-do-concello-de-cangas-2\/\" rel=\"bookmark\">Cangas: Concentraci\u00f3n na Defensa do Sistema P\u00fablico de Pensi\u00f3ns e contra a sua privatizaci\u00f3n, o d\u00eda 3 de Febreiro, as 19:30 h. diante do Concello de Cangas.<\/a><\/h2>\n                        \n<!-- event meta -->\n<p class=\"eap__meta\">\n            <span class=\"eap__date no-wrap\">\n            <span class=\"dashicons dashicons-calendar-alt\"><\/span> Febreiro 3, 2023        <\/span>\n         |         <span class=\"eap__time no-wrap\">\n            <span class=\"dashicons dashicons-clock\"><\/span> 7:30 pm        <\/span>\n        \n    <br>\n\n    Diante do Concello, Cangas do Morrazo, Galiza<\/p>\n\n        <\/header>\n\n        <!-- main -->\n        <main class=\"eap__excerpt\">\n                            <p class=\"eap__more\">\n                    <a href=\"https:\/\/www.modepen.org\/index.php\/events\/cangas-concentracion-na-defensa-do-sistema-publico-de-pensions-e-contra-a-sua-privatizacion-o-dia-16-de-decembro-as-1930-h-diante-do-concello-de-cangas-2\/\">Read more<\/a>\n                <\/p>\n                        <\/main>\n    <\/div>\n<\/div>\n\n<div id=\"post-2563\" class=\"eap__event\">\n    <div class=\"eap__img\">\n            <\/div>\n\n    <div class=\"eap__content\">\n        <!-- header -->\n        <header class=\"eap__header\">\n            <h2 class=\"eap__title\"><a href=\"https:\/\/www.modepen.org\/index.php\/events\/concentracion-na-praza-roxa-de-santiago-solidaridade-coa-xente-pensionista-e-traballadora-de-franza\/\" rel=\"bookmark\">Concentraci\u00f3n na Praza Roxa de Santiago: Solidaridade coa xente pensionista e traballadora de Franza<\/a><\/h2>\n                        \n<!-- event meta -->\n<p class=\"eap__meta\">\n            <span class=\"eap__date no-wrap\">\n            <span class=\"dashicons dashicons-calendar-alt\"><\/span> Xaneiro 20, 2023        <\/span>\n         |         <span class=\"eap__time no-wrap\">\n            <span class=\"dashicons dashicons-clock\"><\/span> 12:30 pm        <\/span>\n        \n    <br>\n\n    Praza Roxa, Santiago de Compostela, Galiza<\/p>\n\n        <\/header>\n\n        <!-- main -->\n        <main class=\"eap__excerpt\">\n                            <p class=\"eap__more\">\n                    <a href=\"https:\/\/www.modepen.org\/index.php\/events\/concentracion-na-praza-roxa-de-santiago-solidaridade-coa-xente-pensionista-e-traballadora-de-franza\/\">Read more<\/a>\n                <\/p>\n                        <\/main>\n    <\/div>\n<\/div>\n\n<div id=\"post-2538\" class=\"eap__event\">\n    <div class=\"eap__img\">\n        <img loading=\"lazy\" decoding=\"async\" width=\"317\" height=\"450\" src=\"https:\/\/www.modepen.org\/wp-content\/uploads\/2023\/01\/Concentracion-Val-Minor-20230109-P.jpg\" class=\"attachment-post-thumbnail size-post-thumbnail wp-post-image\" alt=\"\" srcset=\"https:\/\/www.modepen.org\/wp-content\/uploads\/2023\/01\/Concentracion-Val-Minor-20230109-P.jpg 317w, https:\/\/www.modepen.org\/wp-content\/uploads\/2023\/01\/Concentracion-Val-Minor-20230109-P-211x300.jpg 211w, https:\/\/www.modepen.org\/wp-content\/uploads\/2023\/01\/Concentracion-Val-Minor-20230109-P-106x150.jpg 106w\" sizes=\"auto, (max-width: 317px) 100vw, 317px\" \/>    <\/div>\n\n    <div class=\"eap__content\">\n        <!-- header -->\n        <header class=\"eap__header\">\n            <h2 class=\"eap__title\"><a href=\"https:\/\/www.modepen.org\/index.php\/events\/val-minor-concentracion-o-dia-9-de-xaneiro-diante-da-capela-de-san-campio-a-ramallosa\/\" rel=\"bookmark\">Val Mi\u00f1or: Concentraci\u00f3n o d\u00eda 9 de Xaneiro, diante da Capela de San Campio (A Ramallosa)<\/a><\/h2>\n                        \n<!-- event meta -->\n<p class=\"eap__meta\">\n            <span class=\"eap__date no-wrap\">\n            <span class=\"dashicons dashicons-calendar-alt\"><\/span> Xaneiro 9, 2023        <\/span>\n         |         <span class=\"eap__time no-wrap\">\n            <span class=\"dashicons dashicons-clock\"><\/span> 12:00 pm        <\/span>\n        \n    <br>\n\n    diante da Capela de San Campio, A Ramallosa, Galiza<\/p>\n\n        <\/header>\n\n        <!-- main -->\n        <main class=\"eap__excerpt\">\n                            <p class=\"eap__more\">\n                    <a href=\"https:\/\/www.modepen.org\/index.php\/events\/val-minor-concentracion-o-dia-9-de-xaneiro-diante-da-capela-de-san-campio-a-ramallosa\/\">Read more<\/a>\n                <\/p>\n                        <\/main>\n    <\/div>\n<\/div>\n\n<div id=\"post-2527\" class=\"eap__event\">\n    <div class=\"eap__img\">\n        <img loading=\"lazy\" decoding=\"async\" width=\"351\" height=\"450\" src=\"https:\/\/www.modepen.org\/wp-content\/uploads\/2022\/12\/Concentracion-Ribadeo-20230107-P.jpg\" class=\"attachment-post-thumbnail size-post-thumbnail wp-post-image\" alt=\"\" srcset=\"https:\/\/www.modepen.org\/wp-content\/uploads\/2022\/12\/Concentracion-Ribadeo-20230107-P.jpg 351w, https:\/\/www.modepen.org\/wp-content\/uploads\/2022\/12\/Concentracion-Ribadeo-20230107-P-234x300.jpg 234w, https:\/\/www.modepen.org\/wp-content\/uploads\/2022\/12\/Concentracion-Ribadeo-20230107-P-117x150.jpg 117w\" sizes=\"auto, (max-width: 351px) 100vw, 351px\" \/>    <\/div>\n\n    <div class=\"eap__content\">\n        <!-- header -->\n        <header class=\"eap__header\">\n            <h2 class=\"eap__title\"><a href=\"https:\/\/www.modepen.org\/index.php\/events\/ribadeo-concentracion-o-dia-7-de-xaneiro-as-12-h-no-canton-dos-moreno-por-ti-por-min-por-todos\/\" rel=\"bookmark\">Ribadeo: Concentraci\u00f3n o d\u00eda 7 de Xaneiro, as 12 h. no Cant\u00f3n dos MORENO. Por ti, por min, por todos.<\/a><\/h2>\n                        \n<!-- event meta -->\n<p class=\"eap__meta\">\n            <span class=\"eap__date no-wrap\">\n            <span class=\"dashicons dashicons-calendar-alt\"><\/span> Xaneiro 7, 2023        <\/span>\n         |         <span class=\"eap__time no-wrap\">\n            <span class=\"dashicons dashicons-clock\"><\/span> 12:00 pm        <\/span>\n        \n    <br>\n\n    Cant\u00f3n dos Moreno, Ribadeo, Galiza<\/p>\n\n        <\/header>\n\n        <!-- main -->\n        <main class=\"eap__excerpt\">\n                            <p class=\"eap__more\">\n                    <a href=\"https:\/\/www.modepen.org\/index.php\/events\/ribadeo-concentracion-o-dia-7-de-xaneiro-as-12-h-no-canton-dos-moreno-por-ti-por-min-por-todos\/\">Read more<\/a>\n                <\/p>\n                        <\/main>\n    <\/div>\n<\/div>\n\n<div id=\"post-2523\" class=\"eap__event\">\n    <div class=\"eap__img\">\n        <img loading=\"lazy\" decoding=\"async\" width=\"318\" height=\"450\" src=\"https:\/\/www.modepen.org\/wp-content\/uploads\/2022\/12\/Concentracion-Vigo-20230102-P.jpg\" class=\"attachment-post-thumbnail size-post-thumbnail wp-post-image\" alt=\"\" srcset=\"https:\/\/www.modepen.org\/wp-content\/uploads\/2022\/12\/Concentracion-Vigo-20230102-P.jpg 318w, https:\/\/www.modepen.org\/wp-content\/uploads\/2022\/12\/Concentracion-Vigo-20230102-P-212x300.jpg 212w, https:\/\/www.modepen.org\/wp-content\/uploads\/2022\/12\/Concentracion-Vigo-20230102-P-106x150.jpg 106w\" sizes=\"auto, (max-width: 318px) 100vw, 318px\" \/>    <\/div>\n\n    <div class=\"eap__content\">\n        <!-- header -->\n        <header class=\"eap__header\">\n            <h2 class=\"eap__title\"><a href=\"https:\/\/www.modepen.org\/index.php\/events\/vigo-concentracion-o-luns-2-de-xaneiro-fronte-a-o-marco-na-rua-principe-ano-novo-e-a-loita-continua\/\" rel=\"bookmark\">Vigo: Concentraci\u00f3n o luns, 2 de Xaneiro, fronte a o MARCO, na R\u00faa Pr\u00edncipe. Ano Novo e a Loita Contin\u00faa.<\/a><\/h2>\n                        \n<!-- event meta -->\n<p class=\"eap__meta\">\n            <span class=\"eap__date no-wrap\">\n            <span class=\"dashicons dashicons-calendar-alt\"><\/span> Xaneiro 2, 2023        <\/span>\n         |         <span class=\"eap__time no-wrap\">\n            <span class=\"dashicons dashicons-clock\"><\/span> 8:00 pm        <\/span>\n        \n    <br>\n\n    Diante do MARCO, na R\u00faa Pr\u00edncipe, Vigo, Galiza<\/p>\n\n        <\/header>\n\n        <!-- main -->\n        <main class=\"eap__excerpt\">\n                            <p class=\"eap__more\">\n                    <a href=\"https:\/\/www.modepen.org\/index.php\/events\/vigo-concentracion-o-luns-2-de-xaneiro-fronte-a-o-marco-na-rua-principe-ano-novo-e-a-loita-continua\/\">Read more<\/a>\n                <\/p>\n                        <\/main>\n    <\/div>\n<\/div>\n\n<div id=\"post-2518\" class=\"eap__event\">\n    <div class=\"eap__img\">\n        <img loading=\"lazy\" decoding=\"async\" width=\"338\" height=\"450\" src=\"https:\/\/www.modepen.org\/wp-content\/uploads\/2022\/12\/Concentracion-Cangas-20221216-P.jpg\" class=\"attachment-post-thumbnail size-post-thumbnail wp-post-image\" alt=\"\" srcset=\"https:\/\/www.modepen.org\/wp-content\/uploads\/2022\/12\/Concentracion-Cangas-20221216-P.jpg 338w, https:\/\/www.modepen.org\/wp-content\/uploads\/2022\/12\/Concentracion-Cangas-20221216-P-225x300.jpg 225w, https:\/\/www.modepen.org\/wp-content\/uploads\/2022\/12\/Concentracion-Cangas-20221216-P-113x150.jpg 113w\" sizes=\"auto, (max-width: 338px) 100vw, 338px\" \/>    <\/div>\n\n    <div class=\"eap__content\">\n        <!-- header -->\n        <header class=\"eap__header\">\n            <h2 class=\"eap__title\"><a href=\"https:\/\/www.modepen.org\/index.php\/events\/cangas-concentracion-na-defensa-do-sistema-publico-de-pensions-e-contra-a-sua-privatizacion-o-dia-16-de-decembro-as-1930-h-diante-do-concello-de-cangas\/\" rel=\"bookmark\">Cangas: Concentraci\u00f3n na Defensa do Sistema P\u00fablico de Pensi\u00f3ns e contra a sua privatizaci\u00f3n, o d\u00eda 16 de Decembro, as 19:30 h. diante do Concello de Cangas.<\/a><\/h2>\n                        \n<!-- event meta -->\n<p class=\"eap__meta\">\n            <span class=\"eap__date no-wrap\">\n            <span class=\"dashicons dashicons-calendar-alt\"><\/span> Decembro 16, 2022        <\/span>\n         |         <span class=\"eap__time no-wrap\">\n            <span class=\"dashicons dashicons-clock\"><\/span> 7:30 pm        <\/span>\n        \n    <br>\n\n    Diante do Concello, Cangas do Morrazo, Galiza<\/p>\n\n        <\/header>\n\n        <!-- main -->\n        <main class=\"eap__excerpt\">\n                            <p class=\"eap__more\">\n                    <a href=\"https:\/\/www.modepen.org\/index.php\/events\/cangas-concentracion-na-defensa-do-sistema-publico-de-pensions-e-contra-a-sua-privatizacion-o-dia-16-de-decembro-as-1930-h-diante-do-concello-de-cangas\/\">Read more<\/a>\n                <\/p>\n                        <\/main>\n    <\/div>\n<\/div>\n\n<div id=\"post-2514\" class=\"eap__event\">\n    <div class=\"eap__img\">\n        <img loading=\"lazy\" decoding=\"async\" width=\"318\" height=\"450\" src=\"https:\/\/www.modepen.org\/wp-content\/uploads\/2022\/12\/Concentracion-Val-Minor-20221212-P.jpg\" class=\"attachment-post-thumbnail size-post-thumbnail wp-post-image\" alt=\"\" srcset=\"https:\/\/www.modepen.org\/wp-content\/uploads\/2022\/12\/Concentracion-Val-Minor-20221212-P.jpg 318w, https:\/\/www.modepen.org\/wp-content\/uploads\/2022\/12\/Concentracion-Val-Minor-20221212-P-212x300.jpg 212w, https:\/\/www.modepen.org\/wp-content\/uploads\/2022\/12\/Concentracion-Val-Minor-20221212-P-106x150.jpg 106w\" sizes=\"auto, (max-width: 318px) 100vw, 318px\" \/>    <\/div>\n\n    <div class=\"eap__content\">\n        <!-- header -->\n        <header class=\"eap__header\">\n            <h2 class=\"eap__title\"><a href=\"https:\/\/www.modepen.org\/index.php\/events\/val-minor-concentracion-o-dia-12-de-decembro-diante-da-capela-de-san-campio-a-ramallosa\/\" rel=\"bookmark\">Val Mi\u00f1or: Concentraci\u00f3n o d\u00eda 12 de Decembro, diante da Capela de San Campio (A Ramallosa)<\/a><\/h2>\n                        \n<!-- event meta -->\n<p class=\"eap__meta\">\n            <span class=\"eap__date no-wrap\">\n            <span class=\"dashicons dashicons-calendar-alt\"><\/span> Decembro 12, 2022        <\/span>\n         |         <span class=\"eap__time no-wrap\">\n            <span class=\"dashicons dashicons-clock\"><\/span> 12:00 pm        <\/span>\n        \n    <br>\n\n    Diante da Capela de an Campio (A Ramallosa), Val Mi\u00f1or, Galiza<\/p>\n\n        <\/header>\n\n        <!-- main -->\n        <main class=\"eap__excerpt\">\n                            <p class=\"eap__more\">\n                    <a href=\"https:\/\/www.modepen.org\/index.php\/events\/val-minor-concentracion-o-dia-12-de-decembro-diante-da-capela-de-san-campio-a-ramallosa\/\">Read more<\/a>\n                <\/p>\n                        <\/main>\n    <\/div>\n<\/div>\n\n<div id=\"post-2486\" class=\"eap__event\">\n    <div class=\"eap__img\">\n        <img loading=\"lazy\" decoding=\"async\" width=\"318\" height=\"450\" src=\"https:\/\/www.modepen.org\/wp-content\/uploads\/2022\/11\/Concentracion-Vigo-20221205-P.jpg\" class=\"attachment-post-thumbnail size-post-thumbnail wp-post-image\" alt=\"\" srcset=\"https:\/\/www.modepen.org\/wp-content\/uploads\/2022\/11\/Concentracion-Vigo-20221205-P.jpg 318w, https:\/\/www.modepen.org\/wp-content\/uploads\/2022\/11\/Concentracion-Vigo-20221205-P-212x300.jpg 212w, https:\/\/www.modepen.org\/wp-content\/uploads\/2022\/11\/Concentracion-Vigo-20221205-P-106x150.jpg 106w\" sizes=\"auto, (max-width: 318px) 100vw, 318px\" \/>    <\/div>\n\n    <div class=\"eap__content\">\n        <!-- header -->\n        <header class=\"eap__header\">\n            <h2 class=\"eap__title\"><a href=\"https:\/\/www.modepen.org\/index.php\/events\/vigo-concentracion-o-luns-5-de-decembro-fronte-a-o-marco-na-rua-principe\/\" rel=\"bookmark\">Vigo: Concentraci\u00f3n o luns, 5 de Decembro, fronte a o MARCO, na R\u00faa Pr\u00edncipe.<\/a><\/h2>\n                        \n<!-- event meta -->\n<p class=\"eap__meta\">\n            <span class=\"eap__date no-wrap\">\n            <span class=\"dashicons dashicons-calendar-alt\"><\/span> Decembro 5, 2022        <\/span>\n         |         <span class=\"eap__time no-wrap\">\n            <span class=\"dashicons dashicons-clock\"><\/span> 8:00 pm        <\/span>\n        \n    <br>\n\n    Fronte a o MARCO, na R\u00faa Pr\u00edncipe, Vigo, Galiza<\/p>\n\n        <\/header>\n\n        <!-- main -->\n        <main class=\"eap__excerpt\">\n                            <p class=\"eap__more\">\n                    <a href=\"https:\/\/www.modepen.org\/index.php\/events\/vigo-concentracion-o-luns-5-de-decembro-fronte-a-o-marco-na-rua-principe\/\">Read more<\/a>\n                <\/p>\n                        <\/main>\n    <\/div>\n<\/div>\n\n<div id=\"post-2482\" class=\"eap__event\">\n    <div class=\"eap__img\">\n        <img loading=\"lazy\" decoding=\"async\" width=\"351\" height=\"450\" src=\"https:\/\/www.modepen.org\/wp-content\/uploads\/2022\/11\/Concentracion-Ribadeo-20221203-P.jpg\" class=\"attachment-post-thumbnail size-post-thumbnail wp-post-image\" alt=\"\" srcset=\"https:\/\/www.modepen.org\/wp-content\/uploads\/2022\/11\/Concentracion-Ribadeo-20221203-P.jpg 351w, https:\/\/www.modepen.org\/wp-content\/uploads\/2022\/11\/Concentracion-Ribadeo-20221203-P-234x300.jpg 234w, https:\/\/www.modepen.org\/wp-content\/uploads\/2022\/11\/Concentracion-Ribadeo-20221203-P-117x150.jpg 117w\" sizes=\"auto, (max-width: 351px) 100vw, 351px\" \/>    <\/div>\n\n    <div class=\"eap__content\">\n        <!-- header -->\n        <header class=\"eap__header\">\n            <h2 class=\"eap__title\"><a href=\"https:\/\/www.modepen.org\/index.php\/events\/ribadeo-concentracion-o-dia-3-de-decembro-as-12-h-no-canton-dos-moreno\/\" rel=\"bookmark\">Ribadeo: Concentraci\u00f3n o d\u00eda 3 de Decembro, as 12 h. no Cant\u00f3n dos MORENO<\/a><\/h2>\n                        \n<!-- event meta -->\n<p class=\"eap__meta\">\n            <span class=\"eap__date no-wrap\">\n            <span class=\"dashicons dashicons-calendar-alt\"><\/span> Decembro 3, 2022        <\/span>\n         |         <span class=\"eap__time no-wrap\">\n            <span class=\"dashicons dashicons-clock\"><\/span> 12:00 pm        <\/span>\n        \n    <br>\n\n    Cant\u00f3n dos MORENO, Ribadeo, Galiza<\/p>\n\n        <\/header>\n\n        <!-- main -->\n        <main class=\"eap__excerpt\">\n                            <p class=\"eap__more\">\n                    <a href=\"https:\/\/www.modepen.org\/index.php\/events\/ribadeo-concentracion-o-dia-3-de-decembro-as-12-h-no-canton-dos-moreno\/\">Read more<\/a>\n                <\/p>\n                        <\/main>\n    <\/div>\n<\/div>\n\n<div id=\"post-2467\" class=\"eap__event\">\n    <div class=\"eap__img\">\n        <img loading=\"lazy\" decoding=\"async\" width=\"318\" height=\"450\" src=\"https:\/\/www.modepen.org\/wp-content\/uploads\/2022\/11\/Charla-informativa-en-Palavea-A-Coruna-P.jpg\" class=\"attachment-post-thumbnail size-post-thumbnail wp-post-image\" alt=\"\" srcset=\"https:\/\/www.modepen.org\/wp-content\/uploads\/2022\/11\/Charla-informativa-en-Palavea-A-Coruna-P.jpg 318w, https:\/\/www.modepen.org\/wp-content\/uploads\/2022\/11\/Charla-informativa-en-Palavea-A-Coruna-P-212x300.jpg 212w, https:\/\/www.modepen.org\/wp-content\/uploads\/2022\/11\/Charla-informativa-en-Palavea-A-Coruna-P-106x150.jpg 106w\" sizes=\"auto, (max-width: 318px) 100vw, 318px\" \/>    <\/div>\n\n    <div class=\"eap__content\">\n        <!-- header -->\n        <header class=\"eap__header\">\n            <h2 class=\"eap__title\"><a href=\"https:\/\/www.modepen.org\/index.php\/events\/charla-informativa-o-futuro-das-pensions\/\" rel=\"bookmark\">Charla Informativa: O Futuro das Pensi\u00f3ns<\/a><\/h2>\n                        \n<!-- event meta -->\n<p class=\"eap__meta\">\n            <span class=\"eap__date no-wrap\">\n            <span class=\"dashicons dashicons-calendar-alt\"><\/span> Novembro 24, 2022        <\/span>\n         |         <span class=\"eap__time no-wrap\">\n            <span class=\"dashicons dashicons-clock\"><\/span> 6:00 pm        <\/span>\n        \n    <br>\n\n    Centro C\u00edvico de Palavea, Coru\u00f1a, Galiza<\/p>\n\n        <\/header>\n\n        <!-- main -->\n        <main class=\"eap__excerpt\">\n                            <p class=\"eap__more\">\n                    <a href=\"https:\/\/www.modepen.org\/index.php\/events\/charla-informativa-o-futuro-das-pensions\/\">Read more<\/a>\n                <\/p>\n                        <\/main>\n    <\/div>\n<\/div>\n\n<div id=\"post-2452\" class=\"eap__event\">\n    <div class=\"eap__img\">\n        <img loading=\"lazy\" decoding=\"async\" width=\"337\" height=\"450\" src=\"https:\/\/www.modepen.org\/wp-content\/uploads\/2022\/11\/221119_Cartaz-Con-Siglas-P.jpg\" class=\"attachment-post-thumbnail size-post-thumbnail wp-post-image\" alt=\"\" srcset=\"https:\/\/www.modepen.org\/wp-content\/uploads\/2022\/11\/221119_Cartaz-Con-Siglas-P.jpg 337w, https:\/\/www.modepen.org\/wp-content\/uploads\/2022\/11\/221119_Cartaz-Con-Siglas-P-225x300.jpg 225w, https:\/\/www.modepen.org\/wp-content\/uploads\/2022\/11\/221119_Cartaz-Con-Siglas-P-112x150.jpg 112w\" sizes=\"auto, (max-width: 337px) 100vw, 337px\" \/>    <\/div>\n\n    <div class=\"eap__content\">\n        <!-- header -->\n        <header class=\"eap__header\">\n            <h2 class=\"eap__title\"><a href=\"https:\/\/www.modepen.org\/index.php\/events\/manifestacion-en-santiago-o-19-de-novembro-en-defensa-dos-servizos-publicos-e-o-estado-do-benestar\/\" rel=\"bookmark\">Manifestaci\u00f3n en Santiago o 19 de Novembro en defensa dos Servizos P\u00fablicos e o Estado do Benestar.<\/a><\/h2>\n                        \n<!-- event meta -->\n<p class=\"eap__meta\">\n            <span class=\"eap__date no-wrap\">\n            <span class=\"dashicons dashicons-calendar-alt\"><\/span> Novembro 19, 2022        <\/span>\n         |         <span class=\"eap__time no-wrap\">\n            <span class=\"dashicons dashicons-clock\"><\/span> 12:00 pm        <\/span>\n        \n    <br>\n\n    Dende a Alameda hasta as Plater\u00edas, Santiago de Conpostela, Galiza<\/p>\n\n        <\/header>\n\n        <!-- main -->\n        <main class=\"eap__excerpt\">\n                            <p class=\"eap__more\">\n                    <a href=\"https:\/\/www.modepen.org\/index.php\/events\/manifestacion-en-santiago-o-19-de-novembro-en-defensa-dos-servizos-publicos-e-o-estado-do-benestar\/\">Read more<\/a>\n                <\/p>\n                        <\/main>\n    <\/div>\n<\/div>\n\n<div id=\"post-2426\" class=\"eap__event\">\n    <div class=\"eap__img\">\n        <img loading=\"lazy\" decoding=\"async\" width=\"318\" height=\"450\" src=\"https:\/\/www.modepen.org\/wp-content\/uploads\/2022\/10\/Cartaz-Concentracion-Vigo-2022-11-07-P.jpg\" class=\"attachment-post-thumbnail size-post-thumbnail wp-post-image\" alt=\"\" srcset=\"https:\/\/www.modepen.org\/wp-content\/uploads\/2022\/10\/Cartaz-Concentracion-Vigo-2022-11-07-P.jpg 318w, https:\/\/www.modepen.org\/wp-content\/uploads\/2022\/10\/Cartaz-Concentracion-Vigo-2022-11-07-P-212x300.jpg 212w, https:\/\/www.modepen.org\/wp-content\/uploads\/2022\/10\/Cartaz-Concentracion-Vigo-2022-11-07-P-106x150.jpg 106w\" sizes=\"auto, (max-width: 318px) 100vw, 318px\" \/>    <\/div>\n\n    <div class=\"eap__content\">\n        <!-- header -->\n        <header class=\"eap__header\">\n            <h2 class=\"eap__title\"><a href=\"https:\/\/www.modepen.org\/index.php\/events\/vigo-concentracion-polas\/\" rel=\"bookmark\">Vigo: Concentraci\u00f3n polas Pensi\u00f3ns P\u00fablicas, o luns, 7 de Novembro, fronte a o MARCO, na R\u00faa Pr\u00edncipe.<\/a><\/h2>\n                        \n<!-- event meta -->\n<p class=\"eap__meta\">\n            <span class=\"eap__date no-wrap\">\n            <span class=\"dashicons dashicons-calendar-alt\"><\/span> Novembro 7, 2022        <\/span>\n         |         <span class=\"eap__time no-wrap\">\n            <span class=\"dashicons dashicons-clock\"><\/span> 8:00 pm        <\/span>\n        \n    <br>\n\n    Diante do MARCO, R\u00faa Pr\u00edncipe, Vigo, Galiza<\/p>\n\n        <\/header>\n\n        <!-- main -->\n        <main class=\"eap__excerpt\">\n                            <p class=\"eap__more\">\n                    <a href=\"https:\/\/www.modepen.org\/index.php\/events\/vigo-concentracion-polas\/\">Read more<\/a>\n                <\/p>\n                        <\/main>\n    <\/div>\n<\/div>\n\n<div id=\"post-2441\" class=\"eap__event\">\n    <div class=\"eap__img\">\n        <img loading=\"lazy\" decoding=\"async\" width=\"317\" height=\"450\" src=\"https:\/\/www.modepen.org\/wp-content\/uploads\/2022\/11\/Concentracion-Val-Minor-20221107-P.jpg\" class=\"attachment-post-thumbnail size-post-thumbnail wp-post-image\" alt=\"\" srcset=\"https:\/\/www.modepen.org\/wp-content\/uploads\/2022\/11\/Concentracion-Val-Minor-20221107-P.jpg 317w, https:\/\/www.modepen.org\/wp-content\/uploads\/2022\/11\/Concentracion-Val-Minor-20221107-P-211x300.jpg 211w, https:\/\/www.modepen.org\/wp-content\/uploads\/2022\/11\/Concentracion-Val-Minor-20221107-P-106x150.jpg 106w\" sizes=\"auto, (max-width: 317px) 100vw, 317px\" \/>    <\/div>\n\n    <div class=\"eap__content\">\n        <!-- header -->\n        <header class=\"eap__header\">\n            <h2 class=\"eap__title\"><a href=\"https:\/\/www.modepen.org\/index.php\/events\/val-minor-concentracion-o-dia-7-de-novembro-diante-da-capela-de-san-campio-a-ramallosa\/\" rel=\"bookmark\">Val Mi\u00f1or: Concentraci\u00f3n o d\u00eda 7 de Novembro, diante da Capela de San Campio (A Ramallosa)<\/a><\/h2>\n                        \n<!-- event meta -->\n<p class=\"eap__meta\">\n            <span class=\"eap__date no-wrap\">\n            <span class=\"dashicons dashicons-calendar-alt\"><\/span> Novembro 7, 2022        <\/span>\n         |         <span class=\"eap__time no-wrap\">\n            <span class=\"dashicons dashicons-clock\"><\/span> 12:00 pm        <\/span>\n        \n    <br>\n\n    Diante da Capela de San Campio (A Ramallosa), A Ramallosa, Galiza<\/p>\n\n        <\/header>\n\n        <!-- main -->\n        <main class=\"eap__excerpt\">\n                            <p class=\"eap__more\">\n                    <a href=\"https:\/\/www.modepen.org\/index.php\/events\/val-minor-concentracion-o-dia-7-de-novembro-diante-da-capela-de-san-campio-a-ramallosa\/\">Read more<\/a>\n                <\/p>\n                        <\/main>\n    <\/div>\n<\/div>\n\n<div id=\"post-2431\" class=\"eap__event\">\n    <div class=\"eap__img\">\n        <img loading=\"lazy\" decoding=\"async\" width=\"351\" height=\"450\" src=\"https:\/\/www.modepen.org\/wp-content\/uploads\/2022\/10\/Concentracion-Ribadeo-202210056-P.jpg\" class=\"attachment-post-thumbnail size-post-thumbnail wp-post-image\" alt=\"\" srcset=\"https:\/\/www.modepen.org\/wp-content\/uploads\/2022\/10\/Concentracion-Ribadeo-202210056-P.jpg 351w, https:\/\/www.modepen.org\/wp-content\/uploads\/2022\/10\/Concentracion-Ribadeo-202210056-P-234x300.jpg 234w, https:\/\/www.modepen.org\/wp-content\/uploads\/2022\/10\/Concentracion-Ribadeo-202210056-P-117x150.jpg 117w\" sizes=\"auto, (max-width: 351px) 100vw, 351px\" \/>    <\/div>\n\n    <div class=\"eap__content\">\n        <!-- header -->\n        <header class=\"eap__header\">\n            <h2 class=\"eap__title\"><a href=\"https:\/\/www.modepen.org\/index.php\/events\/ribadeo-concentracion-o-dia-5-de-novembro-as-12-h-no-canton-dos-moreno\/\" rel=\"bookmark\">Ribadeo: Concentraci\u00f3n o d\u00eda 5 de Novembro, as 12 h. no Cant\u00f3n dos MORENO<\/a><\/h2>\n                        \n<!-- event meta -->\n<p class=\"eap__meta\">\n            <span class=\"eap__date no-wrap\">\n            <span class=\"dashicons dashicons-calendar-alt\"><\/span> Novembro 5, 2022        <\/span>\n         |         <span class=\"eap__time no-wrap\">\n            <span class=\"dashicons dashicons-clock\"><\/span> 12:00 pm        <\/span>\n        \n    <br>\n\n    Cant\u00f3n dos MORENO, Ribadeo, Galiza<\/p>\n\n        <\/header>\n\n        <!-- main -->\n        <main class=\"eap__excerpt\">\n                            <p class=\"eap__more\">\n                    <a href=\"https:\/\/www.modepen.org\/index.php\/events\/ribadeo-concentracion-o-dia-5-de-novembro-as-12-h-no-canton-dos-moreno\/\">Read more<\/a>\n                <\/p>\n                        <\/main>\n    <\/div>\n<\/div>\n\n<div id=\"post-2416\" class=\"eap__event\">\n    <div class=\"eap__img\">\n        <img loading=\"lazy\" decoding=\"async\" width=\"600\" height=\"450\" src=\"https:\/\/www.modepen.org\/wp-content\/uploads\/2022\/10\/Conferencia-Paco-Vizoso-20221026-Compostela-G.jpg\" class=\"attachment-post-thumbnail size-post-thumbnail wp-post-image\" alt=\"\" srcset=\"https:\/\/www.modepen.org\/wp-content\/uploads\/2022\/10\/Conferencia-Paco-Vizoso-20221026-Compostela-G.jpg 600w, https:\/\/www.modepen.org\/wp-content\/uploads\/2022\/10\/Conferencia-Paco-Vizoso-20221026-Compostela-G-300x225.jpg 300w, https:\/\/www.modepen.org\/wp-content\/uploads\/2022\/10\/Conferencia-Paco-Vizoso-20221026-Compostela-G-150x113.jpg 150w\" sizes=\"auto, (max-width: 600px) 100vw, 600px\" \/>    <\/div>\n\n    <div class=\"eap__content\">\n        <!-- header -->\n        <header class=\"eap__header\">\n            <h2 class=\"eap__title\"><a href=\"https:\/\/www.modepen.org\/index.php\/events\/santiago-charla-coloquioservizos-sociais-para-as-persoas-maiores-residencias-saf-poucos-e-carisimos\/\" rel=\"bookmark\">Santiago: Charla-Coloquio: Servizos Sociais para as persoas maiores (residencias, SAF, &#8230;): poucos e car\u00edsimos.<\/a><\/h2>\n                        \n<!-- event meta -->\n<p class=\"eap__meta\">\n            <span class=\"eap__date no-wrap\">\n            <span class=\"dashicons dashicons-calendar-alt\"><\/span> Outubro 26, 2022        <\/span>\n         |         <span class=\"eap__time no-wrap\">\n            <span class=\"dashicons dashicons-clock\"><\/span> 6:00 pm        <\/span>\n        \n    <br>\n\n    Algalia de Arriba, 31 - Asoc., Santiago de Compostela, Galiza<\/p>\n\n        <\/header>\n\n        <!-- main -->\n        <main class=\"eap__excerpt\">\n                            <p class=\"eap__more\">\n                    <a href=\"https:\/\/www.modepen.org\/index.php\/events\/santiago-charla-coloquioservizos-sociais-para-as-persoas-maiores-residencias-saf-poucos-e-carisimos\/\">Read more<\/a>\n                <\/p>\n                        <\/main>\n    <\/div>\n<\/div>\n\n<div id=\"post-2352\" class=\"eap__event\">\n    <div class=\"eap__img\">\n        <img loading=\"lazy\" decoding=\"async\" width=\"337\" height=\"450\" src=\"https:\/\/www.modepen.org\/wp-content\/uploads\/2022\/08\/Manifestacion-Madrid-20221015-P.jpg\" class=\"attachment-post-thumbnail size-post-thumbnail wp-post-image\" alt=\"\" srcset=\"https:\/\/www.modepen.org\/wp-content\/uploads\/2022\/08\/Manifestacion-Madrid-20221015-P.jpg 337w, https:\/\/www.modepen.org\/wp-content\/uploads\/2022\/08\/Manifestacion-Madrid-20221015-P-225x300.jpg 225w, https:\/\/www.modepen.org\/wp-content\/uploads\/2022\/08\/Manifestacion-Madrid-20221015-P-112x150.jpg 112w\" sizes=\"auto, (max-width: 337px) 100vw, 337px\" \/>    <\/div>\n\n    <div class=\"eap__content\">\n        <!-- header -->\n        <header class=\"eap__header\">\n            <h2 class=\"eap__title\"><a href=\"https:\/\/www.modepen.org\/index.php\/events\/manifestacion-en-madrid-o-15-de-outubro-telefonos-reserva-prazas-autobuses-desde-galicia\/\" rel=\"bookmark\">Manifestaci\u00f3n en Madrid o 15 de Outubro. Tel\u00e9fonos reserva prazas autobuses desde Galicia.<\/a><\/h2>\n                        \n<!-- event meta -->\n<p class=\"eap__meta\">\n            <span class=\"eap__date no-wrap\">\n            <span class=\"dashicons dashicons-calendar-alt\"><\/span> Outubro 15, 2022        <\/span>\n         |         <span class=\"eap__time no-wrap\">\n            <span class=\"dashicons dashicons-clock\"><\/span> 12:00 pm        <\/span>\n        \n    <br>\n\n    Plaza de Neptuno, Madrid, Espa\u00f1a<\/p>\n\n        <\/header>\n\n        <!-- main -->\n        <main class=\"eap__excerpt\">\n                            <p class=\"eap__more\">\n                    <a href=\"https:\/\/www.modepen.org\/index.php\/events\/manifestacion-en-madrid-o-15-de-outubro-telefonos-reserva-prazas-autobuses-desde-galicia\/\">Read more<\/a>\n                <\/p>\n                        <\/main>\n    <\/div>\n<\/div>\n\n<div id=\"post-2391\" class=\"eap__event\">\n    <div class=\"eap__img\">\n        <img loading=\"lazy\" decoding=\"async\" width=\"338\" height=\"450\" src=\"https:\/\/www.modepen.org\/wp-content\/uploads\/2022\/10\/Charla-Cangas-20221011-P.jpg\" class=\"attachment-post-thumbnail size-post-thumbnail wp-post-image\" alt=\"\" srcset=\"https:\/\/www.modepen.org\/wp-content\/uploads\/2022\/10\/Charla-Cangas-20221011-P.jpg 338w, https:\/\/www.modepen.org\/wp-content\/uploads\/2022\/10\/Charla-Cangas-20221011-P-225x300.jpg 225w, https:\/\/www.modepen.org\/wp-content\/uploads\/2022\/10\/Charla-Cangas-20221011-P-113x150.jpg 113w\" sizes=\"auto, (max-width: 338px) 100vw, 338px\" \/>    <\/div>\n\n    <div class=\"eap__content\">\n        <!-- header -->\n        <header class=\"eap__header\">\n            <h2 class=\"eap__title\"><a href=\"https:\/\/www.modepen.org\/index.php\/events\/cangas-charla-coloquio-sobre-a-reforma-das-pensions-publicas-e-pacto-de-rendas\/\" rel=\"bookmark\">Cangas: Charla-Coloquio: Sobre a Reforma das Pensi\u00f3ns P\u00fablicas e Pacto de Rendas.<\/a><\/h2>\n                        \n<!-- event meta -->\n<p class=\"eap__meta\">\n            <span class=\"eap__date no-wrap\">\n            <span class=\"dashicons dashicons-calendar-alt\"><\/span> Outubro 11, 2022        <\/span>\n         |         <span class=\"eap__time no-wrap\">\n            <span class=\"dashicons dashicons-clock\"><\/span> 7:00 pm        <\/span>\n        \n    <br>\n\n    Sal\u00f3n de Plenos do Concello, Cangas, Galiza<\/p>\n\n        <\/header>\n\n        <!-- main -->\n        <main class=\"eap__excerpt\">\n                            <p class=\"eap__more\">\n                    <a href=\"https:\/\/www.modepen.org\/index.php\/events\/cangas-charla-coloquio-sobre-a-reforma-das-pensions-publicas-e-pacto-de-rendas\/\">Read more<\/a>\n                <\/p>\n                        <\/main>\n    <\/div>\n<\/div>\n\n<div id=\"post-2318\" class=\"eap__event\">\n    <div class=\"eap__img\">\n        <img loading=\"lazy\" decoding=\"async\" width=\"347\" height=\"450\" src=\"https:\/\/www.modepen.org\/wp-content\/uploads\/2022\/09\/20221010-Charla-Xabier-P.jpg\" class=\"attachment-post-thumbnail size-post-thumbnail wp-post-image\" alt=\"\" srcset=\"https:\/\/www.modepen.org\/wp-content\/uploads\/2022\/09\/20221010-Charla-Xabier-P.jpg 347w, https:\/\/www.modepen.org\/wp-content\/uploads\/2022\/09\/20221010-Charla-Xabier-P-231x300.jpg 231w, https:\/\/www.modepen.org\/wp-content\/uploads\/2022\/09\/20221010-Charla-Xabier-P-116x150.jpg 116w\" sizes=\"auto, (max-width: 347px) 100vw, 347px\" \/>    <\/div>\n\n    <div class=\"eap__content\">\n        <!-- header -->\n        <header class=\"eap__header\">\n            <h2 class=\"eap__title\"><a href=\"https:\/\/www.modepen.org\/index.php\/events\/gondomar-charla-debate-sistema-publico-de-pensions-situacion-y-perspctivas\/\" rel=\"bookmark\">Gondomar: Charla-Debate: Sistema P\u00fablico de Pensi\u00f3ns: situaci\u00f3n y perspctivas.<\/a><\/h2>\n                        \n<!-- event meta -->\n<p class=\"eap__meta\">\n            <span class=\"eap__date no-wrap\">\n            <span class=\"dashicons dashicons-calendar-alt\"><\/span> Outubro 10, 2022        <\/span>\n         |         <span class=\"eap__time no-wrap\">\n            <span class=\"dashicons dashicons-clock\"><\/span> 7:00 pm        <\/span>\n        \n    <br>\n\n    Aula de Cultura Ponte Rosas, IEM, Gondomar, Galiza<\/p>\n\n        <\/header>\n\n        <!-- main -->\n        <main class=\"eap__excerpt\">\n                            <p class=\"eap__more\">\n                    <a href=\"https:\/\/www.modepen.org\/index.php\/events\/gondomar-charla-debate-sistema-publico-de-pensions-situacion-y-perspctivas\/\">Read more<\/a>\n                <\/p>\n                        <\/main>\n    <\/div>\n<\/div>\n\n<div id=\"post-2342\" class=\"eap__event\">\n    <div class=\"eap__img\">\n        <img loading=\"lazy\" decoding=\"async\" width=\"840\" height=\"560\" src=\"https:\/\/www.modepen.org\/wp-content\/uploads\/2022\/09\/Presentacion-campana-recollida-firmas-Vigo-20221008-Suspendida-840x560.jpg\" class=\"attachment-post-thumbnail size-post-thumbnail wp-post-image\" alt=\"\" srcset=\"https:\/\/www.modepen.org\/wp-content\/uploads\/2022\/09\/Presentacion-campana-recollida-firmas-Vigo-20221008-Suspendida-840x560.jpg 840w, https:\/\/www.modepen.org\/wp-content\/uploads\/2022\/09\/Presentacion-campana-recollida-firmas-Vigo-20221008-Suspendida-120x80.jpg 120w, https:\/\/www.modepen.org\/wp-content\/uploads\/2022\/09\/Presentacion-campana-recollida-firmas-Vigo-20221008-Suspendida-360x240.jpg 360w, https:\/\/www.modepen.org\/wp-content\/uploads\/2022\/09\/Presentacion-campana-recollida-firmas-Vigo-20221008-Suspendida-600x400.jpg 600w\" sizes=\"auto, (max-width: 840px) 100vw, 840px\" \/>    <\/div>\n\n    <div class=\"eap__content\">\n        <!-- header -->\n        <header class=\"eap__header\">\n            <h2 class=\"eap__title\"><a href=\"https:\/\/www.modepen.org\/index.php\/events\/vigo-mesa-de-recollida-de-sinaturas-o-sabado-8-de-outubro-de-11-a-1330-h-en-teixugueiras-naviaa-fronte-ao-super-froiz\/\" rel=\"bookmark\">SUSPENDIDA &#8211; Vigo: Mesa de recollida de sinaturas, o S\u00e1bado 8 de Outubro, de 11 a 13:30 h., en Teixugueiras (Navia, fronte ao s\u00faper Froiz).<\/a><\/h2>\n                        \n<!-- event meta -->\n<p class=\"eap__meta\">\n            <span class=\"eap__date no-wrap\">\n            <span class=\"dashicons dashicons-calendar-alt\"><\/span> Outubro 8, 2022        <\/span>\n         |         <span class=\"eap__time no-wrap\">\n            <span class=\"dashicons dashicons-clock\"><\/span> 11:00 am        <\/span>\n         \u2013             <span class=\"eap__time no-wrap\">\n                1:30 pm            <\/span>\n            \n    <br>\n\n    SUSPENDIDA - Teixugueiras (Naviaa, fronte ao s\u00faper Froiz), Vigo, Galiza<\/p>\n\n        <\/header>\n\n        <!-- main -->\n        <main class=\"eap__excerpt\">\n                            <p class=\"eap__more\">\n                    <a href=\"https:\/\/www.modepen.org\/index.php\/events\/vigo-mesa-de-recollida-de-sinaturas-o-sabado-8-de-outubro-de-11-a-1330-h-en-teixugueiras-naviaa-fronte-ao-super-froiz\/\">Read more<\/a>\n                <\/p>\n                        <\/main>\n    <\/div>\n<\/div>\n\n<div id=\"post-2387\" class=\"eap__event\">\n    <div class=\"eap__img\">\n        <img loading=\"lazy\" decoding=\"async\" width=\"318\" height=\"450\" src=\"https:\/\/www.modepen.org\/wp-content\/uploads\/2022\/10\/Charla-Ferrol-20221007-P.jpg\" class=\"attachment-post-thumbnail size-post-thumbnail wp-post-image\" alt=\"\" srcset=\"https:\/\/www.modepen.org\/wp-content\/uploads\/2022\/10\/Charla-Ferrol-20221007-P.jpg 318w, https:\/\/www.modepen.org\/wp-content\/uploads\/2022\/10\/Charla-Ferrol-20221007-P-212x300.jpg 212w, https:\/\/www.modepen.org\/wp-content\/uploads\/2022\/10\/Charla-Ferrol-20221007-P-106x150.jpg 106w\" sizes=\"auto, (max-width: 318px) 100vw, 318px\" \/>    <\/div>\n\n    <div class=\"eap__content\">\n        <!-- header -->\n        <header class=\"eap__header\">\n            <h2 class=\"eap__title\"><a href=\"https:\/\/www.modepen.org\/index.php\/events\/ferrol-charla-debate-sobre-o-recorte-das-pension-inflacion-e-pacto-de-rendas\/\" rel=\"bookmark\">Ferrol: Charla-Debate: Sobre o Recorte das Pension, Inflaci\u00f3n e Pacto de Rendas.<\/a><\/h2>\n                        \n<!-- event meta -->\n<p class=\"eap__meta\">\n            <span class=\"eap__date no-wrap\">\n            <span class=\"dashicons dashicons-calendar-alt\"><\/span> Outubro 7, 2022        <\/span>\n         |         <span class=\"eap__time no-wrap\">\n            <span class=\"dashicons dashicons-clock\"><\/span> 7:00 pm        <\/span>\n        \n    <br>\n\n    Praza do 10 de Marzo, no Barrio de Recimil, Ferrol, Galiza<\/p>\n\n        <\/header>\n\n        <!-- main -->\n        <main class=\"eap__excerpt\">\n                            <p class=\"eap__more\">\n                    <a href=\"https:\/\/www.modepen.org\/index.php\/events\/ferrol-charla-debate-sobre-o-recorte-das-pension-inflacion-e-pacto-de-rendas\/\">Read more<\/a>\n                <\/p>\n                        <\/main>\n    <\/div>\n<\/div>\n\n<div id=\"post-2345\" class=\"eap__event\">\n    <div class=\"eap__img\">\n        <img loading=\"lazy\" decoding=\"async\" width=\"358\" height=\"450\" src=\"https:\/\/www.modepen.org\/wp-content\/uploads\/2022\/09\/Ribadeo-Charla-20221006-P.jpg\" class=\"attachment-post-thumbnail size-post-thumbnail wp-post-image\" alt=\"\" srcset=\"https:\/\/www.modepen.org\/wp-content\/uploads\/2022\/09\/Ribadeo-Charla-20221006-P.jpg 358w, https:\/\/www.modepen.org\/wp-content\/uploads\/2022\/09\/Ribadeo-Charla-20221006-P-239x300.jpg 239w, https:\/\/www.modepen.org\/wp-content\/uploads\/2022\/09\/Ribadeo-Charla-20221006-P-119x150.jpg 119w\" sizes=\"auto, (max-width: 358px) 100vw, 358px\" \/>    <\/div>\n\n    <div class=\"eap__content\">\n        <!-- header -->\n        <header class=\"eap__header\">\n            <h2 class=\"eap__title\"><a href=\"https:\/\/www.modepen.org\/index.php\/events\/ribadeo-charla-coloquio-os-retos-do-sistema-publico-de-pensions\/\" rel=\"bookmark\">Ribadeo: Charla-Coloquio: Os retos do Sistema P\u00fablico de Pensi\u00f3ns.<\/a><\/h2>\n                        \n<!-- event meta -->\n<p class=\"eap__meta\">\n            <span class=\"eap__date no-wrap\">\n            <span class=\"dashicons dashicons-calendar-alt\"><\/span> Outubro 6, 2022        <\/span>\n         |         <span class=\"eap__time no-wrap\">\n            <span class=\"dashicons dashicons-clock\"><\/span> 8:00 pm        <\/span>\n        \n    <br>\n\n    Casa do Viejo Pancho, Ribadeo, Galiza<\/p>\n\n        <\/header>\n\n        <!-- main -->\n        <main class=\"eap__excerpt\">\n                            <p class=\"eap__more\">\n                    <a href=\"https:\/\/www.modepen.org\/index.php\/events\/ribadeo-charla-coloquio-os-retos-do-sistema-publico-de-pensions\/\">Read more<\/a>\n                <\/p>\n                        <\/main>\n    <\/div>\n<\/div>\n\n<div id=\"post-2383\" class=\"eap__event\">\n    <div class=\"eap__img\">\n        <img loading=\"lazy\" decoding=\"async\" width=\"318\" height=\"450\" src=\"https:\/\/www.modepen.org\/wp-content\/uploads\/2022\/09\/Concentracion-Vigo-20221003-P.jpg\" class=\"attachment-post-thumbnail size-post-thumbnail wp-post-image\" alt=\"\" srcset=\"https:\/\/www.modepen.org\/wp-content\/uploads\/2022\/09\/Concentracion-Vigo-20221003-P.jpg 318w, https:\/\/www.modepen.org\/wp-content\/uploads\/2022\/09\/Concentracion-Vigo-20221003-P-212x300.jpg 212w, https:\/\/www.modepen.org\/wp-content\/uploads\/2022\/09\/Concentracion-Vigo-20221003-P-106x150.jpg 106w\" sizes=\"auto, (max-width: 318px) 100vw, 318px\" \/>    <\/div>\n\n    <div class=\"eap__content\">\n        <!-- header -->\n        <header class=\"eap__header\">\n            <h2 class=\"eap__title\"><a href=\"https:\/\/www.modepen.org\/index.php\/events\/vigo-concentracion-o-dia-3-de-outubro-fronte-a-o-marco-na-rua-principe-a-loita-continua\/\" rel=\"bookmark\">Vigo: Concentraci\u00f3n o d\u00eda 3 de Outubro, fronte a o MARCO, na R\u00faa Pr\u00edncipe: A Loita Contin\u00faa.<\/a><\/h2>\n                        \n<!-- event meta -->\n<p class=\"eap__meta\">\n            <span class=\"eap__date no-wrap\">\n            <span class=\"dashicons dashicons-calendar-alt\"><\/span> Outubro 3, 2022        <\/span>\n         |         <span class=\"eap__time no-wrap\">\n            <span class=\"dashicons dashicons-clock\"><\/span> 8:00 pm        <\/span>\n        \n    <br>\n\n    Diante do MARCO, na R\u00faa Pr\u00edncipe, Vigo, Galiza<\/p>\n\n        <\/header>\n\n        <!-- main -->\n        <main class=\"eap__excerpt\">\n                            <p class=\"eap__more\">\n                    <a href=\"https:\/\/www.modepen.org\/index.php\/events\/vigo-concentracion-o-dia-3-de-outubro-fronte-a-o-marco-na-rua-principe-a-loita-continua\/\">Read more<\/a>\n                <\/p>\n                        <\/main>\n    <\/div>\n<\/div>\n\n<div id=\"post-2339\" class=\"eap__event\">\n    <div class=\"eap__img\">\n        <img loading=\"lazy\" decoding=\"async\" width=\"600\" height=\"337\" src=\"https:\/\/www.modepen.org\/wp-content\/uploads\/2022\/09\/Presentacion-campana-recollida-firmas-Vigo-20221002-G.jpg\" class=\"attachment-post-thumbnail size-post-thumbnail wp-post-image\" alt=\"\" srcset=\"https:\/\/www.modepen.org\/wp-content\/uploads\/2022\/09\/Presentacion-campana-recollida-firmas-Vigo-20221002-G.jpg 600w, https:\/\/www.modepen.org\/wp-content\/uploads\/2022\/09\/Presentacion-campana-recollida-firmas-Vigo-20221002-G-300x169.jpg 300w, https:\/\/www.modepen.org\/wp-content\/uploads\/2022\/09\/Presentacion-campana-recollida-firmas-Vigo-20221002-G-150x84.jpg 150w\" sizes=\"auto, (max-width: 600px) 100vw, 600px\" \/>    <\/div>\n\n    <div class=\"eap__content\">\n        <!-- header -->\n        <header class=\"eap__header\">\n            <h2 class=\"eap__title\"><a href=\"https:\/\/www.modepen.org\/index.php\/events\/vigo-mesa-de-recollida-de-sinaturas-o-domingo-2-de-outubro-de-11-a-1330-h-en-bouzas-na-praza-ao-lado-da-igrexa\/\" rel=\"bookmark\">Vigo: Mesa de recollida de sinaturas, o Domingo 2 de Outubro, de 11 a 13:30 h., en Bouzas (na Praza ao lado da Igrexa).<\/a><\/h2>\n                        \n<!-- event meta -->\n<p class=\"eap__meta\">\n            <span class=\"eap__date no-wrap\">\n            <span class=\"dashicons dashicons-calendar-alt\"><\/span> Outubro 2, 2022        <\/span>\n         |         <span class=\"eap__time no-wrap\">\n            <span class=\"dashicons dashicons-clock\"><\/span> 11:00 am        <\/span>\n         \u2013             <span class=\"eap__time no-wrap\">\n                1:30 pm            <\/span>\n            \n    <br>\n\n    Bouzas (na Praza ao lado da Igrexa), Vigo, Galiza<\/p>\n\n        <\/header>\n\n        <!-- main -->\n        <main class=\"eap__excerpt\">\n                            <p class=\"eap__more\">\n                    <a href=\"https:\/\/www.modepen.org\/index.php\/events\/vigo-mesa-de-recollida-de-sinaturas-o-domingo-2-de-outubro-de-11-a-1330-h-en-bouzas-na-praza-ao-lado-da-igrexa\/\">Read more<\/a>\n                <\/p>\n                        <\/main>\n    <\/div>\n<\/div>\n\n<div id=\"post-2336\" class=\"eap__event\">\n    <div class=\"eap__img\">\n        <img loading=\"lazy\" decoding=\"async\" width=\"600\" height=\"337\" src=\"https:\/\/www.modepen.org\/wp-content\/uploads\/2022\/09\/Presentacion-campana-recollida-firmas-Vigo-20220930-G.jpg\" class=\"attachment-post-thumbnail size-post-thumbnail wp-post-image\" alt=\"\" srcset=\"https:\/\/www.modepen.org\/wp-content\/uploads\/2022\/09\/Presentacion-campana-recollida-firmas-Vigo-20220930-G.jpg 600w, https:\/\/www.modepen.org\/wp-content\/uploads\/2022\/09\/Presentacion-campana-recollida-firmas-Vigo-20220930-G-300x169.jpg 300w, https:\/\/www.modepen.org\/wp-content\/uploads\/2022\/09\/Presentacion-campana-recollida-firmas-Vigo-20220930-G-150x84.jpg 150w\" sizes=\"auto, (max-width: 600px) 100vw, 600px\" \/>    <\/div>\n\n    <div class=\"eap__content\">\n        <!-- header -->\n        <header class=\"eap__header\">\n            <h2 class=\"eap__title\"><a href=\"https:\/\/www.modepen.org\/index.php\/events\/vigo-mesa-de-recollida-de-sinaturas-o-venres-30-de-setembro-de-17-a-19-h-na-praza-da-princesa\/\" rel=\"bookmark\">Vigo: Mesa de recollida de sinaturas, o Venres 30 de Setembro, de 17 a 19 h., na Praza da Princesa.<\/a><\/h2>\n                        \n<!-- event meta -->\n<p class=\"eap__meta\">\n            <span class=\"eap__date no-wrap\">\n            <span class=\"dashicons dashicons-calendar-alt\"><\/span> Setembro 30, 2022        <\/span>\n         |         <span class=\"eap__time no-wrap\">\n            <span class=\"dashicons dashicons-clock\"><\/span> 5:00 pm        <\/span>\n         \u2013             <span class=\"eap__time no-wrap\">\n                7:00 pm            <\/span>\n            \n    <br>\n\n    Praza da Princesa, Vigo, Galiza<\/p>\n\n        <\/header>\n\n        <!-- main -->\n        <main class=\"eap__excerpt\">\n                            <p class=\"eap__more\">\n                    <a href=\"https:\/\/www.modepen.org\/index.php\/events\/vigo-mesa-de-recollida-de-sinaturas-o-venres-30-de-setembro-de-17-a-19-h-na-praza-da-princesa\/\">Read more<\/a>\n                <\/p>\n                        <\/main>\n    <\/div>\n<\/div>\n\n<div id=\"post-2253\" class=\"eap__event\">\n    <div class=\"eap__img\">\n        <img loading=\"lazy\" decoding=\"async\" width=\"318\" height=\"450\" src=\"https:\/\/www.modepen.org\/wp-content\/uploads\/2022\/08\/Praza-de-Lugo-29-setembro-P.jpg\" class=\"attachment-post-thumbnail size-post-thumbnail wp-post-image\" alt=\"\" srcset=\"https:\/\/www.modepen.org\/wp-content\/uploads\/2022\/08\/Praza-de-Lugo-29-setembro-P.jpg 318w, https:\/\/www.modepen.org\/wp-content\/uploads\/2022\/08\/Praza-de-Lugo-29-setembro-P-212x300.jpg 212w, https:\/\/www.modepen.org\/wp-content\/uploads\/2022\/08\/Praza-de-Lugo-29-setembro-P-106x150.jpg 106w\" sizes=\"auto, (max-width: 318px) 100vw, 318px\" \/>    <\/div>\n\n    <div class=\"eap__content\">\n        <!-- header -->\n        <header class=\"eap__header\">\n            <h2 class=\"eap__title\"><a href=\"https:\/\/www.modepen.org\/index.php\/events\/a-coruna-mesa-de-recollida-de-firmas-e-informacion-da-manifestacion-do-15-de-outubro-o-xoves-29-de-setembro-as-11-h-na-praza-de-lugo\/\" rel=\"bookmark\">A Coru\u00f1a: Mesa de recollida de firmas e informaci\u00f3n da manifestaci\u00f3n do 15 de outubro o Xoves 29 de setembro, \u00e1s 11 h. na Praza de Lugo.<\/a><\/h2>\n                        \n<!-- event meta -->\n<p class=\"eap__meta\">\n            <span class=\"eap__date no-wrap\">\n            <span class=\"dashicons dashicons-calendar-alt\"><\/span> Setembro 29, 2022        <\/span>\n         |         <span class=\"eap__time no-wrap\">\n            <span class=\"dashicons dashicons-clock\"><\/span> 11:00 am        <\/span>\n        \n    <br>\n\n    Praza de Lugo, A Coru\u00f1a, Galiza<\/p>\n\n        <\/header>\n\n        <!-- main -->\n        <main class=\"eap__excerpt\">\n                            <p class=\"eap__more\">\n                    <a href=\"https:\/\/www.modepen.org\/index.php\/events\/a-coruna-mesa-de-recollida-de-firmas-e-informacion-da-manifestacion-do-15-de-outubro-o-xoves-29-de-setembro-as-11-h-na-praza-de-lugo\/\">Read more<\/a>\n                <\/p>\n                        <\/main>\n    <\/div>\n<\/div>\n\n<div id=\"post-2313\" class=\"eap__event\">\n    <div class=\"eap__img\">\n        <img loading=\"lazy\" decoding=\"async\" width=\"318\" height=\"450\" src=\"https:\/\/www.modepen.org\/wp-content\/uploads\/2022\/09\/Charla-debate-20220929-Boiro-P.jpg\" class=\"attachment-post-thumbnail size-post-thumbnail wp-post-image\" alt=\"\" srcset=\"https:\/\/www.modepen.org\/wp-content\/uploads\/2022\/09\/Charla-debate-20220929-Boiro-P.jpg 318w, https:\/\/www.modepen.org\/wp-content\/uploads\/2022\/09\/Charla-debate-20220929-Boiro-P-212x300.jpg 212w, https:\/\/www.modepen.org\/wp-content\/uploads\/2022\/09\/Charla-debate-20220929-Boiro-P-106x150.jpg 106w\" sizes=\"auto, (max-width: 318px) 100vw, 318px\" \/>    <\/div>\n\n    <div class=\"eap__content\">\n        <!-- header -->\n        <header class=\"eap__header\">\n            <h2 class=\"eap__title\"><a href=\"https:\/\/www.modepen.org\/index.php\/events\/boiro-charla-debate-inflacion-pacto-de-rendas-e-recorte-de-pensions\/\" rel=\"bookmark\">Boiro: Charla &#8211; Debate: Inflaci\u00f3n, Pacto de Rendas e Recorte de Pensi\u00f3ns.<\/a><\/h2>\n                        \n<!-- event meta -->\n<p class=\"eap__meta\">\n            <span class=\"eap__date no-wrap\">\n            <span class=\"dashicons dashicons-calendar-alt\"><\/span> Setembro 29, 2022        <\/span>\n         |         <span class=\"eap__time no-wrap\">\n            <span class=\"dashicons dashicons-clock\"><\/span> 7:30 pm        <\/span>\n        \n    <br>\n\n    Centro Social de Boiro, Boiro, Galiza<\/p>\n\n        <\/header>\n\n        <!-- main -->\n        <main class=\"eap__excerpt\">\n                            <p class=\"eap__more\">\n                    <a href=\"https:\/\/www.modepen.org\/index.php\/events\/boiro-charla-debate-inflacion-pacto-de-rendas-e-recorte-de-pensions\/\">Read more<\/a>\n                <\/p>\n                        <\/main>\n    <\/div>\n<\/div>\n\n<div id=\"post-2376\" class=\"eap__event\">\n    <div class=\"eap__img\">\n        <img loading=\"lazy\" decoding=\"async\" width=\"318\" height=\"450\" src=\"https:\/\/www.modepen.org\/wp-content\/uploads\/2022\/09\/Entrevista-20220929-Radio-Tui-P.jpg\" class=\"attachment-post-thumbnail size-post-thumbnail wp-post-image\" alt=\"\" srcset=\"https:\/\/www.modepen.org\/wp-content\/uploads\/2022\/09\/Entrevista-20220929-Radio-Tui-P.jpg 318w, https:\/\/www.modepen.org\/wp-content\/uploads\/2022\/09\/Entrevista-20220929-Radio-Tui-P-212x300.jpg 212w, https:\/\/www.modepen.org\/wp-content\/uploads\/2022\/09\/Entrevista-20220929-Radio-Tui-P-106x150.jpg 106w\" sizes=\"auto, (max-width: 318px) 100vw, 318px\" \/>    <\/div>\n\n    <div class=\"eap__content\">\n        <!-- header -->\n        <header class=\"eap__header\">\n            <h2 class=\"eap__title\"><a href=\"https:\/\/www.modepen.org\/index.php\/events\/entrevista-a-xabier-perez-davila-en-radio-municipal-de-tui\/\" rel=\"bookmark\">Entrevista a Xabier P\u00e9rez Davila en Radio Municipal de Tui<\/a><\/h2>\n                        \n<!-- event meta -->\n<p class=\"eap__meta\">\n            <span class=\"eap__date no-wrap\">\n            <span class=\"dashicons dashicons-calendar-alt\"><\/span> Setembro 29, 2022        <\/span>\n         |         <span class=\"eap__time no-wrap\">\n            <span class=\"dashicons dashicons-clock\"><\/span> 11:00 am        <\/span>\n        \n    <br>\n\n    Radio Municipal de Tui FM 107.4, Tui, Galiza<\/p>\n\n        <\/header>\n\n        <!-- main -->\n        <main class=\"eap__excerpt\">\n                            <p class=\"eap__more\">\n                    <a href=\"https:\/\/www.modepen.org\/index.php\/events\/entrevista-a-xabier-perez-davila-en-radio-municipal-de-tui\/\">Read more<\/a>\n                <\/p>\n                        <\/main>\n    <\/div>\n<\/div>\n\n<div id=\"post-2333\" class=\"eap__event\">\n    <div class=\"eap__img\">\n        <img loading=\"lazy\" decoding=\"async\" width=\"600\" height=\"337\" src=\"https:\/\/www.modepen.org\/wp-content\/uploads\/2022\/09\/Presentacion-campana-recollida-firmas-Vigo-20220927-G.jpg\" class=\"attachment-post-thumbnail size-post-thumbnail wp-post-image\" alt=\"\" srcset=\"https:\/\/www.modepen.org\/wp-content\/uploads\/2022\/09\/Presentacion-campana-recollida-firmas-Vigo-20220927-G.jpg 600w, https:\/\/www.modepen.org\/wp-content\/uploads\/2022\/09\/Presentacion-campana-recollida-firmas-Vigo-20220927-G-300x169.jpg 300w, https:\/\/www.modepen.org\/wp-content\/uploads\/2022\/09\/Presentacion-campana-recollida-firmas-Vigo-20220927-G-150x84.jpg 150w\" sizes=\"auto, (max-width: 600px) 100vw, 600px\" \/>    <\/div>\n\n    <div class=\"eap__content\">\n        <!-- header -->\n        <header class=\"eap__header\">\n            <h2 class=\"eap__title\"><a href=\"https:\/\/www.modepen.org\/index.php\/events\/vigo-mesa-de-recollida-de-sinaturas-o-martes-27-de-setembro-de-11-a-1330-h-na-praza-de-america-inicio-castelao\/\" rel=\"bookmark\">Vigo: Mesa de recollida de sinaturas, o Martes 27 de Setembro, de 11 a 13:30 h., na Praza de Am\u00e9rica (Inicio Castelao).<\/a><\/h2>\n                        \n<!-- event meta -->\n<p class=\"eap__meta\">\n            <span class=\"eap__date no-wrap\">\n            <span class=\"dashicons dashicons-calendar-alt\"><\/span> Setembro 27, 2022        <\/span>\n         |         <span class=\"eap__time no-wrap\">\n            <span class=\"dashicons dashicons-clock\"><\/span> 11:00 am        <\/span>\n         \u2013             <span class=\"eap__time no-wrap\">\n                1:30 pm            <\/span>\n            \n    <br>\n\n    Praza de Am\u00e9rica (Inicio Castelao), Vigo, Galiza<\/p>\n\n        <\/header>\n\n        <!-- main -->\n        <main class=\"eap__excerpt\">\n                            <p class=\"eap__more\">\n                    <a href=\"https:\/\/www.modepen.org\/index.php\/events\/vigo-mesa-de-recollida-de-sinaturas-o-martes-27-de-setembro-de-11-a-1330-h-na-praza-de-america-inicio-castelao\/\">Read more<\/a>\n                <\/p>\n                        <\/main>\n    <\/div>\n<\/div>\n\n<div id=\"post-2369\" class=\"eap__event\">\n    <div class=\"eap__img\">\n        <img loading=\"lazy\" decoding=\"async\" width=\"600\" height=\"450\" src=\"https:\/\/www.modepen.org\/wp-content\/uploads\/2022\/09\/Charla-Debate-Compostela-20220927-G.jpg\" class=\"attachment-post-thumbnail size-post-thumbnail wp-post-image\" alt=\"\" srcset=\"https:\/\/www.modepen.org\/wp-content\/uploads\/2022\/09\/Charla-Debate-Compostela-20220927-G.jpg 600w, https:\/\/www.modepen.org\/wp-content\/uploads\/2022\/09\/Charla-Debate-Compostela-20220927-G-300x225.jpg 300w, https:\/\/www.modepen.org\/wp-content\/uploads\/2022\/09\/Charla-Debate-Compostela-20220927-G-150x113.jpg 150w\" sizes=\"auto, (max-width: 600px) 100vw, 600px\" \/>    <\/div>\n\n    <div class=\"eap__content\">\n        <!-- header -->\n        <header class=\"eap__header\">\n            <h2 class=\"eap__title\"><a href=\"https:\/\/www.modepen.org\/index.php\/events\/santiago-de-compostela-charla-debate-recorte-das-pensions-inflacion-e-pacto-de-rendas\/\" rel=\"bookmark\">Santiago de Compostela: Charla-Debate: Recorte das Pensi\u00f3ns, Inflaci\u00f3n e Pacto de Rendas.<\/a><\/h2>\n                        \n<!-- event meta -->\n<p class=\"eap__meta\">\n            <span class=\"eap__date no-wrap\">\n            <span class=\"dashicons dashicons-calendar-alt\"><\/span> Setembro 27, 2022        <\/span>\n         |         <span class=\"eap__time no-wrap\">\n            <span class=\"dashicons dashicons-clock\"><\/span> 6:00 pm        <\/span>\n        \n    <br>\n\n    Local da Asociaci\u00f3n Compostela Monumental, Santiago de Compostela, Galiza<\/p>\n\n        <\/header>\n\n        <!-- main -->\n        <main class=\"eap__excerpt\">\n                            <p class=\"eap__more\">\n                    <a href=\"https:\/\/www.modepen.org\/index.php\/events\/santiago-de-compostela-charla-debate-recorte-das-pensions-inflacion-e-pacto-de-rendas\/\">Read more<\/a>\n                <\/p>\n                        <\/main>\n    <\/div>\n<\/div>\n\n<div id=\"post-2330\" class=\"eap__event\">\n    <div class=\"eap__img\">\n        <img loading=\"lazy\" decoding=\"async\" width=\"600\" height=\"337\" src=\"https:\/\/www.modepen.org\/wp-content\/uploads\/2022\/09\/Presentacion-campana-recollida-firmas-Vigo-20220925-G.jpg\" class=\"attachment-post-thumbnail size-post-thumbnail wp-post-image\" alt=\"\" srcset=\"https:\/\/www.modepen.org\/wp-content\/uploads\/2022\/09\/Presentacion-campana-recollida-firmas-Vigo-20220925-G.jpg 600w, https:\/\/www.modepen.org\/wp-content\/uploads\/2022\/09\/Presentacion-campana-recollida-firmas-Vigo-20220925-G-300x169.jpg 300w, https:\/\/www.modepen.org\/wp-content\/uploads\/2022\/09\/Presentacion-campana-recollida-firmas-Vigo-20220925-G-150x84.jpg 150w\" sizes=\"auto, (max-width: 600px) 100vw, 600px\" \/>    <\/div>\n\n    <div class=\"eap__content\">\n        <!-- header -->\n        <header class=\"eap__header\">\n            <h2 class=\"eap__title\"><a href=\"https:\/\/www.modepen.org\/index.php\/events\/vigo-mesa-de-recollida-de-sinaturas-o-domingo-25-de-setembro-de-11-a-1330-h-na-feira-de-san-cosme-entrada-campo-de-futbol\/\" rel=\"bookmark\">Vigo: Mesa de recollida de sinaturas, o Domingo 25 de Setembro, de 11 a 13:30 h., na Feira de San Cosme (Entrada Campo de F\u00fatbol).<\/a><\/h2>\n                        \n<!-- event meta -->\n<p class=\"eap__meta\">\n            <span class=\"eap__date no-wrap\">\n            <span class=\"dashicons dashicons-calendar-alt\"><\/span> Setembro 25, 2022        <\/span>\n         |         <span class=\"eap__time no-wrap\">\n            <span class=\"dashicons dashicons-clock\"><\/span> 11:00 am        <\/span>\n         \u2013             <span class=\"eap__time no-wrap\">\n                1:30 pm            <\/span>\n            \n    <br>\n\n    Feira de San Cosme (Entrada Campo de F\u00fatbol), Vigo, Galiza<\/p>\n\n        <\/header>\n\n        <!-- main -->\n        <main class=\"eap__excerpt\">\n                            <p class=\"eap__more\">\n                    <a href=\"https:\/\/www.modepen.org\/index.php\/events\/vigo-mesa-de-recollida-de-sinaturas-o-domingo-25-de-setembro-de-11-a-1330-h-na-feira-de-san-cosme-entrada-campo-de-futbol\/\">Read more<\/a>\n                <\/p>\n                        <\/main>\n    <\/div>\n<\/div>\n\n<div id=\"post-2357\" class=\"eap__event\">\n    <div class=\"eap__img\">\n        <img loading=\"lazy\" decoding=\"async\" width=\"338\" height=\"450\" src=\"https:\/\/www.modepen.org\/wp-content\/uploads\/2022\/09\/Concentracion-Cangas-20220923-P.jpg\" class=\"attachment-post-thumbnail size-post-thumbnail wp-post-image\" alt=\"\" srcset=\"https:\/\/www.modepen.org\/wp-content\/uploads\/2022\/09\/Concentracion-Cangas-20220923-P.jpg 338w, https:\/\/www.modepen.org\/wp-content\/uploads\/2022\/09\/Concentracion-Cangas-20220923-P-225x300.jpg 225w, https:\/\/www.modepen.org\/wp-content\/uploads\/2022\/09\/Concentracion-Cangas-20220923-P-113x150.jpg 113w\" sizes=\"auto, (max-width: 338px) 100vw, 338px\" \/>    <\/div>\n\n    <div class=\"eap__content\">\n        <!-- header -->\n        <header class=\"eap__header\">\n            <h2 class=\"eap__title\"><a href=\"https:\/\/www.modepen.org\/index.php\/events\/cangas-concentracion-na-defensa-do-sistema-publico-de-pensions-e-contra-a-sua-privatizacion-o-dia-23-de-setembro-as-20-h-diante-do-concello-de-cangas\/\" rel=\"bookmark\">Cangas: Concentraci\u00f3n na Defensa do Sistema P\u00fablico de Pensi\u00f3ns e contra a sua privatizaci\u00f3n, o d\u00eda 23 de Setembro, as 20 h. diante do Concello de Cangas.<\/a><\/h2>\n                        \n<!-- event meta -->\n<p class=\"eap__meta\">\n            <span class=\"eap__date no-wrap\">\n            <span class=\"dashicons dashicons-calendar-alt\"><\/span> Setembro 23, 2022        <\/span>\n         |         <span class=\"eap__time no-wrap\">\n            <span class=\"dashicons dashicons-clock\"><\/span> 8:00 pm        <\/span>\n        \n    <br>\n\n    Diante do Concello de Cangas, Cangas, Galiza<\/p>\n\n        <\/header>\n\n        <!-- main -->\n        <main class=\"eap__excerpt\">\n                            <p class=\"eap__more\">\n                    <a href=\"https:\/\/www.modepen.org\/index.php\/events\/cangas-concentracion-na-defensa-do-sistema-publico-de-pensions-e-contra-a-sua-privatizacion-o-dia-23-de-setembro-as-20-h-diante-do-concello-de-cangas\/\">Read more<\/a>\n                <\/p>\n                        <\/main>\n    <\/div>\n<\/div>\n\n<div id=\"post-2251\" class=\"eap__event\">\n    <div class=\"eap__img\">\n        <img loading=\"lazy\" decoding=\"async\" width=\"318\" height=\"450\" src=\"https:\/\/www.modepen.org\/wp-content\/uploads\/2022\/08\/Mesa-Coruna-20220922-P.jpg\" class=\"attachment-post-thumbnail size-post-thumbnail wp-post-image\" alt=\"\" srcset=\"https:\/\/www.modepen.org\/wp-content\/uploads\/2022\/08\/Mesa-Coruna-20220922-P.jpg 318w, https:\/\/www.modepen.org\/wp-content\/uploads\/2022\/08\/Mesa-Coruna-20220922-P-212x300.jpg 212w, https:\/\/www.modepen.org\/wp-content\/uploads\/2022\/08\/Mesa-Coruna-20220922-P-106x150.jpg 106w\" sizes=\"auto, (max-width: 318px) 100vw, 318px\" \/>    <\/div>\n\n    <div class=\"eap__content\">\n        <!-- header -->\n        <header class=\"eap__header\">\n            <h2 class=\"eap__title\"><a href=\"https:\/\/www.modepen.org\/index.php\/events\/a-coruna-mesa-de-recollida-de-firmas-e-informacion-da-manifestacion-do-15-de-outubro-o-xoves-22-de-setembro-as-11h-na-gaiteira\/\" rel=\"bookmark\">A Coru\u00f1a: Mesa de recollida de firmas e informaci\u00f3n da manifestaci\u00f3n do 15 de outubro o Xoves 22 de setembro, \u00e1s 11h. na Gaiteira.<\/a><\/h2>\n                        \n<!-- event meta -->\n<p class=\"eap__meta\">\n            <span class=\"eap__date no-wrap\">\n            <span class=\"dashicons dashicons-calendar-alt\"><\/span> Setembro 22, 2022        <\/span>\n         |         <span class=\"eap__time no-wrap\">\n            <span class=\"dashicons dashicons-clock\"><\/span> 11:00 am        <\/span>\n        \n    <br>\n\n    Na Gaiteira, A Coru\u00f1a, Galiza<\/p>\n\n        <\/header>\n\n        <!-- main -->\n        <main class=\"eap__excerpt\">\n                            <p class=\"eap__more\">\n                    <a href=\"https:\/\/www.modepen.org\/index.php\/events\/a-coruna-mesa-de-recollida-de-firmas-e-informacion-da-manifestacion-do-15-de-outubro-o-xoves-22-de-setembro-as-11h-na-gaiteira\/\">Read more<\/a>\n                <\/p>\n                        <\/main>\n    <\/div>\n<\/div>\n\n<div id=\"post-2327\" class=\"eap__event\">\n    <div class=\"eap__img\">\n        <img loading=\"lazy\" decoding=\"async\" width=\"600\" height=\"337\" src=\"https:\/\/www.modepen.org\/wp-content\/uploads\/2022\/09\/Presentacion-campana-recollida-firmas-Vigo-20220922-G.jpg\" class=\"attachment-post-thumbnail size-post-thumbnail wp-post-image\" alt=\"\" srcset=\"https:\/\/www.modepen.org\/wp-content\/uploads\/2022\/09\/Presentacion-campana-recollida-firmas-Vigo-20220922-G.jpg 600w, https:\/\/www.modepen.org\/wp-content\/uploads\/2022\/09\/Presentacion-campana-recollida-firmas-Vigo-20220922-G-300x169.jpg 300w, https:\/\/www.modepen.org\/wp-content\/uploads\/2022\/09\/Presentacion-campana-recollida-firmas-Vigo-20220922-G-150x84.jpg 150w\" sizes=\"auto, (max-width: 600px) 100vw, 600px\" \/>    <\/div>\n\n    <div class=\"eap__content\">\n        <!-- header -->\n        <header class=\"eap__header\">\n            <h2 class=\"eap__title\"><a href=\"https:\/\/www.modepen.org\/index.php\/events\/vigo-mesa-de-recollida-de-sinaturas-o-xoves-22-de-setembro-de-11-a-1330-h-no-cabral-diante-do-mercado\/\" rel=\"bookmark\">Vigo: Mesa de recollida de sinaturas, o Xoves 22 de Setembro, de 11 a 13:30 h., no Cabral (diante do Mercado).<\/a><\/h2>\n                        \n<!-- event meta -->\n<p class=\"eap__meta\">\n            <span class=\"eap__date no-wrap\">\n            <span class=\"dashicons dashicons-calendar-alt\"><\/span> Setembro 22, 2022        <\/span>\n         |         <span class=\"eap__time no-wrap\">\n            <span class=\"dashicons dashicons-clock\"><\/span> 11:00 am        <\/span>\n         \u2013             <span class=\"eap__time no-wrap\">\n                1:30 pm            <\/span>\n            \n    <br>\n\n    Cabral (diante do Mercado), Vigo, Galiza<\/p>\n\n        <\/header>\n\n        <!-- main -->\n        <main class=\"eap__excerpt\">\n                            <p class=\"eap__more\">\n                    <a href=\"https:\/\/www.modepen.org\/index.php\/events\/vigo-mesa-de-recollida-de-sinaturas-o-xoves-22-de-setembro-de-11-a-1330-h-no-cabral-diante-do-mercado\/\">Read more<\/a>\n                <\/p>\n                        <\/main>\n    <\/div>\n<\/div>\n\n<div id=\"post-2322\" class=\"eap__event\">\n    <div class=\"eap__img\">\n        <img loading=\"lazy\" decoding=\"async\" width=\"600\" height=\"337\" src=\"https:\/\/www.modepen.org\/wp-content\/uploads\/2022\/09\/Presentacion-campana-recollida-firmas-Vigo-20220920-G.jpg\" class=\"attachment-post-thumbnail size-post-thumbnail wp-post-image\" alt=\"\" srcset=\"https:\/\/www.modepen.org\/wp-content\/uploads\/2022\/09\/Presentacion-campana-recollida-firmas-Vigo-20220920-G.jpg 600w, https:\/\/www.modepen.org\/wp-content\/uploads\/2022\/09\/Presentacion-campana-recollida-firmas-Vigo-20220920-G-300x169.jpg 300w, https:\/\/www.modepen.org\/wp-content\/uploads\/2022\/09\/Presentacion-campana-recollida-firmas-Vigo-20220920-G-150x84.jpg 150w\" sizes=\"auto, (max-width: 600px) 100vw, 600px\" \/>    <\/div>\n\n    <div class=\"eap__content\">\n        <!-- header -->\n        <header class=\"eap__header\">\n            <h2 class=\"eap__title\"><a href=\"https:\/\/www.modepen.org\/index.php\/events\/vigo-mesa-de-recollida-de-firmas-o-martes-20-de-setembro-de-11-a-1330-h-no-calvario-diante-do-mercado-e-informacion-da-manifestacion-do-15-de-outubro\/\" rel=\"bookmark\">Vigo: Mesa de recollida de sinaturas, o Martes 20 de Setembro, de 11 a 13:30 h., no Calvario (diante do Mercado).<\/a><\/h2>\n                        \n<!-- event meta -->\n<p class=\"eap__meta\">\n            <span class=\"eap__date no-wrap\">\n            <span class=\"dashicons dashicons-calendar-alt\"><\/span> Setembro 20, 2022        <\/span>\n         |         <span class=\"eap__time no-wrap\">\n            <span class=\"dashicons dashicons-clock\"><\/span> 11:00 am        <\/span>\n         \u2013             <span class=\"eap__time no-wrap\">\n                1:30 pm            <\/span>\n            \n    <br>\n\n    Calvario (diante do Mercado), Vigo, Galiza<\/p>\n\n        <\/header>\n\n        <!-- main -->\n        <main class=\"eap__excerpt\">\n                            <p class=\"eap__more\">\n                    <a href=\"https:\/\/www.modepen.org\/index.php\/events\/vigo-mesa-de-recollida-de-firmas-o-martes-20-de-setembro-de-11-a-1330-h-no-calvario-diante-do-mercado-e-informacion-da-manifestacion-do-15-de-outubro\/\">Read more<\/a>\n                <\/p>\n                        <\/main>\n    <\/div>\n<\/div>\n\n<div id=\"post-2249\" class=\"eap__event\">\n    <div class=\"eap__img\">\n        <img loading=\"lazy\" decoding=\"async\" width=\"322\" height=\"450\" src=\"https:\/\/www.modepen.org\/wp-content\/uploads\/2022\/08\/Mesa-Coruna-20220915-P.jpg\" class=\"attachment-post-thumbnail size-post-thumbnail wp-post-image\" alt=\"\" srcset=\"https:\/\/www.modepen.org\/wp-content\/uploads\/2022\/08\/Mesa-Coruna-20220915-P.jpg 322w, https:\/\/www.modepen.org\/wp-content\/uploads\/2022\/08\/Mesa-Coruna-20220915-P-215x300.jpg 215w, https:\/\/www.modepen.org\/wp-content\/uploads\/2022\/08\/Mesa-Coruna-20220915-P-107x150.jpg 107w\" sizes=\"auto, (max-width: 322px) 100vw, 322px\" \/>    <\/div>\n\n    <div class=\"eap__content\">\n        <!-- header -->\n        <header class=\"eap__header\">\n            <h2 class=\"eap__title\"><a href=\"https:\/\/www.modepen.org\/index.php\/events\/a-coruna-mesa-de-recollida-de-firmas-e-informacion-da-manifestacion-do-15-de-outubro-o-xoves-15-de-setembro-as-11h-no-mercado-de-s-agustin\/\" rel=\"bookmark\">A Coru\u00f1a: Mesa de recollida de firmas e informaci\u00f3n da manifestaci\u00f3n do 15 de outubro o Xoves 15 de setembro, \u00e1s 11h. no Mercado de S. Agust\u00edn.<\/a><\/h2>\n                        \n<!-- event meta -->\n<p class=\"eap__meta\">\n            <span class=\"eap__date no-wrap\">\n            <span class=\"dashicons dashicons-calendar-alt\"><\/span> Setembro 15, 2022        <\/span>\n         |         <span class=\"eap__time no-wrap\">\n            <span class=\"dashicons dashicons-clock\"><\/span> 11:00 am        <\/span>\n        \n    <br>\n\n    Mercado de S. Agust\u00edn, A Coru\u00f1a, Galiza<\/p>\n\n        <\/header>\n\n        <!-- main -->\n        <main class=\"eap__excerpt\">\n                            <p class=\"eap__more\">\n                    <a href=\"https:\/\/www.modepen.org\/index.php\/events\/a-coruna-mesa-de-recollida-de-firmas-e-informacion-da-manifestacion-do-15-de-outubro-o-xoves-15-de-setembro-as-11h-no-mercado-de-s-agustin\/\">Read more<\/a>\n                <\/p>\n                        <\/main>\n    <\/div>\n<\/div>\n\n<div id=\"post-2300\" class=\"eap__event\">\n    <div class=\"eap__img\">\n        <img loading=\"lazy\" decoding=\"async\" width=\"318\" height=\"450\" src=\"https:\/\/www.modepen.org\/wp-content\/uploads\/2022\/09\/Charla-debate-20220910-Vigo-P.jpg\" class=\"attachment-post-thumbnail size-post-thumbnail wp-post-image\" alt=\"\" srcset=\"https:\/\/www.modepen.org\/wp-content\/uploads\/2022\/09\/Charla-debate-20220910-Vigo-P.jpg 318w, https:\/\/www.modepen.org\/wp-content\/uploads\/2022\/09\/Charla-debate-20220910-Vigo-P-212x300.jpg 212w, https:\/\/www.modepen.org\/wp-content\/uploads\/2022\/09\/Charla-debate-20220910-Vigo-P-106x150.jpg 106w\" sizes=\"auto, (max-width: 318px) 100vw, 318px\" \/>    <\/div>\n\n    <div class=\"eap__content\">\n        <!-- header -->\n        <header class=\"eap__header\">\n            <h2 class=\"eap__title\"><a href=\"https:\/\/www.modepen.org\/index.php\/events\/vigo-charla-debate-inflacion-pacto-de-rendas-e-recorte-de-pensions\/\" rel=\"bookmark\">Vigo: Charla &#8211; Debate: Inflaci\u00f3n, Pacto de Rendas e Recorte de Pensi\u00f3ns.<\/a><\/h2>\n                        \n<!-- event meta -->\n<p class=\"eap__meta\">\n            <span class=\"eap__date no-wrap\">\n            <span class=\"dashicons dashicons-calendar-alt\"><\/span> Setembro 12, 2022        <\/span>\n         |         <span class=\"eap__time no-wrap\">\n            <span class=\"dashicons dashicons-clock\"><\/span> 8:00 pm        <\/span>\n        \n    <br>\n\n    Hotl Axis, R\u00faa M\u00aa Berdiales, 22, Vigo, Galiza<\/p>\n\n        <\/header>\n\n        <!-- main -->\n        <main class=\"eap__excerpt\">\n                            <p class=\"eap__more\">\n                    <a href=\"https:\/\/www.modepen.org\/index.php\/events\/vigo-charla-debate-inflacion-pacto-de-rendas-e-recorte-de-pensions\/\">Read more<\/a>\n                <\/p>\n                        <\/main>\n    <\/div>\n<\/div>\n\n<div id=\"post-2247\" class=\"eap__event\">\n    <div class=\"eap__img\">\n        <img loading=\"lazy\" decoding=\"async\" width=\"318\" height=\"450\" src=\"https:\/\/www.modepen.org\/wp-content\/uploads\/2022\/08\/Mesa-Coruna-20220910-P.jpg\" class=\"attachment-post-thumbnail size-post-thumbnail wp-post-image\" alt=\"\" srcset=\"https:\/\/www.modepen.org\/wp-content\/uploads\/2022\/08\/Mesa-Coruna-20220910-P.jpg 318w, https:\/\/www.modepen.org\/wp-content\/uploads\/2022\/08\/Mesa-Coruna-20220910-P-212x300.jpg 212w, https:\/\/www.modepen.org\/wp-content\/uploads\/2022\/08\/Mesa-Coruna-20220910-P-106x150.jpg 106w\" sizes=\"auto, (max-width: 318px) 100vw, 318px\" \/>    <\/div>\n\n    <div class=\"eap__content\">\n        <!-- header -->\n        <header class=\"eap__header\">\n            <h2 class=\"eap__title\"><a href=\"https:\/\/www.modepen.org\/index.php\/events\/a-coruna-mesa-de-recollida-de-firmas-e-informacion-da-manifestacion-do-15-de-outubro-o-sabado-10-de-setembro-romaxe-de-crentes-galegas-os-culleredo\/\" rel=\"bookmark\">A Coru\u00f1a: Mesa de recollida de firmas e informaci\u00f3n da manifestaci\u00f3n do 15 de outubro o S\u00e1bado 10 de setembro, Romaxe de crentes galegas\/os. Culleredo.<\/a><\/h2>\n                        \n<!-- event meta -->\n<p class=\"eap__meta\">\n            <span class=\"eap__date no-wrap\">\n            <span class=\"dashicons dashicons-calendar-alt\"><\/span> Setembro 10, 2022        <\/span>\n        \n    <br>\n\n    XLIV Romaxe de crentes galegas\/os. Culleredo., Culleredo (Parroquia de Castelo Folgueir, Galiza<\/p>\n\n        <\/header>\n\n        <!-- main -->\n        <main class=\"eap__excerpt\">\n                            <p class=\"eap__more\">\n                    <a href=\"https:\/\/www.modepen.org\/index.php\/events\/a-coruna-mesa-de-recollida-de-firmas-e-informacion-da-manifestacion-do-15-de-outubro-o-sabado-10-de-setembro-romaxe-de-crentes-galegas-os-culleredo\/\">Read more<\/a>\n                <\/p>\n                        <\/main>\n    <\/div>\n<\/div>\n\n<div id=\"post-2282\" class=\"eap__event\">\n    <div class=\"eap__img\">\n        <img loading=\"lazy\" decoding=\"async\" width=\"318\" height=\"450\" src=\"https:\/\/www.modepen.org\/wp-content\/uploads\/2022\/09\/Concentracion-Ferrol-20220910-P.jpg\" class=\"attachment-post-thumbnail size-post-thumbnail wp-post-image\" alt=\"\" srcset=\"https:\/\/www.modepen.org\/wp-content\/uploads\/2022\/09\/Concentracion-Ferrol-20220910-P.jpg 318w, https:\/\/www.modepen.org\/wp-content\/uploads\/2022\/09\/Concentracion-Ferrol-20220910-P-212x300.jpg 212w, https:\/\/www.modepen.org\/wp-content\/uploads\/2022\/09\/Concentracion-Ferrol-20220910-P-106x150.jpg 106w\" sizes=\"auto, (max-width: 318px) 100vw, 318px\" \/>    <\/div>\n\n    <div class=\"eap__content\">\n        <!-- header -->\n        <header class=\"eap__header\">\n            <h2 class=\"eap__title\"><a href=\"https:\/\/www.modepen.org\/index.php\/events\/ferrolterra-concentracion-na-defensa-do-sistema-publico-de-pensions-o-dia-10-de-setembro-as-12-h-no-canton\/\" rel=\"bookmark\">Ferrolterra: Concentraci\u00f3n na Defensa do Sistema P\u00fablico de Pensi\u00f3ns, o d\u00eda 10 de Setembro, as 12 h. no Cant\u00f3n<\/a><\/h2>\n                        \n<!-- event meta -->\n<p class=\"eap__meta\">\n            <span class=\"eap__date no-wrap\">\n            <span class=\"dashicons dashicons-calendar-alt\"><\/span> Setembro 10, 2022        <\/span>\n         |         <span class=\"eap__time no-wrap\">\n            <span class=\"dashicons dashicons-clock\"><\/span> 12:00 pm        <\/span>\n        \n    <br>\n\n    no Cant\u00f3n, Ferrol, Galiza<\/p>\n\n        <\/header>\n\n        <!-- main -->\n        <main class=\"eap__excerpt\">\n                            <p class=\"eap__more\">\n                    <a href=\"https:\/\/www.modepen.org\/index.php\/events\/ferrolterra-concentracion-na-defensa-do-sistema-publico-de-pensions-o-dia-10-de-setembro-as-12-h-no-canton\/\">Read more<\/a>\n                <\/p>\n                        <\/main>\n    <\/div>\n<\/div>\n\n<div id=\"post-2245\" class=\"eap__event\">\n    <div class=\"eap__img\">\n        <img loading=\"lazy\" decoding=\"async\" width=\"318\" height=\"450\" src=\"https:\/\/www.modepen.org\/wp-content\/uploads\/2022\/08\/Mesa-Coruna-20220908-P.jpg\" class=\"attachment-post-thumbnail size-post-thumbnail wp-post-image\" alt=\"\" srcset=\"https:\/\/www.modepen.org\/wp-content\/uploads\/2022\/08\/Mesa-Coruna-20220908-P.jpg 318w, https:\/\/www.modepen.org\/wp-content\/uploads\/2022\/08\/Mesa-Coruna-20220908-P-212x300.jpg 212w, https:\/\/www.modepen.org\/wp-content\/uploads\/2022\/08\/Mesa-Coruna-20220908-P-106x150.jpg 106w\" sizes=\"auto, (max-width: 318px) 100vw, 318px\" \/>    <\/div>\n\n    <div class=\"eap__content\">\n        <!-- header -->\n        <header class=\"eap__header\">\n            <h2 class=\"eap__title\"><a href=\"https:\/\/www.modepen.org\/index.php\/events\/a-coruna-mesa-de-recollida-de-firmas-e-informacion-da-manifestacion-do-15-de-outubro-o-xoves-8-de-setembro-as-11h-no-mercado-das-conchinas\/\" rel=\"bookmark\">A Coru\u00f1a: Mesa de recollida de firmas e informaci\u00f3n da manifestaci\u00f3n do 15 de outubro o Xoves 8 de Setembro, \u00e1s 11h. no Mercado das Conchi\u00f1as.<\/a><\/h2>\n                        \n<!-- event meta -->\n<p class=\"eap__meta\">\n            <span class=\"eap__date no-wrap\">\n            <span class=\"dashicons dashicons-calendar-alt\"><\/span> Setembro 8, 2022        <\/span>\n         |         <span class=\"eap__time no-wrap\">\n            <span class=\"dashicons dashicons-clock\"><\/span> 11:00 am        <\/span>\n        \n    <br>\n\n    Mercado das Conchi\u00f1as (R\u00faa Barcelona), A Coru\u00f1a, Galiza<\/p>\n\n        <\/header>\n\n        <!-- main -->\n        <main class=\"eap__excerpt\">\n                            <p class=\"eap__more\">\n                    <a href=\"https:\/\/www.modepen.org\/index.php\/events\/a-coruna-mesa-de-recollida-de-firmas-e-informacion-da-manifestacion-do-15-de-outubro-o-xoves-8-de-setembro-as-11h-no-mercado-das-conchinas\/\">Read more<\/a>\n                <\/p>\n                        <\/main>\n    <\/div>\n<\/div>\n\n<div id=\"post-2268\" class=\"eap__event\">\n    <div class=\"eap__img\">\n        <img loading=\"lazy\" decoding=\"async\" width=\"318\" height=\"450\" src=\"https:\/\/www.modepen.org\/wp-content\/uploads\/2022\/08\/220905-Concentracion-Ramallosa-P.jpg\" class=\"attachment-post-thumbnail size-post-thumbnail wp-post-image\" alt=\"\" srcset=\"https:\/\/www.modepen.org\/wp-content\/uploads\/2022\/08\/220905-Concentracion-Ramallosa-P.jpg 318w, https:\/\/www.modepen.org\/wp-content\/uploads\/2022\/08\/220905-Concentracion-Ramallosa-P-212x300.jpg 212w, https:\/\/www.modepen.org\/wp-content\/uploads\/2022\/08\/220905-Concentracion-Ramallosa-P-106x150.jpg 106w\" sizes=\"auto, (max-width: 318px) 100vw, 318px\" \/>    <\/div>\n\n    <div class=\"eap__content\">\n        <!-- header -->\n        <header class=\"eap__header\">\n            <h2 class=\"eap__title\"><a href=\"https:\/\/www.modepen.org\/index.php\/events\/baixo-mino-concentracion-diante-da-capela-de-san-campio-o-luns-5-de-setembro-as-12-h\/\" rel=\"bookmark\">Baixo Mi\u00f1o: Concentraci\u00f3n diante da Capela de San Campio o luns, 5 de Setembro, as 12 h.<\/a><\/h2>\n                        \n<!-- event meta -->\n<p class=\"eap__meta\">\n            <span class=\"eap__date no-wrap\">\n            <span class=\"dashicons dashicons-calendar-alt\"><\/span> Setembro 5, 2022        <\/span>\n         |         <span class=\"eap__time no-wrap\">\n            <span class=\"dashicons dashicons-clock\"><\/span> 12:00 pm        <\/span>\n        \n    <br>\n\n    Diante da Capela de San Campio (A Ramallosa), A Ramallosa, Galiza<\/p>\n\n        <\/header>\n\n        <!-- main -->\n        <main class=\"eap__excerpt\">\n                            <p class=\"eap__more\">\n                    <a href=\"https:\/\/www.modepen.org\/index.php\/events\/baixo-mino-concentracion-diante-da-capela-de-san-campio-o-luns-5-de-setembro-as-12-h\/\">Read more<\/a>\n                <\/p>\n                        <\/main>\n    <\/div>\n<\/div>\n\n<div id=\"post-2275\" class=\"eap__event\">\n    <div class=\"eap__img\">\n        <img loading=\"lazy\" decoding=\"async\" width=\"318\" height=\"450\" src=\"https:\/\/www.modepen.org\/wp-content\/uploads\/2022\/08\/Concentracion-Vigo-20220905-P.jpg\" class=\"attachment-post-thumbnail size-post-thumbnail wp-post-image\" alt=\"\" srcset=\"https:\/\/www.modepen.org\/wp-content\/uploads\/2022\/08\/Concentracion-Vigo-20220905-P.jpg 318w, https:\/\/www.modepen.org\/wp-content\/uploads\/2022\/08\/Concentracion-Vigo-20220905-P-212x300.jpg 212w, https:\/\/www.modepen.org\/wp-content\/uploads\/2022\/08\/Concentracion-Vigo-20220905-P-106x150.jpg 106w\" sizes=\"auto, (max-width: 318px) 100vw, 318px\" \/>    <\/div>\n\n    <div class=\"eap__content\">\n        <!-- header -->\n        <header class=\"eap__header\">\n            <h2 class=\"eap__title\"><a href=\"https:\/\/www.modepen.org\/index.php\/events\/vigo-concentracion-o-dia-5-de-setembro-fronte-a-o-marco-na-rua-principe-a-loita-continua\/\" rel=\"bookmark\">Vigo: Concentraci\u00f3n o d\u00eda 5 de Setembro, fronte a o MARCO, na R\u00faa Pr\u00edncipe: A Loita Contin\u00faa.<\/a><\/h2>\n                        \n<!-- event meta -->\n<p class=\"eap__meta\">\n            <span class=\"eap__date no-wrap\">\n            <span class=\"dashicons dashicons-calendar-alt\"><\/span> Setembro 5, 2022        <\/span>\n         |         <span class=\"eap__time no-wrap\">\n            <span class=\"dashicons dashicons-clock\"><\/span> 8:00 pm        <\/span>\n        \n    <br>\n\n    Diante do MARCO, na R\u00faa Pr\u00edncipe, Vigo, Galiza<\/p>\n\n        <\/header>\n\n        <!-- main -->\n        <main class=\"eap__excerpt\">\n                            <p class=\"eap__more\">\n                    <a href=\"https:\/\/www.modepen.org\/index.php\/events\/vigo-concentracion-o-dia-5-de-setembro-fronte-a-o-marco-na-rua-principe-a-loita-continua\/\">Read more<\/a>\n                <\/p>\n                        <\/main>\n    <\/div>\n<\/div>\n\n<div id=\"post-2258\" class=\"eap__event\">\n    <div class=\"eap__img\">\n        <img loading=\"lazy\" decoding=\"async\" width=\"358\" height=\"450\" src=\"https:\/\/www.modepen.org\/wp-content\/uploads\/2022\/08\/Concentracion-Ribadeo-20220903-P.jpg\" class=\"attachment-post-thumbnail size-post-thumbnail wp-post-image\" alt=\"\" srcset=\"https:\/\/www.modepen.org\/wp-content\/uploads\/2022\/08\/Concentracion-Ribadeo-20220903-P.jpg 358w, https:\/\/www.modepen.org\/wp-content\/uploads\/2022\/08\/Concentracion-Ribadeo-20220903-P-239x300.jpg 239w, https:\/\/www.modepen.org\/wp-content\/uploads\/2022\/08\/Concentracion-Ribadeo-20220903-P-119x150.jpg 119w\" sizes=\"auto, (max-width: 358px) 100vw, 358px\" \/>    <\/div>\n\n    <div class=\"eap__content\">\n        <!-- header -->\n        <header class=\"eap__header\">\n            <h2 class=\"eap__title\"><a href=\"https:\/\/www.modepen.org\/index.php\/events\/ribadeo-concentracion-o-dia-3-de-setembro-as-12-h-no-canton-dos-moreno\/\" rel=\"bookmark\">Ribadeo: Concentraci\u00f3n o d\u00eda 3 de Setembro, as 12 h. no Cant\u00f3n dos MORENO<\/a><\/h2>\n                        \n<!-- event meta -->\n<p class=\"eap__meta\">\n            <span class=\"eap__date no-wrap\">\n            <span class=\"dashicons dashicons-calendar-alt\"><\/span> Setembro 3, 2022        <\/span>\n         |         <span class=\"eap__time no-wrap\">\n            <span class=\"dashicons dashicons-clock\"><\/span> 12:00 pm        <\/span>\n        \n    <br>\n\n    Cant\u00f3n dos Moreno, Ribadeo, Galiza<\/p>\n\n        <\/header>\n\n        <!-- main -->\n        <main class=\"eap__excerpt\">\n                            <p class=\"eap__more\">\n                    <a href=\"https:\/\/www.modepen.org\/index.php\/events\/ribadeo-concentracion-o-dia-3-de-setembro-as-12-h-no-canton-dos-moreno\/\">Read more<\/a>\n                <\/p>\n                        <\/main>\n    <\/div>\n<\/div>\n\n<div id=\"post-2242\" class=\"eap__event\">\n    <div class=\"eap__img\">\n        <img loading=\"lazy\" decoding=\"async\" width=\"318\" height=\"450\" src=\"https:\/\/www.modepen.org\/wp-content\/uploads\/2022\/08\/Concentracion-Coruna-20220901-Cartaz-P.jpg\" class=\"attachment-post-thumbnail size-post-thumbnail wp-post-image\" alt=\"\" srcset=\"https:\/\/www.modepen.org\/wp-content\/uploads\/2022\/08\/Concentracion-Coruna-20220901-Cartaz-P.jpg 318w, https:\/\/www.modepen.org\/wp-content\/uploads\/2022\/08\/Concentracion-Coruna-20220901-Cartaz-P-212x300.jpg 212w, https:\/\/www.modepen.org\/wp-content\/uploads\/2022\/08\/Concentracion-Coruna-20220901-Cartaz-P-106x150.jpg 106w\" sizes=\"auto, (max-width: 318px) 100vw, 318px\" \/>    <\/div>\n\n    <div class=\"eap__content\">\n        <!-- header -->\n        <header class=\"eap__header\">\n            <h2 class=\"eap__title\"><a href=\"https:\/\/www.modepen.org\/index.php\/events\/a-coruna-mesa-de-recollida-de-firmas-e-informacion-da-manifestacion-do-15-de-outubro-o-xoves-1-de-setembro-as-11h-no-mercado-de-elvina\/\" rel=\"bookmark\">A Coru\u00f1a: Mesa de recollida de firmas e informaci\u00f3n da manifestaci\u00f3n do 15 de Outubro o Xoves 1 de Setembro, \u00e1s 11h. no Mercado de Elvi\u00f1a.<\/a><\/h2>\n                        \n<!-- event meta -->\n<p class=\"eap__meta\">\n            <span class=\"eap__date no-wrap\">\n            <span class=\"dashicons dashicons-calendar-alt\"><\/span> Setembro 1, 2022        <\/span>\n         |         <span class=\"eap__time no-wrap\">\n            <span class=\"dashicons dashicons-clock\"><\/span> 11:00 am        <\/span>\n        \n    <br>\n\n    Mercado de Elvi\u00f1a, A Coru\u00f1a, Galiza<\/p>\n\n        <\/header>\n\n        <!-- main -->\n        <main class=\"eap__excerpt\">\n                            <p class=\"eap__more\">\n                    <a href=\"https:\/\/www.modepen.org\/index.php\/events\/a-coruna-mesa-de-recollida-de-firmas-e-informacion-da-manifestacion-do-15-de-outubro-o-xoves-1-de-setembro-as-11h-no-mercado-de-elvina\/\">Read more<\/a>\n                <\/p>\n                        <\/main>\n    <\/div>\n<\/div>\n\n<div id=\"post-2237\" class=\"eap__event\">\n    <div class=\"eap__img\">\n        <img loading=\"lazy\" decoding=\"async\" width=\"318\" height=\"450\" src=\"https:\/\/www.modepen.org\/wp-content\/uploads\/2022\/08\/sANTA-mARGARIDA-P.jpg\" class=\"attachment-post-thumbnail size-post-thumbnail wp-post-image\" alt=\"\" srcset=\"https:\/\/www.modepen.org\/wp-content\/uploads\/2022\/08\/sANTA-mARGARIDA-P.jpg 318w, https:\/\/www.modepen.org\/wp-content\/uploads\/2022\/08\/sANTA-mARGARIDA-P-212x300.jpg 212w, https:\/\/www.modepen.org\/wp-content\/uploads\/2022\/08\/sANTA-mARGARIDA-P-106x150.jpg 106w\" sizes=\"auto, (max-width: 318px) 100vw, 318px\" \/>    <\/div>\n\n    <div class=\"eap__content\">\n        <!-- header -->\n        <header class=\"eap__header\">\n            <h2 class=\"eap__title\"><a href=\"https:\/\/www.modepen.org\/index.php\/events\/a-coruna-mesa-de-recollida-de-firmas-e-informacion-da-manifestacion-do-15-de-outubro-o-domingo-28-de-agosto-as-11h-no-parque-de-santa-margarida\/\" rel=\"bookmark\">A Coru\u00f1a: Mesa de recollida de firmas e informaci\u00f3n da manifestaci\u00f3n do 15 de outubro o Domingo 28 de Agosto, \u00e1s 11h. no Parque de Santa Margarida.<\/a><\/h2>\n                        \n<!-- event meta -->\n<p class=\"eap__meta\">\n            <span class=\"eap__date no-wrap\">\n            <span class=\"dashicons dashicons-calendar-alt\"><\/span> Agosto 28, 2022        <\/span>\n         |         <span class=\"eap__time no-wrap\">\n            <span class=\"dashicons dashicons-clock\"><\/span> 11:00 am        <\/span>\n        \n    <br>\n\n    Parque Santa Margarida, A Coru\u00f1a, Galiza<\/p>\n\n        <\/header>\n\n        <!-- main -->\n        <main class=\"eap__excerpt\">\n                            <p class=\"eap__more\">\n                    <a href=\"https:\/\/www.modepen.org\/index.php\/events\/a-coruna-mesa-de-recollida-de-firmas-e-informacion-da-manifestacion-do-15-de-outubro-o-domingo-28-de-agosto-as-11h-no-parque-de-santa-margarida\/\">Read more<\/a>\n                <\/p>\n                        <\/main>\n    <\/div>\n<\/div>\n\n<div id=\"post-2221\" class=\"eap__event\">\n    <div class=\"eap__img\">\n        <img loading=\"lazy\" decoding=\"async\" width=\"358\" height=\"450\" src=\"https:\/\/www.modepen.org\/wp-content\/uploads\/2022\/08\/Concentracion-Ribadeo-20220806-P.jpg\" class=\"attachment-post-thumbnail size-post-thumbnail wp-post-image\" alt=\"\" srcset=\"https:\/\/www.modepen.org\/wp-content\/uploads\/2022\/08\/Concentracion-Ribadeo-20220806-P.jpg 358w, https:\/\/www.modepen.org\/wp-content\/uploads\/2022\/08\/Concentracion-Ribadeo-20220806-P-239x300.jpg 239w, https:\/\/www.modepen.org\/wp-content\/uploads\/2022\/08\/Concentracion-Ribadeo-20220806-P-119x150.jpg 119w\" sizes=\"auto, (max-width: 358px) 100vw, 358px\" \/>    <\/div>\n\n    <div class=\"eap__content\">\n        <!-- header -->\n        <header class=\"eap__header\">\n            <h2 class=\"eap__title\"><a href=\"https:\/\/www.modepen.org\/index.php\/events\/ribadeo-concentracion-o-dia-6-de-agosto-as-12-h-no-canton-dos-moreno\/\" rel=\"bookmark\">Ribadeo: Concentraci\u00f3n o d\u00eda 6 de Agosto, as 12 h. no Cant\u00f3n dos MORENO<\/a><\/h2>\n                        \n<!-- event meta -->\n<p class=\"eap__meta\">\n            <span class=\"eap__date no-wrap\">\n            <span class=\"dashicons dashicons-calendar-alt\"><\/span> Agosto 6, 2022        <\/span>\n         |         <span class=\"eap__time no-wrap\">\n            <span class=\"dashicons dashicons-clock\"><\/span> 12:00 pm        <\/span>\n        \n    <br>\n\n    Cant\u00f3n dos Moreno, Ribadeo, Galiza<\/p>\n\n        <\/header>\n\n        <!-- main -->\n        <main class=\"eap__excerpt\">\n                            <p class=\"eap__more\">\n                    <a href=\"https:\/\/www.modepen.org\/index.php\/events\/ribadeo-concentracion-o-dia-6-de-agosto-as-12-h-no-canton-dos-moreno\/\">Read more<\/a>\n                <\/p>\n                        <\/main>\n    <\/div>\n<\/div>\n\n<div id=\"post-2205\" class=\"eap__event\">\n    <div class=\"eap__img\">\n        <img loading=\"lazy\" decoding=\"async\" width=\"318\" height=\"450\" src=\"https:\/\/www.modepen.org\/wp-content\/uploads\/2022\/06\/Vigo-4-7-22-P.jpg\" class=\"attachment-post-thumbnail size-post-thumbnail wp-post-image\" alt=\"\" srcset=\"https:\/\/www.modepen.org\/wp-content\/uploads\/2022\/06\/Vigo-4-7-22-P.jpg 318w, https:\/\/www.modepen.org\/wp-content\/uploads\/2022\/06\/Vigo-4-7-22-P-212x300.jpg 212w, https:\/\/www.modepen.org\/wp-content\/uploads\/2022\/06\/Vigo-4-7-22-P-106x150.jpg 106w\" sizes=\"auto, (max-width: 318px) 100vw, 318px\" \/>    <\/div>\n\n    <div class=\"eap__content\">\n        <!-- header -->\n        <header class=\"eap__header\">\n            <h2 class=\"eap__title\"><a href=\"https:\/\/www.modepen.org\/index.php\/events\/vigo-concentracion-o-dia-4-de-xullo-fronte-a-o-marco-na-rua-principe\/\" rel=\"bookmark\">Vigo: Concentraci\u00f3n o d\u00eda 4 de Xullo, fronte a o MARCO, na R\u00faa Pr\u00edncipe.<\/a><\/h2>\n                        \n<!-- event meta -->\n<p class=\"eap__meta\">\n            <span class=\"eap__date no-wrap\">\n            <span class=\"dashicons dashicons-calendar-alt\"><\/span> Xullo 4, 2022        <\/span>\n         |         <span class=\"eap__time no-wrap\">\n            <span class=\"dashicons dashicons-clock\"><\/span> 8:00 pm        <\/span>\n        \n    <br>\n\n    Fronte a o MARCO, na R\u00faa Pr\u00edncipe, Vigo, Galiza<\/p>\n\n        <\/header>\n\n        <!-- main -->\n        <main class=\"eap__excerpt\">\n                            <p class=\"eap__more\">\n                    <a href=\"https:\/\/www.modepen.org\/index.php\/events\/vigo-concentracion-o-dia-4-de-xullo-fronte-a-o-marco-na-rua-principe\/\">Read more<\/a>\n                <\/p>\n                        <\/main>\n    <\/div>\n<\/div>\n\n<div id=\"post-2200\" class=\"eap__event\">\n    <div class=\"eap__img\">\n        <img loading=\"lazy\" decoding=\"async\" width=\"330\" height=\"450\" src=\"https:\/\/www.modepen.org\/wp-content\/uploads\/2022\/06\/Concentracion-Ribadeo-20220702-P.jpg\" class=\"attachment-post-thumbnail size-post-thumbnail wp-post-image\" alt=\"\" srcset=\"https:\/\/www.modepen.org\/wp-content\/uploads\/2022\/06\/Concentracion-Ribadeo-20220702-P.jpg 330w, https:\/\/www.modepen.org\/wp-content\/uploads\/2022\/06\/Concentracion-Ribadeo-20220702-P-220x300.jpg 220w, https:\/\/www.modepen.org\/wp-content\/uploads\/2022\/06\/Concentracion-Ribadeo-20220702-P-110x150.jpg 110w\" sizes=\"auto, (max-width: 330px) 100vw, 330px\" \/>    <\/div>\n\n    <div class=\"eap__content\">\n        <!-- header -->\n        <header class=\"eap__header\">\n            <h2 class=\"eap__title\"><a href=\"https:\/\/www.modepen.org\/index.php\/events\/ribadeo-concentracion-o-dia-2-de-xullo-as-12-h-no-canton-dos-moreno\/\" rel=\"bookmark\">Ribadeo: Concentraci\u00f3n o d\u00eda 2 de Xullo, as 12 h. no Cant\u00f3n dos MORENO<\/a><\/h2>\n                        \n<!-- event meta -->\n<p class=\"eap__meta\">\n            <span class=\"eap__date no-wrap\">\n            <span class=\"dashicons dashicons-calendar-alt\"><\/span> Xullo 2, 2022        <\/span>\n         |         <span class=\"eap__time no-wrap\">\n            <span class=\"dashicons dashicons-clock\"><\/span> 12:00 pm        <\/span>\n        \n    <br>\n\n    Cant\u00f3n dos MORENO, Ribadeo, Galiza<\/p>\n\n        <\/header>\n\n        <!-- main -->\n        <main class=\"eap__excerpt\">\n                            <p class=\"eap__more\">\n                    <a href=\"https:\/\/www.modepen.org\/index.php\/events\/ribadeo-concentracion-o-dia-2-de-xullo-as-12-h-no-canton-dos-moreno\/\">Read more<\/a>\n                <\/p>\n                        <\/main>\n    <\/div>\n<\/div>\n\n<div id=\"post-2181\" class=\"eap__event\">\n    <div class=\"eap__img\">\n        <img loading=\"lazy\" decoding=\"async\" width=\"337\" height=\"450\" src=\"https:\/\/www.modepen.org\/wp-content\/uploads\/2022\/05\/Concentracion-Madrid-20220609-P.jpg\" class=\"attachment-post-thumbnail size-post-thumbnail wp-post-image\" alt=\"\" srcset=\"https:\/\/www.modepen.org\/wp-content\/uploads\/2022\/05\/Concentracion-Madrid-20220609-P.jpg 337w, https:\/\/www.modepen.org\/wp-content\/uploads\/2022\/05\/Concentracion-Madrid-20220609-P-225x300.jpg 225w, https:\/\/www.modepen.org\/wp-content\/uploads\/2022\/05\/Concentracion-Madrid-20220609-P-112x150.jpg 112w\" sizes=\"auto, (max-width: 337px) 100vw, 337px\" \/>    <\/div>\n\n    <div class=\"eap__content\">\n        <!-- header -->\n        <header class=\"eap__header\">\n            <h2 class=\"eap__title\"><a href=\"https:\/\/www.modepen.org\/index.php\/events\/concentracion-en-madrid-o-dia-9-de-xunio-paremos-o-proxecto-de-lei-para-o-fomento-dos-plans-de-pensions-de-emprego\/\" rel=\"bookmark\">Concentraci\u00f3n en Madrid o d\u00eda 9 de Xunio: Paremos o Proxecto de Lei para o Fomento dos Plans (de Pensi\u00f3ns) de Emprego.<\/a><\/h2>\n                        \n<!-- event meta -->\n<p class=\"eap__meta\">\n            <span class=\"eap__date no-wrap\">\n            <span class=\"dashicons dashicons-calendar-alt\"><\/span> Xu\u00f1o 9, 2022        <\/span>\n         |         <span class=\"eap__time no-wrap\">\n            <span class=\"dashicons dashicons-clock\"><\/span> 12:00 pm        <\/span>\n        \n    <br>\n\n    Diante do Congreso dos Deputados, Madrid<\/p>\n\n        <\/header>\n\n        <!-- main -->\n        <main class=\"eap__excerpt\">\n                            <p class=\"eap__more\">\n                    <a href=\"https:\/\/www.modepen.org\/index.php\/events\/concentracion-en-madrid-o-dia-9-de-xunio-paremos-o-proxecto-de-lei-para-o-fomento-dos-plans-de-pensions-de-emprego\/\">Read more<\/a>\n                <\/p>\n                        <\/main>\n    <\/div>\n<\/div>\n\n<div id=\"post-2188\" class=\"eap__event\">\n    <div class=\"eap__img\">\n        <img loading=\"lazy\" decoding=\"async\" width=\"318\" height=\"450\" src=\"https:\/\/www.modepen.org\/wp-content\/uploads\/2022\/06\/Vigo-2022-06-06-2-P.jpg\" class=\"attachment-post-thumbnail size-post-thumbnail wp-post-image\" alt=\"\" srcset=\"https:\/\/www.modepen.org\/wp-content\/uploads\/2022\/06\/Vigo-2022-06-06-2-P.jpg 318w, https:\/\/www.modepen.org\/wp-content\/uploads\/2022\/06\/Vigo-2022-06-06-2-P-212x300.jpg 212w, https:\/\/www.modepen.org\/wp-content\/uploads\/2022\/06\/Vigo-2022-06-06-2-P-106x150.jpg 106w\" sizes=\"auto, (max-width: 318px) 100vw, 318px\" \/>    <\/div>\n\n    <div class=\"eap__content\">\n        <!-- header -->\n        <header class=\"eap__header\">\n            <h2 class=\"eap__title\"><a href=\"https:\/\/www.modepen.org\/index.php\/events\/vigo-concentracion-o-dia-6-de-xonio-fronte-a-o-marco-na-rua-principe\/\" rel=\"bookmark\">Vigo: Concentraci\u00f3n o d\u00eda 6 de Xunio, fronte a o MARCO, na R\u00faa Pr\u00edncipe.<\/a><\/h2>\n                        \n<!-- event meta -->\n<p class=\"eap__meta\">\n            <span class=\"eap__date no-wrap\">\n            <span class=\"dashicons dashicons-calendar-alt\"><\/span> Xu\u00f1o 6, 2022        <\/span>\n         |         <span class=\"eap__time no-wrap\">\n            <span class=\"dashicons dashicons-clock\"><\/span> 8:00 pm        <\/span>\n        \n    <br>\n\n    Diante do MARCO, na Rua Pr\u00edncipe, Vigo, Galiza<\/p>\n\n        <\/header>\n\n        <!-- main -->\n        <main class=\"eap__excerpt\">\n                            <p class=\"eap__more\">\n                    <a href=\"https:\/\/www.modepen.org\/index.php\/events\/vigo-concentracion-o-dia-6-de-xonio-fronte-a-o-marco-na-rua-principe\/\">Read more<\/a>\n                <\/p>\n                        <\/main>\n    <\/div>\n<\/div>\n\n<div id=\"post-2193\" class=\"eap__event\">\n    <div class=\"eap__img\">\n        <img loading=\"lazy\" decoding=\"async\" width=\"323\" height=\"450\" src=\"https:\/\/www.modepen.org\/wp-content\/uploads\/2022\/06\/ValMinor-20220606-P.jpg\" class=\"attachment-post-thumbnail size-post-thumbnail wp-post-image\" alt=\"\" srcset=\"https:\/\/www.modepen.org\/wp-content\/uploads\/2022\/06\/ValMinor-20220606-P.jpg 323w, https:\/\/www.modepen.org\/wp-content\/uploads\/2022\/06\/ValMinor-20220606-P-215x300.jpg 215w, https:\/\/www.modepen.org\/wp-content\/uploads\/2022\/06\/ValMinor-20220606-P-108x150.jpg 108w\" sizes=\"auto, (max-width: 323px) 100vw, 323px\" \/>    <\/div>\n\n    <div class=\"eap__content\">\n        <!-- header -->\n        <header class=\"eap__header\">\n            <h2 class=\"eap__title\"><a href=\"https:\/\/www.modepen.org\/index.php\/events\/val-minor-concentracion-o-dia-6-de-xunio-diante-da-capela-de-san-campio-a-ramallosa\/\" rel=\"bookmark\">Val Mi\u00f1or: Concentraci\u00f3n o d\u00eda 6 de Xunio, diante da capela de San Campio (A Ramallosa)<\/a><\/h2>\n                        \n<!-- event meta -->\n<p class=\"eap__meta\">\n            <span class=\"eap__date no-wrap\">\n            <span class=\"dashicons dashicons-calendar-alt\"><\/span> Xu\u00f1o 6, 2022        <\/span>\n         |         <span class=\"eap__time no-wrap\">\n            <span class=\"dashicons dashicons-clock\"><\/span> 12:00 pm        <\/span>\n        \n    <br>\n\n    A Ramallosa, Val Mi\u00f1or, Galiza<\/p>\n\n        <\/header>\n\n        <!-- main -->\n        <main class=\"eap__excerpt\">\n                            <p class=\"eap__more\">\n                    <a href=\"https:\/\/www.modepen.org\/index.php\/events\/val-minor-concentracion-o-dia-6-de-xunio-diante-da-capela-de-san-campio-a-ramallosa\/\">Read more<\/a>\n                <\/p>\n                        <\/main>\n    <\/div>\n<\/div>\n\n<div id=\"post-2176\" class=\"eap__event\">\n    <div class=\"eap__img\">\n        <img loading=\"lazy\" decoding=\"async\" width=\"358\" height=\"450\" src=\"https:\/\/www.modepen.org\/wp-content\/uploads\/2022\/05\/Concentracion-Ribadeo-20220604-P.jpg\" class=\"attachment-post-thumbnail size-post-thumbnail wp-post-image\" alt=\"\" srcset=\"https:\/\/www.modepen.org\/wp-content\/uploads\/2022\/05\/Concentracion-Ribadeo-20220604-P.jpg 358w, https:\/\/www.modepen.org\/wp-content\/uploads\/2022\/05\/Concentracion-Ribadeo-20220604-P-239x300.jpg 239w, https:\/\/www.modepen.org\/wp-content\/uploads\/2022\/05\/Concentracion-Ribadeo-20220604-P-119x150.jpg 119w\" sizes=\"auto, (max-width: 358px) 100vw, 358px\" \/>    <\/div>\n\n    <div class=\"eap__content\">\n        <!-- header -->\n        <header class=\"eap__header\">\n            <h2 class=\"eap__title\"><a href=\"https:\/\/www.modepen.org\/index.php\/events\/ribadeo-concentracion-o-dia-4-de-xunio-as-12-h-no-canton-dos-moreno\/\" rel=\"bookmark\">Ribadeo: Concentraci\u00f3n o d\u00eda 4 de Xunio, as 12 h. no Cant\u00f3n dos MORENO<\/a><\/h2>\n                        \n<!-- event meta -->\n<p class=\"eap__meta\">\n            <span class=\"eap__date no-wrap\">\n            <span class=\"dashicons dashicons-calendar-alt\"><\/span> Xu\u00f1o 4, 2022        <\/span>\n         |         <span class=\"eap__time no-wrap\">\n            <span class=\"dashicons dashicons-clock\"><\/span> 12:00 pm        <\/span>\n        \n    <br>\n\n    Cant\u00f3n dos MORENO, Ribadeo, Galiza<\/p>\n\n        <\/header>\n\n        <!-- main -->\n        <main class=\"eap__excerpt\">\n                            <p class=\"eap__more\">\n                    <a href=\"https:\/\/www.modepen.org\/index.php\/events\/ribadeo-concentracion-o-dia-4-de-xunio-as-12-h-no-canton-dos-moreno\/\">Read more<\/a>\n                <\/p>\n                        <\/main>\n    <\/div>\n<\/div>\n\n<div id=\"post-2166\" class=\"eap__event\">\n    <div class=\"eap__img\">\n        <img loading=\"lazy\" decoding=\"async\" width=\"318\" height=\"450\" src=\"https:\/\/www.modepen.org\/wp-content\/uploads\/2022\/05\/Presentacion-campana-recollida-firmas-Porrino-20220524-P.jpg\" class=\"attachment-post-thumbnail size-post-thumbnail wp-post-image\" alt=\"\" srcset=\"https:\/\/www.modepen.org\/wp-content\/uploads\/2022\/05\/Presentacion-campana-recollida-firmas-Porrino-20220524-P.jpg 318w, https:\/\/www.modepen.org\/wp-content\/uploads\/2022\/05\/Presentacion-campana-recollida-firmas-Porrino-20220524-P-212x300.jpg 212w, https:\/\/www.modepen.org\/wp-content\/uploads\/2022\/05\/Presentacion-campana-recollida-firmas-Porrino-20220524-P-106x150.jpg 106w\" sizes=\"auto, (max-width: 318px) 100vw, 318px\" \/>    <\/div>\n\n    <div class=\"eap__content\">\n        <!-- header -->\n        <header class=\"eap__header\">\n            <h2 class=\"eap__title\"><a href=\"https:\/\/www.modepen.org\/index.php\/events\/o-porrino-recollida-de-firmas-para-exixir-o-ipc-real-nas-pensions-o-dia-24-de-maio-na-esquina-das-ruas-xoga-da-ola-e-leandro-diz\/\" rel=\"bookmark\">O Porri\u00f1o: Recollida de firmas para exixir o IPC Real nas Pensi\u00f3ns, o d\u00eda 24 de Maio, na esquina das ruas Xoga da Ola e Leandro Diz<\/a><\/h2>\n                        \n<!-- event meta -->\n<p class=\"eap__meta\">\n            <span class=\"eap__date no-wrap\">\n            <span class=\"dashicons dashicons-calendar-alt\"><\/span> Maio 24, 2022        <\/span>\n         |         <span class=\"eap__time no-wrap\">\n            <span class=\"dashicons dashicons-clock\"><\/span> 10:30 am        <\/span>\n         \u2013             <span class=\"eap__time no-wrap\">\n                12:30 pm            <\/span>\n            \n    <br>\n\n    Esquina das ruas Xogo da Ola e Leandro Diz, O Porri\u00f1o, Galiza<\/p>\n\n        <\/header>\n\n        <!-- main -->\n        <main class=\"eap__excerpt\">\n                            <p class=\"eap__more\">\n                    <a href=\"https:\/\/www.modepen.org\/index.php\/events\/o-porrino-recollida-de-firmas-para-exixir-o-ipc-real-nas-pensions-o-dia-24-de-maio-na-esquina-das-ruas-xoga-da-ola-e-leandro-diz\/\">Read more<\/a>\n                <\/p>\n                        <\/main>\n    <\/div>\n<\/div>\n\n<div id=\"post-2161\" class=\"eap__event\">\n    <div class=\"eap__img\">\n        <img loading=\"lazy\" decoding=\"async\" width=\"318\" height=\"450\" src=\"https:\/\/www.modepen.org\/wp-content\/uploads\/2022\/05\/Charla-Coloquio-Modepen-Tui-2022_05_20-01.jpg\" class=\"attachment-post-thumbnail size-post-thumbnail wp-post-image\" alt=\"\" srcset=\"https:\/\/www.modepen.org\/wp-content\/uploads\/2022\/05\/Charla-Coloquio-Modepen-Tui-2022_05_20-01.jpg 318w, https:\/\/www.modepen.org\/wp-content\/uploads\/2022\/05\/Charla-Coloquio-Modepen-Tui-2022_05_20-01-212x300.jpg 212w, https:\/\/www.modepen.org\/wp-content\/uploads\/2022\/05\/Charla-Coloquio-Modepen-Tui-2022_05_20-01-106x150.jpg 106w\" sizes=\"auto, (max-width: 318px) 100vw, 318px\" \/>    <\/div>\n\n    <div class=\"eap__content\">\n        <!-- header -->\n        <header class=\"eap__header\">\n            <h2 class=\"eap__title\"><a href=\"https:\/\/www.modepen.org\/index.php\/events\/charla-coloquio-no-liceo-casido-de-tui-o-dia-20-de-maio-as-20-h\/\" rel=\"bookmark\">Charla-Coloquio no Liceo Casino de Tui o d\u00eda 20 de Maio, as 20 h.<\/a><\/h2>\n                        \n<!-- event meta -->\n<p class=\"eap__meta\">\n            <span class=\"eap__date no-wrap\">\n            <span class=\"dashicons dashicons-calendar-alt\"><\/span> Maio 20, 2022        <\/span>\n         |         <span class=\"eap__time no-wrap\">\n            <span class=\"dashicons dashicons-clock\"><\/span> 8:00 pm        <\/span>\n        \n    <br>\n\n    Liceo Casino de Tui, Tui, Galiza<\/p>\n\n        <\/header>\n\n        <!-- main -->\n        <main class=\"eap__excerpt\">\n                            <p class=\"eap__more\">\n                    <a href=\"https:\/\/www.modepen.org\/index.php\/events\/charla-coloquio-no-liceo-casido-de-tui-o-dia-20-de-maio-as-20-h\/\">Read more<\/a>\n                <\/p>\n                        <\/main>\n    <\/div>\n<\/div>\n\n<div id=\"post-2157\" class=\"eap__event\">\n    <div class=\"eap__img\">\n        <img loading=\"lazy\" decoding=\"async\" width=\"358\" height=\"450\" src=\"https:\/\/www.modepen.org\/wp-content\/uploads\/2022\/05\/Concentracion-Ribadeo-20220507-P.jpg\" class=\"attachment-post-thumbnail size-post-thumbnail wp-post-image\" alt=\"\" srcset=\"https:\/\/www.modepen.org\/wp-content\/uploads\/2022\/05\/Concentracion-Ribadeo-20220507-P.jpg 358w, https:\/\/www.modepen.org\/wp-content\/uploads\/2022\/05\/Concentracion-Ribadeo-20220507-P-239x300.jpg 239w, https:\/\/www.modepen.org\/wp-content\/uploads\/2022\/05\/Concentracion-Ribadeo-20220507-P-119x150.jpg 119w\" sizes=\"auto, (max-width: 358px) 100vw, 358px\" \/>    <\/div>\n\n    <div class=\"eap__content\">\n        <!-- header -->\n        <header class=\"eap__header\">\n            <h2 class=\"eap__title\"><a href=\"https:\/\/www.modepen.org\/index.php\/events\/ribadeo-concentracion-o-dia-7-de-maio-as-12-h-no-canton-dos-moreno\/\" rel=\"bookmark\">Ribadeo: Concentraci\u00f3n o d\u00eda 7 de Maio, as 12 h. no Cant\u00f3n dos MORENO<\/a><\/h2>\n                        \n<!-- event meta -->\n<p class=\"eap__meta\">\n            <span class=\"eap__date no-wrap\">\n            <span class=\"dashicons dashicons-calendar-alt\"><\/span> Maio 7, 2022        <\/span>\n         |         <span class=\"eap__time no-wrap\">\n            <span class=\"dashicons dashicons-clock\"><\/span> 12:00 pm        <\/span>\n        \n    <br>\n\n    Cant\u00f3n dos MORENO, Ribadeo, Galiza<\/p>\n\n        <\/header>\n\n        <!-- main -->\n        <main class=\"eap__excerpt\">\n                            <p class=\"eap__more\">\n                    <a href=\"https:\/\/www.modepen.org\/index.php\/events\/ribadeo-concentracion-o-dia-7-de-maio-as-12-h-no-canton-dos-moreno\/\">Read more<\/a>\n                <\/p>\n                        <\/main>\n    <\/div>\n<\/div>\n\n<div id=\"post-2152\" class=\"eap__event\">\n    <div class=\"eap__img\">\n        <img loading=\"lazy\" decoding=\"async\" width=\"318\" height=\"450\" src=\"https:\/\/www.modepen.org\/wp-content\/uploads\/2022\/04\/Concentracion-Vigo-20220502-P.jpg\" class=\"attachment-post-thumbnail size-post-thumbnail wp-post-image\" alt=\"\" srcset=\"https:\/\/www.modepen.org\/wp-content\/uploads\/2022\/04\/Concentracion-Vigo-20220502-P.jpg 318w, https:\/\/www.modepen.org\/wp-content\/uploads\/2022\/04\/Concentracion-Vigo-20220502-P-212x300.jpg 212w, https:\/\/www.modepen.org\/wp-content\/uploads\/2022\/04\/Concentracion-Vigo-20220502-P-106x150.jpg 106w\" sizes=\"auto, (max-width: 318px) 100vw, 318px\" \/>    <\/div>\n\n    <div class=\"eap__content\">\n        <!-- header -->\n        <header class=\"eap__header\">\n            <h2 class=\"eap__title\"><a href=\"https:\/\/www.modepen.org\/index.php\/events\/vigo-concentracion-o-dia-2-de-maio-fronte-a-o-marco-na-rua-principe\/\" rel=\"bookmark\">Vigo: Concentraci\u00f3n o d\u00eda 2 de Maio, fronte a o MARCO, na R\u00faa Pr\u00edncipe.<\/a><\/h2>\n                        \n<!-- event meta -->\n<p class=\"eap__meta\">\n            <span class=\"eap__date no-wrap\">\n            <span class=\"dashicons dashicons-calendar-alt\"><\/span> Maio 2, 2022        <\/span>\n         |         <span class=\"eap__time no-wrap\">\n            <span class=\"dashicons dashicons-clock\"><\/span> 8:00 pm        <\/span>\n        \n    <br>\n\n    Fronte a o MARCO, na R\u00faa Principe, Vigo, Galiza<\/p>\n\n        <\/header>\n\n        <!-- main -->\n        <main class=\"eap__excerpt\">\n                            <p class=\"eap__more\">\n                    <a href=\"https:\/\/www.modepen.org\/index.php\/events\/vigo-concentracion-o-dia-2-de-maio-fronte-a-o-marco-na-rua-principe\/\">Read more<\/a>\n                <\/p>\n                        <\/main>\n    <\/div>\n<\/div>\n\n<div id=\"post-2073\" class=\"eap__event\">\n    <div class=\"eap__img\">\n        <img loading=\"lazy\" decoding=\"async\" width=\"318\" height=\"450\" src=\"https:\/\/www.modepen.org\/wp-content\/uploads\/2022\/03\/calendario-recollida-de-firmas-P.jpg\" class=\"attachment-post-thumbnail size-post-thumbnail wp-post-image\" alt=\"\" srcset=\"https:\/\/www.modepen.org\/wp-content\/uploads\/2022\/03\/calendario-recollida-de-firmas-P.jpg 318w, https:\/\/www.modepen.org\/wp-content\/uploads\/2022\/03\/calendario-recollida-de-firmas-P-212x300.jpg 212w, https:\/\/www.modepen.org\/wp-content\/uploads\/2022\/03\/calendario-recollida-de-firmas-P-106x150.jpg 106w\" sizes=\"auto, (max-width: 318px) 100vw, 318px\" \/>    <\/div>\n\n    <div class=\"eap__content\">\n        <!-- header -->\n        <header class=\"eap__header\">\n            <h2 class=\"eap__title\"><a href=\"https:\/\/www.modepen.org\/index.php\/events\/coruna-recollida-de-firmas-para-exixir-o-ipc-real-nas-pensions-o-dia-28-de-abril-na-gaiteira\/\" rel=\"bookmark\">Coru\u00f1a: Recollida de firmas para exixir o IPC Real nas Pensi\u00f3ns, o d\u00eda 28 de Abril, na Gaiteira<\/a><\/h2>\n                        \n<!-- event meta -->\n<p class=\"eap__meta\">\n            <span class=\"eap__date no-wrap\">\n            <span class=\"dashicons dashicons-calendar-alt\"><\/span> Abril 28, 2022        <\/span>\n         |         <span class=\"eap__time no-wrap\">\n            <span class=\"dashicons dashicons-clock\"><\/span> 11:00 am        <\/span>\n        \n    <br>\n\n    A Gaiteira, Coru\u00f1a, Galiza<\/p>\n\n        <\/header>\n\n        <!-- main -->\n        <main class=\"eap__excerpt\">\n                            <p class=\"eap__more\">\n                    <a href=\"https:\/\/www.modepen.org\/index.php\/events\/coruna-recollida-de-firmas-para-exixir-o-ipc-real-nas-pensions-o-dia-28-de-abril-na-gaiteira\/\">Read more<\/a>\n                <\/p>\n                        <\/main>\n    <\/div>\n<\/div>\n\n<div id=\"post-2071\" class=\"eap__event\">\n    <div class=\"eap__img\">\n        <img loading=\"lazy\" decoding=\"async\" width=\"318\" height=\"450\" src=\"https:\/\/www.modepen.org\/wp-content\/uploads\/2022\/03\/calendario-recollida-de-firmas-P.jpg\" class=\"attachment-post-thumbnail size-post-thumbnail wp-post-image\" alt=\"\" srcset=\"https:\/\/www.modepen.org\/wp-content\/uploads\/2022\/03\/calendario-recollida-de-firmas-P.jpg 318w, https:\/\/www.modepen.org\/wp-content\/uploads\/2022\/03\/calendario-recollida-de-firmas-P-212x300.jpg 212w, https:\/\/www.modepen.org\/wp-content\/uploads\/2022\/03\/calendario-recollida-de-firmas-P-106x150.jpg 106w\" sizes=\"auto, (max-width: 318px) 100vw, 318px\" \/>    <\/div>\n\n    <div class=\"eap__content\">\n        <!-- header -->\n        <header class=\"eap__header\">\n            <h2 class=\"eap__title\"><a href=\"https:\/\/www.modepen.org\/index.php\/events\/coruna-recollida-de-firmas-para-exixir-o-ipc-real-nas-pensions-o-dia-21-de-abril-no-obelisco\/\" rel=\"bookmark\">Coru\u00f1a: Recollida de firmas para exixir o IPC Real nas Pensi\u00f3ns, o d\u00eda 21 de Abril, no Obelisco.<\/a><\/h2>\n                        \n<!-- event meta -->\n<p class=\"eap__meta\">\n            <span class=\"eap__date no-wrap\">\n            <span class=\"dashicons dashicons-calendar-alt\"><\/span> Abril 21, 2022        <\/span>\n         |         <span class=\"eap__time no-wrap\">\n            <span class=\"dashicons dashicons-clock\"><\/span> 11:00 am        <\/span>\n        \n    <br>\n\n    No Obelisco, Coru\u00f1a, Galiza<\/p>\n\n        <\/header>\n\n        <!-- main -->\n        <main class=\"eap__excerpt\">\n                            <p class=\"eap__more\">\n                    <a href=\"https:\/\/www.modepen.org\/index.php\/events\/coruna-recollida-de-firmas-para-exixir-o-ipc-real-nas-pensions-o-dia-21-de-abril-no-obelisco\/\">Read more<\/a>\n                <\/p>\n                        <\/main>\n    <\/div>\n<\/div>\n\n<div id=\"post-2069\" class=\"eap__event\">\n    <div class=\"eap__img\">\n        <img loading=\"lazy\" decoding=\"async\" width=\"318\" height=\"450\" src=\"https:\/\/www.modepen.org\/wp-content\/uploads\/2022\/03\/calendario-recollida-de-firmas-P.jpg\" class=\"attachment-post-thumbnail size-post-thumbnail wp-post-image\" alt=\"\" srcset=\"https:\/\/www.modepen.org\/wp-content\/uploads\/2022\/03\/calendario-recollida-de-firmas-P.jpg 318w, https:\/\/www.modepen.org\/wp-content\/uploads\/2022\/03\/calendario-recollida-de-firmas-P-212x300.jpg 212w, https:\/\/www.modepen.org\/wp-content\/uploads\/2022\/03\/calendario-recollida-de-firmas-P-106x150.jpg 106w\" sizes=\"auto, (max-width: 318px) 100vw, 318px\" \/>    <\/div>\n\n    <div class=\"eap__content\">\n        <!-- header -->\n        <header class=\"eap__header\">\n            <h2 class=\"eap__title\"><a href=\"https:\/\/www.modepen.org\/index.php\/events\/coruna-recollida-de-firmas-para-exixir-o-ipc-real-nas-pensions-o-dia-7-de-abril-no-monte-alto\/\" rel=\"bookmark\">Coru\u00f1a: Recollida de firmas para exixir o IPC Real nas Pensi\u00f3ns, o d\u00eda 7 de Abril, no Monte Alto.<\/a><\/h2>\n                        \n<!-- event meta -->\n<p class=\"eap__meta\">\n            <span class=\"eap__date no-wrap\">\n            <span class=\"dashicons dashicons-calendar-alt\"><\/span> Abril 7, 2022        <\/span>\n         |         <span class=\"eap__time no-wrap\">\n            <span class=\"dashicons dashicons-clock\"><\/span> 11:00 am        <\/span>\n        \n    <br>\n\n    Monte Alto, Coru\u00f1a, Galiza<\/p>\n\n        <\/header>\n\n        <!-- main -->\n        <main class=\"eap__excerpt\">\n                            <p class=\"eap__more\">\n                    <a href=\"https:\/\/www.modepen.org\/index.php\/events\/coruna-recollida-de-firmas-para-exixir-o-ipc-real-nas-pensions-o-dia-7-de-abril-no-monte-alto\/\">Read more<\/a>\n                <\/p>\n                        <\/main>\n    <\/div>\n<\/div>\n\n<div id=\"post-2112\" class=\"eap__event\">\n    <div class=\"eap__img\">\n        <img loading=\"lazy\" decoding=\"async\" width=\"318\" height=\"450\" src=\"https:\/\/www.modepen.org\/wp-content\/uploads\/2022\/03\/Presentacion-campana-recollida-firmas-Baixo-Mino-P.jpg\" class=\"attachment-post-thumbnail size-post-thumbnail wp-post-image\" alt=\"\" srcset=\"https:\/\/www.modepen.org\/wp-content\/uploads\/2022\/03\/Presentacion-campana-recollida-firmas-Baixo-Mino-P.jpg 318w, https:\/\/www.modepen.org\/wp-content\/uploads\/2022\/03\/Presentacion-campana-recollida-firmas-Baixo-Mino-P-212x300.jpg 212w, https:\/\/www.modepen.org\/wp-content\/uploads\/2022\/03\/Presentacion-campana-recollida-firmas-Baixo-Mino-P-106x150.jpg 106w\" sizes=\"auto, (max-width: 318px) 100vw, 318px\" \/>    <\/div>\n\n    <div class=\"eap__content\">\n        <!-- header -->\n        <header class=\"eap__header\">\n            <h2 class=\"eap__title\"><a href=\"https:\/\/www.modepen.org\/index.php\/events\/o-porrino-recollida-de-firmas-para-exixir-o-ipc-real-nas-pensions-o-dia-5-de-abril-na-praza-do-concello\/\" rel=\"bookmark\">O Porri\u00f1o: Recollida de firmas para exixir o IPC Real nas Pensi\u00f3ns, o d\u00eda 5 de Abril, na Praza do Concello<\/a><\/h2>\n                        \n<!-- event meta -->\n<p class=\"eap__meta\">\n            <span class=\"eap__date no-wrap\">\n            <span class=\"dashicons dashicons-calendar-alt\"><\/span> Abril 5, 2022        <\/span>\n         |         <span class=\"eap__time no-wrap\">\n            <span class=\"dashicons dashicons-clock\"><\/span> 11:00 am        <\/span>\n        \n    <br>\n\n    Praza do Concello, O Porri\u00f1o, Galiza<\/p>\n\n        <\/header>\n\n        <!-- main -->\n        <main class=\"eap__excerpt\">\n                            <p class=\"eap__more\">\n                    <a href=\"https:\/\/www.modepen.org\/index.php\/events\/o-porrino-recollida-de-firmas-para-exixir-o-ipc-real-nas-pensions-o-dia-5-de-abril-na-praza-do-concello\/\">Read more<\/a>\n                <\/p>\n                        <\/main>\n    <\/div>\n<\/div>\n\n<div id=\"post-2096\" class=\"eap__event\">\n    <div class=\"eap__img\">\n        <img loading=\"lazy\" decoding=\"async\" width=\"318\" height=\"450\" src=\"https:\/\/www.modepen.org\/wp-content\/uploads\/2022\/03\/Recollida-sinaturas-marzo-2022-Val-Minor-P.jpg\" class=\"attachment-post-thumbnail size-post-thumbnail wp-post-image\" alt=\"\" srcset=\"https:\/\/www.modepen.org\/wp-content\/uploads\/2022\/03\/Recollida-sinaturas-marzo-2022-Val-Minor-P.jpg 318w, https:\/\/www.modepen.org\/wp-content\/uploads\/2022\/03\/Recollida-sinaturas-marzo-2022-Val-Minor-P-212x300.jpg 212w, https:\/\/www.modepen.org\/wp-content\/uploads\/2022\/03\/Recollida-sinaturas-marzo-2022-Val-Minor-P-106x150.jpg 106w\" sizes=\"auto, (max-width: 318px) 100vw, 318px\" \/>    <\/div>\n\n    <div class=\"eap__content\">\n        <!-- header -->\n        <header class=\"eap__header\">\n            <h2 class=\"eap__title\"><a href=\"https:\/\/www.modepen.org\/index.php\/events\/val-minor-a-ramallosa-recollida-de-firmas-para-exixir-o-ipc-real-nas-pensions-o-dia-4-de-abril-na-feira-de-sabaris\/\" rel=\"bookmark\">Val Mi\u00f1or &#8211; A Ramallosa: Recollida de firmas para exixir o IPC Real nas Pensi\u00f3ns, o d\u00eda 4 de Abril, na Feira de Sabar\u00eds<\/a><\/h2>\n                        \n<!-- event meta -->\n<p class=\"eap__meta\">\n            <span class=\"eap__date no-wrap\">\n            <span class=\"dashicons dashicons-calendar-alt\"><\/span> Abril 4, 2022        <\/span>\n         |         <span class=\"eap__time no-wrap\">\n            <span class=\"dashicons dashicons-clock\"><\/span> 11:00 am        <\/span>\n        \n    <br>\n\n    Feira de Sabar\u00eds, A Ramallosa, Galiza<\/p>\n\n        <\/header>\n\n        <!-- main -->\n        <main class=\"eap__excerpt\">\n                            <p class=\"eap__more\">\n                    <a href=\"https:\/\/www.modepen.org\/index.php\/events\/val-minor-a-ramallosa-recollida-de-firmas-para-exixir-o-ipc-real-nas-pensions-o-dia-4-de-abril-na-feira-de-sabaris\/\">Read more<\/a>\n                <\/p>\n                        <\/main>\n    <\/div>\n<\/div>\n\n<div id=\"post-2116\" class=\"eap__event\">\n    <div class=\"eap__img\">\n        <img loading=\"lazy\" decoding=\"async\" width=\"318\" height=\"450\" src=\"https:\/\/www.modepen.org\/wp-content\/uploads\/2022\/03\/Vigo-2022-04-04-P.jpg\" class=\"attachment-post-thumbnail size-post-thumbnail wp-post-image\" alt=\"\" srcset=\"https:\/\/www.modepen.org\/wp-content\/uploads\/2022\/03\/Vigo-2022-04-04-P.jpg 318w, https:\/\/www.modepen.org\/wp-content\/uploads\/2022\/03\/Vigo-2022-04-04-P-212x300.jpg 212w, https:\/\/www.modepen.org\/wp-content\/uploads\/2022\/03\/Vigo-2022-04-04-P-106x150.jpg 106w\" sizes=\"auto, (max-width: 318px) 100vw, 318px\" \/>    <\/div>\n\n    <div class=\"eap__content\">\n        <!-- header -->\n        <header class=\"eap__header\">\n            <h2 class=\"eap__title\"><a href=\"https:\/\/www.modepen.org\/index.php\/events\/vigo-concentracion-o-dia-4-de-abril-fronte-a-o-marco-na-rua-principe\/\" rel=\"bookmark\">Vigo: Concentraci\u00f3n o d\u00eda 4 de Abril, fronte a o MARCO, na R\u00faa Pr\u00edncipe.<\/a><\/h2>\n                        \n<!-- event meta -->\n<p class=\"eap__meta\">\n            <span class=\"eap__date no-wrap\">\n            <span class=\"dashicons dashicons-calendar-alt\"><\/span> Abril 4, 2022        <\/span>\n         |         <span class=\"eap__time no-wrap\">\n            <span class=\"dashicons dashicons-clock\"><\/span> 8:00 pm        <\/span>\n        \n    <br>\n\n    Fronte a o MARCO, na R\u00faa Pr\u00edncipe, Vigo, Galiza<\/p>\n\n        <\/header>\n\n        <!-- main -->\n        <main class=\"eap__excerpt\">\n                            <p class=\"eap__more\">\n                    <a href=\"https:\/\/www.modepen.org\/index.php\/events\/vigo-concentracion-o-dia-4-de-abril-fronte-a-o-marco-na-rua-principe\/\">Read more<\/a>\n                <\/p>\n                        <\/main>\n    <\/div>\n<\/div>\n\n<div id=\"post-2104\" class=\"eap__event\">\n    <div class=\"eap__img\">\n        <img loading=\"lazy\" decoding=\"async\" width=\"358\" height=\"450\" src=\"https:\/\/www.modepen.org\/wp-content\/uploads\/2022\/03\/Concentracion-Ribadeo-20220402-P.jpg\" class=\"attachment-post-thumbnail size-post-thumbnail wp-post-image\" alt=\"\" srcset=\"https:\/\/www.modepen.org\/wp-content\/uploads\/2022\/03\/Concentracion-Ribadeo-20220402-P.jpg 358w, https:\/\/www.modepen.org\/wp-content\/uploads\/2022\/03\/Concentracion-Ribadeo-20220402-P-239x300.jpg 239w, https:\/\/www.modepen.org\/wp-content\/uploads\/2022\/03\/Concentracion-Ribadeo-20220402-P-119x150.jpg 119w\" sizes=\"auto, (max-width: 358px) 100vw, 358px\" \/>    <\/div>\n\n    <div class=\"eap__content\">\n        <!-- header -->\n        <header class=\"eap__header\">\n            <h2 class=\"eap__title\"><a href=\"https:\/\/www.modepen.org\/index.php\/events\/ribadeo-concentracion-o-dia-2-de-abril-as-12-h-no-canton-dos-moreno\/\" rel=\"bookmark\">Ribadeo: Concentraci\u00f3n o d\u00eda 2 de Abril, as 12 h. no Cant\u00f3n dos MORENO<\/a><\/h2>\n                        \n<!-- event meta -->\n<p class=\"eap__meta\">\n            <span class=\"eap__date no-wrap\">\n            <span class=\"dashicons dashicons-calendar-alt\"><\/span> Abril 2, 2022        <\/span>\n         |         <span class=\"eap__time no-wrap\">\n            <span class=\"dashicons dashicons-clock\"><\/span> 12:00 pm        <\/span>\n        \n    <br>\n\n    Cant\u00f3n dos MORENO, Ribadeo, Galiza<\/p>\n\n        <\/header>\n\n        <!-- main -->\n        <main class=\"eap__excerpt\">\n                            <p class=\"eap__more\">\n                    <a href=\"https:\/\/www.modepen.org\/index.php\/events\/ribadeo-concentracion-o-dia-2-de-abril-as-12-h-no-canton-dos-moreno\/\">Read more<\/a>\n                <\/p>\n                        <\/main>\n    <\/div>\n<\/div>\n\n<div id=\"post-2077\" class=\"eap__event\">\n    <div class=\"eap__img\">\n        <img loading=\"lazy\" decoding=\"async\" width=\"318\" height=\"450\" src=\"https:\/\/www.modepen.org\/wp-content\/uploads\/2022\/03\/Libro-Xabier-4-P.jpg\" class=\"attachment-post-thumbnail size-post-thumbnail wp-post-image\" alt=\"\" srcset=\"https:\/\/www.modepen.org\/wp-content\/uploads\/2022\/03\/Libro-Xabier-4-P.jpg 318w, https:\/\/www.modepen.org\/wp-content\/uploads\/2022\/03\/Libro-Xabier-4-P-212x300.jpg 212w, https:\/\/www.modepen.org\/wp-content\/uploads\/2022\/03\/Libro-Xabier-4-P-106x150.jpg 106w\" sizes=\"auto, (max-width: 318px) 100vw, 318px\" \/>    <\/div>\n\n    <div class=\"eap__content\">\n        <!-- header -->\n        <header class=\"eap__header\">\n            <h2 class=\"eap__title\"><a href=\"https:\/\/www.modepen.org\/index.php\/events\/presentacion-do-libro-de-xabier-perez-davila-o-dia-1-de-abril-as-2000-no-auditorio-municipal-de-nigran\/\" rel=\"bookmark\">Presentaci\u00f3n do libro de Xabier P\u00e9rez Davila, o d\u00eda 1 de abril, \u00e1s 20,00 no Auditorio Municipal de Nigr\u00e1n<\/a><\/h2>\n                        \n<!-- event meta -->\n<p class=\"eap__meta\">\n            <span class=\"eap__date no-wrap\">\n            <span class=\"dashicons dashicons-calendar-alt\"><\/span> Abril 1, 2022        <\/span>\n         |         <span class=\"eap__time no-wrap\">\n            <span class=\"dashicons dashicons-clock\"><\/span> 8:00 pm        <\/span>\n        \n    <br>\n\n    Auditorio Municipal de Nigr\u00e1n, Nigran, Galiza<\/p>\n\n        <\/header>\n\n        <!-- main -->\n        <main class=\"eap__excerpt\">\n                            <p class=\"eap__more\">\n                    <a href=\"https:\/\/www.modepen.org\/index.php\/events\/presentacion-do-libro-de-xabier-perez-davila-o-dia-1-de-abril-as-2000-no-auditorio-municipal-de-nigran\/\">Read more<\/a>\n                <\/p>\n                        <\/main>\n    <\/div>\n<\/div>\n\n<div id=\"post-2067\" class=\"eap__event\">\n    <div class=\"eap__img\">\n        <img loading=\"lazy\" decoding=\"async\" width=\"318\" height=\"450\" src=\"https:\/\/www.modepen.org\/wp-content\/uploads\/2022\/03\/calendario-recollida-de-firmas-P.jpg\" class=\"attachment-post-thumbnail size-post-thumbnail wp-post-image\" alt=\"\" srcset=\"https:\/\/www.modepen.org\/wp-content\/uploads\/2022\/03\/calendario-recollida-de-firmas-P.jpg 318w, https:\/\/www.modepen.org\/wp-content\/uploads\/2022\/03\/calendario-recollida-de-firmas-P-212x300.jpg 212w, https:\/\/www.modepen.org\/wp-content\/uploads\/2022\/03\/calendario-recollida-de-firmas-P-106x150.jpg 106w\" sizes=\"auto, (max-width: 318px) 100vw, 318px\" \/>    <\/div>\n\n    <div class=\"eap__content\">\n        <!-- header -->\n        <header class=\"eap__header\">\n            <h2 class=\"eap__title\"><a href=\"https:\/\/www.modepen.org\/index.php\/events\/coruna-recollida-de-firmas-para-exixir-o-ipc-real-nas-pensions-o-dia-31-de-marzo-na-praza-de-lugo\/\" rel=\"bookmark\">Coru\u00f1a: Recollida de firmas para exixir o IPC Real nas Pensi\u00f3ns, o d\u00eda 31 de Marzo, na Praza de Lugo.<\/a><\/h2>\n                        \n<!-- event meta -->\n<p class=\"eap__meta\">\n            <span class=\"eap__date no-wrap\">\n            <span class=\"dashicons dashicons-calendar-alt\"><\/span> Marzo 31, 2022        <\/span>\n         |         <span class=\"eap__time no-wrap\">\n            <span class=\"dashicons dashicons-clock\"><\/span> 11:00 am        <\/span>\n        \n    <br>\n\n    Praza de Lugo, Coru\u00f1a, Galiza<\/p>\n\n        <\/header>\n\n        <!-- main -->\n        <main class=\"eap__excerpt\">\n                            <p class=\"eap__more\">\n                    <a href=\"https:\/\/www.modepen.org\/index.php\/events\/coruna-recollida-de-firmas-para-exixir-o-ipc-real-nas-pensions-o-dia-31-de-marzo-na-praza-de-lugo\/\">Read more<\/a>\n                <\/p>\n                        <\/main>\n    <\/div>\n<\/div>\n\n<div id=\"post-2093\" class=\"eap__event\">\n    <div class=\"eap__img\">\n        <img loading=\"lazy\" decoding=\"async\" width=\"318\" height=\"450\" src=\"https:\/\/www.modepen.org\/wp-content\/uploads\/2022\/03\/Recollida-sinaturas-marzo-2022-Val-Minor-P.jpg\" class=\"attachment-post-thumbnail size-post-thumbnail wp-post-image\" alt=\"\" srcset=\"https:\/\/www.modepen.org\/wp-content\/uploads\/2022\/03\/Recollida-sinaturas-marzo-2022-Val-Minor-P.jpg 318w, https:\/\/www.modepen.org\/wp-content\/uploads\/2022\/03\/Recollida-sinaturas-marzo-2022-Val-Minor-P-212x300.jpg 212w, https:\/\/www.modepen.org\/wp-content\/uploads\/2022\/03\/Recollida-sinaturas-marzo-2022-Val-Minor-P-106x150.jpg 106w\" sizes=\"auto, (max-width: 318px) 100vw, 318px\" \/>    <\/div>\n\n    <div class=\"eap__content\">\n        <!-- header -->\n        <header class=\"eap__header\">\n            <h2 class=\"eap__title\"><a href=\"https:\/\/www.modepen.org\/index.php\/events\/val-minor-nigran-recollida-de-firmas-para-exixir-o-ipc-real-nas-pensions-o-dia-31-de-marzo-no-auditorio-do-concello\/\" rel=\"bookmark\">Val Mi\u00f1or &#8211; Nigran: Recollida de firmas para exixir o IPC Real nas Pensi\u00f3ns, o d\u00eda 31 de Marzo, no Auditorio do Concello<\/a><\/h2>\n                        \n<!-- event meta -->\n<p class=\"eap__meta\">\n            <span class=\"eap__date no-wrap\">\n            <span class=\"dashicons dashicons-calendar-alt\"><\/span> Marzo 31, 2022        <\/span>\n         |         <span class=\"eap__time no-wrap\">\n            <span class=\"dashicons dashicons-clock\"><\/span> 11:00 am        <\/span>\n        \n    <br>\n\n    Auditorio do Concello, Nigran, Galiza<\/p>\n\n        <\/header>\n\n        <!-- main -->\n        <main class=\"eap__excerpt\">\n                            <p class=\"eap__more\">\n                    <a href=\"https:\/\/www.modepen.org\/index.php\/events\/val-minor-nigran-recollida-de-firmas-para-exixir-o-ipc-real-nas-pensions-o-dia-31-de-marzo-no-auditorio-do-concello\/\">Read more<\/a>\n                <\/p>\n                        <\/main>\n    <\/div>\n<\/div>\n\n<div id=\"post-2065\" class=\"eap__event\">\n    <div class=\"eap__img\">\n        <img loading=\"lazy\" decoding=\"async\" width=\"318\" height=\"450\" src=\"https:\/\/www.modepen.org\/wp-content\/uploads\/2022\/03\/calendario-recollida-de-firmas-P.jpg\" class=\"attachment-post-thumbnail size-post-thumbnail wp-post-image\" alt=\"\" srcset=\"https:\/\/www.modepen.org\/wp-content\/uploads\/2022\/03\/calendario-recollida-de-firmas-P.jpg 318w, https:\/\/www.modepen.org\/wp-content\/uploads\/2022\/03\/calendario-recollida-de-firmas-P-212x300.jpg 212w, https:\/\/www.modepen.org\/wp-content\/uploads\/2022\/03\/calendario-recollida-de-firmas-P-106x150.jpg 106w\" sizes=\"auto, (max-width: 318px) 100vw, 318px\" \/>    <\/div>\n\n    <div class=\"eap__content\">\n        <!-- header -->\n        <header class=\"eap__header\">\n            <h2 class=\"eap__title\"><a href=\"https:\/\/www.modepen.org\/index.php\/events\/coruna-recollida-de-firmas-para-exixir-o-ipc-real-nas-pensions-o-dia-24-de-marzo-no-mercado-de-s-agustin\/\" rel=\"bookmark\">Coru\u00f1a: Recollida de firmas para exixir o IPC Real nas Pensi\u00f3ns, o d\u00eda 24 de Marzo, no Mercado de S. Agust\u00edn.<\/a><\/h2>\n                        \n<!-- event meta -->\n<p class=\"eap__meta\">\n            <span class=\"eap__date no-wrap\">\n            <span class=\"dashicons dashicons-calendar-alt\"><\/span> Marzo 24, 2022        <\/span>\n         |         <span class=\"eap__time no-wrap\">\n            <span class=\"dashicons dashicons-clock\"><\/span> 11:00 am        <\/span>\n        \n    <br>\n\n    Mercado de S. Agust\u00edn, Coru\u00f1a, Galiza<\/p>\n\n        <\/header>\n\n        <!-- main -->\n        <main class=\"eap__excerpt\">\n                            <p class=\"eap__more\">\n                    <a href=\"https:\/\/www.modepen.org\/index.php\/events\/coruna-recollida-de-firmas-para-exixir-o-ipc-real-nas-pensions-o-dia-24-de-marzo-no-mercado-de-s-agustin\/\">Read more<\/a>\n                <\/p>\n                        <\/main>\n    <\/div>\n<\/div>\n\n<div id=\"post-2089\" class=\"eap__event\">\n    <div class=\"eap__img\">\n        <img loading=\"lazy\" decoding=\"async\" width=\"318\" height=\"450\" src=\"https:\/\/www.modepen.org\/wp-content\/uploads\/2022\/03\/Recollida-sinaturas-marzo-2022-Val-Minor-P.jpg\" class=\"attachment-post-thumbnail size-post-thumbnail wp-post-image\" alt=\"\" srcset=\"https:\/\/www.modepen.org\/wp-content\/uploads\/2022\/03\/Recollida-sinaturas-marzo-2022-Val-Minor-P.jpg 318w, https:\/\/www.modepen.org\/wp-content\/uploads\/2022\/03\/Recollida-sinaturas-marzo-2022-Val-Minor-P-212x300.jpg 212w, https:\/\/www.modepen.org\/wp-content\/uploads\/2022\/03\/Recollida-sinaturas-marzo-2022-Val-Minor-P-106x150.jpg 106w\" sizes=\"auto, (max-width: 318px) 100vw, 318px\" \/>    <\/div>\n\n    <div class=\"eap__content\">\n        <!-- header -->\n        <header class=\"eap__header\">\n            <h2 class=\"eap__title\"><a href=\"https:\/\/www.modepen.org\/index.php\/events\/val-minor-gondomar-recollida-de-firmas-para-exixir-o-ipc-real-nas-pensions-o-dia-23-de-marzo-na-paradela\/\" rel=\"bookmark\">Val Mi\u00f1or &#8211; Gondomar: Recollida de firmas para exixir o IPC Real nas Pensi\u00f3ns, o d\u00eda 23 de Marzo, na Paradela<\/a><\/h2>\n                        \n<!-- event meta -->\n<p class=\"eap__meta\">\n            <span class=\"eap__date no-wrap\">\n            <span class=\"dashicons dashicons-calendar-alt\"><\/span> Marzo 23, 2022        <\/span>\n         |         <span class=\"eap__time no-wrap\">\n            <span class=\"dashicons dashicons-clock\"><\/span> 11:00 am        <\/span>\n        \n    <br>\n\n    A Paradela, Gondomar, Galiza<\/p>\n\n        <\/header>\n\n        <!-- main -->\n        <main class=\"eap__excerpt\">\n                            <p class=\"eap__more\">\n                    <a href=\"https:\/\/www.modepen.org\/index.php\/events\/val-minor-gondomar-recollida-de-firmas-para-exixir-o-ipc-real-nas-pensions-o-dia-23-de-marzo-na-paradela\/\">Read more<\/a>\n                <\/p>\n                        <\/main>\n    <\/div>\n<\/div>\n\n<div id=\"post-2098\" class=\"eap__event\">\n    <div class=\"eap__img\">\n        <img loading=\"lazy\" decoding=\"async\" width=\"318\" height=\"450\" src=\"https:\/\/www.modepen.org\/wp-content\/uploads\/2022\/03\/Concentracion-Ferrolterra-20220318-P.jpg\" class=\"attachment-post-thumbnail size-post-thumbnail wp-post-image\" alt=\"\" srcset=\"https:\/\/www.modepen.org\/wp-content\/uploads\/2022\/03\/Concentracion-Ferrolterra-20220318-P.jpg 318w, https:\/\/www.modepen.org\/wp-content\/uploads\/2022\/03\/Concentracion-Ferrolterra-20220318-P-212x300.jpg 212w, https:\/\/www.modepen.org\/wp-content\/uploads\/2022\/03\/Concentracion-Ferrolterra-20220318-P-106x150.jpg 106w\" sizes=\"auto, (max-width: 318px) 100vw, 318px\" \/>    <\/div>\n\n    <div class=\"eap__content\">\n        <!-- header -->\n        <header class=\"eap__header\">\n            <h2 class=\"eap__title\"><a href=\"https:\/\/www.modepen.org\/index.php\/events\/ferrolterra-concentracion-o-18-de-marzo\/\" rel=\"bookmark\">Ferrolterra: Concentraci\u00f3n o 18 de Marzo<\/a><\/h2>\n                        \n<!-- event meta -->\n<p class=\"eap__meta\">\n            <span class=\"eap__date no-wrap\">\n            <span class=\"dashicons dashicons-calendar-alt\"><\/span> Marzo 18, 2022        <\/span>\n         |         <span class=\"eap__time no-wrap\">\n            <span class=\"dashicons dashicons-clock\"><\/span> 12:00 pm        <\/span>\n        \n    <br>\n\n    No Cant\u00f3n, Ferrol, Galiza<\/p>\n\n        <\/header>\n\n        <!-- main -->\n        <main class=\"eap__excerpt\">\n                            <p class=\"eap__more\">\n                    <a href=\"https:\/\/www.modepen.org\/index.php\/events\/ferrolterra-concentracion-o-18-de-marzo\/\">Read more<\/a>\n                <\/p>\n                        <\/main>\n    <\/div>\n<\/div>\n\n<div id=\"post-2061\" class=\"eap__event\">\n    <div class=\"eap__img\">\n        <img loading=\"lazy\" decoding=\"async\" width=\"318\" height=\"450\" src=\"https:\/\/www.modepen.org\/wp-content\/uploads\/2022\/03\/calendario-recollida-de-firmas-P.jpg\" class=\"attachment-post-thumbnail size-post-thumbnail wp-post-image\" alt=\"\" srcset=\"https:\/\/www.modepen.org\/wp-content\/uploads\/2022\/03\/calendario-recollida-de-firmas-P.jpg 318w, https:\/\/www.modepen.org\/wp-content\/uploads\/2022\/03\/calendario-recollida-de-firmas-P-212x300.jpg 212w, https:\/\/www.modepen.org\/wp-content\/uploads\/2022\/03\/calendario-recollida-de-firmas-P-106x150.jpg 106w\" sizes=\"auto, (max-width: 318px) 100vw, 318px\" \/>    <\/div>\n\n    <div class=\"eap__content\">\n        <!-- header -->\n        <header class=\"eap__header\">\n            <h2 class=\"eap__title\"><a href=\"https:\/\/www.modepen.org\/index.php\/events\/coruna-recollida-de-firmas-para-exixir-o-ipc-real-nas-pensions-o-dia-17-no-mercado-ds-conchinas\/\" rel=\"bookmark\">Coru\u00f1a: Recollida de firmas para exixir o IPC Real nas Pensi\u00f3ns, o d\u00eda 17, no Mercado das Conchi\u00f1as.<\/a><\/h2>\n                        \n<!-- event meta -->\n<p class=\"eap__meta\">\n            <span class=\"eap__date no-wrap\">\n            <span class=\"dashicons dashicons-calendar-alt\"><\/span> Marzo 17, 2022        <\/span>\n         |         <span class=\"eap__time no-wrap\">\n            <span class=\"dashicons dashicons-clock\"><\/span> 11:00 am        <\/span>\n        \n    <br>\n\n    Mercado das Conchi\u00f1as, Coru\u00f1a, Galiza<\/p>\n\n        <\/header>\n\n        <!-- main -->\n        <main class=\"eap__excerpt\">\n                            <p class=\"eap__more\">\n                    <a href=\"https:\/\/www.modepen.org\/index.php\/events\/coruna-recollida-de-firmas-para-exixir-o-ipc-real-nas-pensions-o-dia-17-no-mercado-ds-conchinas\/\">Read more<\/a>\n                <\/p>\n                        <\/main>\n    <\/div>\n<\/div>\n\n<div id=\"post-2075\" class=\"eap__event\">\n    <div class=\"eap__img\">\n        <img loading=\"lazy\" decoding=\"async\" width=\"318\" height=\"450\" src=\"https:\/\/www.modepen.org\/wp-content\/uploads\/2022\/03\/Recollida-sinaturas-marzo-2022-Val-Minor-P.jpg\" class=\"attachment-post-thumbnail size-post-thumbnail wp-post-image\" alt=\"\" srcset=\"https:\/\/www.modepen.org\/wp-content\/uploads\/2022\/03\/Recollida-sinaturas-marzo-2022-Val-Minor-P.jpg 318w, https:\/\/www.modepen.org\/wp-content\/uploads\/2022\/03\/Recollida-sinaturas-marzo-2022-Val-Minor-P-212x300.jpg 212w, https:\/\/www.modepen.org\/wp-content\/uploads\/2022\/03\/Recollida-sinaturas-marzo-2022-Val-Minor-P-106x150.jpg 106w\" sizes=\"auto, (max-width: 318px) 100vw, 318px\" \/>    <\/div>\n\n    <div class=\"eap__content\">\n        <!-- header -->\n        <header class=\"eap__header\">\n            <h2 class=\"eap__title\"><a href=\"https:\/\/www.modepen.org\/index.php\/events\/val-minor-baiona-recollida-de-firmas-para-exixir-o-ipc-real-nas-pensions-o-dia-16-de-marzo-na-rua-carabela-pinta\/\" rel=\"bookmark\">Val Mi\u00f1or &#8211; Baiona: Recollida de firmas para exixir o IPC Real nas Pensi\u00f3ns, o d\u00eda 16 de Marzo, na R\u00faa Carabela Pinta<\/a><\/h2>\n                        \n<!-- event meta -->\n<p class=\"eap__meta\">\n            <span class=\"eap__date no-wrap\">\n            <span class=\"dashicons dashicons-calendar-alt\"><\/span> Marzo 16, 2022        <\/span>\n         |         <span class=\"eap__time no-wrap\">\n            <span class=\"dashicons dashicons-clock\"><\/span> 11:00 am        <\/span>\n        \n    <br>\n\n    R\u00faa Carabela Pinta, Baiona, Galiza<\/p>\n\n        <\/header>\n\n        <!-- main -->\n        <main class=\"eap__excerpt\">\n                            <p class=\"eap__more\">\n                    <a href=\"https:\/\/www.modepen.org\/index.php\/events\/val-minor-baiona-recollida-de-firmas-para-exixir-o-ipc-real-nas-pensions-o-dia-16-de-marzo-na-rua-carabela-pinta\/\">Read more<\/a>\n                <\/p>\n                        <\/main>\n    <\/div>\n<\/div>\n\n<div id=\"post-2053\" class=\"eap__event\">\n    <div class=\"eap__img\">\n        <img loading=\"lazy\" decoding=\"async\" width=\"379\" height=\"450\" src=\"https:\/\/www.modepen.org\/wp-content\/uploads\/2022\/03\/Manifestacion-Vigo-20220311-01P.jpg\" class=\"attachment-post-thumbnail size-post-thumbnail wp-post-image\" alt=\"\" srcset=\"https:\/\/www.modepen.org\/wp-content\/uploads\/2022\/03\/Manifestacion-Vigo-20220311-01P.jpg 379w, https:\/\/www.modepen.org\/wp-content\/uploads\/2022\/03\/Manifestacion-Vigo-20220311-01P-253x300.jpg 253w, https:\/\/www.modepen.org\/wp-content\/uploads\/2022\/03\/Manifestacion-Vigo-20220311-01P-126x150.jpg 126w\" sizes=\"auto, (max-width: 379px) 100vw, 379px\" \/>    <\/div>\n\n    <div class=\"eap__content\">\n        <!-- header -->\n        <header class=\"eap__header\">\n            <h2 class=\"eap__title\"><a href=\"https:\/\/www.modepen.org\/index.php\/events\/apoio-de-modepen-a-movilizacion-en-vigo-o-dia-11-da-alianza-galega-polos-servizos-publicos-para-maiores-e-dependentes\/\" rel=\"bookmark\">Apoio de MODEPEN a movilizaci\u00f3n en Vigo, o d\u00eda 11, da ALIANZA Galega polos Servizos P\u00fablicos para Maiores e Dependentes.<\/a><\/h2>\n                        \n<!-- event meta -->\n<p class=\"eap__meta\">\n            <span class=\"eap__date no-wrap\">\n            <span class=\"dashicons dashicons-calendar-alt\"><\/span> Marzo 11, 2022        <\/span>\n         |         <span class=\"eap__time no-wrap\">\n            <span class=\"dashicons dashicons-clock\"><\/span> 11:00 am        <\/span>\n        \n    <br>\n\n    Residencia Ballesol (Gran Via, 10), Vigo, Galiza<\/p>\n\n        <\/header>\n\n        <!-- main -->\n        <main class=\"eap__excerpt\">\n                            <p class=\"eap__more\">\n                    <a href=\"https:\/\/www.modepen.org\/index.php\/events\/apoio-de-modepen-a-movilizacion-en-vigo-o-dia-11-da-alianza-galega-polos-servizos-publicos-para-maiores-e-dependentes\/\">Read more<\/a>\n                <\/p>\n                        <\/main>\n    <\/div>\n<\/div>\n\n<div id=\"post-2057\" class=\"eap__event\">\n    <div class=\"eap__img\">\n        <img loading=\"lazy\" decoding=\"async\" width=\"318\" height=\"450\" src=\"https:\/\/www.modepen.org\/wp-content\/uploads\/2022\/03\/10-DE-MARZO-as-11-00h-P.jpg\" class=\"attachment-post-thumbnail size-post-thumbnail wp-post-image\" alt=\"\" srcset=\"https:\/\/www.modepen.org\/wp-content\/uploads\/2022\/03\/10-DE-MARZO-as-11-00h-P.jpg 318w, https:\/\/www.modepen.org\/wp-content\/uploads\/2022\/03\/10-DE-MARZO-as-11-00h-P-212x300.jpg 212w, https:\/\/www.modepen.org\/wp-content\/uploads\/2022\/03\/10-DE-MARZO-as-11-00h-P-106x150.jpg 106w\" sizes=\"auto, (max-width: 318px) 100vw, 318px\" \/>    <\/div>\n\n    <div class=\"eap__content\">\n        <!-- header -->\n        <header class=\"eap__header\">\n            <h2 class=\"eap__title\"><a href=\"https:\/\/www.modepen.org\/index.php\/events\/coruna-recollida-de-firmas-para-exixir-o-ipc-real-nas-pensions-o-dia-10-no-mercado-de-elvina\/\" rel=\"bookmark\">Coru\u00f1a: Recollida de firmas para exixir o IPC Real nas Pensi\u00f3ns, o d\u00eda 10, no Mercado de Elvi\u00f1a.<\/a><\/h2>\n                        \n<!-- event meta -->\n<p class=\"eap__meta\">\n            <span class=\"eap__date no-wrap\">\n            <span class=\"dashicons dashicons-calendar-alt\"><\/span> Marzo 10, 2022        <\/span>\n         |         <span class=\"eap__time no-wrap\">\n            <span class=\"dashicons dashicons-clock\"><\/span> 11:00 am        <\/span>\n        \n    <br>\n\n    Mercado de Elvi\u00f1a, Coru\u00f1a, Galiza<\/p>\n\n        <\/header>\n\n        <!-- main -->\n        <main class=\"eap__excerpt\">\n                            <p class=\"eap__more\">\n                    <a href=\"https:\/\/www.modepen.org\/index.php\/events\/coruna-recollida-de-firmas-para-exixir-o-ipc-real-nas-pensions-o-dia-10-no-mercado-de-elvina\/\">Read more<\/a>\n                <\/p>\n                        <\/main>\n    <\/div>\n<\/div>\n\n<div id=\"post-2042\" class=\"eap__event\">\n    <div class=\"eap__img\">\n        <img loading=\"lazy\" decoding=\"async\" width=\"450\" height=\"450\" src=\"https:\/\/www.modepen.org\/wp-content\/uploads\/2022\/03\/Manifestacion-8M-2022-Vigo-P.jpg\" class=\"attachment-post-thumbnail size-post-thumbnail wp-post-image\" alt=\"\" srcset=\"https:\/\/www.modepen.org\/wp-content\/uploads\/2022\/03\/Manifestacion-8M-2022-Vigo-P.jpg 450w, https:\/\/www.modepen.org\/wp-content\/uploads\/2022\/03\/Manifestacion-8M-2022-Vigo-P-300x300.jpg 300w, https:\/\/www.modepen.org\/wp-content\/uploads\/2022\/03\/Manifestacion-8M-2022-Vigo-P-150x150.jpg 150w\" sizes=\"auto, (max-width: 450px) 100vw, 450px\" \/>    <\/div>\n\n    <div class=\"eap__content\">\n        <!-- header -->\n        <header class=\"eap__header\">\n            <h2 class=\"eap__title\"><a href=\"https:\/\/www.modepen.org\/index.php\/events\/desde-modepen-apoiamos-a-manifestacion-convocada-para-o-8m-nin-escravas-nin-heroinas-mulleres-con-dereitos-xa\/\" rel=\"bookmark\">Desde  MODEPEN apoiamos a manifestaci\u00f3n convocada para o 8M: Nin escravas nin hero\u00ednas. MULLERES CON DEREITOS XA!<\/a><\/h2>\n                        \n<!-- event meta -->\n<p class=\"eap__meta\">\n            <span class=\"eap__date no-wrap\">\n            <span class=\"dashicons dashicons-calendar-alt\"><\/span> Marzo 8, 2022        <\/span>\n         |         <span class=\"eap__time no-wrap\">\n            <span class=\"dashicons dashicons-clock\"><\/span> 7:30 pm        <\/span>\n        \n    <br>\n\n    Praza dos Cabalos, Vigo, Galiza<\/p>\n\n        <\/header>\n\n        <!-- main -->\n        <main class=\"eap__excerpt\">\n                            <p class=\"eap__more\">\n                    <a href=\"https:\/\/www.modepen.org\/index.php\/events\/desde-modepen-apoiamos-a-manifestacion-convocada-para-o-8m-nin-escravas-nin-heroinas-mulleres-con-dereitos-xa\/\">Read more<\/a>\n                <\/p>\n                        <\/main>\n    <\/div>\n<\/div>\n\n<div id=\"post-2038\" class=\"eap__event\">\n    <div class=\"eap__img\">\n        <img loading=\"lazy\" decoding=\"async\" width=\"318\" height=\"450\" src=\"https:\/\/www.modepen.org\/wp-content\/uploads\/2022\/03\/Cartaz-Vigo-2022-03-07-2-P.jpg\" class=\"attachment-post-thumbnail size-post-thumbnail wp-post-image\" alt=\"\" srcset=\"https:\/\/www.modepen.org\/wp-content\/uploads\/2022\/03\/Cartaz-Vigo-2022-03-07-2-P.jpg 318w, https:\/\/www.modepen.org\/wp-content\/uploads\/2022\/03\/Cartaz-Vigo-2022-03-07-2-P-212x300.jpg 212w, https:\/\/www.modepen.org\/wp-content\/uploads\/2022\/03\/Cartaz-Vigo-2022-03-07-2-P-106x150.jpg 106w\" sizes=\"auto, (max-width: 318px) 100vw, 318px\" \/>    <\/div>\n\n    <div class=\"eap__content\">\n        <!-- header -->\n        <header class=\"eap__header\">\n            <h2 class=\"eap__title\"><a href=\"https:\/\/www.modepen.org\/index.php\/events\/concentracion-en-vigo-o-luns-dia-7-de-marzo-diante-do-marco-polas-pension-publicas-non-a-fenda-de-xenero\/\" rel=\"bookmark\">Concentraci\u00f3n en Vigo o luns, d\u00eda 7 de Marzo, diante do MARCO, polas Pensi\u00f3n P\u00fablicas. NON A FENDA DE X\u00c9NERO<\/a><\/h2>\n                        \n<!-- event meta -->\n<p class=\"eap__meta\">\n            <span class=\"eap__date no-wrap\">\n            <span class=\"dashicons dashicons-calendar-alt\"><\/span> Marzo 7, 2022        <\/span>\n         |         <span class=\"eap__time no-wrap\">\n            <span class=\"dashicons dashicons-clock\"><\/span> 8:00 pm        <\/span>\n        \n    <br>\n\n    R\u00faa Pr\u00edncipe, diante do MARCO, Vigo, Galiza<\/p>\n\n        <\/header>\n\n        <!-- main -->\n        <main class=\"eap__excerpt\">\n                            <p class=\"eap__more\">\n                    <a href=\"https:\/\/www.modepen.org\/index.php\/events\/concentracion-en-vigo-o-luns-dia-7-de-marzo-diante-do-marco-polas-pension-publicas-non-a-fenda-de-xenero\/\">Read more<\/a>\n                <\/p>\n                        <\/main>\n    <\/div>\n<\/div>\n\n<div id=\"post-2033\" class=\"eap__event\">\n    <div class=\"eap__img\">\n        <img loading=\"lazy\" decoding=\"async\" width=\"358\" height=\"450\" src=\"https:\/\/www.modepen.org\/wp-content\/uploads\/2022\/02\/Concentracion-Ribadeo-20220305-P.jpg\" class=\"attachment-post-thumbnail size-post-thumbnail wp-post-image\" alt=\"\" srcset=\"https:\/\/www.modepen.org\/wp-content\/uploads\/2022\/02\/Concentracion-Ribadeo-20220305-P.jpg 358w, https:\/\/www.modepen.org\/wp-content\/uploads\/2022\/02\/Concentracion-Ribadeo-20220305-P-239x300.jpg 239w, https:\/\/www.modepen.org\/wp-content\/uploads\/2022\/02\/Concentracion-Ribadeo-20220305-P-119x150.jpg 119w\" sizes=\"auto, (max-width: 358px) 100vw, 358px\" \/>    <\/div>\n\n    <div class=\"eap__content\">\n        <!-- header -->\n        <header class=\"eap__header\">\n            <h2 class=\"eap__title\"><a href=\"https:\/\/www.modepen.org\/index.php\/events\/ribadeo-concentracion-de-modepen-o-dia-5-de-marzo\/\" rel=\"bookmark\">Ribadeo: Concentraci\u00f3n de MODEPEN o d\u00eda 5 de Marzo<\/a><\/h2>\n                        \n<!-- event meta -->\n<p class=\"eap__meta\">\n            <span class=\"eap__date no-wrap\">\n            <span class=\"dashicons dashicons-calendar-alt\"><\/span> Marzo 5, 2022        <\/span>\n         |         <span class=\"eap__time no-wrap\">\n            <span class=\"dashicons dashicons-clock\"><\/span> 12:00 pm        <\/span>\n        \n    <br>\n\n    Cant\u00f3n dos MORENO, Ribadeo, Galiza<\/p>\n\n        <\/header>\n\n        <!-- main -->\n        <main class=\"eap__excerpt\">\n                            <p class=\"eap__more\">\n                    <a href=\"https:\/\/www.modepen.org\/index.php\/events\/ribadeo-concentracion-de-modepen-o-dia-5-de-marzo\/\">Read more<\/a>\n                <\/p>\n                        <\/main>\n    <\/div>\n<\/div>\n\n<div id=\"post-1991\" class=\"eap__event\">\n    <div class=\"eap__img\">\n        <img loading=\"lazy\" decoding=\"async\" width=\"500\" height=\"261\" src=\"https:\/\/www.modepen.org\/wp-content\/uploads\/2022\/01\/RMT-MODEPEN-Dia-a-Dia.jpg\" class=\"attachment-post-thumbnail size-post-thumbnail wp-post-image\" alt=\"\" srcset=\"https:\/\/www.modepen.org\/wp-content\/uploads\/2022\/01\/RMT-MODEPEN-Dia-a-Dia.jpg 500w, https:\/\/www.modepen.org\/wp-content\/uploads\/2022\/01\/RMT-MODEPEN-Dia-a-Dia-300x157.jpg 300w, https:\/\/www.modepen.org\/wp-content\/uploads\/2022\/01\/RMT-MODEPEN-Dia-a-Dia-150x78.jpg 150w\" sizes=\"auto, (max-width: 500px) 100vw, 500px\" \/>    <\/div>\n\n    <div class=\"eap__content\">\n        <!-- header -->\n        <header class=\"eap__header\">\n            <h2 class=\"eap__title\"><a href=\"https:\/\/www.modepen.org\/index.php\/events\/programa-modepen-dia-a-dia-en-radio-municipal-de-tui-entrevista-a-xabier-perez-davila-2\/\" rel=\"bookmark\">Programa MODEPEN Dia a Dia en Radio Municipal de Tui: Entrevista a Xabier P\u00e9rez D\u00e1vila<\/a><\/h2>\n                        \n<!-- event meta -->\n<p class=\"eap__meta\">\n            <span class=\"eap__date no-wrap\">\n            <span class=\"dashicons dashicons-calendar-alt\"><\/span> Febreiro 24, 2022        <\/span>\n         |         <span class=\"eap__time no-wrap\">\n            <span class=\"dashicons dashicons-clock\"><\/span> 11:00 am        <\/span>\n        \n    <br>\n\n    Radio Municipal de Tui, Tui, Galiza<\/p>\n\n        <\/header>\n\n        <!-- main -->\n        <main class=\"eap__excerpt\">\n                            <p class=\"eap__more\">\n                    <a href=\"https:\/\/www.modepen.org\/index.php\/events\/programa-modepen-dia-a-dia-en-radio-municipal-de-tui-entrevista-a-xabier-perez-davila-2\/\">Read more<\/a>\n                <\/p>\n                        <\/main>\n    <\/div>\n<\/div>\n\n<div id=\"post-2021\" class=\"eap__event\">\n    <div class=\"eap__img\">\n        <img loading=\"lazy\" decoding=\"async\" width=\"348\" height=\"450\" src=\"https:\/\/www.modepen.org\/wp-content\/uploads\/2022\/02\/Cangas_Cartel_12F-P.jpg\" class=\"attachment-post-thumbnail size-post-thumbnail wp-post-image\" alt=\"\" srcset=\"https:\/\/www.modepen.org\/wp-content\/uploads\/2022\/02\/Cangas_Cartel_12F-P.jpg 348w, https:\/\/www.modepen.org\/wp-content\/uploads\/2022\/02\/Cangas_Cartel_12F-P-232x300.jpg 232w, https:\/\/www.modepen.org\/wp-content\/uploads\/2022\/02\/Cangas_Cartel_12F-P-116x150.jpg 116w\" sizes=\"auto, (max-width: 348px) 100vw, 348px\" \/>    <\/div>\n\n    <div class=\"eap__content\">\n        <!-- header -->\n        <header class=\"eap__header\">\n            <h2 class=\"eap__title\"><a href=\"https:\/\/www.modepen.org\/index.php\/events\/cangas-o-12-de-febreiro-movilizacion-estatal-descentralizada-pensionista\/\" rel=\"bookmark\">Cangas, o 12 de Febreiro: Movilizaci\u00f3n estatal descentralizada Pensionista<\/a><\/h2>\n                        \n<!-- event meta -->\n<p class=\"eap__meta\">\n            <span class=\"eap__date no-wrap\">\n            <span class=\"dashicons dashicons-calendar-alt\"><\/span> Febreiro 12, 2022        <\/span>\n         |         <span class=\"eap__time no-wrap\">\n            <span class=\"dashicons dashicons-clock\"><\/span> 12:00 pm        <\/span>\n        \n    <br>\n\n    Praza do Concello, Cangas do Morrazo, Galiza<\/p>\n\n        <\/header>\n\n        <!-- main -->\n        <main class=\"eap__excerpt\">\n                            <p class=\"eap__more\">\n                    <a href=\"https:\/\/www.modepen.org\/index.php\/events\/cangas-o-12-de-febreiro-movilizacion-estatal-descentralizada-pensionista\/\">Read more<\/a>\n                <\/p>\n                        <\/main>\n    <\/div>\n<\/div>\n\n<div id=\"post-2024\" class=\"eap__event\">\n    <div class=\"eap__img\">\n        <img loading=\"lazy\" decoding=\"async\" width=\"348\" height=\"450\" src=\"https:\/\/www.modepen.org\/wp-content\/uploads\/2022\/02\/Ribadeo_Cartel_12F-P.jpg\" class=\"attachment-post-thumbnail size-post-thumbnail wp-post-image\" alt=\"\" srcset=\"https:\/\/www.modepen.org\/wp-content\/uploads\/2022\/02\/Ribadeo_Cartel_12F-P.jpg 348w, https:\/\/www.modepen.org\/wp-content\/uploads\/2022\/02\/Ribadeo_Cartel_12F-P-232x300.jpg 232w, https:\/\/www.modepen.org\/wp-content\/uploads\/2022\/02\/Ribadeo_Cartel_12F-P-116x150.jpg 116w\" sizes=\"auto, (max-width: 348px) 100vw, 348px\" \/>    <\/div>\n\n    <div class=\"eap__content\">\n        <!-- header -->\n        <header class=\"eap__header\">\n            <h2 class=\"eap__title\"><a href=\"https:\/\/www.modepen.org\/index.php\/events\/ribadeo-o-12-de-febreiro-movilizacion-estatal-descentralizada-pensionista\/\" rel=\"bookmark\">Ribadeo, o 12 de Febreiro: Movilizaci\u00f3n estatal descentralizada Pensionista<\/a><\/h2>\n                        \n<!-- event meta -->\n<p class=\"eap__meta\">\n            <span class=\"eap__date no-wrap\">\n            <span class=\"dashicons dashicons-calendar-alt\"><\/span> Febreiro 12, 2022        <\/span>\n         |         <span class=\"eap__time no-wrap\">\n            <span class=\"dashicons dashicons-clock\"><\/span> 12:00 pm        <\/span>\n        \n    <br>\n\n    Estaci\u00f3n de Aautobuses, Ribadeo, Galiza<\/p>\n\n        <\/header>\n\n        <!-- main -->\n        <main class=\"eap__excerpt\">\n                            <p class=\"eap__more\">\n                    <a href=\"https:\/\/www.modepen.org\/index.php\/events\/ribadeo-o-12-de-febreiro-movilizacion-estatal-descentralizada-pensionista\/\">Read more<\/a>\n                <\/p>\n                        <\/main>\n    <\/div>\n<\/div>\n\n<div id=\"post-1984\" class=\"eap__event\">\n    <div class=\"eap__img\">\n        <img loading=\"lazy\" decoding=\"async\" width=\"500\" height=\"261\" src=\"https:\/\/www.modepen.org\/wp-content\/uploads\/2022\/01\/RMT-MODEPEN-Dia-a-Dia.jpg\" class=\"attachment-post-thumbnail size-post-thumbnail wp-post-image\" alt=\"\" srcset=\"https:\/\/www.modepen.org\/wp-content\/uploads\/2022\/01\/RMT-MODEPEN-Dia-a-Dia.jpg 500w, https:\/\/www.modepen.org\/wp-content\/uploads\/2022\/01\/RMT-MODEPEN-Dia-a-Dia-300x157.jpg 300w, https:\/\/www.modepen.org\/wp-content\/uploads\/2022\/01\/RMT-MODEPEN-Dia-a-Dia-150x78.jpg 150w\" sizes=\"auto, (max-width: 500px) 100vw, 500px\" \/>    <\/div>\n\n    <div class=\"eap__content\">\n        <!-- header -->\n        <header class=\"eap__header\">\n            <h2 class=\"eap__title\"><a href=\"https:\/\/www.modepen.org\/index.php\/events\/programa-modepen-dia-a-dia-en-radio-municipal-de-tui-entrevista-a-xabier-perez-davila\/\" rel=\"bookmark\">Programa MODEPEN Dia a Dia en Radio Municipal de Tui: Entrevista a Xabier P\u00e9rez D\u00e1vila<\/a><\/h2>\n                        \n<!-- event meta -->\n<p class=\"eap__meta\">\n            <span class=\"eap__date no-wrap\">\n            <span class=\"dashicons dashicons-calendar-alt\"><\/span> Febreiro 10, 2022        <\/span>\n         |         <span class=\"eap__time no-wrap\">\n            <span class=\"dashicons dashicons-clock\"><\/span> 11:00 am        <\/span>\n        \n    <br>\n\n    Radio Municipal de Tui, Tui, Galiza<\/p>\n\n        <\/header>\n\n        <!-- main -->\n        <main class=\"eap__excerpt\">\n                            <p class=\"eap__more\">\n                    <a href=\"https:\/\/www.modepen.org\/index.php\/events\/programa-modepen-dia-a-dia-en-radio-municipal-de-tui-entrevista-a-xabier-perez-davila\/\">Read more<\/a>\n                <\/p>\n                        <\/main>\n    <\/div>\n<\/div>\n\n<div id=\"post-2004\" class=\"eap__event\">\n    <div class=\"eap__img\">\n        <img loading=\"lazy\" decoding=\"async\" width=\"318\" height=\"450\" src=\"https:\/\/www.modepen.org\/wp-content\/uploads\/2022\/02\/Concentracions-Coruna-202201-P.jpg\" class=\"attachment-post-thumbnail size-post-thumbnail wp-post-image\" alt=\"\" srcset=\"https:\/\/www.modepen.org\/wp-content\/uploads\/2022\/02\/Concentracions-Coruna-202201-P.jpg 318w, https:\/\/www.modepen.org\/wp-content\/uploads\/2022\/02\/Concentracions-Coruna-202201-P-212x300.jpg 212w, https:\/\/www.modepen.org\/wp-content\/uploads\/2022\/02\/Concentracions-Coruna-202201-P-106x150.jpg 106w\" sizes=\"auto, (max-width: 318px) 100vw, 318px\" \/>    <\/div>\n\n    <div class=\"eap__content\">\n        <!-- header -->\n        <header class=\"eap__header\">\n            <h2 class=\"eap__title\"><a href=\"https:\/\/www.modepen.org\/index.php\/events\/concentracion-na-coruna-xoves-10-de-febreiro\/\" rel=\"bookmark\">Concentraci\u00f3n na Coru\u00f1a: Xoves, 10 de Febreiro<\/a><\/h2>\n                        \n<!-- event meta -->\n<p class=\"eap__meta\">\n            <span class=\"eap__date no-wrap\">\n            <span class=\"dashicons dashicons-calendar-alt\"><\/span> Febreiro 10, 2022        <\/span>\n         |         <span class=\"eap__time no-wrap\">\n            <span class=\"dashicons dashicons-clock\"><\/span> 12:00 pm        <\/span>\n        \n    <br>\n\n    No Obelisco, A Coru\u00f1a, Galiza<\/p>\n\n        <\/header>\n\n        <!-- main -->\n        <main class=\"eap__excerpt\">\n                            <p class=\"eap__more\">\n                    <a href=\"https:\/\/www.modepen.org\/index.php\/events\/concentracion-na-coruna-xoves-10-de-febreiro\/\">Read more<\/a>\n                <\/p>\n                        <\/main>\n    <\/div>\n<\/div>\n\n<div id=\"post-1997\" class=\"eap__event\">\n    <div class=\"eap__img\">\n        <img loading=\"lazy\" decoding=\"async\" width=\"318\" height=\"450\" src=\"https:\/\/www.modepen.org\/wp-content\/uploads\/2022\/02\/Concentracions-Coruna-202201-P.jpg\" class=\"attachment-post-thumbnail size-post-thumbnail wp-post-image\" alt=\"\" srcset=\"https:\/\/www.modepen.org\/wp-content\/uploads\/2022\/02\/Concentracions-Coruna-202201-P.jpg 318w, https:\/\/www.modepen.org\/wp-content\/uploads\/2022\/02\/Concentracions-Coruna-202201-P-212x300.jpg 212w, https:\/\/www.modepen.org\/wp-content\/uploads\/2022\/02\/Concentracions-Coruna-202201-P-106x150.jpg 106w\" sizes=\"auto, (max-width: 318px) 100vw, 318px\" \/>    <\/div>\n\n    <div class=\"eap__content\">\n        <!-- header -->\n        <header class=\"eap__header\">\n            <h2 class=\"eap__title\"><a href=\"https:\/\/www.modepen.org\/index.php\/events\/concentracion-na-coruna-martes-8-de-febreiro\/\" rel=\"bookmark\">Concentraci\u00f3n na Coru\u00f1a: Martes, 8 de Febreiro<\/a><\/h2>\n                        \n<!-- event meta -->\n<p class=\"eap__meta\">\n            <span class=\"eap__date no-wrap\">\n            <span class=\"dashicons dashicons-calendar-alt\"><\/span> Febreiro 8, 2022        <\/span>\n         |         <span class=\"eap__time no-wrap\">\n            <span class=\"dashicons dashicons-clock\"><\/span> 11:00 am        <\/span>\n        \n    <br>\n\n    Mercado de Elvi\u00f1a, A Coru\u00f1a, Galiza<\/p>\n\n        <\/header>\n\n        <!-- main -->\n        <main class=\"eap__excerpt\">\n                            <p class=\"eap__more\">\n                    <a href=\"https:\/\/www.modepen.org\/index.php\/events\/concentracion-na-coruna-martes-8-de-febreiro\/\">Read more<\/a>\n                <\/p>\n                        <\/main>\n    <\/div>\n<\/div>\n\n<div id=\"post-1979\" class=\"eap__event\">\n    <div class=\"eap__img\">\n        <img loading=\"lazy\" decoding=\"async\" width=\"358\" height=\"450\" src=\"https:\/\/www.modepen.org\/wp-content\/uploads\/2022\/01\/Concentracion-Ribadeo-20220205-P.jpg\" class=\"attachment-post-thumbnail size-post-thumbnail wp-post-image\" alt=\"\" srcset=\"https:\/\/www.modepen.org\/wp-content\/uploads\/2022\/01\/Concentracion-Ribadeo-20220205-P.jpg 358w, https:\/\/www.modepen.org\/wp-content\/uploads\/2022\/01\/Concentracion-Ribadeo-20220205-P-239x300.jpg 239w, https:\/\/www.modepen.org\/wp-content\/uploads\/2022\/01\/Concentracion-Ribadeo-20220205-P-119x150.jpg 119w\" sizes=\"auto, (max-width: 358px) 100vw, 358px\" \/>    <\/div>\n\n    <div class=\"eap__content\">\n        <!-- header -->\n        <header class=\"eap__header\">\n            <h2 class=\"eap__title\"><a href=\"https:\/\/www.modepen.org\/index.php\/events\/concentracion-de-modepen-ribadeo-o-5-de-febreiro\/\" rel=\"bookmark\">Concentraci\u00f3n de Modepen Ribadeo o 5 de Febreiro.<\/a><\/h2>\n                        \n<!-- event meta -->\n<p class=\"eap__meta\">\n            <span class=\"eap__date no-wrap\">\n            <span class=\"dashicons dashicons-calendar-alt\"><\/span> Febreiro 5, 2022        <\/span>\n         |         <span class=\"eap__time no-wrap\">\n            <span class=\"dashicons dashicons-clock\"><\/span> 12:00 pm        <\/span>\n        \n    <br>\n\n    Cant\u00f3n dos Moreno, Ribadeo, Galiza<\/p>\n\n        <\/header>\n\n        <!-- main -->\n        <main class=\"eap__excerpt\">\n                            <p class=\"eap__more\">\n                    <a href=\"https:\/\/www.modepen.org\/index.php\/events\/concentracion-de-modepen-ribadeo-o-5-de-febreiro\/\">Read more<\/a>\n                <\/p>\n                        <\/main>\n    <\/div>\n<\/div>\n\n<div id=\"post-1994\" class=\"eap__event\">\n    <div class=\"eap__img\">\n        <img loading=\"lazy\" decoding=\"async\" width=\"318\" height=\"450\" src=\"https:\/\/www.modepen.org\/wp-content\/uploads\/2022\/02\/Concentracions-Coruna-202201-P.jpg\" class=\"attachment-post-thumbnail size-post-thumbnail wp-post-image\" alt=\"\" srcset=\"https:\/\/www.modepen.org\/wp-content\/uploads\/2022\/02\/Concentracions-Coruna-202201-P.jpg 318w, https:\/\/www.modepen.org\/wp-content\/uploads\/2022\/02\/Concentracions-Coruna-202201-P-212x300.jpg 212w, https:\/\/www.modepen.org\/wp-content\/uploads\/2022\/02\/Concentracions-Coruna-202201-P-106x150.jpg 106w\" sizes=\"auto, (max-width: 318px) 100vw, 318px\" \/>    <\/div>\n\n    <div class=\"eap__content\">\n        <!-- header -->\n        <header class=\"eap__header\">\n            <h2 class=\"eap__title\"><a href=\"https:\/\/www.modepen.org\/index.php\/events\/concentracion-na-coruna-xoves-3-de-febreiro\/\" rel=\"bookmark\">Concentraci\u00f3n na Coru\u00f1a: Xoves, 3 de Febreiro<\/a><\/h2>\n                        \n<!-- event meta -->\n<p class=\"eap__meta\">\n            <span class=\"eap__date no-wrap\">\n            <span class=\"dashicons dashicons-calendar-alt\"><\/span> Febreiro 3, 2022        <\/span>\n         |         <span class=\"eap__time no-wrap\">\n            <span class=\"dashicons dashicons-clock\"><\/span> 11:00 am        <\/span>\n        \n    <br>\n\n    Praza de Lugo, A Coru\u00f1a, Galiza<\/p>\n\n        <\/header>\n\n        <!-- main -->\n        <main class=\"eap__excerpt\">\n                            <p class=\"eap__more\">\n                    <a href=\"https:\/\/www.modepen.org\/index.php\/events\/concentracion-na-coruna-xoves-3-de-febreiro\/\">Read more<\/a>\n                <\/p>\n                        <\/main>\n    <\/div>\n<\/div>\n\n<div id=\"post-1945\" class=\"eap__event\">\n    <div class=\"eap__img\">\n        <img loading=\"lazy\" decoding=\"async\" width=\"600\" height=\"450\" src=\"https:\/\/www.modepen.org\/wp-content\/uploads\/2021\/12\/Concentracion-Vigo-20211213-G.jpg\" class=\"attachment-post-thumbnail size-post-thumbnail wp-post-image\" alt=\"\" srcset=\"https:\/\/www.modepen.org\/wp-content\/uploads\/2021\/12\/Concentracion-Vigo-20211213-G.jpg 600w, https:\/\/www.modepen.org\/wp-content\/uploads\/2021\/12\/Concentracion-Vigo-20211213-G-300x225.jpg 300w, https:\/\/www.modepen.org\/wp-content\/uploads\/2021\/12\/Concentracion-Vigo-20211213-G-150x113.jpg 150w\" sizes=\"auto, (max-width: 600px) 100vw, 600px\" \/>    <\/div>\n\n    <div class=\"eap__content\">\n        <!-- header -->\n        <header class=\"eap__header\">\n            <h2 class=\"eap__title\"><a href=\"https:\/\/www.modepen.org\/index.php\/events\/vigo-concentracion-diante-do-marco-o-dia-13-de-decembro-a-loita-continua\/\" rel=\"bookmark\">Vigo &#8211; Concentraci\u00f3n diante do MARCO o d\u00eda 13 de Decembro: A loita continua.<\/a><\/h2>\n                        \n<!-- event meta -->\n<p class=\"eap__meta\">\n            <span class=\"eap__date no-wrap\">\n            <span class=\"dashicons dashicons-calendar-alt\"><\/span> Decembro 13, 2021        <\/span>\n         |         <span class=\"eap__time no-wrap\">\n            <span class=\"dashicons dashicons-clock\"><\/span> 8:00 pm        <\/span>\n        \n    <br>\n\n    Diante do Museo MARCO, na r\u00faa Pr\u00edncipe, Vigo, Galiza<\/p>\n\n        <\/header>\n\n        <!-- main -->\n        <main class=\"eap__excerpt\">\n                            <p class=\"eap__more\">\n                    <a href=\"https:\/\/www.modepen.org\/index.php\/events\/vigo-concentracion-diante-do-marco-o-dia-13-de-decembro-a-loita-continua\/\">Read more<\/a>\n                <\/p>\n                        <\/main>\n    <\/div>\n<\/div>\n\n<div id=\"post-1930\" class=\"eap__event\">\n    <div class=\"eap__img\">\n        <img loading=\"lazy\" decoding=\"async\" width=\"315\" height=\"450\" src=\"https:\/\/www.modepen.org\/wp-content\/uploads\/2021\/11\/20211204-Concentracion-Ribadeo-P.jpg\" class=\"attachment-post-thumbnail size-post-thumbnail wp-post-image\" alt=\"\" srcset=\"https:\/\/www.modepen.org\/wp-content\/uploads\/2021\/11\/20211204-Concentracion-Ribadeo-P.jpg 315w, https:\/\/www.modepen.org\/wp-content\/uploads\/2021\/11\/20211204-Concentracion-Ribadeo-P-210x300.jpg 210w, https:\/\/www.modepen.org\/wp-content\/uploads\/2021\/11\/20211204-Concentracion-Ribadeo-P-105x150.jpg 105w\" sizes=\"auto, (max-width: 315px) 100vw, 315px\" \/>    <\/div>\n\n    <div class=\"eap__content\">\n        <!-- header -->\n        <header class=\"eap__header\">\n            <h2 class=\"eap__title\"><a href=\"https:\/\/www.modepen.org\/index.php\/events\/concentracion-de-modepen-ribadeo-o-4-de-decembro\/\" rel=\"bookmark\">Concentraci\u00f3n de Modepen Ribadeo o 4 de Decembro.<\/a><\/h2>\n                        \n<!-- event meta -->\n<p class=\"eap__meta\">\n            <span class=\"eap__date no-wrap\">\n            <span class=\"dashicons dashicons-calendar-alt\"><\/span> Decembro 4, 2021        <\/span>\n         |         <span class=\"eap__time no-wrap\">\n            <span class=\"dashicons dashicons-clock\"><\/span> 12:00 pm        <\/span>\n        \n    <br>\n\n    Cant\u00f3n dos Moreno, Ribadeo, Galiza<\/p>\n\n        <\/header>\n\n        <!-- main -->\n        <main class=\"eap__excerpt\">\n                            <p class=\"eap__more\">\n                    <a href=\"https:\/\/www.modepen.org\/index.php\/events\/concentracion-de-modepen-ribadeo-o-4-de-decembro\/\">Read more<\/a>\n                <\/p>\n                        <\/main>\n    <\/div>\n<\/div>\n\n<div id=\"post-1859\" class=\"eap__event\">\n    <div class=\"eap__img\">\n        <img loading=\"lazy\" decoding=\"async\" width=\"318\" height=\"450\" src=\"https:\/\/www.modepen.org\/wp-content\/uploads\/2021\/10\/Concentraciones-Coruna-202111-P.jpg\" class=\"attachment-post-thumbnail size-post-thumbnail wp-post-image\" alt=\"\" srcset=\"https:\/\/www.modepen.org\/wp-content\/uploads\/2021\/10\/Concentraciones-Coruna-202111-P.jpg 318w, https:\/\/www.modepen.org\/wp-content\/uploads\/2021\/10\/Concentraciones-Coruna-202111-P-212x300.jpg 212w, https:\/\/www.modepen.org\/wp-content\/uploads\/2021\/10\/Concentraciones-Coruna-202111-P-106x150.jpg 106w\" sizes=\"auto, (max-width: 318px) 100vw, 318px\" \/>    <\/div>\n\n    <div class=\"eap__content\">\n        <!-- header -->\n        <header class=\"eap__header\">\n            <h2 class=\"eap__title\"><a href=\"https:\/\/www.modepen.org\/index.php\/events\/coruna-concentracion-na-praza-de-lugo-o-11-de-novembro\/\" rel=\"bookmark\">Coru\u00f1a: Concentraci\u00f3n na Praza de Lugo o 11 de Novembro.<\/a><\/h2>\n                        \n<!-- event meta -->\n<p class=\"eap__meta\">\n            <span class=\"eap__date no-wrap\">\n            <span class=\"dashicons dashicons-calendar-alt\"><\/span> Novembro 11, 2021        <\/span>\n         |         <span class=\"eap__time no-wrap\">\n            <span class=\"dashicons dashicons-clock\"><\/span> 12:00 pm        <\/span>\n        \n    <br>\n\n    Praza de Lugo, A Coru\u00f1a, Galiza<\/p>\n\n        <\/header>\n\n        <!-- main -->\n        <main class=\"eap__excerpt\">\n                            <p class=\"eap__more\">\n                    <a href=\"https:\/\/www.modepen.org\/index.php\/events\/coruna-concentracion-na-praza-de-lugo-o-11-de-novembro\/\">Read more<\/a>\n                <\/p>\n                        <\/main>\n    <\/div>\n<\/div>\n\n<div id=\"post-1857\" class=\"eap__event\">\n    <div class=\"eap__img\">\n        <img loading=\"lazy\" decoding=\"async\" width=\"318\" height=\"450\" src=\"https:\/\/www.modepen.org\/wp-content\/uploads\/2021\/10\/Concentraciones-Coruna-202111-P.jpg\" class=\"attachment-post-thumbnail size-post-thumbnail wp-post-image\" alt=\"\" srcset=\"https:\/\/www.modepen.org\/wp-content\/uploads\/2021\/10\/Concentraciones-Coruna-202111-P.jpg 318w, https:\/\/www.modepen.org\/wp-content\/uploads\/2021\/10\/Concentraciones-Coruna-202111-P-212x300.jpg 212w, https:\/\/www.modepen.org\/wp-content\/uploads\/2021\/10\/Concentraciones-Coruna-202111-P-106x150.jpg 106w\" sizes=\"auto, (max-width: 318px) 100vw, 318px\" \/>    <\/div>\n\n    <div class=\"eap__content\">\n        <!-- header -->\n        <header class=\"eap__header\">\n            <h2 class=\"eap__title\"><a href=\"https:\/\/www.modepen.org\/index.php\/events\/coruna-concentracion-no-obelisco-o-9-de-novembro\/\" rel=\"bookmark\">Coru\u00f1a: Concentraci\u00f3n no Obelisco o 9 de Novembro.<\/a><\/h2>\n                        \n<!-- event meta -->\n<p class=\"eap__meta\">\n            <span class=\"eap__date no-wrap\">\n            <span class=\"dashicons dashicons-calendar-alt\"><\/span> Novembro 9, 2021        <\/span>\n         |         <span class=\"eap__time no-wrap\">\n            <span class=\"dashicons dashicons-clock\"><\/span> 12:00 pm        <\/span>\n        \n    <br>\n\n    no Obelisco, A Coru\u00f1a, Galiza<\/p>\n\n        <\/header>\n\n        <!-- main -->\n        <main class=\"eap__excerpt\">\n                            <p class=\"eap__more\">\n                    <a href=\"https:\/\/www.modepen.org\/index.php\/events\/coruna-concentracion-no-obelisco-o-9-de-novembro\/\">Read more<\/a>\n                <\/p>\n                        <\/main>\n    <\/div>\n<\/div>\n\n<div id=\"post-1881\" class=\"eap__event\">\n    <div class=\"eap__img\">\n        <img loading=\"lazy\" decoding=\"async\" width=\"533\" height=\"400\" src=\"https:\/\/www.modepen.org\/wp-content\/uploads\/2021\/10\/20111108-Concentracion-Vigo-P.jpg\" class=\"attachment-post-thumbnail size-post-thumbnail wp-post-image\" alt=\"\" srcset=\"https:\/\/www.modepen.org\/wp-content\/uploads\/2021\/10\/20111108-Concentracion-Vigo-P.jpg 533w, https:\/\/www.modepen.org\/wp-content\/uploads\/2021\/10\/20111108-Concentracion-Vigo-P-300x225.jpg 300w, https:\/\/www.modepen.org\/wp-content\/uploads\/2021\/10\/20111108-Concentracion-Vigo-P-150x113.jpg 150w\" sizes=\"auto, (max-width: 533px) 100vw, 533px\" \/>    <\/div>\n\n    <div class=\"eap__content\">\n        <!-- header -->\n        <header class=\"eap__header\">\n            <h2 class=\"eap__title\"><a href=\"https:\/\/www.modepen.org\/index.php\/events\/vigo-concentracion-o-dia-8-de-novembro-as-cortes-non-deben-aprobar-o-proxecto-de-leide-pensions-de-escriva\/\" rel=\"bookmark\">Vigo: Concentraci\u00f3n o d\u00eda 8 de Novembro &#8211; As Cortes non deben aprobar o Proxecto de Lei de Pensi\u00f3ns de Escriv\u00e1..<\/a><\/h2>\n                        \n<!-- event meta -->\n<p class=\"eap__meta\">\n            <span class=\"eap__date no-wrap\">\n            <span class=\"dashicons dashicons-calendar-alt\"><\/span> Novembro 8, 2021        <\/span>\n         |         <span class=\"eap__time no-wrap\">\n            <span class=\"dashicons dashicons-clock\"><\/span> 8:00 pm        <\/span>\n        \n    <br>\n\n    diante do Museo MARCO (Rua Pr\u00edncipe), Vigo, Galiza<\/p>\n\n        <\/header>\n\n        <!-- main -->\n        <main class=\"eap__excerpt\">\n                            <p class=\"eap__more\">\n                    <a href=\"https:\/\/www.modepen.org\/index.php\/events\/vigo-concentracion-o-dia-8-de-novembro-as-cortes-non-deben-aprobar-o-proxecto-de-leide-pensions-de-escriva\/\">Read more<\/a>\n                <\/p>\n                        <\/main>\n    <\/div>\n<\/div>\n\n<div id=\"post-1843\" class=\"eap__event\">\n    <div class=\"eap__img\">\n        <img loading=\"lazy\" decoding=\"async\" width=\"330\" height=\"450\" src=\"https:\/\/www.modepen.org\/wp-content\/uploads\/2021\/10\/Concentracion-Ribadeo-20211106-P.jpg\" class=\"attachment-post-thumbnail size-post-thumbnail wp-post-image\" alt=\"\" srcset=\"https:\/\/www.modepen.org\/wp-content\/uploads\/2021\/10\/Concentracion-Ribadeo-20211106-P.jpg 330w, https:\/\/www.modepen.org\/wp-content\/uploads\/2021\/10\/Concentracion-Ribadeo-20211106-P-220x300.jpg 220w, https:\/\/www.modepen.org\/wp-content\/uploads\/2021\/10\/Concentracion-Ribadeo-20211106-P-110x150.jpg 110w\" sizes=\"auto, (max-width: 330px) 100vw, 330px\" \/>    <\/div>\n\n    <div class=\"eap__content\">\n        <!-- header -->\n        <header class=\"eap__header\">\n            <h2 class=\"eap__title\"><a href=\"https:\/\/www.modepen.org\/index.php\/events\/concentracion-de-modepen-ribadeo-o-2-de-outubro-2\/\" rel=\"bookmark\">Concentraci\u00f3n de Modepen Ribadeo o 6 de Novembro.<\/a><\/h2>\n                        \n<!-- event meta -->\n<p class=\"eap__meta\">\n            <span class=\"eap__date no-wrap\">\n            <span class=\"dashicons dashicons-calendar-alt\"><\/span> Novembro 6, 2021        <\/span>\n         |         <span class=\"eap__time no-wrap\">\n            <span class=\"dashicons dashicons-clock\"><\/span> 12:00 pm        <\/span>\n        \n    <br>\n\n    Cant\u00f3n dos Moreno, Ribadeo, Galiza<\/p>\n\n        <\/header>\n\n        <!-- main -->\n        <main class=\"eap__excerpt\">\n                            <p class=\"eap__more\">\n                    <a href=\"https:\/\/www.modepen.org\/index.php\/events\/concentracion-de-modepen-ribadeo-o-2-de-outubro-2\/\">Read more<\/a>\n                <\/p>\n                        <\/main>\n    <\/div>\n<\/div>\n\n<div id=\"post-1902\" class=\"eap__event\">\n    <div class=\"eap__img\">\n        <img loading=\"lazy\" decoding=\"async\" width=\"338\" height=\"450\" src=\"https:\/\/www.modepen.org\/wp-content\/uploads\/2021\/11\/20211105-Concentracion-Cangas-P.jpg\" class=\"attachment-post-thumbnail size-post-thumbnail wp-post-image\" alt=\"\" srcset=\"https:\/\/www.modepen.org\/wp-content\/uploads\/2021\/11\/20211105-Concentracion-Cangas-P.jpg 338w, https:\/\/www.modepen.org\/wp-content\/uploads\/2021\/11\/20211105-Concentracion-Cangas-P-225x300.jpg 225w, https:\/\/www.modepen.org\/wp-content\/uploads\/2021\/11\/20211105-Concentracion-Cangas-P-113x150.jpg 113w\" sizes=\"auto, (max-width: 338px) 100vw, 338px\" \/>    <\/div>\n\n    <div class=\"eap__content\">\n        <!-- header -->\n        <header class=\"eap__header\">\n            <h2 class=\"eap__title\"><a href=\"https:\/\/www.modepen.org\/index.php\/events\/concentracion-en-cangas-o-dia-5-de-novembro-en-defensa-das-pensions-publicas\/\" rel=\"bookmark\">Concentraci\u00f3n en Cangas o d\u00eda 5 de Novembro en defensa das Pensi\u00f3ns P\u00fablicas<\/a><\/h2>\n                        \n<!-- event meta -->\n<p class=\"eap__meta\">\n            <span class=\"eap__date no-wrap\">\n            <span class=\"dashicons dashicons-calendar-alt\"><\/span> Novembro 5, 2021        <\/span>\n         |         <span class=\"eap__time no-wrap\">\n            <span class=\"dashicons dashicons-clock\"><\/span> 7:30 pm        <\/span>\n        \n    <br>\n\n    Diante do Concello, Cangas, Galiza<\/p>\n\n        <\/header>\n\n        <!-- main -->\n        <main class=\"eap__excerpt\">\n                            <p class=\"eap__more\">\n                    <a href=\"https:\/\/www.modepen.org\/index.php\/events\/concentracion-en-cangas-o-dia-5-de-novembro-en-defensa-das-pensions-publicas\/\">Read more<\/a>\n                <\/p>\n                        <\/main>\n    <\/div>\n<\/div>\n\n<div id=\"post-1853\" class=\"eap__event\">\n    <div class=\"eap__img\">\n        <img loading=\"lazy\" decoding=\"async\" width=\"318\" height=\"450\" src=\"https:\/\/www.modepen.org\/wp-content\/uploads\/2021\/10\/Concentraciones-Coruna-202111-P.jpg\" class=\"attachment-post-thumbnail size-post-thumbnail wp-post-image\" alt=\"\" srcset=\"https:\/\/www.modepen.org\/wp-content\/uploads\/2021\/10\/Concentraciones-Coruna-202111-P.jpg 318w, https:\/\/www.modepen.org\/wp-content\/uploads\/2021\/10\/Concentraciones-Coruna-202111-P-212x300.jpg 212w, https:\/\/www.modepen.org\/wp-content\/uploads\/2021\/10\/Concentraciones-Coruna-202111-P-106x150.jpg 106w\" sizes=\"auto, (max-width: 318px) 100vw, 318px\" \/>    <\/div>\n\n    <div class=\"eap__content\">\n        <!-- header -->\n        <header class=\"eap__header\">\n            <h2 class=\"eap__title\"><a href=\"https:\/\/www.modepen.org\/index.php\/events\/coruna-concentracion-no-mercado-de-s-agustin-o-4-de-novembro\/\" rel=\"bookmark\">Coru\u00f1a: Concentraci\u00f3n no Mercado de S. Agust\u00edn o 4 de Novembro.<\/a><\/h2>\n                        \n<!-- event meta -->\n<p class=\"eap__meta\">\n            <span class=\"eap__date no-wrap\">\n            <span class=\"dashicons dashicons-calendar-alt\"><\/span> Novembro 4, 2021        <\/span>\n         |         <span class=\"eap__time no-wrap\">\n            <span class=\"dashicons dashicons-clock\"><\/span> 12:00 pm        <\/span>\n        \n    <br>\n\n    Mercado de S. Agustin, A Coru\u00f1a, Galiza<\/p>\n\n        <\/header>\n\n        <!-- main -->\n        <main class=\"eap__excerpt\">\n                            <p class=\"eap__more\">\n                    <a href=\"https:\/\/www.modepen.org\/index.php\/events\/coruna-concentracion-no-mercado-de-s-agustin-o-4-de-novembro\/\">Read more<\/a>\n                <\/p>\n                        <\/main>\n    <\/div>\n<\/div>\n\n<div id=\"post-1839\" class=\"eap__event\">\n    <div class=\"eap__img\">\n        <img loading=\"lazy\" decoding=\"async\" width=\"318\" height=\"450\" src=\"https:\/\/www.modepen.org\/wp-content\/uploads\/2021\/10\/20211030-Concentracion-Ferrolterra-P.jpg\" class=\"attachment-post-thumbnail size-post-thumbnail wp-post-image\" alt=\"\" srcset=\"https:\/\/www.modepen.org\/wp-content\/uploads\/2021\/10\/20211030-Concentracion-Ferrolterra-P.jpg 318w, https:\/\/www.modepen.org\/wp-content\/uploads\/2021\/10\/20211030-Concentracion-Ferrolterra-P-212x300.jpg 212w, https:\/\/www.modepen.org\/wp-content\/uploads\/2021\/10\/20211030-Concentracion-Ferrolterra-P-106x150.jpg 106w\" sizes=\"auto, (max-width: 318px) 100vw, 318px\" \/>    <\/div>\n\n    <div class=\"eap__content\">\n        <!-- header -->\n        <header class=\"eap__header\">\n            <h2 class=\"eap__title\"><a href=\"https:\/\/www.modepen.org\/index.php\/events\/concentracion-de-modepen-ferrolterra-o-30-de-outubro\/\" rel=\"bookmark\">Concentraci\u00f3n de Modepen Ferrolterra o 30 de Outubro.<\/a><\/h2>\n                        \n<!-- event meta -->\n<p class=\"eap__meta\">\n            <span class=\"eap__date no-wrap\">\n            <span class=\"dashicons dashicons-calendar-alt\"><\/span> Outubro 30, 2021        <\/span>\n         |         <span class=\"eap__time no-wrap\">\n            <span class=\"dashicons dashicons-clock\"><\/span> 12:00 pm        <\/span>\n        \n    <br>\n\n    No Cant\u00f3n, Ferrol, Galiza<\/p>\n\n        <\/header>\n\n        <!-- main -->\n        <main class=\"eap__excerpt\">\n                            <p class=\"eap__more\">\n                    <a href=\"https:\/\/www.modepen.org\/index.php\/events\/concentracion-de-modepen-ferrolterra-o-30-de-outubro\/\">Read more<\/a>\n                <\/p>\n                        <\/main>\n    <\/div>\n<\/div>\n\n<div id=\"post-1824\" class=\"eap__event\">\n    <div class=\"eap__img\">\n        <img loading=\"lazy\" decoding=\"async\" width=\"318\" height=\"450\" src=\"https:\/\/www.modepen.org\/wp-content\/uploads\/2021\/10\/Cartel-Autobuses-Madrid-P.jpg\" class=\"attachment-post-thumbnail size-post-thumbnail wp-post-image\" alt=\"\" srcset=\"https:\/\/www.modepen.org\/wp-content\/uploads\/2021\/10\/Cartel-Autobuses-Madrid-P.jpg 318w, https:\/\/www.modepen.org\/wp-content\/uploads\/2021\/10\/Cartel-Autobuses-Madrid-P-212x300.jpg 212w, https:\/\/www.modepen.org\/wp-content\/uploads\/2021\/10\/Cartel-Autobuses-Madrid-P-106x150.jpg 106w\" sizes=\"auto, (max-width: 318px) 100vw, 318px\" \/>    <\/div>\n\n    <div class=\"eap__content\">\n        <!-- header -->\n        <header class=\"eap__header\">\n            <h2 class=\"eap__title\"><a href=\"https:\/\/www.modepen.org\/index.php\/events\/autobuses-a-madrid-o-16-de-outubro-manifestacion-de-pensionistas\/\" rel=\"bookmark\">Autobuses a Madrid o 16 de Outubro &#8211; Manifestaci\u00f3n de Pensionistas<\/a><\/h2>\n                        \n<!-- event meta -->\n<p class=\"eap__meta\">\n            <span class=\"eap__date no-wrap\">\n            <span class=\"dashicons dashicons-calendar-alt\"><\/span> Outubro 16, 2021        <\/span>\n        \n    <br>\n\n    Madrid, Madrid<\/p>\n\n        <\/header>\n\n        <!-- main -->\n        <main class=\"eap__excerpt\">\n                            <p class=\"eap__more\">\n                    <a href=\"https:\/\/www.modepen.org\/index.php\/events\/autobuses-a-madrid-o-16-de-outubro-manifestacion-de-pensionistas\/\">Read more<\/a>\n                <\/p>\n                        <\/main>\n    <\/div>\n<\/div>\n\n<div id=\"post-1826\" class=\"eap__event\">\n    <div class=\"eap__img\">\n        <img loading=\"lazy\" decoding=\"async\" width=\"317\" height=\"450\" src=\"https:\/\/www.modepen.org\/wp-content\/uploads\/2021\/10\/20211008-Concentracion-Cangas-P.jpg\" class=\"attachment-post-thumbnail size-post-thumbnail wp-post-image\" alt=\"\" srcset=\"https:\/\/www.modepen.org\/wp-content\/uploads\/2021\/10\/20211008-Concentracion-Cangas-P.jpg 317w, https:\/\/www.modepen.org\/wp-content\/uploads\/2021\/10\/20211008-Concentracion-Cangas-P-211x300.jpg 211w, https:\/\/www.modepen.org\/wp-content\/uploads\/2021\/10\/20211008-Concentracion-Cangas-P-106x150.jpg 106w\" sizes=\"auto, (max-width: 317px) 100vw, 317px\" \/>    <\/div>\n\n    <div class=\"eap__content\">\n        <!-- header -->\n        <header class=\"eap__header\">\n            <h2 class=\"eap__title\"><a href=\"https:\/\/www.modepen.org\/index.php\/events\/concentracion-en-cangas-o-dia-8-de-outubro-en-defensa-das-pensions-publicas\/\" rel=\"bookmark\">Concentraci\u00f3n en Cangas o d\u00eda 8 de Outubro en defensa das Pensi\u00f3ns P\u00fablicas<\/a><\/h2>\n                        \n<!-- event meta -->\n<p class=\"eap__meta\">\n            <span class=\"eap__date no-wrap\">\n            <span class=\"dashicons dashicons-calendar-alt\"><\/span> Outubro 8, 2021        <\/span>\n         |         <span class=\"eap__time no-wrap\">\n            <span class=\"dashicons dashicons-clock\"><\/span> 7:30 pm        <\/span>\n        \n    <br>\n\n    diante do Concello, Cangas, Galiza<\/p>\n\n        <\/header>\n\n        <!-- main -->\n        <main class=\"eap__excerpt\">\n                            <p class=\"eap__more\">\n                    <a href=\"https:\/\/www.modepen.org\/index.php\/events\/concentracion-en-cangas-o-dia-8-de-outubro-en-defensa-das-pensions-publicas\/\">Read more<\/a>\n                <\/p>\n                        <\/main>\n    <\/div>\n<\/div>\n\n<div id=\"post-1815\" class=\"eap__event\">\n    <div class=\"eap__img\">\n        <img loading=\"lazy\" decoding=\"async\" width=\"300\" height=\"400\" src=\"https:\/\/www.modepen.org\/wp-content\/uploads\/2021\/09\/20211004-Concentracion-Vigo-P.jpg\" class=\"attachment-post-thumbnail size-post-thumbnail wp-post-image\" alt=\"\" srcset=\"https:\/\/www.modepen.org\/wp-content\/uploads\/2021\/09\/20211004-Concentracion-Vigo-P.jpg 300w, https:\/\/www.modepen.org\/wp-content\/uploads\/2021\/09\/20211004-Concentracion-Vigo-P-225x300.jpg 225w, https:\/\/www.modepen.org\/wp-content\/uploads\/2021\/09\/20211004-Concentracion-Vigo-P-113x150.jpg 113w\" sizes=\"auto, (max-width: 300px) 100vw, 300px\" \/>    <\/div>\n\n    <div class=\"eap__content\">\n        <!-- header -->\n        <header class=\"eap__header\">\n            <h2 class=\"eap__title\"><a href=\"https:\/\/www.modepen.org\/index.php\/events\/vigo-concentracion-o-dia-4-de-outubro-que-foi-dos-nosos-cartos\/\" rel=\"bookmark\">Vigo: Concentraci\u00f3n o d\u00eda 4 de Outubro &#8211; \u00bfQue foi dos nosos cartos?.<\/a><\/h2>\n                        \n<!-- event meta -->\n<p class=\"eap__meta\">\n            <span class=\"eap__date no-wrap\">\n            <span class=\"dashicons dashicons-calendar-alt\"><\/span> Outubro 4, 2021        <\/span>\n         |         <span class=\"eap__time no-wrap\">\n            <span class=\"dashicons dashicons-clock\"><\/span> 8:00 pm        <\/span>\n        \n    <br>\n\n    Diante do MARCO, na Rua Pr\u00edncipe, Vigo, Galiza<\/p>\n\n        <\/header>\n\n        <!-- main -->\n        <main class=\"eap__excerpt\">\n                            <p class=\"eap__more\">\n                    <a href=\"https:\/\/www.modepen.org\/index.php\/events\/vigo-concentracion-o-dia-4-de-outubro-que-foi-dos-nosos-cartos\/\">Read more<\/a>\n                <\/p>\n                        <\/main>\n    <\/div>\n<\/div>\n\n<div id=\"post-1802\" class=\"eap__event\">\n    <div class=\"eap__img\">\n        <img loading=\"lazy\" decoding=\"async\" width=\"318\" height=\"450\" src=\"https:\/\/www.modepen.org\/wp-content\/uploads\/2021\/09\/20211002-Concentracion-Ribadeo-P.jpg\" class=\"attachment-post-thumbnail size-post-thumbnail wp-post-image\" alt=\"\" srcset=\"https:\/\/www.modepen.org\/wp-content\/uploads\/2021\/09\/20211002-Concentracion-Ribadeo-P.jpg 318w, https:\/\/www.modepen.org\/wp-content\/uploads\/2021\/09\/20211002-Concentracion-Ribadeo-P-212x300.jpg 212w, https:\/\/www.modepen.org\/wp-content\/uploads\/2021\/09\/20211002-Concentracion-Ribadeo-P-106x150.jpg 106w\" sizes=\"auto, (max-width: 318px) 100vw, 318px\" \/>    <\/div>\n\n    <div class=\"eap__content\">\n        <!-- header -->\n        <header class=\"eap__header\">\n            <h2 class=\"eap__title\"><a href=\"https:\/\/www.modepen.org\/index.php\/events\/concentracion-de-modepen-ribadeo-o-2-de-outubro\/\" rel=\"bookmark\">Concentraci\u00f3n de Modepen Ribadeo o 2 de Outubro.<\/a><\/h2>\n                        \n<!-- event meta -->\n<p class=\"eap__meta\">\n            <span class=\"eap__date no-wrap\">\n            <span class=\"dashicons dashicons-calendar-alt\"><\/span> Outubro 2, 2021        <\/span>\n         |         <span class=\"eap__time no-wrap\">\n            <span class=\"dashicons dashicons-clock\"><\/span> 12:00 pm        <\/span>\n        \n    <br>\n\n    Cant\u00f3n dos Moreno, Ribadeo, Galiza<\/p>\n\n        <\/header>\n\n        <!-- main -->\n        <main class=\"eap__excerpt\">\n                            <p class=\"eap__more\">\n                    <a href=\"https:\/\/www.modepen.org\/index.php\/events\/concentracion-de-modepen-ribadeo-o-2-de-outubro\/\">Read more<\/a>\n                <\/p>\n                        <\/main>\n    <\/div>\n<\/div>\n\n<div id=\"post-1807\" class=\"eap__event\">\n    <div class=\"eap__img\">\n        <img loading=\"lazy\" decoding=\"async\" width=\"318\" height=\"450\" src=\"https:\/\/www.modepen.org\/wp-content\/uploads\/2021\/09\/20210925-Concentracion-Ferrolterra-P.jpg\" class=\"attachment-post-thumbnail size-post-thumbnail wp-post-image\" alt=\"\" srcset=\"https:\/\/www.modepen.org\/wp-content\/uploads\/2021\/09\/20210925-Concentracion-Ferrolterra-P.jpg 318w, https:\/\/www.modepen.org\/wp-content\/uploads\/2021\/09\/20210925-Concentracion-Ferrolterra-P-212x300.jpg 212w, https:\/\/www.modepen.org\/wp-content\/uploads\/2021\/09\/20210925-Concentracion-Ferrolterra-P-106x150.jpg 106w\" sizes=\"auto, (max-width: 318px) 100vw, 318px\" \/>    <\/div>\n\n    <div class=\"eap__content\">\n        <!-- header -->\n        <header class=\"eap__header\">\n            <h2 class=\"eap__title\"><a href=\"https:\/\/www.modepen.org\/index.php\/events\/concentracion-de-modepen-ferrolterra-o-25-de-setembro\/\" rel=\"bookmark\">Concentraci\u00f3n de Modepen Ferrolterra o 25 de Setembro.<\/a><\/h2>\n                        \n<!-- event meta -->\n<p class=\"eap__meta\">\n            <span class=\"eap__date no-wrap\">\n            <span class=\"dashicons dashicons-calendar-alt\"><\/span> Setembro 25, 2021        <\/span>\n         |         <span class=\"eap__time no-wrap\">\n            <span class=\"dashicons dashicons-clock\"><\/span> 12:00 pm        <\/span>\n        \n    <br>\n\n    No Cant\u00f3n, Ferrol, Galiza<\/p>\n\n        <\/header>\n\n        <!-- main -->\n        <main class=\"eap__excerpt\">\n                            <p class=\"eap__more\">\n                    <a href=\"https:\/\/www.modepen.org\/index.php\/events\/concentracion-de-modepen-ferrolterra-o-25-de-setembro\/\">Read more<\/a>\n                <\/p>\n                        <\/main>\n    <\/div>\n<\/div>\n\n<div id=\"post-1797\" class=\"eap__event\">\n    <div class=\"eap__img\">\n        <img loading=\"lazy\" decoding=\"async\" width=\"302\" height=\"400\" src=\"https:\/\/www.modepen.org\/wp-content\/uploads\/2021\/09\/Concentracion-Vigo-20210906-P.jpg\" class=\"attachment-post-thumbnail size-post-thumbnail wp-post-image\" alt=\"\" srcset=\"https:\/\/www.modepen.org\/wp-content\/uploads\/2021\/09\/Concentracion-Vigo-20210906-P.jpg 302w, https:\/\/www.modepen.org\/wp-content\/uploads\/2021\/09\/Concentracion-Vigo-20210906-P-227x300.jpg 227w, https:\/\/www.modepen.org\/wp-content\/uploads\/2021\/09\/Concentracion-Vigo-20210906-P-113x150.jpg 113w\" sizes=\"auto, (max-width: 302px) 100vw, 302px\" \/>    <\/div>\n\n    <div class=\"eap__content\">\n        <!-- header -->\n        <header class=\"eap__header\">\n            <h2 class=\"eap__title\"><a href=\"https:\/\/www.modepen.org\/index.php\/events\/vigo-concentracion-o-dia-6-de-setembro-a-loita-segue\/\" rel=\"bookmark\">Vigo: Concentraci\u00f3n o d\u00eda 6 de Setembro &#8211; A LOITA SEGUE.<\/a><\/h2>\n                        \n<!-- event meta -->\n<p class=\"eap__meta\">\n            <span class=\"eap__date no-wrap\">\n            <span class=\"dashicons dashicons-calendar-alt\"><\/span> Setembro 6, 2021        <\/span>\n         |         <span class=\"eap__time no-wrap\">\n            <span class=\"dashicons dashicons-clock\"><\/span> 8:00 pm        <\/span>\n        \n    <br>\n\n    Diante do MARCO, na R\u00faa Pr\u00edncipe, Vigo, Galiza<\/p>\n\n        <\/header>\n\n        <!-- main -->\n        <main class=\"eap__excerpt\">\n                            <p class=\"eap__more\">\n                    <a href=\"https:\/\/www.modepen.org\/index.php\/events\/vigo-concentracion-o-dia-6-de-setembro-a-loita-segue\/\">Read more<\/a>\n                <\/p>\n                        <\/main>\n    <\/div>\n<\/div>\n\n<div id=\"post-1787\" class=\"eap__event\">\n    <div class=\"eap__img\">\n        <img loading=\"lazy\" decoding=\"async\" width=\"283\" height=\"400\" src=\"https:\/\/www.modepen.org\/wp-content\/uploads\/2021\/08\/20210904-Concentracion-Ribadeo-P.jpg\" class=\"attachment-post-thumbnail size-post-thumbnail wp-post-image\" alt=\"\" srcset=\"https:\/\/www.modepen.org\/wp-content\/uploads\/2021\/08\/20210904-Concentracion-Ribadeo-P.jpg 283w, https:\/\/www.modepen.org\/wp-content\/uploads\/2021\/08\/20210904-Concentracion-Ribadeo-P-212x300.jpg 212w, https:\/\/www.modepen.org\/wp-content\/uploads\/2021\/08\/20210904-Concentracion-Ribadeo-P-106x150.jpg 106w\" sizes=\"auto, (max-width: 283px) 100vw, 283px\" \/>    <\/div>\n\n    <div class=\"eap__content\">\n        <!-- header -->\n        <header class=\"eap__header\">\n            <h2 class=\"eap__title\"><a href=\"https:\/\/www.modepen.org\/index.php\/events\/concentracion-de-modepen-ribadeo-o-4-de-setembro\/\" rel=\"bookmark\">Concentraci\u00f3n de Modepen Ribadeo o 4 de Setembro.<\/a><\/h2>\n                        \n<!-- event meta -->\n<p class=\"eap__meta\">\n            <span class=\"eap__date no-wrap\">\n            <span class=\"dashicons dashicons-calendar-alt\"><\/span> Setembro 4, 2021        <\/span>\n         |         <span class=\"eap__time no-wrap\">\n            <span class=\"dashicons dashicons-clock\"><\/span> 12:00 pm        <\/span>\n        \n    <br>\n\n    Cant\u00f3n dos Moreno, Ribadeo, Galiza<\/p>\n\n        <\/header>\n\n        <!-- main -->\n        <main class=\"eap__excerpt\">\n                            <p class=\"eap__more\">\n                    <a href=\"https:\/\/www.modepen.org\/index.php\/events\/concentracion-de-modepen-ribadeo-o-4-de-setembro\/\">Read more<\/a>\n                <\/p>\n                        <\/main>\n    <\/div>\n<\/div>\n\n<div id=\"post-1794\" class=\"eap__event\">\n    <div class=\"eap__img\">\n        <img loading=\"lazy\" decoding=\"async\" width=\"533\" height=\"400\" src=\"https:\/\/www.modepen.org\/wp-content\/uploads\/2021\/08\/Campana-Auditoria-Contas-Seguridad-Social-P.jpg\" class=\"attachment-post-thumbnail size-post-thumbnail wp-post-image\" alt=\"\" srcset=\"https:\/\/www.modepen.org\/wp-content\/uploads\/2021\/08\/Campana-Auditoria-Contas-Seguridad-Social-P.jpg 533w, https:\/\/www.modepen.org\/wp-content\/uploads\/2021\/08\/Campana-Auditoria-Contas-Seguridad-Social-P-300x225.jpg 300w, https:\/\/www.modepen.org\/wp-content\/uploads\/2021\/08\/Campana-Auditoria-Contas-Seguridad-Social-P-150x113.jpg 150w\" sizes=\"auto, (max-width: 533px) 100vw, 533px\" \/>    <\/div>\n\n    <div class=\"eap__content\">\n        <!-- header -->\n        <header class=\"eap__header\">\n            <h2 class=\"eap__title\"><a href=\"https:\/\/www.modepen.org\/index.php\/events\/sesion-telematica-de-informacion-campana-por-unha-auditoria-das-contas-da-seguridade-social\/\" rel=\"bookmark\">Sesi\u00f3n Telematica de Informaci\u00f3n: Campa\u00f1a por unha Auditor\u00eda das Contas da Seguridade Social<\/a><\/h2>\n                        \n<!-- event meta -->\n<p class=\"eap__meta\">\n            <span class=\"eap__date no-wrap\">\n            <span class=\"dashicons dashicons-calendar-alt\"><\/span> Setembro 2, 2021        <\/span>\n         |         <span class=\"eap__time no-wrap\">\n            <span class=\"dashicons dashicons-clock\"><\/span> 5:03 pm        <\/span>\n        \n    <br>\n\n    Zoom, Modepen, Galiza<\/p>\n\n        <\/header>\n\n        <!-- main -->\n        <main class=\"eap__excerpt\">\n                            <p class=\"eap__more\">\n                    <a href=\"https:\/\/www.modepen.org\/index.php\/events\/sesion-telematica-de-informacion-campana-por-unha-auditoria-das-contas-da-seguridade-social\/\">Read more<\/a>\n                <\/p>\n                        <\/main>\n    <\/div>\n<\/div>\n\n<div id=\"post-1781\" class=\"eap__event\">\n    <div class=\"eap__img\">\n        <img loading=\"lazy\" decoding=\"async\" width=\"283\" height=\"400\" src=\"https:\/\/www.modepen.org\/wp-content\/uploads\/2021\/07\/Concentracion-Ribadeo-20210807-P.jpg\" class=\"attachment-post-thumbnail size-post-thumbnail wp-post-image\" alt=\"\" srcset=\"https:\/\/www.modepen.org\/wp-content\/uploads\/2021\/07\/Concentracion-Ribadeo-20210807-P.jpg 283w, https:\/\/www.modepen.org\/wp-content\/uploads\/2021\/07\/Concentracion-Ribadeo-20210807-P-212x300.jpg 212w, https:\/\/www.modepen.org\/wp-content\/uploads\/2021\/07\/Concentracion-Ribadeo-20210807-P-106x150.jpg 106w\" sizes=\"auto, (max-width: 283px) 100vw, 283px\" \/>    <\/div>\n\n    <div class=\"eap__content\">\n        <!-- header -->\n        <header class=\"eap__header\">\n            <h2 class=\"eap__title\"><a href=\"https:\/\/www.modepen.org\/index.php\/events\/concentracion-de-modepen-ribadeo-o-7-de-agosto\/\" rel=\"bookmark\">Concentraci\u00f3n de Modepen Ribadeo o 7 de Agosto.<\/a><\/h2>\n                        \n<!-- event meta -->\n<p class=\"eap__meta\">\n            <span class=\"eap__date no-wrap\">\n            <span class=\"dashicons dashicons-calendar-alt\"><\/span> Agosto 7, 2021        <\/span>\n         |         <span class=\"eap__time no-wrap\">\n            <span class=\"dashicons dashicons-clock\"><\/span> 12:00 pm        <\/span>\n        \n    <br>\n\n    Cant\u00f3n dos Moreno, Ribadeo, Galiza<\/p>\n\n        <\/header>\n\n        <!-- main -->\n        <main class=\"eap__excerpt\">\n                            <p class=\"eap__more\">\n                    <a href=\"https:\/\/www.modepen.org\/index.php\/events\/concentracion-de-modepen-ribadeo-o-7-de-agosto\/\">Read more<\/a>\n                <\/p>\n                        <\/main>\n    <\/div>\n<\/div>\n\n<div id=\"post-1777\" class=\"eap__event\">\n    <div class=\"eap__img\">\n        <img loading=\"lazy\" decoding=\"async\" width=\"600\" height=\"397\" src=\"https:\/\/www.modepen.org\/wp-content\/uploads\/2021\/07\/Charla-Coloquio-Lourenza-20210723-G.jpg\" class=\"attachment-post-thumbnail size-post-thumbnail wp-post-image\" alt=\"\" srcset=\"https:\/\/www.modepen.org\/wp-content\/uploads\/2021\/07\/Charla-Coloquio-Lourenza-20210723-G.jpg 600w, https:\/\/www.modepen.org\/wp-content\/uploads\/2021\/07\/Charla-Coloquio-Lourenza-20210723-G-300x199.jpg 300w, https:\/\/www.modepen.org\/wp-content\/uploads\/2021\/07\/Charla-Coloquio-Lourenza-20210723-G-150x99.jpg 150w, https:\/\/www.modepen.org\/wp-content\/uploads\/2021\/07\/Charla-Coloquio-Lourenza-20210723-G-120x80.jpg 120w\" sizes=\"auto, (max-width: 600px) 100vw, 600px\" \/>    <\/div>\n\n    <div class=\"eap__content\">\n        <!-- header -->\n        <header class=\"eap__header\">\n            <h2 class=\"eap__title\"><a href=\"https:\/\/www.modepen.org\/index.php\/events\/lourenza-charla-coloquio-sobre-a-necesidade-de-servizos-da-dependencia-publicos\/\" rel=\"bookmark\">Lourenz\u00e1: Charla-Coloquio sobre a necesidade de Servizos da Dependencia P\u00fablicos.<\/a><\/h2>\n                        \n<!-- event meta -->\n<p class=\"eap__meta\">\n            <span class=\"eap__date no-wrap\">\n            <span class=\"dashicons dashicons-calendar-alt\"><\/span> Xullo 23, 2021        <\/span>\n         |         <span class=\"eap__time no-wrap\">\n            <span class=\"dashicons dashicons-clock\"><\/span> 7:30 pm        <\/span>\n        \n    <br>\n\n    Sal\u00f3n de Actos do Concello, Lourenz\u00e1, Galiza<\/p>\n\n        <\/header>\n\n        <!-- main -->\n        <main class=\"eap__excerpt\">\n                            <p class=\"eap__more\">\n                    <a href=\"https:\/\/www.modepen.org\/index.php\/events\/lourenza-charla-coloquio-sobre-a-necesidade-de-servizos-da-dependencia-publicos\/\">Read more<\/a>\n                <\/p>\n                        <\/main>\n    <\/div>\n<\/div>\n\n<div id=\"post-1762\" class=\"eap__event\">\n    <div class=\"eap__img\">\n        <img loading=\"lazy\" decoding=\"async\" width=\"840\" height=\"560\" src=\"https:\/\/www.modepen.org\/wp-content\/uploads\/2021\/07\/C.-Vigo-12-7-21-suspendido--840x560.jpg\" class=\"attachment-post-thumbnail size-post-thumbnail wp-post-image\" alt=\"\" srcset=\"https:\/\/www.modepen.org\/wp-content\/uploads\/2021\/07\/C.-Vigo-12-7-21-suspendido--840x560.jpg 840w, https:\/\/www.modepen.org\/wp-content\/uploads\/2021\/07\/C.-Vigo-12-7-21-suspendido--120x80.jpg 120w, https:\/\/www.modepen.org\/wp-content\/uploads\/2021\/07\/C.-Vigo-12-7-21-suspendido--360x240.jpg 360w, https:\/\/www.modepen.org\/wp-content\/uploads\/2021\/07\/C.-Vigo-12-7-21-suspendido--600x400.jpg 600w\" sizes=\"auto, (max-width: 840px) 100vw, 840px\" \/>    <\/div>\n\n    <div class=\"eap__content\">\n        <!-- header -->\n        <header class=\"eap__header\">\n            <h2 class=\"eap__title\"><a href=\"https:\/\/www.modepen.org\/index.php\/events\/vigo-concentracion-o-dia-12-de-xullo-a-loita-segue\/\" rel=\"bookmark\">Vigo: Concentraci\u00f3n o d\u00eda 12 de Xullo &#8211; A LOITA SEGUE.<\/a><\/h2>\n                        \n<!-- event meta -->\n<p class=\"eap__meta\">\n            <span class=\"eap__date no-wrap\">\n            <span class=\"dashicons dashicons-calendar-alt\"><\/span> Xullo 12, 2021        <\/span>\n         |         <span class=\"eap__time no-wrap\">\n            <span class=\"dashicons dashicons-clock\"><\/span> 8:00 pm        <\/span>\n        \n    <br>\n\n    Diante do MARCO na R\u00faa Pr\u00edncipe, Vigo, Galiza<\/p>\n\n        <\/header>\n\n        <!-- main -->\n        <main class=\"eap__excerpt\">\n                            <p class=\"eap__more\">\n                    <a href=\"https:\/\/www.modepen.org\/index.php\/events\/vigo-concentracion-o-dia-12-de-xullo-a-loita-segue\/\">Read more<\/a>\n                <\/p>\n                        <\/main>\n    <\/div>\n<\/div>\n\n<div id=\"post-1755\" class=\"eap__event\">\n    <div class=\"eap__img\">\n        <img loading=\"lazy\" decoding=\"async\" width=\"534\" height=\"400\" src=\"https:\/\/www.modepen.org\/wp-content\/uploads\/2021\/06\/Video-Conferencia-Debate-20210708-P.jpg\" class=\"attachment-post-thumbnail size-post-thumbnail wp-post-image\" alt=\"\" srcset=\"https:\/\/www.modepen.org\/wp-content\/uploads\/2021\/06\/Video-Conferencia-Debate-20210708-P.jpg 534w, https:\/\/www.modepen.org\/wp-content\/uploads\/2021\/06\/Video-Conferencia-Debate-20210708-P-300x225.jpg 300w, https:\/\/www.modepen.org\/wp-content\/uploads\/2021\/06\/Video-Conferencia-Debate-20210708-P-150x112.jpg 150w\" sizes=\"auto, (max-width: 534px) 100vw, 534px\" \/>    <\/div>\n\n    <div class=\"eap__content\">\n        <!-- header -->\n        <header class=\"eap__header\">\n            <h2 class=\"eap__title\"><a href=\"https:\/\/www.modepen.org\/index.php\/events\/video-conferencia-debate-os-pensionistas-e-os-fondos-europeos-nextgeneration-eu\/\" rel=\"bookmark\">Video-Conferencia Debate: Os Pensionistas e os Fondos Europeos (NextGeneration EU)<\/a><\/h2>\n                        \n<!-- event meta -->\n<p class=\"eap__meta\">\n            <span class=\"eap__date no-wrap\">\n            <span class=\"dashicons dashicons-calendar-alt\"><\/span> Xullo 8, 2021        <\/span>\n         |         <span class=\"eap__time no-wrap\">\n            <span class=\"dashicons dashicons-clock\"><\/span> 6:00 pm        <\/span>\n        \n    <br>\n\n    Video-Conferencia, Zoom, Galiza<\/p>\n\n        <\/header>\n\n        <!-- main -->\n        <main class=\"eap__excerpt\">\n                            <p class=\"eap__more\">\n                    <a href=\"https:\/\/www.modepen.org\/index.php\/events\/video-conferencia-debate-os-pensionistas-e-os-fondos-europeos-nextgeneration-eu\/\">Read more<\/a>\n                <\/p>\n                        <\/main>\n    <\/div>\n<\/div>\n\n<div id=\"post-1744\" class=\"eap__event\">\n    <div class=\"eap__img\">\n        <img loading=\"lazy\" decoding=\"async\" width=\"300\" height=\"400\" src=\"https:\/\/www.modepen.org\/wp-content\/uploads\/2021\/06\/Concentracion-Vigo-20210705-P.jpg\" class=\"attachment-post-thumbnail size-post-thumbnail wp-post-image\" alt=\"\" srcset=\"https:\/\/www.modepen.org\/wp-content\/uploads\/2021\/06\/Concentracion-Vigo-20210705-P.jpg 300w, https:\/\/www.modepen.org\/wp-content\/uploads\/2021\/06\/Concentracion-Vigo-20210705-P-225x300.jpg 225w, https:\/\/www.modepen.org\/wp-content\/uploads\/2021\/06\/Concentracion-Vigo-20210705-P-113x150.jpg 113w\" sizes=\"auto, (max-width: 300px) 100vw, 300px\" \/>    <\/div>\n\n    <div class=\"eap__content\">\n        <!-- header -->\n        <header class=\"eap__header\">\n            <h2 class=\"eap__title\"><a href=\"https:\/\/www.modepen.org\/index.php\/events\/vigo-concentracion-o-dia-5-de-xullo-a-loita-segue\/\" rel=\"bookmark\">Vigo: Concentraci\u00f3n o d\u00eda 5 de Xullo &#8211; A LOITA SEGUE.<\/a><\/h2>\n                        \n<!-- event meta -->\n<p class=\"eap__meta\">\n            <span class=\"eap__date no-wrap\">\n            <span class=\"dashicons dashicons-calendar-alt\"><\/span> Xullo 5, 2021        <\/span>\n         |         <span class=\"eap__time no-wrap\">\n            <span class=\"dashicons dashicons-clock\"><\/span> 8:00 pm        <\/span>\n        \n    <br>\n\n    Diante do MARCO, na R\u00faa Pr\u00edncipe, Vigo, Galiza<\/p>\n\n        <\/header>\n\n        <!-- main -->\n        <main class=\"eap__excerpt\">\n                            <p class=\"eap__more\">\n                    <a href=\"https:\/\/www.modepen.org\/index.php\/events\/vigo-concentracion-o-dia-5-de-xullo-a-loita-segue\/\">Read more<\/a>\n                <\/p>\n                        <\/main>\n    <\/div>\n<\/div>\n\n<div id=\"post-1721\" class=\"eap__event\">\n    <div class=\"eap__img\">\n        <img loading=\"lazy\" decoding=\"async\" width=\"289\" height=\"400\" src=\"https:\/\/www.modepen.org\/wp-content\/uploads\/2021\/06\/Concentracion-Ribadeo-20210703-P.jpg\" class=\"attachment-post-thumbnail size-post-thumbnail wp-post-image\" alt=\"\" srcset=\"https:\/\/www.modepen.org\/wp-content\/uploads\/2021\/06\/Concentracion-Ribadeo-20210703-P.jpg 289w, https:\/\/www.modepen.org\/wp-content\/uploads\/2021\/06\/Concentracion-Ribadeo-20210703-P-217x300.jpg 217w, https:\/\/www.modepen.org\/wp-content\/uploads\/2021\/06\/Concentracion-Ribadeo-20210703-P-108x150.jpg 108w\" sizes=\"auto, (max-width: 289px) 100vw, 289px\" \/>    <\/div>\n\n    <div class=\"eap__content\">\n        <!-- header -->\n        <header class=\"eap__header\">\n            <h2 class=\"eap__title\"><a href=\"https:\/\/www.modepen.org\/index.php\/events\/ribadeo-concentracion-pensionistas-en-loita-nas-ruas\/\" rel=\"bookmark\">Ribadeo: Concentraci\u00f3n Pensionistas en loita nas ruas<\/a><\/h2>\n                        \n<!-- event meta -->\n<p class=\"eap__meta\">\n            <span class=\"eap__date no-wrap\">\n            <span class=\"dashicons dashicons-calendar-alt\"><\/span> Xullo 3, 2021        <\/span>\n         |         <span class=\"eap__time no-wrap\">\n            <span class=\"dashicons dashicons-clock\"><\/span> 12:00 pm        <\/span>\n        \n    <br>\n\n    Cant\u00f3n dos Moreno, Ribadeo, Galiza<\/p>\n\n        <\/header>\n\n        <!-- main -->\n        <main class=\"eap__excerpt\">\n                            <p class=\"eap__more\">\n                    <a href=\"https:\/\/www.modepen.org\/index.php\/events\/ribadeo-concentracion-pensionistas-en-loita-nas-ruas\/\">Read more<\/a>\n                <\/p>\n                        <\/main>\n    <\/div>\n<\/div>\n\n<div id=\"post-1638\" class=\"eap__event\">\n    <div class=\"eap__img\">\n        <img loading=\"lazy\" decoding=\"async\" width=\"282\" height=\"400\" src=\"https:\/\/www.modepen.org\/wp-content\/uploads\/2021\/06\/Cartel-mobilizacion-27-P.jpg\" class=\"attachment-post-thumbnail size-post-thumbnail wp-post-image\" alt=\"\" srcset=\"https:\/\/www.modepen.org\/wp-content\/uploads\/2021\/06\/Cartel-mobilizacion-27-P.jpg 282w, https:\/\/www.modepen.org\/wp-content\/uploads\/2021\/06\/Cartel-mobilizacion-27-P-212x300.jpg 212w, https:\/\/www.modepen.org\/wp-content\/uploads\/2021\/06\/Cartel-mobilizacion-27-P-106x150.jpg 106w\" sizes=\"auto, (max-width: 282px) 100vw, 282px\" \/>    <\/div>\n\n    <div class=\"eap__content\">\n        <!-- header -->\n        <header class=\"eap__header\">\n            <h2 class=\"eap__title\"><a href=\"https:\/\/www.modepen.org\/index.php\/events\/manifestacion-por-uns-servizos-de-dependencia-publicos-universais-e-de-calidade\/\" rel=\"bookmark\">Manifestaci\u00f3n por uns Servizos de Dependencia P\u00fablicos, Universais e de Calidade<\/a><\/h2>\n                        \n<!-- event meta -->\n<p class=\"eap__meta\">\n            <span class=\"eap__date no-wrap\">\n            <span class=\"dashicons dashicons-calendar-alt\"><\/span> Xu\u00f1o 27, 2021        <\/span>\n         |         <span class=\"eap__time no-wrap\">\n            <span class=\"dashicons dashicons-clock\"><\/span> 12:00 pm        <\/span>\n        \n    <br>\n\n    Na Alameda, Santiago de Compostela, Galiza<\/p>\n\n        <\/header>\n\n        <!-- main -->\n        <main class=\"eap__excerpt\">\n                            <p class=\"eap__more\">\n                    <a href=\"https:\/\/www.modepen.org\/index.php\/events\/manifestacion-por-uns-servizos-de-dependencia-publicos-universais-e-de-calidade\/\">Read more<\/a>\n                <\/p>\n                        <\/main>\n    <\/div>\n<\/div>\n\n<div id=\"post-1739\" class=\"eap__event\">\n    <div class=\"eap__img\">\n        <img loading=\"lazy\" decoding=\"async\" width=\"280\" height=\"400\" src=\"https:\/\/www.modepen.org\/wp-content\/uploads\/2021\/06\/Marcha-Santiago-20210624-P.jpg\" class=\"attachment-post-thumbnail size-post-thumbnail wp-post-image\" alt=\"\" srcset=\"https:\/\/www.modepen.org\/wp-content\/uploads\/2021\/06\/Marcha-Santiago-20210624-P.jpg 280w, https:\/\/www.modepen.org\/wp-content\/uploads\/2021\/06\/Marcha-Santiago-20210624-P-210x300.jpg 210w, https:\/\/www.modepen.org\/wp-content\/uploads\/2021\/06\/Marcha-Santiago-20210624-P-105x150.jpg 105w\" sizes=\"auto, (max-width: 280px) 100vw, 280px\" \/>    <\/div>\n\n    <div class=\"eap__content\">\n        <!-- header -->\n        <header class=\"eap__header\">\n            <h2 class=\"eap__title\"><a href=\"https:\/\/www.modepen.org\/index.php\/events\/marcha-por-uns-servizos-sociais-100-publicos\/\" rel=\"bookmark\">Marcha por uns Servizos Sociais 100% P\u00fablicos<\/a><\/h2>\n                        \n<!-- event meta -->\n<p class=\"eap__meta\">\n            <span class=\"eap__date no-wrap\">\n            <span class=\"dashicons dashicons-calendar-alt\"><\/span> Xu\u00f1o 24, 2021        <\/span>\n         |         <span class=\"eap__time no-wrap\">\n            <span class=\"dashicons dashicons-clock\"><\/span> 12:00 pm        <\/span>\n        \n    <br>\n\n    Na Alameda, Santiago, Galiza<\/p>\n\n        <\/header>\n\n        <!-- main -->\n        <main class=\"eap__excerpt\">\n                            <p class=\"eap__more\">\n                    <a href=\"https:\/\/www.modepen.org\/index.php\/events\/marcha-por-uns-servizos-sociais-100-publicos\/\">Read more<\/a>\n                <\/p>\n                        <\/main>\n    <\/div>\n<\/div>\n\n<div id=\"post-1715\" class=\"eap__event\">\n    <div class=\"eap__img\">\n        <img loading=\"lazy\" decoding=\"async\" width=\"533\" height=\"400\" src=\"https:\/\/www.modepen.org\/wp-content\/uploads\/2021\/06\/Charla-Coloquio-Ferrol-20210622-P.jpg\" class=\"attachment-post-thumbnail size-post-thumbnail wp-post-image\" alt=\"\" srcset=\"https:\/\/www.modepen.org\/wp-content\/uploads\/2021\/06\/Charla-Coloquio-Ferrol-20210622-P.jpg 533w, https:\/\/www.modepen.org\/wp-content\/uploads\/2021\/06\/Charla-Coloquio-Ferrol-20210622-P-300x225.jpg 300w, https:\/\/www.modepen.org\/wp-content\/uploads\/2021\/06\/Charla-Coloquio-Ferrol-20210622-P-150x113.jpg 150w\" sizes=\"auto, (max-width: 533px) 100vw, 533px\" \/>    <\/div>\n\n    <div class=\"eap__content\">\n        <!-- header -->\n        <header class=\"eap__header\">\n            <h2 class=\"eap__title\"><a href=\"https:\/\/www.modepen.org\/index.php\/events\/ferrol-charla-coloquio-sobre-a-necesidade-de-servizos-da-dependencia-publicos\/\" rel=\"bookmark\">Ferrol: Charla-Coloquio sobre a necesidade de Servizos da Dependencia P\u00fablicos.<\/a><\/h2>\n                        \n<!-- event meta -->\n<p class=\"eap__meta\">\n            <span class=\"eap__date no-wrap\">\n            <span class=\"dashicons dashicons-calendar-alt\"><\/span> Xu\u00f1o 22, 2021        <\/span>\n         |         <span class=\"eap__time no-wrap\">\n            <span class=\"dashicons dashicons-clock\"><\/span> 7:00 pm        <\/span>\n        \n    <br>\n\n    No CIFP de Ferrolterra (Centro de Formaci\u00f3n Profesional) Rua, Ferrol, Galiza<\/p>\n\n        <\/header>\n\n        <!-- main -->\n        <main class=\"eap__excerpt\">\n                            <p class=\"eap__more\">\n                    <a href=\"https:\/\/www.modepen.org\/index.php\/events\/ferrol-charla-coloquio-sobre-a-necesidade-de-servizos-da-dependencia-publicos\/\">Read more<\/a>\n                <\/p>\n                        <\/main>\n    <\/div>\n<\/div>\n\n<div id=\"post-1706\" class=\"eap__event\">\n    <div class=\"eap__img\">\n        <img loading=\"lazy\" decoding=\"async\" width=\"282\" height=\"400\" src=\"https:\/\/www.modepen.org\/wp-content\/uploads\/2021\/06\/Concentracion-Carino-20210619-P.jpg\" class=\"attachment-post-thumbnail size-post-thumbnail wp-post-image\" alt=\"\" srcset=\"https:\/\/www.modepen.org\/wp-content\/uploads\/2021\/06\/Concentracion-Carino-20210619-P.jpg 282w, https:\/\/www.modepen.org\/wp-content\/uploads\/2021\/06\/Concentracion-Carino-20210619-P-212x300.jpg 212w, https:\/\/www.modepen.org\/wp-content\/uploads\/2021\/06\/Concentracion-Carino-20210619-P-106x150.jpg 106w\" sizes=\"auto, (max-width: 282px) 100vw, 282px\" \/>    <\/div>\n\n    <div class=\"eap__content\">\n        <!-- header -->\n        <header class=\"eap__header\">\n            <h2 class=\"eap__title\"><a href=\"https:\/\/www.modepen.org\/index.php\/events\/concentracion-de-modepen-carino-o-19-de-xuno\/\" rel=\"bookmark\">Concentraci\u00f3n de Modepen Cari\u00f1o o 19 de Xu\u00f1o.<\/a><\/h2>\n                        \n<!-- event meta -->\n<p class=\"eap__meta\">\n            <span class=\"eap__date no-wrap\">\n            <span class=\"dashicons dashicons-calendar-alt\"><\/span> Xu\u00f1o 19, 2021        <\/span>\n         |         <span class=\"eap__time no-wrap\">\n            <span class=\"dashicons dashicons-clock\"><\/span> 12:00 pm        <\/span>\n        \n    <br>\n\n    Diante do Concello, Cari\u00f1o, Galiza<\/p>\n\n        <\/header>\n\n        <!-- main -->\n        <main class=\"eap__excerpt\">\n                            <p class=\"eap__more\">\n                    <a href=\"https:\/\/www.modepen.org\/index.php\/events\/concentracion-de-modepen-carino-o-19-de-xuno\/\">Read more<\/a>\n                <\/p>\n                        <\/main>\n    <\/div>\n<\/div>\n\n<div id=\"post-1698\" class=\"eap__event\">\n    <div class=\"eap__img\">\n        <img loading=\"lazy\" decoding=\"async\" width=\"282\" height=\"400\" src=\"https:\/\/www.modepen.org\/wp-content\/uploads\/2021\/06\/Cconcentracion-Ferrol-20210615-P.jpg\" class=\"attachment-post-thumbnail size-post-thumbnail wp-post-image\" alt=\"\" srcset=\"https:\/\/www.modepen.org\/wp-content\/uploads\/2021\/06\/Cconcentracion-Ferrol-20210615-P.jpg 282w, https:\/\/www.modepen.org\/wp-content\/uploads\/2021\/06\/Cconcentracion-Ferrol-20210615-P-212x300.jpg 212w, https:\/\/www.modepen.org\/wp-content\/uploads\/2021\/06\/Cconcentracion-Ferrol-20210615-P-106x150.jpg 106w\" sizes=\"auto, (max-width: 282px) 100vw, 282px\" \/>    <\/div>\n\n    <div class=\"eap__content\">\n        <!-- header -->\n        <header class=\"eap__header\">\n            <h2 class=\"eap__title\"><a href=\"https:\/\/www.modepen.org\/index.php\/events\/concentracion-de-modepen-ferrolterra-contra-as-comisions-bancarias-abusivas\/\" rel=\"bookmark\">Concentraci\u00f3n de MODEPEN Ferrolterra contra as comisi\u00f3ns bancarias abusivas.<\/a><\/h2>\n                        \n<!-- event meta -->\n<p class=\"eap__meta\">\n            <span class=\"eap__date no-wrap\">\n            <span class=\"dashicons dashicons-calendar-alt\"><\/span> Xu\u00f1o 15, 2021        <\/span>\n         |         <span class=\"eap__time no-wrap\">\n            <span class=\"dashicons dashicons-clock\"><\/span> 12:00 pm        <\/span>\n        \n    <br>\n\n    Praza de Armas, Ferrol, Galiza<\/p>\n\n        <\/header>\n\n        <!-- main -->\n        <main class=\"eap__excerpt\">\n                            <p class=\"eap__more\">\n                    <a href=\"https:\/\/www.modepen.org\/index.php\/events\/concentracion-de-modepen-ferrolterra-contra-as-comisions-bancarias-abusivas\/\">Read more<\/a>\n                <\/p>\n                        <\/main>\n    <\/div>\n<\/div>\n\n<div id=\"post-1689\" class=\"eap__event\">\n    <div class=\"eap__img\">\n        <img loading=\"lazy\" decoding=\"async\" width=\"400\" height=\"320\" src=\"https:\/\/www.modepen.org\/wp-content\/uploads\/2021\/06\/Charla-Ribadeo-20210611-P.jpg\" class=\"attachment-post-thumbnail size-post-thumbnail wp-post-image\" alt=\"\" srcset=\"https:\/\/www.modepen.org\/wp-content\/uploads\/2021\/06\/Charla-Ribadeo-20210611-P.jpg 400w, https:\/\/www.modepen.org\/wp-content\/uploads\/2021\/06\/Charla-Ribadeo-20210611-P-300x240.jpg 300w, https:\/\/www.modepen.org\/wp-content\/uploads\/2021\/06\/Charla-Ribadeo-20210611-P-150x120.jpg 150w\" sizes=\"auto, (max-width: 400px) 100vw, 400px\" \/>    <\/div>\n\n    <div class=\"eap__content\">\n        <!-- header -->\n        <header class=\"eap__header\">\n            <h2 class=\"eap__title\"><a href=\"https:\/\/www.modepen.org\/index.php\/events\/ribadeo-charla-coloquio-sobre-a-necesidade-de-servizos-da-dependencia-publicos\/\" rel=\"bookmark\">Ribadeo: Charla-Coloquio sobre a necesidade de Servizos da Dependencia P\u00fablicos.<\/a><\/h2>\n                        \n<!-- event meta -->\n<p class=\"eap__meta\">\n            <span class=\"eap__date no-wrap\">\n            <span class=\"dashicons dashicons-calendar-alt\"><\/span> Xu\u00f1o 11, 2021        <\/span>\n         |         <span class=\"eap__time no-wrap\">\n            <span class=\"dashicons dashicons-clock\"><\/span> 8:00 pm        <\/span>\n        \n    <br>\n\n    Teatro de Ribadeo (Rua San Roque, 2), Ribadeo, Galiza<\/p>\n\n        <\/header>\n\n        <!-- main -->\n        <main class=\"eap__excerpt\">\n                            <p class=\"eap__more\">\n                    <a href=\"https:\/\/www.modepen.org\/index.php\/events\/ribadeo-charla-coloquio-sobre-a-necesidade-de-servizos-da-dependencia-publicos\/\">Read more<\/a>\n                <\/p>\n                        <\/main>\n    <\/div>\n<\/div>\n\n<div id=\"post-1694\" class=\"eap__event\">\n    <div class=\"eap__img\">\n        <img loading=\"lazy\" decoding=\"async\" width=\"282\" height=\"400\" src=\"https:\/\/www.modepen.org\/wp-content\/uploads\/2021\/06\/Concentracion-Coruna-20210610-P.jpg\" class=\"attachment-post-thumbnail size-post-thumbnail wp-post-image\" alt=\"\" srcset=\"https:\/\/www.modepen.org\/wp-content\/uploads\/2021\/06\/Concentracion-Coruna-20210610-P.jpg 282w, https:\/\/www.modepen.org\/wp-content\/uploads\/2021\/06\/Concentracion-Coruna-20210610-P-212x300.jpg 212w, https:\/\/www.modepen.org\/wp-content\/uploads\/2021\/06\/Concentracion-Coruna-20210610-P-106x150.jpg 106w\" sizes=\"auto, (max-width: 282px) 100vw, 282px\" \/>    <\/div>\n\n    <div class=\"eap__content\">\n        <!-- header -->\n        <header class=\"eap__header\">\n            <h2 class=\"eap__title\"><a href=\"https:\/\/www.modepen.org\/index.php\/events\/concentracion-de-modepen-coruna-contra-as-comisions-bancarias-abusivas-2\/\" rel=\"bookmark\">Concentraci\u00f3n de MODEPEN Coru\u00f1a contra as comisi\u00f3ns bancarias abusivas.<\/a><\/h2>\n                        \n<!-- event meta -->\n<p class=\"eap__meta\">\n            <span class=\"eap__date no-wrap\">\n            <span class=\"dashicons dashicons-calendar-alt\"><\/span> Xu\u00f1o 10, 2021        <\/span>\n         |         <span class=\"eap__time no-wrap\">\n            <span class=\"dashicons dashicons-clock\"><\/span> 12:00 pm        <\/span>\n        \n    <br>\n\n    Av. Gran Canaria, 19 Diante da Caixa, A Coru\u00f1a, Galiza<\/p>\n\n        <\/header>\n\n        <!-- main -->\n        <main class=\"eap__excerpt\">\n                            <p class=\"eap__more\">\n                    <a href=\"https:\/\/www.modepen.org\/index.php\/events\/concentracion-de-modepen-coruna-contra-as-comisions-bancarias-abusivas-2\/\">Read more<\/a>\n                <\/p>\n                        <\/main>\n    <\/div>\n<\/div>\n\n<div id=\"post-1642\" class=\"eap__event\">\n    <div class=\"eap__img\">\n        <img loading=\"lazy\" decoding=\"async\" width=\"300\" height=\"400\" src=\"https:\/\/www.modepen.org\/wp-content\/uploads\/2021\/06\/Concentracion-Vigo-20210607-P.jpg\" class=\"attachment-post-thumbnail size-post-thumbnail wp-post-image\" alt=\"\" srcset=\"https:\/\/www.modepen.org\/wp-content\/uploads\/2021\/06\/Concentracion-Vigo-20210607-P.jpg 300w, https:\/\/www.modepen.org\/wp-content\/uploads\/2021\/06\/Concentracion-Vigo-20210607-P-225x300.jpg 225w, https:\/\/www.modepen.org\/wp-content\/uploads\/2021\/06\/Concentracion-Vigo-20210607-P-113x150.jpg 113w\" sizes=\"auto, (max-width: 300px) 100vw, 300px\" \/>    <\/div>\n\n    <div class=\"eap__content\">\n        <!-- header -->\n        <header class=\"eap__header\">\n            <h2 class=\"eap__title\"><a href=\"https:\/\/www.modepen.org\/index.php\/events\/vigo-concentracion-a-batalla-das-pensions-continua\/\" rel=\"bookmark\">Vigo: Concentraci\u00f3n &#8211; A Batalla das Pensi\u00f3ns contin\u00faa.<\/a><\/h2>\n                        \n<!-- event meta -->\n<p class=\"eap__meta\">\n            <span class=\"eap__date no-wrap\">\n            <span class=\"dashicons dashicons-calendar-alt\"><\/span> Xu\u00f1o 7, 2021        <\/span>\n         |         <span class=\"eap__time no-wrap\">\n            <span class=\"dashicons dashicons-clock\"><\/span> 8:00 pm        <\/span>\n        \n    <br>\n\n    Diante do MARCO, Vigo, Galiza<\/p>\n\n        <\/header>\n\n        <!-- main -->\n        <main class=\"eap__excerpt\">\n                            <p class=\"eap__more\">\n                    <a href=\"https:\/\/www.modepen.org\/index.php\/events\/vigo-concentracion-a-batalla-das-pensions-continua\/\">Read more<\/a>\n                <\/p>\n                        <\/main>\n    <\/div>\n<\/div>\n\n<div id=\"post-1670\" class=\"eap__event\">\n    <div class=\"eap__img\">\n        <img loading=\"lazy\" decoding=\"async\" width=\"283\" height=\"400\" src=\"https:\/\/www.modepen.org\/wp-content\/uploads\/2021\/06\/Concentracion-Ribadeo-20210605-P.jpg\" class=\"attachment-post-thumbnail size-post-thumbnail wp-post-image\" alt=\"\" srcset=\"https:\/\/www.modepen.org\/wp-content\/uploads\/2021\/06\/Concentracion-Ribadeo-20210605-P.jpg 283w, https:\/\/www.modepen.org\/wp-content\/uploads\/2021\/06\/Concentracion-Ribadeo-20210605-P-212x300.jpg 212w, https:\/\/www.modepen.org\/wp-content\/uploads\/2021\/06\/Concentracion-Ribadeo-20210605-P-106x150.jpg 106w\" sizes=\"auto, (max-width: 283px) 100vw, 283px\" \/>    <\/div>\n\n    <div class=\"eap__content\">\n        <!-- header -->\n        <header class=\"eap__header\">\n            <h2 class=\"eap__title\"><a href=\"https:\/\/www.modepen.org\/index.php\/events\/ribadeo-concentracion-pensionista-en-defensa-de-todo-o-servizo-publico\/\" rel=\"bookmark\">Ribadeo: Concentraci\u00f3n Pensionista en defensa de todo o Servizo P\u00fablico<\/a><\/h2>\n                        \n<!-- event meta -->\n<p class=\"eap__meta\">\n            <span class=\"eap__date no-wrap\">\n            <span class=\"dashicons dashicons-calendar-alt\"><\/span> Xu\u00f1o 5, 2021        <\/span>\n         |         <span class=\"eap__time no-wrap\">\n            <span class=\"dashicons dashicons-clock\"><\/span> 12:00 pm        <\/span>\n        \n    <br>\n\n    Cant\u00f3n dos Moreno, Ribadeo, Galiza<\/p>\n\n        <\/header>\n\n        <!-- main -->\n        <main class=\"eap__excerpt\">\n                            <p class=\"eap__more\">\n                    <a href=\"https:\/\/www.modepen.org\/index.php\/events\/ribadeo-concentracion-pensionista-en-defensa-de-todo-o-servizo-publico\/\">Read more<\/a>\n                <\/p>\n                        <\/main>\n    <\/div>\n<\/div>\n\n<div id=\"post-1617\" class=\"eap__event\">\n    <div class=\"eap__img\">\n        <img loading=\"lazy\" decoding=\"async\" width=\"533\" height=\"400\" src=\"https:\/\/www.modepen.org\/wp-content\/uploads\/2021\/05\/210604_1_Cartel_CharlaCoruna-P.jpg\" class=\"attachment-post-thumbnail size-post-thumbnail wp-post-image\" alt=\"\" srcset=\"https:\/\/www.modepen.org\/wp-content\/uploads\/2021\/05\/210604_1_Cartel_CharlaCoruna-P.jpg 533w, https:\/\/www.modepen.org\/wp-content\/uploads\/2021\/05\/210604_1_Cartel_CharlaCoruna-P-300x225.jpg 300w, https:\/\/www.modepen.org\/wp-content\/uploads\/2021\/05\/210604_1_Cartel_CharlaCoruna-P-150x113.jpg 150w\" sizes=\"auto, (max-width: 533px) 100vw, 533px\" \/>    <\/div>\n\n    <div class=\"eap__content\">\n        <!-- header -->\n        <header class=\"eap__header\">\n            <h2 class=\"eap__title\"><a href=\"https:\/\/www.modepen.org\/index.php\/events\/a-coruna-charla-informativa-sobre-a-necesidade-de-servizos-publicos-de-calidade\/\" rel=\"bookmark\">A Coru\u00f1a: Charla-Informativa sobre a necesidade de SERVIZOS P\u00daBLICOS DE CALIDADE<\/a><\/h2>\n                        \n<!-- event meta -->\n<p class=\"eap__meta\">\n            <span class=\"eap__date no-wrap\">\n            <span class=\"dashicons dashicons-calendar-alt\"><\/span> Xu\u00f1o 4, 2021        <\/span>\n         |         <span class=\"eap__time no-wrap\">\n            <span class=\"dashicons dashicons-clock\"><\/span> 6:30 pm        <\/span>\n        \n    <br>\n\n    Circulo de Artes\u00e1ns (Rua San Andres, 36), A Coru\u00f1a, Galiza<\/p>\n\n        <\/header>\n\n        <!-- main -->\n        <main class=\"eap__excerpt\">\n                            <p class=\"eap__more\">\n                    <a href=\"https:\/\/www.modepen.org\/index.php\/events\/a-coruna-charla-informativa-sobre-a-necesidade-de-servizos-publicos-de-calidade\/\">Read more<\/a>\n                <\/p>\n                        <\/main>\n    <\/div>\n<\/div>\n\n<div id=\"post-1634\" class=\"eap__event\">\n    <div class=\"eap__img\">\n        <img loading=\"lazy\" decoding=\"async\" width=\"276\" height=\"400\" src=\"https:\/\/www.modepen.org\/wp-content\/uploads\/2021\/06\/210603_Cartaz_CharlaMoana-P.jpg\" class=\"attachment-post-thumbnail size-post-thumbnail wp-post-image\" alt=\"\" srcset=\"https:\/\/www.modepen.org\/wp-content\/uploads\/2021\/06\/210603_Cartaz_CharlaMoana-P.jpg 276w, https:\/\/www.modepen.org\/wp-content\/uploads\/2021\/06\/210603_Cartaz_CharlaMoana-P-207x300.jpg 207w, https:\/\/www.modepen.org\/wp-content\/uploads\/2021\/06\/210603_Cartaz_CharlaMoana-P-104x150.jpg 104w\" sizes=\"auto, (max-width: 276px) 100vw, 276px\" \/>    <\/div>\n\n    <div class=\"eap__content\">\n        <!-- header -->\n        <header class=\"eap__header\">\n            <h2 class=\"eap__title\"><a href=\"https:\/\/www.modepen.org\/index.php\/events\/moana-charla-informativa-sobre-a-necesidade-de-servizos-publicos-de-calidade\/\" rel=\"bookmark\">Moa\u00f1a: Charla-Informativa sobre a necesidade de SERVIZOS P\u00daBLICOS DE CALIDADE<\/a><\/h2>\n                        \n<!-- event meta -->\n<p class=\"eap__meta\">\n            <span class=\"eap__date no-wrap\">\n            <span class=\"dashicons dashicons-calendar-alt\"><\/span> Xu\u00f1o 3, 2021        <\/span>\n         |         <span class=\"eap__time no-wrap\">\n            <span class=\"dashicons dashicons-clock\"><\/span> 7:30 pm        <\/span>\n        \n    <br>\n\n    Sal\u00f3n de plenos do Concello de Moa\u00f1a, Moa\u00f1a, Galiza<\/p>\n\n        <\/header>\n\n        <!-- main -->\n        <main class=\"eap__excerpt\">\n                            <p class=\"eap__more\">\n                    <a href=\"https:\/\/www.modepen.org\/index.php\/events\/moana-charla-informativa-sobre-a-necesidade-de-servizos-publicos-de-calidade\/\">Read more<\/a>\n                <\/p>\n                        <\/main>\n    <\/div>\n<\/div>\n\n<div id=\"post-1572\" class=\"eap__event\">\n    <div class=\"eap__img\">\n        <img loading=\"lazy\" decoding=\"async\" width=\"318\" height=\"450\" src=\"https:\/\/www.modepen.org\/wp-content\/uploads\/2021\/05\/CARTAZ-A-CORUNA-29-MAIO-P.jpg\" class=\"attachment-post-thumbnail size-post-thumbnail wp-post-image\" alt=\"\" srcset=\"https:\/\/www.modepen.org\/wp-content\/uploads\/2021\/05\/CARTAZ-A-CORUNA-29-MAIO-P.jpg 318w, https:\/\/www.modepen.org\/wp-content\/uploads\/2021\/05\/CARTAZ-A-CORUNA-29-MAIO-P-212x300.jpg 212w, https:\/\/www.modepen.org\/wp-content\/uploads\/2021\/05\/CARTAZ-A-CORUNA-29-MAIO-P-106x150.jpg 106w\" sizes=\"auto, (max-width: 318px) 100vw, 318px\" \/>    <\/div>\n\n    <div class=\"eap__content\">\n        <!-- header -->\n        <header class=\"eap__header\">\n            <h2 class=\"eap__title\"><a href=\"https:\/\/www.modepen.org\/index.php\/events\/mobilizacion-estatal-de-pensionistas-29-de-maio-a-coruna\/\" rel=\"bookmark\">Mobilizaci\u00f3n Estatal de Pensionistas &#8211; 29 de Maio &#8211; A Coru\u00f1a<\/a><\/h2>\n                        \n<!-- event meta -->\n<p class=\"eap__meta\">\n            <span class=\"eap__date no-wrap\">\n            <span class=\"dashicons dashicons-calendar-alt\"><\/span> Maio 29, 2021        <\/span>\n         |         <span class=\"eap__time no-wrap\">\n            <span class=\"dashicons dashicons-clock\"><\/span> 12:00 pm        <\/span>\n        \n    <br>\n\n    Concentraci\u00f3n no Obelisco, A Coru\u00f1a, Galiza<\/p>\n\n        <\/header>\n\n        <!-- main -->\n        <main class=\"eap__excerpt\">\n                            <p class=\"eap__more\">\n                    <a href=\"https:\/\/www.modepen.org\/index.php\/events\/mobilizacion-estatal-de-pensionistas-29-de-maio-a-coruna\/\">Read more<\/a>\n                <\/p>\n                        <\/main>\n    <\/div>\n<\/div>\n\n<div id=\"post-1575\" class=\"eap__event\">\n    <div class=\"eap__img\">\n        <img loading=\"lazy\" decoding=\"async\" width=\"318\" height=\"450\" src=\"https:\/\/www.modepen.org\/wp-content\/uploads\/2021\/05\/CARTAZ-CANGAS-29-MAIO-P.jpg\" class=\"attachment-post-thumbnail size-post-thumbnail wp-post-image\" alt=\"\" srcset=\"https:\/\/www.modepen.org\/wp-content\/uploads\/2021\/05\/CARTAZ-CANGAS-29-MAIO-P.jpg 318w, https:\/\/www.modepen.org\/wp-content\/uploads\/2021\/05\/CARTAZ-CANGAS-29-MAIO-P-212x300.jpg 212w, https:\/\/www.modepen.org\/wp-content\/uploads\/2021\/05\/CARTAZ-CANGAS-29-MAIO-P-106x150.jpg 106w\" sizes=\"auto, (max-width: 318px) 100vw, 318px\" \/>    <\/div>\n\n    <div class=\"eap__content\">\n        <!-- header -->\n        <header class=\"eap__header\">\n            <h2 class=\"eap__title\"><a href=\"https:\/\/www.modepen.org\/index.php\/events\/mobilizacion-estatal-de-pensionistas-29-de-maio-cangas\/\" rel=\"bookmark\">Mobilizaci\u00f3n Estatal de Pensionistas &#8211; 29 de Maio &#8211; Cangas<\/a><\/h2>\n                        \n<!-- event meta -->\n<p class=\"eap__meta\">\n            <span class=\"eap__date no-wrap\">\n            <span class=\"dashicons dashicons-calendar-alt\"><\/span> Maio 29, 2021        <\/span>\n         |         <span class=\"eap__time no-wrap\">\n            <span class=\"dashicons dashicons-clock\"><\/span> 8:00 pm        <\/span>\n        \n    <br>\n\n    Concentraci\u00f3n diante do Concello, Cangas, Galiza<\/p>\n\n        <\/header>\n\n        <!-- main -->\n        <main class=\"eap__excerpt\">\n                            <p class=\"eap__more\">\n                    <a href=\"https:\/\/www.modepen.org\/index.php\/events\/mobilizacion-estatal-de-pensionistas-29-de-maio-cangas\/\">Read more<\/a>\n                <\/p>\n                        <\/main>\n    <\/div>\n<\/div>\n\n<div id=\"post-1578\" class=\"eap__event\">\n    <div class=\"eap__img\">\n        <img loading=\"lazy\" decoding=\"async\" width=\"318\" height=\"450\" src=\"https:\/\/www.modepen.org\/wp-content\/uploads\/2021\/05\/CARTAZ-FERROL-29-MAIO-P.jpg\" class=\"attachment-post-thumbnail size-post-thumbnail wp-post-image\" alt=\"\" srcset=\"https:\/\/www.modepen.org\/wp-content\/uploads\/2021\/05\/CARTAZ-FERROL-29-MAIO-P.jpg 318w, https:\/\/www.modepen.org\/wp-content\/uploads\/2021\/05\/CARTAZ-FERROL-29-MAIO-P-212x300.jpg 212w, https:\/\/www.modepen.org\/wp-content\/uploads\/2021\/05\/CARTAZ-FERROL-29-MAIO-P-106x150.jpg 106w\" sizes=\"auto, (max-width: 318px) 100vw, 318px\" \/>    <\/div>\n\n    <div class=\"eap__content\">\n        <!-- header -->\n        <header class=\"eap__header\">\n            <h2 class=\"eap__title\"><a href=\"https:\/\/www.modepen.org\/index.php\/events\/mobilizacion-estatal-de-pensionistas-29-de-maio-ferrol\/\" rel=\"bookmark\">Mobilizaci\u00f3n Estatal de Pensionistas &#8211; 29 de Maio &#8211; Ferrol<\/a><\/h2>\n                        \n<!-- event meta -->\n<p class=\"eap__meta\">\n            <span class=\"eap__date no-wrap\">\n            <span class=\"dashicons dashicons-calendar-alt\"><\/span> Maio 29, 2021        <\/span>\n         |         <span class=\"eap__time no-wrap\">\n            <span class=\"dashicons dashicons-clock\"><\/span> 12:00 pm        <\/span>\n        \n    <br>\n\n    Concentrraci\u00f3n no Cant\u00f3n, Ferrol, Galiza<\/p>\n\n        <\/header>\n\n        <!-- main -->\n        <main class=\"eap__excerpt\">\n                            <p class=\"eap__more\">\n                    <a href=\"https:\/\/www.modepen.org\/index.php\/events\/mobilizacion-estatal-de-pensionistas-29-de-maio-ferrol\/\">Read more<\/a>\n                <\/p>\n                        <\/main>\n    <\/div>\n<\/div>\n\n<div id=\"post-1581\" class=\"eap__event\">\n    <div class=\"eap__img\">\n        <img loading=\"lazy\" decoding=\"async\" width=\"318\" height=\"450\" src=\"https:\/\/www.modepen.org\/wp-content\/uploads\/2021\/05\/CARTAZ-RIBADEO-29-MAIO-P.jpg\" class=\"attachment-post-thumbnail size-post-thumbnail wp-post-image\" alt=\"\" srcset=\"https:\/\/www.modepen.org\/wp-content\/uploads\/2021\/05\/CARTAZ-RIBADEO-29-MAIO-P.jpg 318w, https:\/\/www.modepen.org\/wp-content\/uploads\/2021\/05\/CARTAZ-RIBADEO-29-MAIO-P-212x300.jpg 212w, https:\/\/www.modepen.org\/wp-content\/uploads\/2021\/05\/CARTAZ-RIBADEO-29-MAIO-P-106x150.jpg 106w\" sizes=\"auto, (max-width: 318px) 100vw, 318px\" \/>    <\/div>\n\n    <div class=\"eap__content\">\n        <!-- header -->\n        <header class=\"eap__header\">\n            <h2 class=\"eap__title\"><a href=\"https:\/\/www.modepen.org\/index.php\/events\/mobilizacion-estatal-de-pensionistas-29-de-maio-ribadeo\/\" rel=\"bookmark\">Mobilizaci\u00f3n Estatal de Pensionistas &#8211; 29 de Maio &#8211; Ribadeo<\/a><\/h2>\n                        \n<!-- event meta -->\n<p class=\"eap__meta\">\n            <span class=\"eap__date no-wrap\">\n            <span class=\"dashicons dashicons-calendar-alt\"><\/span> Maio 29, 2021        <\/span>\n         |         <span class=\"eap__time no-wrap\">\n            <span class=\"dashicons dashicons-clock\"><\/span> 12:00 pm        <\/span>\n        \n    <br>\n\n    Concentraci\u00f3n no Cant\u00f3n dos Moreno, Ribadeo, Galiza<\/p>\n\n        <\/header>\n\n        <!-- main -->\n        <main class=\"eap__excerpt\">\n                            <p class=\"eap__more\">\n                    <a href=\"https:\/\/www.modepen.org\/index.php\/events\/mobilizacion-estatal-de-pensionistas-29-de-maio-ribadeo\/\">Read more<\/a>\n                <\/p>\n                        <\/main>\n    <\/div>\n<\/div>\n\n<div id=\"post-1584\" class=\"eap__event\">\n    <div class=\"eap__img\">\n        <img loading=\"lazy\" decoding=\"async\" width=\"318\" height=\"450\" src=\"https:\/\/www.modepen.org\/wp-content\/uploads\/2021\/05\/CARTAZ-VAL-MINOR-29-MAIO-P.jpg\" class=\"attachment-post-thumbnail size-post-thumbnail wp-post-image\" alt=\"\" srcset=\"https:\/\/www.modepen.org\/wp-content\/uploads\/2021\/05\/CARTAZ-VAL-MINOR-29-MAIO-P.jpg 318w, https:\/\/www.modepen.org\/wp-content\/uploads\/2021\/05\/CARTAZ-VAL-MINOR-29-MAIO-P-212x300.jpg 212w, https:\/\/www.modepen.org\/wp-content\/uploads\/2021\/05\/CARTAZ-VAL-MINOR-29-MAIO-P-106x150.jpg 106w\" sizes=\"auto, (max-width: 318px) 100vw, 318px\" \/>    <\/div>\n\n    <div class=\"eap__content\">\n        <!-- header -->\n        <header class=\"eap__header\">\n            <h2 class=\"eap__title\"><a href=\"https:\/\/www.modepen.org\/index.php\/events\/mobilizacion-estatal-de-pensionistas-29-de-maio-val-minor\/\" rel=\"bookmark\">Mobilizaci\u00f3n Estatal de Pensionistas &#8211; 29 de Maio &#8211; Val Mi\u00f1or<\/a><\/h2>\n                        \n<!-- event meta -->\n<p class=\"eap__meta\">\n            <span class=\"eap__date no-wrap\">\n            <span class=\"dashicons dashicons-calendar-alt\"><\/span> Maio 29, 2021        <\/span>\n         |         <span class=\"eap__time no-wrap\">\n            <span class=\"dashicons dashicons-clock\"><\/span> 12:00 pm        <\/span>\n        \n    <br>\n\n    Concentraci\u00f3n na Ramallosa, Nigran, Galiza<\/p>\n\n        <\/header>\n\n        <!-- main -->\n        <main class=\"eap__excerpt\">\n                            <p class=\"eap__more\">\n                    <a href=\"https:\/\/www.modepen.org\/index.php\/events\/mobilizacion-estatal-de-pensionistas-29-de-maio-val-minor\/\">Read more<\/a>\n                <\/p>\n                        <\/main>\n    <\/div>\n<\/div>\n\n<div id=\"post-1587\" class=\"eap__event\">\n    <div class=\"eap__img\">\n        <img loading=\"lazy\" decoding=\"async\" width=\"318\" height=\"450\" src=\"https:\/\/www.modepen.org\/wp-content\/uploads\/2021\/05\/CARTAZ-VIGO-29-MAIO-P.jpg\" class=\"attachment-post-thumbnail size-post-thumbnail wp-post-image\" alt=\"\" srcset=\"https:\/\/www.modepen.org\/wp-content\/uploads\/2021\/05\/CARTAZ-VIGO-29-MAIO-P.jpg 318w, https:\/\/www.modepen.org\/wp-content\/uploads\/2021\/05\/CARTAZ-VIGO-29-MAIO-P-212x300.jpg 212w, https:\/\/www.modepen.org\/wp-content\/uploads\/2021\/05\/CARTAZ-VIGO-29-MAIO-P-106x150.jpg 106w\" sizes=\"auto, (max-width: 318px) 100vw, 318px\" \/>    <\/div>\n\n    <div class=\"eap__content\">\n        <!-- header -->\n        <header class=\"eap__header\">\n            <h2 class=\"eap__title\"><a href=\"https:\/\/www.modepen.org\/index.php\/events\/mobilizacion-estatal-de-pensionistas-29-de-maio-vigo\/\" rel=\"bookmark\">Mobilizaci\u00f3n Estatal de Pensionistas &#8211; 29 de Maio &#8211; Vigo<\/a><\/h2>\n                        \n<!-- event meta -->\n<p class=\"eap__meta\">\n            <span class=\"eap__date no-wrap\">\n            <span class=\"dashicons dashicons-calendar-alt\"><\/span> Maio 29, 2021        <\/span>\n         |         <span class=\"eap__time no-wrap\">\n            <span class=\"dashicons dashicons-clock\"><\/span> 12:00 pm        <\/span>\n        \n    <br>\n\n    Manifestaci\u00f3n por Pr\u00edncipe dende a Farola at\u00e9 o Sireno, Vigo, Galiza<\/p>\n\n        <\/header>\n\n        <!-- main -->\n        <main class=\"eap__excerpt\">\n                            <p class=\"eap__more\">\n                    <a href=\"https:\/\/www.modepen.org\/index.php\/events\/mobilizacion-estatal-de-pensionistas-29-de-maio-vigo\/\">Read more<\/a>\n                <\/p>\n                        <\/main>\n    <\/div>\n<\/div>\n\n<div id=\"post-1612\" class=\"eap__event\">\n    <div class=\"eap__img\">\n        <img loading=\"lazy\" decoding=\"async\" width=\"333\" height=\"250\" src=\"https:\/\/www.modepen.org\/wp-content\/uploads\/2021\/05\/210528_Nigran-P1.jpg\" class=\"attachment-post-thumbnail size-post-thumbnail wp-post-image\" alt=\"\" srcset=\"https:\/\/www.modepen.org\/wp-content\/uploads\/2021\/05\/210528_Nigran-P1.jpg 333w, https:\/\/www.modepen.org\/wp-content\/uploads\/2021\/05\/210528_Nigran-P1-300x225.jpg 300w, https:\/\/www.modepen.org\/wp-content\/uploads\/2021\/05\/210528_Nigran-P1-150x113.jpg 150w\" sizes=\"auto, (max-width: 333px) 100vw, 333px\" \/>    <\/div>\n\n    <div class=\"eap__content\">\n        <!-- header -->\n        <header class=\"eap__header\">\n            <h2 class=\"eap__title\"><a href=\"https:\/\/www.modepen.org\/index.php\/events\/nigran-charla-informativa-sobre-a-necesidade-de-servizos-publicos-de-calidade\/\" rel=\"bookmark\">Nigran: Charla-Informativa sobre a necesidade de SERVIZOS P\u00daBLICOS DE CALIDADE<\/a><\/h2>\n                        \n<!-- event meta -->\n<p class=\"eap__meta\">\n            <span class=\"eap__date no-wrap\">\n            <span class=\"dashicons dashicons-calendar-alt\"><\/span> Maio 28, 2021        <\/span>\n         |         <span class=\"eap__time no-wrap\">\n            <span class=\"dashicons dashicons-clock\"><\/span> 8:00 pm        <\/span>\n        \n    <br>\n\n    Auditorio do Concello, Nigran, Galiza<\/p>\n\n        <\/header>\n\n        <!-- main -->\n        <main class=\"eap__excerpt\">\n                            <p class=\"eap__more\">\n                    <a href=\"https:\/\/www.modepen.org\/index.php\/events\/nigran-charla-informativa-sobre-a-necesidade-de-servizos-publicos-de-calidade\/\">Read more<\/a>\n                <\/p>\n                        <\/main>\n    <\/div>\n<\/div>\n\n<div id=\"post-1561\" class=\"eap__event\">\n    <div class=\"eap__img\">\n        <img loading=\"lazy\" decoding=\"async\" width=\"400\" height=\"300\" src=\"https:\/\/www.modepen.org\/wp-content\/uploads\/2021\/05\/210515_CartazCharlaSAF-P1.jpg\" class=\"attachment-post-thumbnail size-post-thumbnail wp-post-image\" alt=\"\" srcset=\"https:\/\/www.modepen.org\/wp-content\/uploads\/2021\/05\/210515_CartazCharlaSAF-P1.jpg 400w, https:\/\/www.modepen.org\/wp-content\/uploads\/2021\/05\/210515_CartazCharlaSAF-P1-300x225.jpg 300w, https:\/\/www.modepen.org\/wp-content\/uploads\/2021\/05\/210515_CartazCharlaSAF-P1-150x113.jpg 150w\" sizes=\"auto, (max-width: 400px) 100vw, 400px\" \/>    <\/div>\n\n    <div class=\"eap__content\">\n        <!-- header -->\n        <header class=\"eap__header\">\n            <h2 class=\"eap__title\"><a href=\"https:\/\/www.modepen.org\/index.php\/events\/charla-coloquio-sobre-o-servizo-de-atencion-no-fogar-saf\/\" rel=\"bookmark\">Charla-Coloquio sobre o \u201cServizo de Atenci\u00f3n no Fogar\u201d (SAF)<\/a><\/h2>\n                        \n<!-- event meta -->\n<p class=\"eap__meta\">\n            <span class=\"eap__date no-wrap\">\n            <span class=\"dashicons dashicons-calendar-alt\"><\/span> Maio 15, 2021        <\/span>\n         |         <span class=\"eap__time no-wrap\">\n            <span class=\"dashicons dashicons-clock\"><\/span> 11:00 am        <\/span>\n        \n    <br>\n\n    Videoconferencia Zoom, MODEPEN, Galiza<\/p>\n\n        <\/header>\n\n        <!-- main -->\n        <main class=\"eap__excerpt\">\n                            <p class=\"eap__more\">\n                    <a href=\"https:\/\/www.modepen.org\/index.php\/events\/charla-coloquio-sobre-o-servizo-de-atencion-no-fogar-saf\/\">Read more<\/a>\n                <\/p>\n                        <\/main>\n    <\/div>\n<\/div>\n\n<div id=\"post-1558\" class=\"eap__event\">\n    <div class=\"eap__img\">\n        <img loading=\"lazy\" decoding=\"async\" width=\"318\" height=\"450\" src=\"https:\/\/www.modepen.org\/wp-content\/uploads\/2021\/05\/Concentracion-Ferrol-20210514-P.jpg\" class=\"attachment-post-thumbnail size-post-thumbnail wp-post-image\" alt=\"\" srcset=\"https:\/\/www.modepen.org\/wp-content\/uploads\/2021\/05\/Concentracion-Ferrol-20210514-P.jpg 318w, https:\/\/www.modepen.org\/wp-content\/uploads\/2021\/05\/Concentracion-Ferrol-20210514-P-212x300.jpg 212w, https:\/\/www.modepen.org\/wp-content\/uploads\/2021\/05\/Concentracion-Ferrol-20210514-P-106x150.jpg 106w\" sizes=\"auto, (max-width: 318px) 100vw, 318px\" \/>    <\/div>\n\n    <div class=\"eap__content\">\n        <!-- header -->\n        <header class=\"eap__header\">\n            <h2 class=\"eap__title\"><a href=\"https:\/\/www.modepen.org\/index.php\/events\/concentracion-en-ferrol-contra-os-abusos-da-banca\/\" rel=\"bookmark\">Concentraci\u00f3n en Ferrol contra os abusos da Banca<\/a><\/h2>\n                        \n<!-- event meta -->\n<p class=\"eap__meta\">\n            <span class=\"eap__date no-wrap\">\n            <span class=\"dashicons dashicons-calendar-alt\"><\/span> Maio 14, 2021        <\/span>\n         |         <span class=\"eap__time no-wrap\">\n            <span class=\"dashicons dashicons-clock\"><\/span> 12:00 pm        <\/span>\n        \n    <br>\n\n    Confluencia Rua Galiano - Pza. Espa\u00f1a, Ferrol, Galiza<\/p>\n\n        <\/header>\n\n        <!-- main -->\n        <main class=\"eap__excerpt\">\n                            <p class=\"eap__more\">\n                    <a href=\"https:\/\/www.modepen.org\/index.php\/events\/concentracion-en-ferrol-contra-os-abusos-da-banca\/\">Read more<\/a>\n                <\/p>\n                        <\/main>\n    <\/div>\n<\/div>\n\n<div id=\"post-1550\" class=\"eap__event\">\n    <div class=\"eap__img\">\n        <img loading=\"lazy\" decoding=\"async\" width=\"600\" height=\"450\" src=\"https:\/\/www.modepen.org\/wp-content\/uploads\/2021\/05\/210506_Cartaz_Cangas-P.jpg\" class=\"attachment-post-thumbnail size-post-thumbnail wp-post-image\" alt=\"\" srcset=\"https:\/\/www.modepen.org\/wp-content\/uploads\/2021\/05\/210506_Cartaz_Cangas-P.jpg 600w, https:\/\/www.modepen.org\/wp-content\/uploads\/2021\/05\/210506_Cartaz_Cangas-P-300x225.jpg 300w, https:\/\/www.modepen.org\/wp-content\/uploads\/2021\/05\/210506_Cartaz_Cangas-P-150x113.jpg 150w\" sizes=\"auto, (max-width: 600px) 100vw, 600px\" \/>    <\/div>\n\n    <div class=\"eap__content\">\n        <!-- header -->\n        <header class=\"eap__header\">\n            <h2 class=\"eap__title\"><a href=\"https:\/\/www.modepen.org\/index.php\/events\/charla-coloquio-servizos-da-dependencia-publicos-accesibeis-e-de-calidade\/\" rel=\"bookmark\">Charla-Coloquio: Servizos da Dependencia P\u00fablicos, Acces\u00edbeis e de Calidade<\/a><\/h2>\n                        \n<!-- event meta -->\n<p class=\"eap__meta\">\n            <span class=\"eap__date no-wrap\">\n            <span class=\"dashicons dashicons-calendar-alt\"><\/span> Maio 6, 2021        <\/span>\n         |         <span class=\"eap__time no-wrap\">\n            <span class=\"dashicons dashicons-clock\"><\/span> 7:30 pm        <\/span>\n        \n    <br>\n\n    Sal\u00f3n de Plenos do Concello, Cangas do Morrazo, Galiza<\/p>\n\n        <\/header>\n\n        <!-- main -->\n        <main class=\"eap__excerpt\">\n                            <p class=\"eap__more\">\n                    <a href=\"https:\/\/www.modepen.org\/index.php\/events\/charla-coloquio-servizos-da-dependencia-publicos-accesibeis-e-de-calidade\/\">Read more<\/a>\n                <\/p>\n                        <\/main>\n    <\/div>\n<\/div>\n\n<div id=\"post-1532\" class=\"eap__event\">\n    <div class=\"eap__img\">\n        <img loading=\"lazy\" decoding=\"async\" width=\"600\" height=\"404\" src=\"https:\/\/www.modepen.org\/wp-content\/uploads\/2021\/04\/Concentracion-Vigo-20210503-P.jpg\" class=\"attachment-post-thumbnail size-post-thumbnail wp-post-image\" alt=\"\" srcset=\"https:\/\/www.modepen.org\/wp-content\/uploads\/2021\/04\/Concentracion-Vigo-20210503-P.jpg 600w, https:\/\/www.modepen.org\/wp-content\/uploads\/2021\/04\/Concentracion-Vigo-20210503-P-300x202.jpg 300w, https:\/\/www.modepen.org\/wp-content\/uploads\/2021\/04\/Concentracion-Vigo-20210503-P-150x101.jpg 150w, https:\/\/www.modepen.org\/wp-content\/uploads\/2021\/04\/Concentracion-Vigo-20210503-P-120x80.jpg 120w\" sizes=\"auto, (max-width: 600px) 100vw, 600px\" \/>    <\/div>\n\n    <div class=\"eap__content\">\n        <!-- header -->\n        <header class=\"eap__header\">\n            <h2 class=\"eap__title\"><a href=\"https:\/\/www.modepen.org\/index.php\/events\/concentracion-en-vigo-diante-do-museo-marco-2\/\" rel=\"bookmark\">Concentraci\u00f3n en Vigo, diante do Museo MARCO<\/a><\/h2>\n                        \n<!-- event meta -->\n<p class=\"eap__meta\">\n            <span class=\"eap__date no-wrap\">\n            <span class=\"dashicons dashicons-calendar-alt\"><\/span> Maio 3, 2021        <\/span>\n         |         <span class=\"eap__time no-wrap\">\n            <span class=\"dashicons dashicons-clock\"><\/span> 8:00 pm        <\/span>\n        \n    <br>\n\n    Rua Pr\u00edncipe, diante do Museo MARCO, Vigo, Galiza<\/p>\n\n        <\/header>\n\n        <!-- main -->\n        <main class=\"eap__excerpt\">\n                            <p class=\"eap__more\">\n                    <a href=\"https:\/\/www.modepen.org\/index.php\/events\/concentracion-en-vigo-diante-do-museo-marco-2\/\">Read more<\/a>\n                <\/p>\n                        <\/main>\n    <\/div>\n<\/div>\n\n<div id=\"post-1538\" class=\"eap__event\">\n    <div class=\"eap__img\">\n        <img loading=\"lazy\" decoding=\"async\" width=\"600\" height=\"423\" src=\"https:\/\/www.modepen.org\/wp-content\/uploads\/2021\/05\/Concentracion-Val-Minor-20210503-01-P.jpg\" class=\"attachment-post-thumbnail size-post-thumbnail wp-post-image\" alt=\"\" srcset=\"https:\/\/www.modepen.org\/wp-content\/uploads\/2021\/05\/Concentracion-Val-Minor-20210503-01-P.jpg 600w, https:\/\/www.modepen.org\/wp-content\/uploads\/2021\/05\/Concentracion-Val-Minor-20210503-01-P-300x212.jpg 300w, https:\/\/www.modepen.org\/wp-content\/uploads\/2021\/05\/Concentracion-Val-Minor-20210503-01-P-150x106.jpg 150w\" sizes=\"auto, (max-width: 600px) 100vw, 600px\" \/>    <\/div>\n\n    <div class=\"eap__content\">\n        <!-- header -->\n        <header class=\"eap__header\">\n            <h2 class=\"eap__title\"><a href=\"https:\/\/www.modepen.org\/index.php\/events\/concentracion-no-val-minor-o-dia-3-de-maio\/\" rel=\"bookmark\">Concentraci\u00f3n no Val Mi\u00f1or o dia 3 de Maio<\/a><\/h2>\n                        \n<!-- event meta -->\n<p class=\"eap__meta\">\n            <span class=\"eap__date no-wrap\">\n            <span class=\"dashicons dashicons-calendar-alt\"><\/span> Maio 3, 2021        <\/span>\n         |         <span class=\"eap__time no-wrap\">\n            <span class=\"dashicons dashicons-clock\"><\/span> 12:00 pm        <\/span>\n        \n    <br>\n\n    Na Capela da Ramallosa, Nigran, Galiza<\/p>\n\n        <\/header>\n\n        <!-- main -->\n        <main class=\"eap__excerpt\">\n                            <p class=\"eap__more\">\n                    <a href=\"https:\/\/www.modepen.org\/index.php\/events\/concentracion-no-val-minor-o-dia-3-de-maio\/\">Read more<\/a>\n                <\/p>\n                        <\/main>\n    <\/div>\n<\/div>\n\n<div id=\"post-1519\" class=\"eap__event\">\n    <div class=\"eap__img\">\n        <img loading=\"lazy\" decoding=\"async\" width=\"400\" height=\"500\" src=\"https:\/\/www.modepen.org\/wp-content\/uploads\/2021\/04\/Concentracion-de-Maio-Ribadeo-P.jpg\" class=\"attachment-post-thumbnail size-post-thumbnail wp-post-image\" alt=\"\" srcset=\"https:\/\/www.modepen.org\/wp-content\/uploads\/2021\/04\/Concentracion-de-Maio-Ribadeo-P.jpg 400w, https:\/\/www.modepen.org\/wp-content\/uploads\/2021\/04\/Concentracion-de-Maio-Ribadeo-P-240x300.jpg 240w, https:\/\/www.modepen.org\/wp-content\/uploads\/2021\/04\/Concentracion-de-Maio-Ribadeo-P-120x150.jpg 120w\" sizes=\"auto, (max-width: 400px) 100vw, 400px\" \/>    <\/div>\n\n    <div class=\"eap__content\">\n        <!-- header -->\n        <header class=\"eap__header\">\n            <h2 class=\"eap__title\"><a href=\"https:\/\/www.modepen.org\/index.php\/events\/concentracion-o-1-de-maio-ribadeo\/\" rel=\"bookmark\">Concentraci\u00f3n o 1 de Maio &#8211; Ribadeo<\/a><\/h2>\n                        \n<!-- event meta -->\n<p class=\"eap__meta\">\n            <span class=\"eap__date no-wrap\">\n            <span class=\"dashicons dashicons-calendar-alt\"><\/span> Maio 1, 2021        <\/span>\n         |         <span class=\"eap__time no-wrap\">\n            <span class=\"dashicons dashicons-clock\"><\/span> 12:00 pm        <\/span>\n        \n    <br>\n\n    Cant\u00f3n dos Morenos, Ribadeo, Galiza<\/p>\n\n        <\/header>\n\n        <!-- main -->\n        <main class=\"eap__excerpt\">\n                            <p class=\"eap__more\">\n                    <a href=\"https:\/\/www.modepen.org\/index.php\/events\/concentracion-o-1-de-maio-ribadeo\/\">Read more<\/a>\n                <\/p>\n                        <\/main>\n    <\/div>\n<\/div>\n\n<div id=\"post-1523\" class=\"eap__event\">\n    <div class=\"eap__img\">\n        <img loading=\"lazy\" decoding=\"async\" width=\"400\" height=\"400\" src=\"https:\/\/www.modepen.org\/wp-content\/uploads\/2021\/04\/Concentracion-Bancos-Coruna-20210429-P.jpg\" class=\"attachment-post-thumbnail size-post-thumbnail wp-post-image\" alt=\"\" srcset=\"https:\/\/www.modepen.org\/wp-content\/uploads\/2021\/04\/Concentracion-Bancos-Coruna-20210429-P.jpg 400w, https:\/\/www.modepen.org\/wp-content\/uploads\/2021\/04\/Concentracion-Bancos-Coruna-20210429-P-300x300.jpg 300w, https:\/\/www.modepen.org\/wp-content\/uploads\/2021\/04\/Concentracion-Bancos-Coruna-20210429-P-150x150.jpg 150w\" sizes=\"auto, (max-width: 400px) 100vw, 400px\" \/>    <\/div>\n\n    <div class=\"eap__content\">\n        <!-- header -->\n        <header class=\"eap__header\">\n            <h2 class=\"eap__title\"><a href=\"https:\/\/www.modepen.org\/index.php\/events\/concentracion-de-modepen-coruna-contra-as-comisions-bancarias-abusivas\/\" rel=\"bookmark\">Concentraci\u00f3n de MODEPEN Coru\u00f1a contra as comisi\u00f3ns bancarias abusivas.<\/a><\/h2>\n                        \n<!-- event meta -->\n<p class=\"eap__meta\">\n            <span class=\"eap__date no-wrap\">\n            <span class=\"dashicons dashicons-calendar-alt\"><\/span> Abril 29, 2021        <\/span>\n         |         <span class=\"eap__time no-wrap\">\n            <span class=\"dashicons dashicons-clock\"><\/span> 12:00 pm        <\/span>\n        \n    <br>\n\n    B\u00aa Centro, Rua Nova, 30 diante de ABANCA, A Coru\u00f1a, Galiza<\/p>\n\n        <\/header>\n\n        <!-- main -->\n        <main class=\"eap__excerpt\">\n                            <p class=\"eap__more\">\n                    <a href=\"https:\/\/www.modepen.org\/index.php\/events\/concentracion-de-modepen-coruna-contra-as-comisions-bancarias-abusivas\/\">Read more<\/a>\n                <\/p>\n                        <\/main>\n    <\/div>\n<\/div>\n\n<div id=\"post-1513\" class=\"eap__event\">\n    <div class=\"eap__img\">\n        <img loading=\"lazy\" decoding=\"async\" width=\"400\" height=\"400\" src=\"https:\/\/www.modepen.org\/wp-content\/uploads\/2021\/04\/Mobilizacion-bancos-22-4-2021-P.jpg\" class=\"attachment-post-thumbnail size-post-thumbnail wp-post-image\" alt=\"\" srcset=\"https:\/\/www.modepen.org\/wp-content\/uploads\/2021\/04\/Mobilizacion-bancos-22-4-2021-P.jpg 400w, https:\/\/www.modepen.org\/wp-content\/uploads\/2021\/04\/Mobilizacion-bancos-22-4-2021-P-300x300.jpg 300w, https:\/\/www.modepen.org\/wp-content\/uploads\/2021\/04\/Mobilizacion-bancos-22-4-2021-P-150x150.jpg 150w\" sizes=\"auto, (max-width: 400px) 100vw, 400px\" \/>    <\/div>\n\n    <div class=\"eap__content\">\n        <!-- header -->\n        <header class=\"eap__header\">\n            <h2 class=\"eap__title\"><a href=\"https:\/\/www.modepen.org\/index.php\/events\/concentracion-en-coruna-contra-as-comisions-bancarias-abusivas-2\/\" rel=\"bookmark\">Concentraci\u00f3n en Coru\u00f1a contra as comisi\u00f3ns bancarias abusivas.<\/a><\/h2>\n                        \n<!-- event meta -->\n<p class=\"eap__meta\">\n            <span class=\"eap__date no-wrap\">\n            <span class=\"dashicons dashicons-calendar-alt\"><\/span> Abril 22, 2021        <\/span>\n         |         <span class=\"eap__time no-wrap\">\n            <span class=\"dashicons dashicons-clock\"><\/span> 12:00 pm        <\/span>\n        \n    <br>\n\n    Rua Barcelona, 22 diante de Bankia, A Coru\u00f1a, Galiza<\/p>\n\n        <\/header>\n\n        <!-- main -->\n        <main class=\"eap__excerpt\">\n                            <p class=\"eap__more\">\n                    <a href=\"https:\/\/www.modepen.org\/index.php\/events\/concentracion-en-coruna-contra-as-comisions-bancarias-abusivas-2\/\">Read more<\/a>\n                <\/p>\n                        <\/main>\n    <\/div>\n<\/div>\n\n<div id=\"post-1437\" class=\"eap__event\">\n    <div class=\"eap__img\">\n        <img loading=\"lazy\" decoding=\"async\" width=\"300\" height=\"202\" src=\"https:\/\/www.modepen.org\/wp-content\/uploads\/2021\/04\/Concentracion-A-Coruna-20210417-P1.jpg\" class=\"attachment-post-thumbnail size-post-thumbnail wp-post-image\" alt=\"\" srcset=\"https:\/\/www.modepen.org\/wp-content\/uploads\/2021\/04\/Concentracion-A-Coruna-20210417-P1.jpg 300w, https:\/\/www.modepen.org\/wp-content\/uploads\/2021\/04\/Concentracion-A-Coruna-20210417-P1-150x101.jpg 150w, https:\/\/www.modepen.org\/wp-content\/uploads\/2021\/04\/Concentracion-A-Coruna-20210417-P1-120x80.jpg 120w\" sizes=\"auto, (max-width: 300px) 100vw, 300px\" \/>    <\/div>\n\n    <div class=\"eap__content\">\n        <!-- header -->\n        <header class=\"eap__header\">\n            <h2 class=\"eap__title\"><a href=\"https:\/\/www.modepen.org\/index.php\/events\/movilizacion-estatal-de-pensionistas-a-coruna\/\" rel=\"bookmark\">Movilizacion Estatal de Pensionistas &#8211; A Coru\u00f1a<\/a><\/h2>\n                        \n<!-- event meta -->\n<p class=\"eap__meta\">\n            <span class=\"eap__date no-wrap\">\n            <span class=\"dashicons dashicons-calendar-alt\"><\/span> Abril 17, 2021        <\/span>\n         |         <span class=\"eap__time no-wrap\">\n            <span class=\"dashicons dashicons-clock\"><\/span> 12:00 pm        <\/span>\n        \n    <br>\n\n    No Obelisco, A Coru\u00f1a, Galiza<\/p>\n\n        <\/header>\n\n        <!-- main -->\n        <main class=\"eap__excerpt\">\n                            <p class=\"eap__more\">\n                    <a href=\"https:\/\/www.modepen.org\/index.php\/events\/movilizacion-estatal-de-pensionistas-a-coruna\/\">Read more<\/a>\n                <\/p>\n                        <\/main>\n    <\/div>\n<\/div>\n\n<div id=\"post-1439\" class=\"eap__event\">\n    <div class=\"eap__img\">\n        <img loading=\"lazy\" decoding=\"async\" width=\"300\" height=\"202\" src=\"https:\/\/www.modepen.org\/wp-content\/uploads\/2021\/04\/Concentracion-Cangas-20210417-P1.jpg\" class=\"attachment-post-thumbnail size-post-thumbnail wp-post-image\" alt=\"\" srcset=\"https:\/\/www.modepen.org\/wp-content\/uploads\/2021\/04\/Concentracion-Cangas-20210417-P1.jpg 300w, https:\/\/www.modepen.org\/wp-content\/uploads\/2021\/04\/Concentracion-Cangas-20210417-P1-150x101.jpg 150w, https:\/\/www.modepen.org\/wp-content\/uploads\/2021\/04\/Concentracion-Cangas-20210417-P1-120x80.jpg 120w\" sizes=\"auto, (max-width: 300px) 100vw, 300px\" \/>    <\/div>\n\n    <div class=\"eap__content\">\n        <!-- header -->\n        <header class=\"eap__header\">\n            <h2 class=\"eap__title\"><a href=\"https:\/\/www.modepen.org\/index.php\/events\/movilizacion-estatal-de-pensionistas-cangas\/\" rel=\"bookmark\">Movilizacion Estatal de Pensionistas &#8211; Cangas<\/a><\/h2>\n                        \n<!-- event meta -->\n<p class=\"eap__meta\">\n            <span class=\"eap__date no-wrap\">\n            <span class=\"dashicons dashicons-calendar-alt\"><\/span> Abril 17, 2021        <\/span>\n         |         <span class=\"eap__time no-wrap\">\n            <span class=\"dashicons dashicons-clock\"><\/span> 7:30 pm        <\/span>\n        \n    <br>\n\n    Diante do Concello, Cangas do Morrazo, Galiza<\/p>\n\n        <\/header>\n\n        <!-- main -->\n        <main class=\"eap__excerpt\">\n                            <p class=\"eap__more\">\n                    <a href=\"https:\/\/www.modepen.org\/index.php\/events\/movilizacion-estatal-de-pensionistas-cangas\/\">Read more<\/a>\n                <\/p>\n                        <\/main>\n    <\/div>\n<\/div>\n\n<div id=\"post-1442\" class=\"eap__event\">\n    <div class=\"eap__img\">\n        <img loading=\"lazy\" decoding=\"async\" width=\"300\" height=\"202\" src=\"https:\/\/www.modepen.org\/wp-content\/uploads\/2021\/04\/Concentracion-Ferrol-20210417-P1.jpg\" class=\"attachment-post-thumbnail size-post-thumbnail wp-post-image\" alt=\"\" srcset=\"https:\/\/www.modepen.org\/wp-content\/uploads\/2021\/04\/Concentracion-Ferrol-20210417-P1.jpg 300w, https:\/\/www.modepen.org\/wp-content\/uploads\/2021\/04\/Concentracion-Ferrol-20210417-P1-150x101.jpg 150w, https:\/\/www.modepen.org\/wp-content\/uploads\/2021\/04\/Concentracion-Ferrol-20210417-P1-120x80.jpg 120w\" sizes=\"auto, (max-width: 300px) 100vw, 300px\" \/>    <\/div>\n\n    <div class=\"eap__content\">\n        <!-- header -->\n        <header class=\"eap__header\">\n            <h2 class=\"eap__title\"><a href=\"https:\/\/www.modepen.org\/index.php\/events\/movilizacion-estatal-de-pensionistas-ferrol\/\" rel=\"bookmark\">Movilizacion Estatal de Pensionistas &#8211; Ferrol<\/a><\/h2>\n                        \n<!-- event meta -->\n<p class=\"eap__meta\">\n            <span class=\"eap__date no-wrap\">\n            <span class=\"dashicons dashicons-calendar-alt\"><\/span> Abril 17, 2021        <\/span>\n         |         <span class=\"eap__time no-wrap\">\n            <span class=\"dashicons dashicons-clock\"><\/span> 12:00 pm        <\/span>\n        \n    <br>\n\n    No Cant\u00f3n (Praza da Constituci\u00f3n), Ferrol, Galiza<\/p>\n\n        <\/header>\n\n        <!-- main -->\n        <main class=\"eap__excerpt\">\n                            <p class=\"eap__more\">\n                    <a href=\"https:\/\/www.modepen.org\/index.php\/events\/movilizacion-estatal-de-pensionistas-ferrol\/\">Read more<\/a>\n                <\/p>\n                        <\/main>\n    <\/div>\n<\/div>\n\n<div id=\"post-1444\" class=\"eap__event\">\n    <div class=\"eap__img\">\n        <img loading=\"lazy\" decoding=\"async\" width=\"300\" height=\"202\" src=\"https:\/\/www.modepen.org\/wp-content\/uploads\/2021\/04\/Concentracion-Ribadeo-20210417-P1.jpg\" class=\"attachment-post-thumbnail size-post-thumbnail wp-post-image\" alt=\"\" srcset=\"https:\/\/www.modepen.org\/wp-content\/uploads\/2021\/04\/Concentracion-Ribadeo-20210417-P1.jpg 300w, https:\/\/www.modepen.org\/wp-content\/uploads\/2021\/04\/Concentracion-Ribadeo-20210417-P1-150x101.jpg 150w, https:\/\/www.modepen.org\/wp-content\/uploads\/2021\/04\/Concentracion-Ribadeo-20210417-P1-120x80.jpg 120w\" sizes=\"auto, (max-width: 300px) 100vw, 300px\" \/>    <\/div>\n\n    <div class=\"eap__content\">\n        <!-- header -->\n        <header class=\"eap__header\">\n            <h2 class=\"eap__title\"><a href=\"https:\/\/www.modepen.org\/index.php\/events\/movilizacion-estatal-de-pensionistas-ribadeo\/\" rel=\"bookmark\">Movilizacion Estatal de Pensionistas &#8211; Ribadeo<\/a><\/h2>\n                        \n<!-- event meta -->\n<p class=\"eap__meta\">\n            <span class=\"eap__date no-wrap\">\n            <span class=\"dashicons dashicons-calendar-alt\"><\/span> Abril 17, 2021        <\/span>\n         |         <span class=\"eap__time no-wrap\">\n            <span class=\"dashicons dashicons-clock\"><\/span> 12:00 pm        <\/span>\n        \n    <br>\n\n    No Cant\u00f3n dos Morenos, Ribadeo, Galiza<\/p>\n\n        <\/header>\n\n        <!-- main -->\n        <main class=\"eap__excerpt\">\n                            <p class=\"eap__more\">\n                    <a href=\"https:\/\/www.modepen.org\/index.php\/events\/movilizacion-estatal-de-pensionistas-ribadeo\/\">Read more<\/a>\n                <\/p>\n                        <\/main>\n    <\/div>\n<\/div>\n\n<div id=\"post-1446\" class=\"eap__event\">\n    <div class=\"eap__img\">\n        <img loading=\"lazy\" decoding=\"async\" width=\"300\" height=\"202\" src=\"https:\/\/www.modepen.org\/wp-content\/uploads\/2021\/04\/Concentracion-Val-Minor-20210417-P1.jpg\" class=\"attachment-post-thumbnail size-post-thumbnail wp-post-image\" alt=\"\" srcset=\"https:\/\/www.modepen.org\/wp-content\/uploads\/2021\/04\/Concentracion-Val-Minor-20210417-P1.jpg 300w, https:\/\/www.modepen.org\/wp-content\/uploads\/2021\/04\/Concentracion-Val-Minor-20210417-P1-150x101.jpg 150w, https:\/\/www.modepen.org\/wp-content\/uploads\/2021\/04\/Concentracion-Val-Minor-20210417-P1-120x80.jpg 120w\" sizes=\"auto, (max-width: 300px) 100vw, 300px\" \/>    <\/div>\n\n    <div class=\"eap__content\">\n        <!-- header -->\n        <header class=\"eap__header\">\n            <h2 class=\"eap__title\"><a href=\"https:\/\/www.modepen.org\/index.php\/events\/movilizacion-estatal-de-pensionistas-val-do-minor\/\" rel=\"bookmark\">Movilizacion Estatal de Pensionistas &#8211; Val do Mi\u00f1or<\/a><\/h2>\n                        \n<!-- event meta -->\n<p class=\"eap__meta\">\n            <span class=\"eap__date no-wrap\">\n            <span class=\"dashicons dashicons-calendar-alt\"><\/span> Abril 17, 2021        <\/span>\n         |         <span class=\"eap__time no-wrap\">\n            <span class=\"dashicons dashicons-clock\"><\/span> 12:00 pm        <\/span>\n        \n    <br>\n\n    Na Capela da Ramallosa, A Ramallosa, Galiza<\/p>\n\n        <\/header>\n\n        <!-- main -->\n        <main class=\"eap__excerpt\">\n                            <p class=\"eap__more\">\n                    <a href=\"https:\/\/www.modepen.org\/index.php\/events\/movilizacion-estatal-de-pensionistas-val-do-minor\/\">Read more<\/a>\n                <\/p>\n                        <\/main>\n    <\/div>\n<\/div>\n\n<div id=\"post-1448\" class=\"eap__event\">\n    <div class=\"eap__img\">\n        <img loading=\"lazy\" decoding=\"async\" width=\"300\" height=\"202\" src=\"https:\/\/www.modepen.org\/wp-content\/uploads\/2021\/04\/Concentracion-Vigo-20210417-P1.jpg\" class=\"attachment-post-thumbnail size-post-thumbnail wp-post-image\" alt=\"\" srcset=\"https:\/\/www.modepen.org\/wp-content\/uploads\/2021\/04\/Concentracion-Vigo-20210417-P1.jpg 300w, https:\/\/www.modepen.org\/wp-content\/uploads\/2021\/04\/Concentracion-Vigo-20210417-P1-150x101.jpg 150w, https:\/\/www.modepen.org\/wp-content\/uploads\/2021\/04\/Concentracion-Vigo-20210417-P1-120x80.jpg 120w\" sizes=\"auto, (max-width: 300px) 100vw, 300px\" \/>    <\/div>\n\n    <div class=\"eap__content\">\n        <!-- header -->\n        <header class=\"eap__header\">\n            <h2 class=\"eap__title\"><a href=\"https:\/\/www.modepen.org\/index.php\/events\/movilizacion-estatal-de-pensionistas-vigo\/\" rel=\"bookmark\">Movilizacion Estatal de Pensionistas &#8211; Vigo<\/a><\/h2>\n                        \n<!-- event meta -->\n<p class=\"eap__meta\">\n            <span class=\"eap__date no-wrap\">\n            <span class=\"dashicons dashicons-calendar-alt\"><\/span> Abril 17, 2021        <\/span>\n         |         <span class=\"eap__time no-wrap\">\n            <span class=\"dashicons dashicons-clock\"><\/span> 12:30 pm        <\/span>\n        \n    <br>\n\n    Diante do Museo MARCO (Rua do Pr\u00edncipe), Vigo, Galiza<\/p>\n\n        <\/header>\n\n        <!-- main -->\n        <main class=\"eap__excerpt\">\n                            <p class=\"eap__more\">\n                    <a href=\"https:\/\/www.modepen.org\/index.php\/events\/movilizacion-estatal-de-pensionistas-vigo\/\">Read more<\/a>\n                <\/p>\n                        <\/main>\n    <\/div>\n<\/div>\n\n<div id=\"post-1393\" class=\"eap__event\">\n    <div class=\"eap__img\">\n        <img loading=\"lazy\" decoding=\"async\" width=\"450\" height=\"377\" src=\"https:\/\/www.modepen.org\/wp-content\/uploads\/2021\/04\/Un-ano-da-Covid-nas-Residencias-P.jpg\" class=\"attachment-post-thumbnail size-post-thumbnail wp-post-image\" alt=\"\" srcset=\"https:\/\/www.modepen.org\/wp-content\/uploads\/2021\/04\/Un-ano-da-Covid-nas-Residencias-P.jpg 450w, https:\/\/www.modepen.org\/wp-content\/uploads\/2021\/04\/Un-ano-da-Covid-nas-Residencias-P-300x251.jpg 300w, https:\/\/www.modepen.org\/wp-content\/uploads\/2021\/04\/Un-ano-da-Covid-nas-Residencias-P-150x126.jpg 150w\" sizes=\"auto, (max-width: 450px) 100vw, 450px\" \/>    <\/div>\n\n    <div class=\"eap__content\">\n        <!-- header -->\n        <header class=\"eap__header\">\n            <h2 class=\"eap__title\"><a href=\"https:\/\/www.modepen.org\/index.php\/events\/charla-coloquio-un-ano-da-covid-nas-residencias\/\" rel=\"bookmark\">Charla-Coloquio: Un ano da covid nas residencias.<\/a><\/h2>\n                        \n<!-- event meta -->\n<p class=\"eap__meta\">\n            <span class=\"eap__date no-wrap\">\n            <span class=\"dashicons dashicons-calendar-alt\"><\/span> Abril 10, 2021        <\/span>\n         |         <span class=\"eap__time no-wrap\">\n            <span class=\"dashicons dashicons-clock\"><\/span> 6:30 pm        <\/span>\n        \n    <br>\n\n    Auditorio, Celanova, Galiza<\/p>\n\n        <\/header>\n\n        <!-- main -->\n        <main class=\"eap__excerpt\">\n                            <p class=\"eap__more\">\n                    <a href=\"https:\/\/www.modepen.org\/index.php\/events\/charla-coloquio-un-ano-da-covid-nas-residencias\/\">Read more<\/a>\n                <\/p>\n                        <\/main>\n    <\/div>\n<\/div>\n\n<div id=\"post-1410\" class=\"eap__event\">\n    <div class=\"eap__img\">\n        <img loading=\"lazy\" decoding=\"async\" width=\"450\" height=\"450\" src=\"https:\/\/www.modepen.org\/wp-content\/uploads\/2021\/04\/Somos-nos-os-monicreques-do-capitalismo-P.jpg\" class=\"attachment-post-thumbnail size-post-thumbnail wp-post-image\" alt=\"\" srcset=\"https:\/\/www.modepen.org\/wp-content\/uploads\/2021\/04\/Somos-nos-os-monicreques-do-capitalismo-P.jpg 450w, https:\/\/www.modepen.org\/wp-content\/uploads\/2021\/04\/Somos-nos-os-monicreques-do-capitalismo-P-300x300.jpg 300w, https:\/\/www.modepen.org\/wp-content\/uploads\/2021\/04\/Somos-nos-os-monicreques-do-capitalismo-P-150x150.jpg 150w\" sizes=\"auto, (max-width: 450px) 100vw, 450px\" \/>    <\/div>\n\n    <div class=\"eap__content\">\n        <!-- header -->\n        <header class=\"eap__header\">\n            <h2 class=\"eap__title\"><a href=\"https:\/\/www.modepen.org\/index.php\/events\/concentracion-en-coruna-contra-as-comisions-bancarias-abusivas\/\" rel=\"bookmark\">Concentraci\u00f3n en Coru\u00f1a contra as comisi\u00f3ns bancarias abusivas.<\/a><\/h2>\n                        \n<!-- event meta -->\n<p class=\"eap__meta\">\n            <span class=\"eap__date no-wrap\">\n            <span class=\"dashicons dashicons-calendar-alt\"><\/span> Abril 8, 2021        <\/span>\n         |         <span class=\"eap__time no-wrap\">\n            <span class=\"dashicons dashicons-clock\"><\/span> 12:00 pm        <\/span>\n        \n    <br>\n\n    Fronte o BBVA - Rua Manuel Aza\u00f1a, 56, A Coru\u00f1a, Galiza<\/p>\n\n        <\/header>\n\n        <!-- main -->\n        <main class=\"eap__excerpt\">\n                            <p class=\"eap__more\">\n                    <a href=\"https:\/\/www.modepen.org\/index.php\/events\/concentracion-en-coruna-contra-as-comisions-bancarias-abusivas\/\">Read more<\/a>\n                <\/p>\n                        <\/main>\n    <\/div>\n<\/div>\n\n<div id=\"post-1385\" class=\"eap__event\">\n    <div class=\"eap__img\">\n        <img loading=\"lazy\" decoding=\"async\" width=\"400\" height=\"269\" src=\"https:\/\/www.modepen.org\/wp-content\/uploads\/2021\/03\/Concentracion-Vigo-20210305-P.jpg\" class=\"attachment-post-thumbnail size-post-thumbnail wp-post-image\" alt=\"\" srcset=\"https:\/\/www.modepen.org\/wp-content\/uploads\/2021\/03\/Concentracion-Vigo-20210305-P.jpg 400w, https:\/\/www.modepen.org\/wp-content\/uploads\/2021\/03\/Concentracion-Vigo-20210305-P-300x202.jpg 300w, https:\/\/www.modepen.org\/wp-content\/uploads\/2021\/03\/Concentracion-Vigo-20210305-P-150x101.jpg 150w, https:\/\/www.modepen.org\/wp-content\/uploads\/2021\/03\/Concentracion-Vigo-20210305-P-120x80.jpg 120w\" sizes=\"auto, (max-width: 400px) 100vw, 400px\" \/>    <\/div>\n\n    <div class=\"eap__content\">\n        <!-- header -->\n        <header class=\"eap__header\">\n            <h2 class=\"eap__title\"><a href=\"https:\/\/www.modepen.org\/index.php\/events\/concentracion-en-vigo-diante-do-museo-marco\/\" rel=\"bookmark\">Concentraci\u00f3n en Vigo, diante do Museo MARCO<\/a><\/h2>\n                        \n<!-- event meta -->\n<p class=\"eap__meta\">\n            <span class=\"eap__date no-wrap\">\n            <span class=\"dashicons dashicons-calendar-alt\"><\/span> Abril 5, 2021        <\/span>\n         |         <span class=\"eap__time no-wrap\">\n            <span class=\"dashicons dashicons-clock\"><\/span> 8:00 pm        <\/span>\n        \n    <br>\n\n    Rua Pr\u00edncipe, diante do MARCO, Vigo, Galiza<\/p>\n\n        <\/header>\n\n        <!-- main -->\n        <main class=\"eap__excerpt\">\n                            <p class=\"eap__more\">\n                    <a href=\"https:\/\/www.modepen.org\/index.php\/events\/concentracion-en-vigo-diante-do-museo-marco\/\">Read more<\/a>\n                <\/p>\n                        <\/main>\n    <\/div>\n<\/div>\n\n<div id=\"post-1381\" class=\"eap__event\">\n    <div class=\"eap__img\">\n        <img loading=\"lazy\" decoding=\"async\" width=\"281\" height=\"400\" src=\"https:\/\/www.modepen.org\/wp-content\/uploads\/2021\/03\/Movilizacion-Moana-20210327-P.jpg\" class=\"attachment-post-thumbnail size-post-thumbnail wp-post-image\" alt=\"\" srcset=\"https:\/\/www.modepen.org\/wp-content\/uploads\/2021\/03\/Movilizacion-Moana-20210327-P.jpg 281w, https:\/\/www.modepen.org\/wp-content\/uploads\/2021\/03\/Movilizacion-Moana-20210327-P-211x300.jpg 211w, https:\/\/www.modepen.org\/wp-content\/uploads\/2021\/03\/Movilizacion-Moana-20210327-P-105x150.jpg 105w\" sizes=\"auto, (max-width: 281px) 100vw, 281px\" \/>    <\/div>\n\n    <div class=\"eap__content\">\n        <!-- header -->\n        <header class=\"eap__header\">\n            <h2 class=\"eap__title\"><a href=\"https:\/\/www.modepen.org\/index.php\/events\/concentracion-diante-do-concello-de-moana\/\" rel=\"bookmark\">Concentraci\u00f3n diante do Concello de Moa\u00f1a<\/a><\/h2>\n                        \n<!-- event meta -->\n<p class=\"eap__meta\">\n            <span class=\"eap__date no-wrap\">\n            <span class=\"dashicons dashicons-calendar-alt\"><\/span> Marzo 27, 2021        <\/span>\n         |         <span class=\"eap__time no-wrap\">\n            <span class=\"dashicons dashicons-clock\"><\/span> 6:30 pm        <\/span>\n        \n    <br>\n\n    Diante do Concello, Moa\u00f1a, Galiza<\/p>\n\n        <\/header>\n\n        <!-- main -->\n        <main class=\"eap__excerpt\">\n                            <p class=\"eap__more\">\n                    <a href=\"https:\/\/www.modepen.org\/index.php\/events\/concentracion-diante-do-concello-de-moana\/\">Read more<\/a>\n                <\/p>\n                        <\/main>\n    <\/div>\n<\/div>\n\n<div id=\"post-1342\" class=\"eap__event\">\n    <div class=\"eap__img\">\n        <img loading=\"lazy\" decoding=\"async\" width=\"250\" height=\"349\" src=\"https:\/\/www.modepen.org\/wp-content\/uploads\/2021\/02\/Movilizacion-20210301-Cangas_P.jpg\" class=\"attachment-post-thumbnail size-post-thumbnail wp-post-image\" alt=\"\" srcset=\"https:\/\/www.modepen.org\/wp-content\/uploads\/2021\/02\/Movilizacion-20210301-Cangas_P.jpg 250w, https:\/\/www.modepen.org\/wp-content\/uploads\/2021\/02\/Movilizacion-20210301-Cangas_P-215x300.jpg 215w, https:\/\/www.modepen.org\/wp-content\/uploads\/2021\/02\/Movilizacion-20210301-Cangas_P-107x150.jpg 107w\" sizes=\"auto, (max-width: 250px) 100vw, 250px\" \/>    <\/div>\n\n    <div class=\"eap__content\">\n        <!-- header -->\n        <header class=\"eap__header\">\n            <h2 class=\"eap__title\"><a href=\"https:\/\/www.modepen.org\/index.php\/events\/mobilizacion-en-cangas-contra-a-fenda-de-xenero-nas-pensions-o-1-de-marzo\/\" rel=\"bookmark\">Mobilizaci\u00f3n en Cangas contra a Fenda de X\u00e9nero nas pensi\u00f3ns, o 1 de marzo.<\/a><\/h2>\n                        \n<!-- event meta -->\n<p class=\"eap__meta\">\n            <span class=\"eap__date no-wrap\">\n            <span class=\"dashicons dashicons-calendar-alt\"><\/span> Marzo 1, 2021        <\/span>\n         |         <span class=\"eap__time no-wrap\">\n            <span class=\"dashicons dashicons-clock\"><\/span> 7:30 pm        <\/span>\n        \n    <br>\n\n    Diante do Concello, Cangas do Morrazo, Galiza<\/p>\n\n        <\/header>\n\n        <!-- main -->\n        <main class=\"eap__excerpt\">\n                            <p class=\"eap__more\">\n                    <a href=\"https:\/\/www.modepen.org\/index.php\/events\/mobilizacion-en-cangas-contra-a-fenda-de-xenero-nas-pensions-o-1-de-marzo\/\">Read more<\/a>\n                <\/p>\n                        <\/main>\n    <\/div>\n<\/div>\n\n<div id=\"post-1345\" class=\"eap__event\">\n    <div class=\"eap__img\">\n        <img loading=\"lazy\" decoding=\"async\" width=\"250\" height=\"349\" src=\"https:\/\/www.modepen.org\/wp-content\/uploads\/2021\/02\/Movilizacion-20210301-Coruna_P.jpg\" class=\"attachment-post-thumbnail size-post-thumbnail wp-post-image\" alt=\"\" srcset=\"https:\/\/www.modepen.org\/wp-content\/uploads\/2021\/02\/Movilizacion-20210301-Coruna_P.jpg 250w, https:\/\/www.modepen.org\/wp-content\/uploads\/2021\/02\/Movilizacion-20210301-Coruna_P-215x300.jpg 215w, https:\/\/www.modepen.org\/wp-content\/uploads\/2021\/02\/Movilizacion-20210301-Coruna_P-107x150.jpg 107w\" sizes=\"auto, (max-width: 250px) 100vw, 250px\" \/>    <\/div>\n\n    <div class=\"eap__content\">\n        <!-- header -->\n        <header class=\"eap__header\">\n            <h2 class=\"eap__title\"><a href=\"https:\/\/www.modepen.org\/index.php\/events\/mobilizacion-en-coruna-contra-a-fenda-de-xenero-nas-pensions-o-1-de-marzo\/\" rel=\"bookmark\">Mobilizaci\u00f3n en Coru\u00f1a contra a Fenda de X\u00e9nero nas pensi\u00f3ns, o 1 de marzo.<\/a><\/h2>\n                        \n<!-- event meta -->\n<p class=\"eap__meta\">\n            <span class=\"eap__date no-wrap\">\n            <span class=\"dashicons dashicons-calendar-alt\"><\/span> Marzo 1, 2021        <\/span>\n         |         <span class=\"eap__time no-wrap\">\n            <span class=\"dashicons dashicons-clock\"><\/span> 12:00 pm        <\/span>\n        \n    <br>\n\n    No Obelisco, A Coru\u00f1a, Galiza<\/p>\n\n        <\/header>\n\n        <!-- main -->\n        <main class=\"eap__excerpt\">\n                            <p class=\"eap__more\">\n                    <a href=\"https:\/\/www.modepen.org\/index.php\/events\/mobilizacion-en-coruna-contra-a-fenda-de-xenero-nas-pensions-o-1-de-marzo\/\">Read more<\/a>\n                <\/p>\n                        <\/main>\n    <\/div>\n<\/div>\n\n<div id=\"post-1347\" class=\"eap__event\">\n    <div class=\"eap__img\">\n        <img loading=\"lazy\" decoding=\"async\" width=\"250\" height=\"349\" src=\"https:\/\/www.modepen.org\/wp-content\/uploads\/2021\/02\/Movilizacion-20210301-Ferrol_P.jpg\" class=\"attachment-post-thumbnail size-post-thumbnail wp-post-image\" alt=\"\" srcset=\"https:\/\/www.modepen.org\/wp-content\/uploads\/2021\/02\/Movilizacion-20210301-Ferrol_P.jpg 250w, https:\/\/www.modepen.org\/wp-content\/uploads\/2021\/02\/Movilizacion-20210301-Ferrol_P-215x300.jpg 215w, https:\/\/www.modepen.org\/wp-content\/uploads\/2021\/02\/Movilizacion-20210301-Ferrol_P-107x150.jpg 107w\" sizes=\"auto, (max-width: 250px) 100vw, 250px\" \/>    <\/div>\n\n    <div class=\"eap__content\">\n        <!-- header -->\n        <header class=\"eap__header\">\n            <h2 class=\"eap__title\"><a href=\"https:\/\/www.modepen.org\/index.php\/events\/mobilizacion-en-ferrol-contra-a-fenda-de-xenero-nas-pensions-o-1-de-marzo\/\" rel=\"bookmark\">Mobilizaci\u00f3n en Ferrol contra a Fenda de X\u00e9nero nas pensi\u00f3ns, o 1 de marzo.<\/a><\/h2>\n                        \n<!-- event meta -->\n<p class=\"eap__meta\">\n            <span class=\"eap__date no-wrap\">\n            <span class=\"dashicons dashicons-calendar-alt\"><\/span> Marzo 1, 2021        <\/span>\n         |         <span class=\"eap__time no-wrap\">\n            <span class=\"dashicons dashicons-clock\"><\/span> 12:00 pm        <\/span>\n        \n    <br>\n\n    Praza de Espa\u00f1a, Ferrol, Galiza<\/p>\n\n        <\/header>\n\n        <!-- main -->\n        <main class=\"eap__excerpt\">\n                            <p class=\"eap__more\">\n                    <a href=\"https:\/\/www.modepen.org\/index.php\/events\/mobilizacion-en-ferrol-contra-a-fenda-de-xenero-nas-pensions-o-1-de-marzo\/\">Read more<\/a>\n                <\/p>\n                        <\/main>\n    <\/div>\n<\/div>\n\n<div id=\"post-1350\" class=\"eap__event\">\n    <div class=\"eap__img\">\n        <img loading=\"lazy\" decoding=\"async\" width=\"250\" height=\"348\" src=\"https:\/\/www.modepen.org\/wp-content\/uploads\/2021\/02\/Movilizacion-20210301-Lugo_P.jpg\" class=\"attachment-post-thumbnail size-post-thumbnail wp-post-image\" alt=\"\" srcset=\"https:\/\/www.modepen.org\/wp-content\/uploads\/2021\/02\/Movilizacion-20210301-Lugo_P.jpg 250w, https:\/\/www.modepen.org\/wp-content\/uploads\/2021\/02\/Movilizacion-20210301-Lugo_P-216x300.jpg 216w, https:\/\/www.modepen.org\/wp-content\/uploads\/2021\/02\/Movilizacion-20210301-Lugo_P-108x150.jpg 108w\" sizes=\"auto, (max-width: 250px) 100vw, 250px\" \/>    <\/div>\n\n    <div class=\"eap__content\">\n        <!-- header -->\n        <header class=\"eap__header\">\n            <h2 class=\"eap__title\"><a href=\"https:\/\/www.modepen.org\/index.php\/events\/mobilizacion-en-lugo-contra-a-fenda-de-xenero-nas-pensions-o-1-de-marzo\/\" rel=\"bookmark\">Mobilizaci\u00f3n en Lugo contra a Fenda de X\u00e9nero nas pensi\u00f3ns, o 1 de marzo.<\/a><\/h2>\n                        \n<!-- event meta -->\n<p class=\"eap__meta\">\n            <span class=\"eap__date no-wrap\">\n            <span class=\"dashicons dashicons-calendar-alt\"><\/span> Marzo 1, 2021        <\/span>\n         |         <span class=\"eap__time no-wrap\">\n            <span class=\"dashicons dashicons-clock\"><\/span> 12:00 pm        <\/span>\n        \n    <br>\n\n    Frente al Ayuntamiento, Plaza Mayor, Lugo, Galicia<\/p>\n\n        <\/header>\n\n        <!-- main -->\n        <main class=\"eap__excerpt\">\n                            <p class=\"eap__more\">\n                    <a href=\"https:\/\/www.modepen.org\/index.php\/events\/mobilizacion-en-lugo-contra-a-fenda-de-xenero-nas-pensions-o-1-de-marzo\/\">Read more<\/a>\n                <\/p>\n                        <\/main>\n    <\/div>\n<\/div>\n\n<div id=\"post-1353\" class=\"eap__event\">\n    <div class=\"eap__img\">\n        <img loading=\"lazy\" decoding=\"async\" width=\"250\" height=\"349\" src=\"https:\/\/www.modepen.org\/wp-content\/uploads\/2021\/02\/Movilizacion-20210301-Vigo_P.jpg\" class=\"attachment-post-thumbnail size-post-thumbnail wp-post-image\" alt=\"\" srcset=\"https:\/\/www.modepen.org\/wp-content\/uploads\/2021\/02\/Movilizacion-20210301-Vigo_P.jpg 250w, https:\/\/www.modepen.org\/wp-content\/uploads\/2021\/02\/Movilizacion-20210301-Vigo_P-215x300.jpg 215w, https:\/\/www.modepen.org\/wp-content\/uploads\/2021\/02\/Movilizacion-20210301-Vigo_P-107x150.jpg 107w\" sizes=\"auto, (max-width: 250px) 100vw, 250px\" \/>    <\/div>\n\n    <div class=\"eap__content\">\n        <!-- header -->\n        <header class=\"eap__header\">\n            <h2 class=\"eap__title\"><a href=\"https:\/\/www.modepen.org\/index.php\/events\/mobilizacion-en-vigo-contra-a-fenda-de-xenero-nas-pensions-o-1-de-marzo\/\" rel=\"bookmark\">Mobilizaci\u00f3n en Vigo contra a Fenda de X\u00e9nero nas pensi\u00f3ns, o 1 de marzo.<\/a><\/h2>\n                        \n<!-- event meta -->\n<p class=\"eap__meta\">\n            <span class=\"eap__date no-wrap\">\n            <span class=\"dashicons dashicons-calendar-alt\"><\/span> Marzo 1, 2021        <\/span>\n         |         <span class=\"eap__time no-wrap\">\n            <span class=\"dashicons dashicons-clock\"><\/span> 8:00 pm        <\/span>\n        \n    <br>\n\n    Diante do Museo MARCO, Vigo, Galiza<\/p>\n\n        <\/header>\n\n        <!-- main -->\n        <main class=\"eap__excerpt\">\n                            <p class=\"eap__more\">\n                    <a href=\"https:\/\/www.modepen.org\/index.php\/events\/mobilizacion-en-vigo-contra-a-fenda-de-xenero-nas-pensions-o-1-de-marzo\/\">Read more<\/a>\n                <\/p>\n                        <\/main>\n    <\/div>\n<\/div>\n\n<div id=\"post-1356\" class=\"eap__event\">\n    <div class=\"eap__img\">\n        <img loading=\"lazy\" decoding=\"async\" width=\"250\" height=\"349\" src=\"https:\/\/www.modepen.org\/wp-content\/uploads\/2021\/02\/Movilizacion-20210301-Ribadeo_P.jpg\" class=\"attachment-post-thumbnail size-post-thumbnail wp-post-image\" alt=\"\" srcset=\"https:\/\/www.modepen.org\/wp-content\/uploads\/2021\/02\/Movilizacion-20210301-Ribadeo_P.jpg 250w, https:\/\/www.modepen.org\/wp-content\/uploads\/2021\/02\/Movilizacion-20210301-Ribadeo_P-215x300.jpg 215w, https:\/\/www.modepen.org\/wp-content\/uploads\/2021\/02\/Movilizacion-20210301-Ribadeo_P-107x150.jpg 107w\" sizes=\"auto, (max-width: 250px) 100vw, 250px\" \/>    <\/div>\n\n    <div class=\"eap__content\">\n        <!-- header -->\n        <header class=\"eap__header\">\n            <h2 class=\"eap__title\"><a href=\"https:\/\/www.modepen.org\/index.php\/events\/mobilizacion-en-ribadeo-contra-a-fenda-de-xenero-nas-pensions-o-1-de-marzo\/\" rel=\"bookmark\">Mobilizaci\u00f3n en Ribadeo contra a Fenda de X\u00e9nero nas pensi\u00f3ns, o 1 de marzo.<\/a><\/h2>\n                        \n<!-- event meta -->\n<p class=\"eap__meta\">\n            <span class=\"eap__date no-wrap\">\n            <span class=\"dashicons dashicons-calendar-alt\"><\/span> Marzo 1, 2021        <\/span>\n         |         <span class=\"eap__time no-wrap\">\n            <span class=\"dashicons dashicons-clock\"><\/span> 12:00 pm        <\/span>\n        \n    <br>\n\n    Cant\u00f3n dos Morenos, Ribadeo, Galiza<\/p>\n\n        <\/header>\n\n        <!-- main -->\n        <main class=\"eap__excerpt\">\n                            <p class=\"eap__more\">\n                    <a href=\"https:\/\/www.modepen.org\/index.php\/events\/mobilizacion-en-ribadeo-contra-a-fenda-de-xenero-nas-pensions-o-1-de-marzo\/\">Read more<\/a>\n                <\/p>\n                        <\/main>\n    <\/div>\n<\/div>\n\n<div id=\"post-1359\" class=\"eap__event\">\n    <div class=\"eap__img\">\n        <img loading=\"lazy\" decoding=\"async\" width=\"250\" height=\"349\" src=\"https:\/\/www.modepen.org\/wp-content\/uploads\/2021\/02\/Movilizacion-20210301-VAL_MINOR_P.jpg\" class=\"attachment-post-thumbnail size-post-thumbnail wp-post-image\" alt=\"\" srcset=\"https:\/\/www.modepen.org\/wp-content\/uploads\/2021\/02\/Movilizacion-20210301-VAL_MINOR_P.jpg 250w, https:\/\/www.modepen.org\/wp-content\/uploads\/2021\/02\/Movilizacion-20210301-VAL_MINOR_P-215x300.jpg 215w, https:\/\/www.modepen.org\/wp-content\/uploads\/2021\/02\/Movilizacion-20210301-VAL_MINOR_P-107x150.jpg 107w\" sizes=\"auto, (max-width: 250px) 100vw, 250px\" \/>    <\/div>\n\n    <div class=\"eap__content\">\n        <!-- header -->\n        <header class=\"eap__header\">\n            <h2 class=\"eap__title\"><a href=\"https:\/\/www.modepen.org\/index.php\/events\/mobilizacion-no-val-minor-contra-a-fenda-de-xenero-nas-pensions-o-1-de-marzo\/\" rel=\"bookmark\">Mobilizaci\u00f3n no Val Mi\u00f1or contra a Fenda de X\u00e9nero nas pensi\u00f3ns, o 1 de marzo.<\/a><\/h2>\n                        \n<!-- event meta -->\n<p class=\"eap__meta\">\n            <span class=\"eap__date no-wrap\">\n            <span class=\"dashicons dashicons-calendar-alt\"><\/span> Marzo 1, 2021        <\/span>\n         |         <span class=\"eap__time no-wrap\">\n            <span class=\"dashicons dashicons-clock\"><\/span> 12:00 pm        <\/span>\n        \n    <br>\n\n    Capela da Ramallosa, A Ramallosa, Galiza<\/p>\n\n        <\/header>\n\n        <!-- main -->\n        <main class=\"eap__excerpt\">\n                            <p class=\"eap__more\">\n                    <a href=\"https:\/\/www.modepen.org\/index.php\/events\/mobilizacion-no-val-minor-contra-a-fenda-de-xenero-nas-pensions-o-1-de-marzo\/\">Read more<\/a>\n                <\/p>\n                        <\/main>\n    <\/div>\n<\/div>\n\n<div id=\"post-1366\" class=\"eap__event\">\n    <div class=\"eap__img\">\n        <img loading=\"lazy\" decoding=\"async\" width=\"250\" height=\"349\" src=\"https:\/\/www.modepen.org\/wp-content\/uploads\/2021\/02\/Movilizacion-20210301-Boiro_P.jpg\" class=\"attachment-post-thumbnail size-post-thumbnail wp-post-image\" alt=\"\" srcset=\"https:\/\/www.modepen.org\/wp-content\/uploads\/2021\/02\/Movilizacion-20210301-Boiro_P.jpg 250w, https:\/\/www.modepen.org\/wp-content\/uploads\/2021\/02\/Movilizacion-20210301-Boiro_P-215x300.jpg 215w, https:\/\/www.modepen.org\/wp-content\/uploads\/2021\/02\/Movilizacion-20210301-Boiro_P-107x150.jpg 107w\" sizes=\"auto, (max-width: 250px) 100vw, 250px\" \/>    <\/div>\n\n    <div class=\"eap__content\">\n        <!-- header -->\n        <header class=\"eap__header\">\n            <h2 class=\"eap__title\"><a href=\"https:\/\/www.modepen.org\/index.php\/events\/mobilizacion-en-boiro-contra-a-fenda-de-xenero-nas-pensions-o-1-de-marzo\/\" rel=\"bookmark\">Mobilizaci\u00f3n en Boiro contra a Fenda de X\u00e9nero nas pensi\u00f3ns, o 1 de marzo.<\/a><\/h2>\n                        \n<!-- event meta -->\n<p class=\"eap__meta\">\n            <span class=\"eap__date no-wrap\">\n            <span class=\"dashicons dashicons-calendar-alt\"><\/span> Marzo 1, 2021        <\/span>\n         |         <span class=\"eap__time no-wrap\">\n            <span class=\"dashicons dashicons-clock\"><\/span> 12:00 pm        <\/span>\n        \n    <br>\n\n    Rua Peonil (Pz. de Abastos), Boiro, Galiza<\/p>\n\n        <\/header>\n\n        <!-- main -->\n        <main class=\"eap__excerpt\">\n                            <p class=\"eap__more\">\n                    <a href=\"https:\/\/www.modepen.org\/index.php\/events\/mobilizacion-en-boiro-contra-a-fenda-de-xenero-nas-pensions-o-1-de-marzo\/\">Read more<\/a>\n                <\/p>\n                        <\/main>\n    <\/div>\n<\/div>\n\n<div id=\"post-1181\" class=\"eap__event\">\n    <div class=\"eap__img\">\n        <img loading=\"lazy\" decoding=\"async\" width=\"400\" height=\"533\" src=\"https:\/\/www.modepen.org\/wp-content\/uploads\/2021\/01\/Concentracion-20210125-Ribadeo-P.jpg\" class=\"attachment-post-thumbnail size-post-thumbnail wp-post-image\" alt=\"\" srcset=\"https:\/\/www.modepen.org\/wp-content\/uploads\/2021\/01\/Concentracion-20210125-Ribadeo-P.jpg 400w, https:\/\/www.modepen.org\/wp-content\/uploads\/2021\/01\/Concentracion-20210125-Ribadeo-P-225x300.jpg 225w, https:\/\/www.modepen.org\/wp-content\/uploads\/2021\/01\/Concentracion-20210125-Ribadeo-P-113x150.jpg 113w\" sizes=\"auto, (max-width: 400px) 100vw, 400px\" \/>    <\/div>\n\n    <div class=\"eap__content\">\n        <!-- header -->\n        <header class=\"eap__header\">\n            <h2 class=\"eap__title\"><a href=\"https:\/\/www.modepen.org\/index.php\/events\/concentracion-en-ribadeo-as-12-do-25-de-xaneiro-no-canton-dos-moreno-non-ao-pacto-de-toledo\/\" rel=\"bookmark\">Suspendida Concentraci\u00f3n en Ribadeo, as 12 h. do 25 de Xaneiro, no Cant\u00f3n dos Moreno: Non ao Pacto de Toledo<\/a><\/h2>\n                        \n<!-- event meta -->\n<p class=\"eap__meta\">\n            <span class=\"eap__date no-wrap\">\n            <span class=\"dashicons dashicons-calendar-alt\"><\/span> Xaneiro 25, 2021        <\/span>\n         |         <span class=\"eap__time no-wrap\">\n            <span class=\"dashicons dashicons-clock\"><\/span> 12:00 pm        <\/span>\n        \n    <br>\n\n    Cant\u00f3n dos Moreno, Ribadeo, Galiza<\/p>\n\n        <\/header>\n\n        <!-- main -->\n        <main class=\"eap__excerpt\">\n                            <p class=\"eap__more\">\n                    <a href=\"https:\/\/www.modepen.org\/index.php\/events\/concentracion-en-ribadeo-as-12-do-25-de-xaneiro-no-canton-dos-moreno-non-ao-pacto-de-toledo\/\">Read more<\/a>\n                <\/p>\n                        <\/main>\n    <\/div>\n<\/div>\n\n<div id=\"post-1185\" class=\"eap__event\">\n    <div class=\"eap__img\">\n        <img loading=\"lazy\" decoding=\"async\" width=\"300\" height=\"390\" src=\"https:\/\/www.modepen.org\/wp-content\/uploads\/2021\/01\/Concentracion-Coruna-20210125-P.jpg\" class=\"attachment-post-thumbnail size-post-thumbnail wp-post-image\" alt=\"\" srcset=\"https:\/\/www.modepen.org\/wp-content\/uploads\/2021\/01\/Concentracion-Coruna-20210125-P.jpg 300w, https:\/\/www.modepen.org\/wp-content\/uploads\/2021\/01\/Concentracion-Coruna-20210125-P-231x300.jpg 231w, https:\/\/www.modepen.org\/wp-content\/uploads\/2021\/01\/Concentracion-Coruna-20210125-P-115x150.jpg 115w\" sizes=\"auto, (max-width: 300px) 100vw, 300px\" \/>    <\/div>\n\n    <div class=\"eap__content\">\n        <!-- header -->\n        <header class=\"eap__header\">\n            <h2 class=\"eap__title\"><a href=\"https:\/\/www.modepen.org\/index.php\/events\/concentracion-en-coruna-as-12-do-25-de-xaneiro-diante-da-subdelegacion-do-goberno-non-ao-pacto-de-toledo\/\" rel=\"bookmark\">Suspendida Concentraci\u00f3n en Coru\u00f1a, as 12 h. do 25 de Xaneiro, diante da Subdelegaci\u00f3n do Goberno: Non ao Pacto de Toledo<\/a><\/h2>\n                        \n<!-- event meta -->\n<p class=\"eap__meta\">\n            <span class=\"eap__date no-wrap\">\n            <span class=\"dashicons dashicons-calendar-alt\"><\/span> Xaneiro 25, 2021        <\/span>\n         |         <span class=\"eap__time no-wrap\">\n            <span class=\"dashicons dashicons-clock\"><\/span> 12:00 pm        <\/span>\n        \n    <br>\n\n    Diante da Subdelegaci\u00f3n do Goberno, A Coru\u00f1a, Galiza<\/p>\n\n        <\/header>\n\n        <!-- main -->\n        <main class=\"eap__excerpt\">\n                            <p class=\"eap__more\">\n                    <a href=\"https:\/\/www.modepen.org\/index.php\/events\/concentracion-en-coruna-as-12-do-25-de-xaneiro-diante-da-subdelegacion-do-goberno-non-ao-pacto-de-toledo\/\">Read more<\/a>\n                <\/p>\n                        <\/main>\n    <\/div>\n<\/div>\n\n<div id=\"post-1188\" class=\"eap__event\">\n    <div class=\"eap__img\">\n        <img loading=\"lazy\" decoding=\"async\" width=\"300\" height=\"392\" src=\"https:\/\/www.modepen.org\/wp-content\/uploads\/2021\/01\/Concentracion-Lugo-20210125-P.jpg\" class=\"attachment-post-thumbnail size-post-thumbnail wp-post-image\" alt=\"\" srcset=\"https:\/\/www.modepen.org\/wp-content\/uploads\/2021\/01\/Concentracion-Lugo-20210125-P.jpg 300w, https:\/\/www.modepen.org\/wp-content\/uploads\/2021\/01\/Concentracion-Lugo-20210125-P-230x300.jpg 230w, https:\/\/www.modepen.org\/wp-content\/uploads\/2021\/01\/Concentracion-Lugo-20210125-P-115x150.jpg 115w\" sizes=\"auto, (max-width: 300px) 100vw, 300px\" \/>    <\/div>\n\n    <div class=\"eap__content\">\n        <!-- header -->\n        <header class=\"eap__header\">\n            <h2 class=\"eap__title\"><a href=\"https:\/\/www.modepen.org\/index.php\/events\/concentracion-en-lugo-as-12-do-25-de-xaneiro-diante-do-concello-non-ao-pacto-de-toledo\/\" rel=\"bookmark\">Suspendida Concentraci\u00f3n en Lugo, as 12 h. do 25 de Xaneiro, diante do Concello: Non ao Pacto de Toledo<\/a><\/h2>\n                        \n<!-- event meta -->\n<p class=\"eap__meta\">\n            <span class=\"eap__date no-wrap\">\n            <span class=\"dashicons dashicons-calendar-alt\"><\/span> Xaneiro 25, 2021        <\/span>\n         |         <span class=\"eap__time no-wrap\">\n            <span class=\"dashicons dashicons-clock\"><\/span> 12:00 pm        <\/span>\n        \n    <br>\n\n    Diante do Concello, Lugo, Galiza<\/p>\n\n        <\/header>\n\n        <!-- main -->\n        <main class=\"eap__excerpt\">\n                            <p class=\"eap__more\">\n                    <a href=\"https:\/\/www.modepen.org\/index.php\/events\/concentracion-en-lugo-as-12-do-25-de-xaneiro-diante-do-concello-non-ao-pacto-de-toledo\/\">Read more<\/a>\n                <\/p>\n                        <\/main>\n    <\/div>\n<\/div>\n\n<div id=\"post-1191\" class=\"eap__event\">\n    <div class=\"eap__img\">\n        <img loading=\"lazy\" decoding=\"async\" width=\"300\" height=\"394\" src=\"https:\/\/www.modepen.org\/wp-content\/uploads\/2021\/01\/Concentracion-Morrazo-20210125-P.jpg\" class=\"attachment-post-thumbnail size-post-thumbnail wp-post-image\" alt=\"\" srcset=\"https:\/\/www.modepen.org\/wp-content\/uploads\/2021\/01\/Concentracion-Morrazo-20210125-P.jpg 300w, https:\/\/www.modepen.org\/wp-content\/uploads\/2021\/01\/Concentracion-Morrazo-20210125-P-228x300.jpg 228w, https:\/\/www.modepen.org\/wp-content\/uploads\/2021\/01\/Concentracion-Morrazo-20210125-P-114x150.jpg 114w\" sizes=\"auto, (max-width: 300px) 100vw, 300px\" \/>    <\/div>\n\n    <div class=\"eap__content\">\n        <!-- header -->\n        <header class=\"eap__header\">\n            <h2 class=\"eap__title\"><a href=\"https:\/\/www.modepen.org\/index.php\/events\/concentracion-en-o-morrazo-as-19-h-do-25-de-xaneiro-diante-do-concello-non-ao-pacto-de-toledo\/\" rel=\"bookmark\">Suspendida Concentraci\u00f3n en Cangas do Morrazo, as 19 h. do 25 de Xaneiro, diante do Concello: Non ao Pacto de Toledo<\/a><\/h2>\n                        \n<!-- event meta -->\n<p class=\"eap__meta\">\n            <span class=\"eap__date no-wrap\">\n            <span class=\"dashicons dashicons-calendar-alt\"><\/span> Xaneiro 25, 2021        <\/span>\n         |         <span class=\"eap__time no-wrap\">\n            <span class=\"dashicons dashicons-clock\"><\/span> 7:00 pm        <\/span>\n        \n    <br>\n\n    Diante do Concello, Cangas do Morrazo, Galiza<\/p>\n\n        <\/header>\n\n        <!-- main -->\n        <main class=\"eap__excerpt\">\n                            <p class=\"eap__more\">\n                    <a href=\"https:\/\/www.modepen.org\/index.php\/events\/concentracion-en-o-morrazo-as-19-h-do-25-de-xaneiro-diante-do-concello-non-ao-pacto-de-toledo\/\">Read more<\/a>\n                <\/p>\n                        <\/main>\n    <\/div>\n<\/div>\n\n<div id=\"post-1197\" class=\"eap__event\">\n    <div class=\"eap__img\">\n        <img loading=\"lazy\" decoding=\"async\" width=\"300\" height=\"395\" src=\"https:\/\/www.modepen.org\/wp-content\/uploads\/2021\/01\/Concentracion-Vigo-20210125-P.jpg\" class=\"attachment-post-thumbnail size-post-thumbnail wp-post-image\" alt=\"\" srcset=\"https:\/\/www.modepen.org\/wp-content\/uploads\/2021\/01\/Concentracion-Vigo-20210125-P.jpg 300w, https:\/\/www.modepen.org\/wp-content\/uploads\/2021\/01\/Concentracion-Vigo-20210125-P-228x300.jpg 228w, https:\/\/www.modepen.org\/wp-content\/uploads\/2021\/01\/Concentracion-Vigo-20210125-P-114x150.jpg 114w\" sizes=\"auto, (max-width: 300px) 100vw, 300px\" \/>    <\/div>\n\n    <div class=\"eap__content\">\n        <!-- header -->\n        <header class=\"eap__header\">\n            <h2 class=\"eap__title\"><a href=\"https:\/\/www.modepen.org\/index.php\/events\/concentracion-en-vigo-as-20-h-do-25-de-xaneiro-diante-do-marco-non-ao-pacto-de-toledo\/\" rel=\"bookmark\">Suspendida Concentraci\u00f3n en Vigo, as 20 h. do 25 de Xaneiro, diante do MARCO: Non ao Pacto de Toledo<\/a><\/h2>\n                        \n<!-- event meta -->\n<p class=\"eap__meta\">\n            <span class=\"eap__date no-wrap\">\n            <span class=\"dashicons dashicons-calendar-alt\"><\/span> Xaneiro 25, 2021        <\/span>\n         |         <span class=\"eap__time no-wrap\">\n            <span class=\"dashicons dashicons-clock\"><\/span> 8:00 pm        <\/span>\n        \n    <br>\n\n    Diante do MARCO, Vigo, Galiza<\/p>\n\n        <\/header>\n\n        <!-- main -->\n        <main class=\"eap__excerpt\">\n                            <p class=\"eap__more\">\n                    <a href=\"https:\/\/www.modepen.org\/index.php\/events\/concentracion-en-vigo-as-20-h-do-25-de-xaneiro-diante-do-marco-non-ao-pacto-de-toledo\/\">Read more<\/a>\n                <\/p>\n                        <\/main>\n    <\/div>\n<\/div>\n\n<div id=\"post-1209\" class=\"eap__event\">\n    <div class=\"eap__img\">\n        <img loading=\"lazy\" decoding=\"async\" width=\"300\" height=\"388\" src=\"https:\/\/www.modepen.org\/wp-content\/uploads\/2021\/01\/Concentracion-Valminor-20210125-P.jpg\" class=\"attachment-post-thumbnail size-post-thumbnail wp-post-image\" alt=\"\" srcset=\"https:\/\/www.modepen.org\/wp-content\/uploads\/2021\/01\/Concentracion-Valminor-20210125-P.jpg 300w, https:\/\/www.modepen.org\/wp-content\/uploads\/2021\/01\/Concentracion-Valminor-20210125-P-232x300.jpg 232w, https:\/\/www.modepen.org\/wp-content\/uploads\/2021\/01\/Concentracion-Valminor-20210125-P-116x150.jpg 116w\" sizes=\"auto, (max-width: 300px) 100vw, 300px\" \/>    <\/div>\n\n    <div class=\"eap__content\">\n        <!-- header -->\n        <header class=\"eap__header\">\n            <h2 class=\"eap__title\"><a href=\"https:\/\/www.modepen.org\/index.php\/events\/concentracion-no-valminor-as-12-h-do-25-de-xaneiro-na-capela-da-ramallosa-non-ao-pacto-de-toledo\/\" rel=\"bookmark\">Suspendida Concentraci\u00f3n no Valmi\u00f1or, as 12 h. do 25 de Xaneiro, na capela da Ramallosa: Non ao Pacto de Toledo<\/a><\/h2>\n                        \n<!-- event meta -->\n<p class=\"eap__meta\">\n            <span class=\"eap__date no-wrap\">\n            <span class=\"dashicons dashicons-calendar-alt\"><\/span> Xaneiro 25, 2021        <\/span>\n         |         <span class=\"eap__time no-wrap\">\n            <span class=\"dashicons dashicons-clock\"><\/span> 12:00 pm        <\/span>\n        \n    <br>\n\n    Na Capela da Ramallosa, Baiona, Galiza<\/p>\n\n        <\/header>\n\n        <!-- main -->\n        <main class=\"eap__excerpt\">\n                            <p class=\"eap__more\">\n                    <a href=\"https:\/\/www.modepen.org\/index.php\/events\/concentracion-no-valminor-as-12-h-do-25-de-xaneiro-na-capela-da-ramallosa-non-ao-pacto-de-toledo\/\">Read more<\/a>\n                <\/p>\n                        <\/main>\n    <\/div>\n<\/div>\n\n<div id=\"post-1159\" class=\"eap__event\">\n    <div class=\"eap__img\">\n        <img loading=\"lazy\" decoding=\"async\" width=\"300\" height=\"392\" src=\"https:\/\/www.modepen.org\/wp-content\/uploads\/2021\/01\/Lugo-20210115_p.jpg\" class=\"attachment-post-thumbnail size-post-thumbnail wp-post-image\" alt=\"\" srcset=\"https:\/\/www.modepen.org\/wp-content\/uploads\/2021\/01\/Lugo-20210115_p.jpg 300w, https:\/\/www.modepen.org\/wp-content\/uploads\/2021\/01\/Lugo-20210115_p-230x300.jpg 230w, https:\/\/www.modepen.org\/wp-content\/uploads\/2021\/01\/Lugo-20210115_p-115x150.jpg 115w\" sizes=\"auto, (max-width: 300px) 100vw, 300px\" \/>    <\/div>\n\n    <div class=\"eap__content\">\n        <!-- header -->\n        <header class=\"eap__header\">\n            <h2 class=\"eap__title\"><a href=\"https:\/\/www.modepen.org\/index.php\/events\/lugo-diante-do-concello-loitando-polas-pensions-publicas-de-tods\/\" rel=\"bookmark\">Lugo, diante do Concello: Loitando polas Pensi\u00f3ns P\u00fablicas de TOD@S.<\/a><\/h2>\n                        \n<!-- event meta -->\n<p class=\"eap__meta\">\n            <span class=\"eap__date no-wrap\">\n            <span class=\"dashicons dashicons-calendar-alt\"><\/span> Xaneiro 15, 2021        <\/span>\n         |         <span class=\"eap__time no-wrap\">\n            <span class=\"dashicons dashicons-clock\"><\/span> 12:00 pm        <\/span>\n        \n    <br>\n\n    Diante do Concello, Lugo, Galiza<\/p>\n\n        <\/header>\n\n        <!-- main -->\n        <main class=\"eap__excerpt\">\n                            <p class=\"eap__more\">\n                    <a href=\"https:\/\/www.modepen.org\/index.php\/events\/lugo-diante-do-concello-loitando-polas-pensions-publicas-de-tods\/\">Read more<\/a>\n                <\/p>\n                        <\/main>\n    <\/div>\n<\/div>\n\n<div id=\"post-1111\" class=\"eap__event\">\n    <div class=\"eap__img\">\n        <img loading=\"lazy\" decoding=\"async\" width=\"800\" height=\"524\" src=\"https:\/\/www.modepen.org\/wp-content\/uploads\/2021\/01\/20210104_CartazVigo_m.jpg\" class=\"attachment-post-thumbnail size-post-thumbnail wp-post-image\" alt=\"\" srcset=\"https:\/\/www.modepen.org\/wp-content\/uploads\/2021\/01\/20210104_CartazVigo_m.jpg 800w, https:\/\/www.modepen.org\/wp-content\/uploads\/2021\/01\/20210104_CartazVigo_m-300x197.jpg 300w, https:\/\/www.modepen.org\/wp-content\/uploads\/2021\/01\/20210104_CartazVigo_m-150x98.jpg 150w, https:\/\/www.modepen.org\/wp-content\/uploads\/2021\/01\/20210104_CartazVigo_m-768x503.jpg 768w, https:\/\/www.modepen.org\/wp-content\/uploads\/2021\/01\/20210104_CartazVigo_m-120x80.jpg 120w\" sizes=\"auto, (max-width: 800px) 100vw, 800px\" \/>    <\/div>\n\n    <div class=\"eap__content\">\n        <!-- header -->\n        <header class=\"eap__header\">\n            <h2 class=\"eap__title\"><a href=\"https:\/\/www.modepen.org\/index.php\/events\/concentracion-en-vigo-diante-do-marco-2\/\" rel=\"bookmark\">Concentraci\u00f3n en Vigo, diante do MARCO<\/a><\/h2>\n                        \n<!-- event meta -->\n<p class=\"eap__meta\">\n            <span class=\"eap__date no-wrap\">\n            <span class=\"dashicons dashicons-calendar-alt\"><\/span> Xaneiro 4, 2021        <\/span>\n         |         <span class=\"eap__time no-wrap\">\n            <span class=\"dashicons dashicons-clock\"><\/span> 8:00 pm        <\/span>\n        \n    <br>\n\n    O MARCO, Vigo, Galiza<\/p>\n\n        <\/header>\n\n        <!-- main -->\n        <main class=\"eap__excerpt\">\n                            <p class=\"eap__more\">\n                    <a href=\"https:\/\/www.modepen.org\/index.php\/events\/concentracion-en-vigo-diante-do-marco-2\/\">Read more<\/a>\n                <\/p>\n                        <\/main>\n    <\/div>\n<\/div>\n\n<div id=\"post-1048\" class=\"eap__event\">\n    <div class=\"eap__img\">\n        <img loading=\"lazy\" decoding=\"async\" width=\"150\" height=\"87\" src=\"https:\/\/www.modepen.org\/wp-content\/uploads\/2020\/12\/Socialismo-en-Europa-2020-hp.jpg\" class=\"attachment-post-thumbnail size-post-thumbnail wp-post-image\" alt=\"\" \/>    <\/div>\n\n    <div class=\"eap__content\">\n        <!-- header -->\n        <header class=\"eap__header\">\n            <h2 class=\"eap__title\"><a href=\"https:\/\/www.modepen.org\/index.php\/events\/video-conferencia-de-formacion-y-debate-socialismo-en-europa-2020\/\" rel=\"bookmark\">Video-conferencia de Formaci\u00f3n y Debate: Socialismo en Europa 2020<\/a><\/h2>\n                        \n<!-- event meta -->\n<p class=\"eap__meta\">\n            <span class=\"eap__date no-wrap\">\n            <span class=\"dashicons dashicons-calendar-alt\"><\/span> Decembro 21, 2020        <\/span>\n         |         <span class=\"eap__time no-wrap\">\n            <span class=\"dashicons dashicons-clock\"><\/span> 5:00 pm        <\/span>\n        \n    <br>\n\n    Video-conferencia, Galiza<\/p>\n\n        <\/header>\n\n        <!-- main -->\n        <main class=\"eap__excerpt\">\n                            <p class=\"eap__more\">\n                    <a href=\"https:\/\/www.modepen.org\/index.php\/events\/video-conferencia-de-formacion-y-debate-socialismo-en-europa-2020\/\">Read more<\/a>\n                <\/p>\n                        <\/main>\n    <\/div>\n<\/div>\n\n<div id=\"post-1036\" class=\"eap__event\">\n    <div class=\"eap__img\">\n        <img loading=\"lazy\" decoding=\"async\" width=\"150\" height=\"98\" src=\"https:\/\/www.modepen.org\/wp-content\/uploads\/2020\/12\/Mobilizacion-2020_12_17-hp-.jpg\" class=\"attachment-post-thumbnail size-post-thumbnail wp-post-image\" alt=\"\" \/>    <\/div>\n\n    <div class=\"eap__content\">\n        <!-- header -->\n        <header class=\"eap__header\">\n            <h2 class=\"eap__title\"><a href=\"https:\/\/www.modepen.org\/index.php\/events\/movilizacion-17-de-decembro-non-aos-plans-de-pensions-privados-de-empresa-contra-as-recomendacions-do-pacto-de-toledo\/\" rel=\"bookmark\">Movilizaci\u00f3n 17 de Decembro: N\u00f3n aos Plans de Pensi\u00f3ns Privados de Empresa. Contra as recomendaci\u00f3ns do Pacto de Toledo.<\/a><\/h2>\n                        \n<!-- event meta -->\n<p class=\"eap__meta\">\n            <span class=\"eap__date no-wrap\">\n            <span class=\"dashicons dashicons-calendar-alt\"><\/span> Decembro 17, 2020        <\/span>\n        \n    <br>\n\n    Varias localizaci\u00f3ns, Galiza<\/p>\n\n        <\/header>\n\n        <!-- main -->\n        <main class=\"eap__excerpt\">\n                            <p class=\"eap__more\">\n                    <a href=\"https:\/\/www.modepen.org\/index.php\/events\/movilizacion-17-de-decembro-non-aos-plans-de-pensions-privados-de-empresa-contra-as-recomendacions-do-pacto-de-toledo\/\">Read more<\/a>\n                <\/p>\n                        <\/main>\n    <\/div>\n<\/div>\n\n<div id=\"post-1012\" class=\"eap__event\">\n    <div class=\"eap__img\">\n        <img loading=\"lazy\" decoding=\"async\" width=\"150\" height=\"150\" src=\"https:\/\/www.modepen.org\/wp-content\/uploads\/2020\/12\/Concentracion-10-12-2020_p.jpg\" class=\"attachment-post-thumbnail size-post-thumbnail wp-post-image\" alt=\"\" \/>    <\/div>\n\n    <div class=\"eap__content\">\n        <!-- header -->\n        <header class=\"eap__header\">\n            <h2 class=\"eap__title\"><a href=\"https:\/\/www.modepen.org\/index.php\/events\/concentracion-coruna-vemonos-no-obelisco-o-10de-decembro\/\" rel=\"bookmark\">Concentraci\u00f3n Coru\u00f1a: V\u00e9monos no Obelisco o 10 de Decembro<\/a><\/h2>\n                        \n<!-- event meta -->\n<p class=\"eap__meta\">\n            <span class=\"eap__date no-wrap\">\n            <span class=\"dashicons dashicons-calendar-alt\"><\/span> Decembro 10, 2020        <\/span>\n         |         <span class=\"eap__time no-wrap\">\n            <span class=\"dashicons dashicons-clock\"><\/span> 6:30 pm        <\/span>\n        \n    <br>\n\n    O Obelisco, Coru\u00f1a, Galiza<\/p>\n\n        <\/header>\n\n        <!-- main -->\n        <main class=\"eap__excerpt\">\n                            <p class=\"eap__more\">\n                    <a href=\"https:\/\/www.modepen.org\/index.php\/events\/concentracion-coruna-vemonos-no-obelisco-o-10de-decembro\/\">Read more<\/a>\n                <\/p>\n                        <\/main>\n    <\/div>\n<\/div>\n\n<div id=\"post-962\" class=\"eap__event\">\n    <div class=\"eap__img\">\n        <img loading=\"lazy\" decoding=\"async\" width=\"840\" height=\"560\" src=\"https:\/\/www.modepen.org\/wp-content\/uploads\/2020\/12\/WhatsApp-Image-2020-12-03-at-10.32.40-840x560.jpeg\" class=\"attachment-post-thumbnail size-post-thumbnail wp-post-image\" alt=\"\" srcset=\"https:\/\/www.modepen.org\/wp-content\/uploads\/2020\/12\/WhatsApp-Image-2020-12-03-at-10.32.40-840x560.jpeg 840w, https:\/\/www.modepen.org\/wp-content\/uploads\/2020\/12\/WhatsApp-Image-2020-12-03-at-10.32.40-120x80.jpeg 120w, https:\/\/www.modepen.org\/wp-content\/uploads\/2020\/12\/WhatsApp-Image-2020-12-03-at-10.32.40-360x240.jpeg 360w, https:\/\/www.modepen.org\/wp-content\/uploads\/2020\/12\/WhatsApp-Image-2020-12-03-at-10.32.40-600x400.jpeg 600w\" sizes=\"auto, (max-width: 840px) 100vw, 840px\" \/>    <\/div>\n\n    <div class=\"eap__content\">\n        <!-- header -->\n        <header class=\"eap__header\">\n            <h2 class=\"eap__title\"><a href=\"https:\/\/www.modepen.org\/index.php\/events\/videoconferencia-do-modepen-o-futuro-do-sector-da-dependencia-alen-da-covid\/\" rel=\"bookmark\">Videoconferencia do MODEPEN: \u201cO futuro do sector da dependencia al\u00e9n da COVID\u201d<\/a><\/h2>\n                        \n<!-- event meta -->\n<p class=\"eap__meta\">\n            <span class=\"eap__date no-wrap\">\n            <span class=\"dashicons dashicons-calendar-alt\"><\/span> Decembro 9, 2020        <\/span>\n         |         <span class=\"eap__time no-wrap\">\n            <span class=\"dashicons dashicons-clock\"><\/span> 5:00 pm        <\/span>\n        \n    <br>\n\n    Videoconferencia<\/p>\n\n        <\/header>\n\n        <!-- main -->\n        <main class=\"eap__excerpt\">\n                            <p class=\"eap__more\">\n                    <a href=\"https:\/\/www.modepen.org\/index.php\/events\/videoconferencia-do-modepen-o-futuro-do-sector-da-dependencia-alen-da-covid\/\">Read more<\/a>\n                <\/p>\n                        <\/main>\n    <\/div>\n<\/div>\n\n<div id=\"post-959\" class=\"eap__event\">\n    <div class=\"eap__img\">\n        <img loading=\"lazy\" decoding=\"async\" width=\"840\" height=\"560\" src=\"https:\/\/www.modepen.org\/wp-content\/uploads\/2020\/12\/WhatsApp-Image-2020-12-02-at-22.29.27-840x560.jpeg\" class=\"attachment-post-thumbnail size-post-thumbnail wp-post-image\" alt=\"\" srcset=\"https:\/\/www.modepen.org\/wp-content\/uploads\/2020\/12\/WhatsApp-Image-2020-12-02-at-22.29.27-840x560.jpeg 840w, https:\/\/www.modepen.org\/wp-content\/uploads\/2020\/12\/WhatsApp-Image-2020-12-02-at-22.29.27-120x80.jpeg 120w, https:\/\/www.modepen.org\/wp-content\/uploads\/2020\/12\/WhatsApp-Image-2020-12-02-at-22.29.27-360x240.jpeg 360w, https:\/\/www.modepen.org\/wp-content\/uploads\/2020\/12\/WhatsApp-Image-2020-12-02-at-22.29.27-600x400.jpeg 600w\" sizes=\"auto, (max-width: 840px) 100vw, 840px\" \/>    <\/div>\n\n    <div class=\"eap__content\">\n        <!-- header -->\n        <header class=\"eap__header\">\n            <h2 class=\"eap__title\"><a href=\"https:\/\/www.modepen.org\/index.php\/events\/luns-ao-sol-contra-o-pacto-de-toledo-non-as-pensions-privadas-de-empresa\/\" rel=\"bookmark\">Luns ao sol no Marco de Vigo: Contra o Pacto de Toledo: non \u00e1s Pensi\u00f3ns Privadas de Empresa<\/a><\/h2>\n                        \n<!-- event meta -->\n<p class=\"eap__meta\">\n            <span class=\"eap__date no-wrap\">\n            <span class=\"dashicons dashicons-calendar-alt\"><\/span> Decembro 7, 2020        <\/span>\n         |         <span class=\"eap__time no-wrap\">\n            <span class=\"dashicons dashicons-clock\"><\/span> 8:00 pm        <\/span>\n        \n    <br>\n\n    O Marco, Vigo, Galicia<\/p>\n\n        <\/header>\n\n        <!-- main -->\n        <main class=\"eap__excerpt\">\n                            <p class=\"eap__more\">\n                    <a href=\"https:\/\/www.modepen.org\/index.php\/events\/luns-ao-sol-contra-o-pacto-de-toledo-non-as-pensions-privadas-de-empresa\/\">Read more<\/a>\n                <\/p>\n                        <\/main>\n    <\/div>\n<\/div>\n\n<div id=\"post-956\" class=\"eap__event\">\n    <div class=\"eap__img\">\n        <img loading=\"lazy\" decoding=\"async\" width=\"840\" height=\"560\" src=\"https:\/\/www.modepen.org\/wp-content\/uploads\/2020\/12\/201205_CONCENTRACION_Ferrol-840x560.jpg\" class=\"attachment-post-thumbnail size-post-thumbnail wp-post-image\" alt=\"\" srcset=\"https:\/\/www.modepen.org\/wp-content\/uploads\/2020\/12\/201205_CONCENTRACION_Ferrol-840x560.jpg 840w, https:\/\/www.modepen.org\/wp-content\/uploads\/2020\/12\/201205_CONCENTRACION_Ferrol-120x80.jpg 120w, https:\/\/www.modepen.org\/wp-content\/uploads\/2020\/12\/201205_CONCENTRACION_Ferrol-360x240.jpg 360w, https:\/\/www.modepen.org\/wp-content\/uploads\/2020\/12\/201205_CONCENTRACION_Ferrol-600x400.jpg 600w\" sizes=\"auto, (max-width: 840px) 100vw, 840px\" \/>    <\/div>\n\n    <div class=\"eap__content\">\n        <!-- header -->\n        <header class=\"eap__header\">\n            <h2 class=\"eap__title\"><a href=\"https:\/\/www.modepen.org\/index.php\/events\/concentracion-modepen-ferrolterra-non-ao-pacto-de-toledo-por-unha-banca-publica\/\" rel=\"bookmark\">Concentraci\u00f3n MODEPEN Ferrolterra: Non ao Pacto de Toledo. Por unha Banca P\u00fablica<\/a><\/h2>\n                        \n<!-- event meta -->\n<p class=\"eap__meta\">\n            <span class=\"eap__date no-wrap\">\n            <span class=\"dashicons dashicons-calendar-alt\"><\/span> Decembro 5, 2020        <\/span>\n         |         <span class=\"eap__time no-wrap\">\n            <span class=\"dashicons dashicons-clock\"><\/span> 12:00 pm        <\/span>\n        \n    <br>\n\n    Canton, Ferrol, Galicia<\/p>\n\n        <\/header>\n\n        <!-- main -->\n        <main class=\"eap__excerpt\">\n                            <p class=\"eap__more\">\n                    <a href=\"https:\/\/www.modepen.org\/index.php\/events\/concentracion-modepen-ferrolterra-non-ao-pacto-de-toledo-por-unha-banca-publica\/\">Read more<\/a>\n                <\/p>\n                        <\/main>\n    <\/div>\n<\/div>\n\n<div id=\"post-771\" class=\"eap__event\">\n    <div class=\"eap__img\">\n            <\/div>\n\n    <div class=\"eap__content\">\n        <!-- header -->\n        <header class=\"eap__header\">\n            <h2 class=\"eap__title\"><a href=\"https:\/\/www.modepen.org\/index.php\/events\/manifestacion-en-vigo\/\" rel=\"bookmark\">Manifestacion en Vigo<\/a><\/h2>\n                        \n<!-- event meta -->\n<p class=\"eap__meta\">\n            <span class=\"eap__date no-wrap\">\n            <span class=\"dashicons dashicons-calendar-alt\"><\/span> Setembro 7, 2020        <\/span>\n         |         <span class=\"eap__time no-wrap\">\n            <span class=\"dashicons dashicons-clock\"><\/span> 8:00 pm        <\/span>\n        \n    <br>\n\n    Museo Marco, Vigo, Espa\u00f1a<\/p>\n\n        <\/header>\n\n        <!-- main -->\n        <main class=\"eap__excerpt\">\n                            <p class=\"eap__more\">\n                    <a href=\"https:\/\/www.modepen.org\/index.php\/events\/manifestacion-en-vigo\/\">Read more<\/a>\n                <\/p>\n                        <\/main>\n    <\/div>\n<\/div>\n\n<div id=\"post-890\" class=\"eap__event\">\n    <div class=\"eap__img\">\n        <img loading=\"lazy\" decoding=\"async\" width=\"300\" height=\"428\" src=\"https:\/\/www.modepen.org\/wp-content\/uploads\/2020\/06\/Cartaz-marcha-Santiago24p.jpg\" class=\"attachment-post-thumbnail size-post-thumbnail wp-post-image\" alt=\"\" srcset=\"https:\/\/www.modepen.org\/wp-content\/uploads\/2020\/06\/Cartaz-marcha-Santiago24p.jpg 300w, https:\/\/www.modepen.org\/wp-content\/uploads\/2020\/06\/Cartaz-marcha-Santiago24p-210x300.jpg 210w\" sizes=\"auto, (max-width: 300px) 100vw, 300px\" \/>    <\/div>\n\n    <div class=\"eap__content\">\n        <!-- header -->\n        <header class=\"eap__header\">\n            <h2 class=\"eap__title\"><a href=\"https:\/\/www.modepen.org\/index.php\/events\/marcha-santiago-24-06-2020\/\" rel=\"bookmark\">Marcha Santiago 24-06-2020<\/a><\/h2>\n                        \n<!-- event meta -->\n<p class=\"eap__meta\">\n            <span class=\"eap__date no-wrap\">\n            <span class=\"dashicons dashicons-calendar-alt\"><\/span> Xu\u00f1o 24, 2020        <\/span>\n        \n    <br>\n\n    Santiago de Compostela<\/p>\n\n        <\/header>\n\n        <!-- main -->\n        <main class=\"eap__excerpt\">\n                            <p class=\"eap__more\">\n                    <a href=\"https:\/\/www.modepen.org\/index.php\/events\/marcha-santiago-24-06-2020\/\">Read more<\/a>\n                <\/p>\n                        <\/main>\n    <\/div>\n<\/div>\n\n<div id=\"post-885\" class=\"eap__event\">\n    <div class=\"eap__img\">\n        <img loading=\"lazy\" decoding=\"async\" width=\"840\" height=\"560\" src=\"https:\/\/www.modepen.org\/wp-content\/uploads\/2020\/06\/200618_Cangas1-840x560.jpg\" class=\"attachment-post-thumbnail size-post-thumbnail wp-post-image\" alt=\"\" srcset=\"https:\/\/www.modepen.org\/wp-content\/uploads\/2020\/06\/200618_Cangas1-840x560.jpg 840w, https:\/\/www.modepen.org\/wp-content\/uploads\/2020\/06\/200618_Cangas1-120x80.jpg 120w, https:\/\/www.modepen.org\/wp-content\/uploads\/2020\/06\/200618_Cangas1-360x240.jpg 360w, https:\/\/www.modepen.org\/wp-content\/uploads\/2020\/06\/200618_Cangas1-600x400.jpg 600w\" sizes=\"auto, (max-width: 840px) 100vw, 840px\" \/>    <\/div>\n\n    <div class=\"eap__content\">\n        <!-- header -->\n        <header class=\"eap__header\">\n            <h2 class=\"eap__title\"><a href=\"https:\/\/www.modepen.org\/index.php\/events\/marcha-cangas-18-06-2020\/\" rel=\"bookmark\">Marcha Cangas 18-06-2020<\/a><\/h2>\n                        \n<!-- event meta -->\n<p class=\"eap__meta\">\n            <span class=\"eap__date no-wrap\">\n            <span class=\"dashicons dashicons-calendar-alt\"><\/span> Xu\u00f1o 18, 2020        <\/span>\n        \n    <br>\n\n    Cangas<\/p>\n\n        <\/header>\n\n        <!-- main -->\n        <main class=\"eap__excerpt\">\n                            <p class=\"eap__more\">\n                    <a href=\"https:\/\/www.modepen.org\/index.php\/events\/marcha-cangas-18-06-2020\/\">Read more<\/a>\n                <\/p>\n                        <\/main>\n    <\/div>\n<\/div>\n\n<div id=\"post-888\" class=\"eap__event\">\n    <div class=\"eap__img\">\n        <img loading=\"lazy\" decoding=\"async\" width=\"300\" height=\"428\" src=\"https:\/\/www.modepen.org\/wp-content\/uploads\/2020\/06\/20200618-Ribadeop.jpg\" class=\"attachment-post-thumbnail size-post-thumbnail wp-post-image\" alt=\"\" srcset=\"https:\/\/www.modepen.org\/wp-content\/uploads\/2020\/06\/20200618-Ribadeop.jpg 300w, https:\/\/www.modepen.org\/wp-content\/uploads\/2020\/06\/20200618-Ribadeop-210x300.jpg 210w\" sizes=\"auto, (max-width: 300px) 100vw, 300px\" \/>    <\/div>\n\n    <div class=\"eap__content\">\n        <!-- header -->\n        <header class=\"eap__header\">\n            <h2 class=\"eap__title\"><a href=\"https:\/\/www.modepen.org\/index.php\/events\/marcha-ribadeo-18-06-2020\/\" rel=\"bookmark\">Marcha Ribadeo 18-06-2020<\/a><\/h2>\n                        \n<!-- event meta -->\n<p class=\"eap__meta\">\n            <span class=\"eap__date no-wrap\">\n            <span class=\"dashicons dashicons-calendar-alt\"><\/span> Xu\u00f1o 18, 2020        <\/span>\n        \n    <br>\n\n    Ribadeo<\/p>\n\n        <\/header>\n\n        <!-- main -->\n        <main class=\"eap__excerpt\">\n                            <p class=\"eap__more\">\n                    <a href=\"https:\/\/www.modepen.org\/index.php\/events\/marcha-ribadeo-18-06-2020\/\">Read more<\/a>\n                <\/p>\n                        <\/main>\n    <\/div>\n<\/div>\n\n<div id=\"post-892\" class=\"eap__event\">\n    <div class=\"eap__img\">\n        <img loading=\"lazy\" decoding=\"async\" width=\"300\" height=\"427\" src=\"https:\/\/www.modepen.org\/wp-content\/uploads\/2020\/05\/200522_marchasc\u00edvicasp.jpg\" class=\"attachment-post-thumbnail size-post-thumbnail wp-post-image\" alt=\"\" srcset=\"https:\/\/www.modepen.org\/wp-content\/uploads\/2020\/05\/200522_marchasc\u00edvicasp.jpg 300w, https:\/\/www.modepen.org\/wp-content\/uploads\/2020\/05\/200522_marchasc\u00edvicasp-211x300.jpg 211w\" sizes=\"auto, (max-width: 300px) 100vw, 300px\" \/>    <\/div>\n\n    <div class=\"eap__content\">\n        <!-- header -->\n        <header class=\"eap__header\">\n            <h2 class=\"eap__title\"><a href=\"https:\/\/www.modepen.org\/index.php\/events\/marchas-civicas-11-06-2020\/\" rel=\"bookmark\">Marchas C\u00edvicas 11-06-2020<\/a><\/h2>\n                        \n<!-- event meta -->\n<p class=\"eap__meta\">\n            <span class=\"eap__date no-wrap\">\n            <span class=\"dashicons dashicons-calendar-alt\"><\/span> Xu\u00f1o 11, 2020        <\/span>\n        \n    <br>\n\n    Varios<\/p>\n\n        <\/header>\n\n        <!-- main -->\n        <main class=\"eap__excerpt\">\n                            <p class=\"eap__more\">\n                    <a href=\"https:\/\/www.modepen.org\/index.php\/events\/marchas-civicas-11-06-2020\/\">Read more<\/a>\n                <\/p>\n                        <\/main>\n    <\/div>\n<\/div>\n\n<div id=\"post-541\" class=\"eap__event\">\n    <div class=\"eap__img\">\n        <img loading=\"lazy\" decoding=\"async\" width=\"840\" height=\"560\" src=\"https:\/\/www.modepen.org\/wp-content\/uploads\/2019\/12\/WhatsApp-Image-2019-12-24-at-17.59.23-840x560.jpeg\" class=\"attachment-post-thumbnail size-post-thumbnail wp-post-image\" alt=\"\" srcset=\"https:\/\/www.modepen.org\/wp-content\/uploads\/2019\/12\/WhatsApp-Image-2019-12-24-at-17.59.23-840x560.jpeg 840w, https:\/\/www.modepen.org\/wp-content\/uploads\/2019\/12\/WhatsApp-Image-2019-12-24-at-17.59.23-120x80.jpeg 120w, https:\/\/www.modepen.org\/wp-content\/uploads\/2019\/12\/WhatsApp-Image-2019-12-24-at-17.59.23-360x240.jpeg 360w, https:\/\/www.modepen.org\/wp-content\/uploads\/2019\/12\/WhatsApp-Image-2019-12-24-at-17.59.23-600x400.jpeg 600w\" sizes=\"auto, (max-width: 840px) 100vw, 840px\" \/>    <\/div>\n\n    <div class=\"eap__content\">\n        <!-- header -->\n        <header class=\"eap__header\">\n            <h2 class=\"eap__title\"><a href=\"https:\/\/www.modepen.org\/index.php\/events\/concentracion-diante-do-concello-lugo-14\/\" rel=\"bookmark\">Concentraci\u00f3n diante do Concello &#8211; Lugo<\/a><\/h2>\n                        \n<!-- event meta -->\n<p class=\"eap__meta\">\n            <span class=\"eap__date no-wrap\">\n            <span class=\"dashicons dashicons-calendar-alt\"><\/span> Decembro 27, 2019        <\/span>\n         |         <span class=\"eap__time no-wrap\">\n            <span class=\"dashicons dashicons-clock\"><\/span> 12:00 pm        <\/span>\n        \n    <br>\n\n    Lugo, Lugo, Galiza<\/p>\n\n        <\/header>\n\n        <!-- main -->\n        <main class=\"eap__excerpt\">\n                            <p class=\"eap__more\">\n                    <a href=\"https:\/\/www.modepen.org\/index.php\/events\/concentracion-diante-do-concello-lugo-14\/\">Read more<\/a>\n                <\/p>\n                        <\/main>\n    <\/div>\n<\/div>\n\n<div id=\"post-530\" class=\"eap__event\">\n    <div class=\"eap__img\">\n        <img loading=\"lazy\" decoding=\"async\" width=\"100\" height=\"87\" src=\"https:\/\/www.modepen.org\/wp-content\/uploads\/2019\/07\/Icono-MODEPEN.jpg\" class=\"attachment-post-thumbnail size-post-thumbnail wp-post-image\" alt=\"\" \/>    <\/div>\n\n    <div class=\"eap__content\">\n        <!-- header -->\n        <header class=\"eap__header\">\n            <h2 class=\"eap__title\"><a href=\"https:\/\/www.modepen.org\/index.php\/events\/concentracion-en-lourenza-5\/\" rel=\"bookmark\">Concentraci\u00f3n en Lourenz\u00e1<\/a><\/h2>\n                        \n<!-- event meta -->\n<p class=\"eap__meta\">\n            <span class=\"eap__date no-wrap\">\n            <span class=\"dashicons dashicons-calendar-alt\"><\/span> Decembro 9, 2019        <\/span>\n         |         <span class=\"eap__time no-wrap\">\n            <span class=\"dashicons dashicons-clock\"><\/span> 12:00 pm        <\/span>\n        \n    <br>\n\n    Lourenz\u00e1, Lugo, Galiza<\/p>\n\n        <\/header>\n\n        <!-- main -->\n        <main class=\"eap__excerpt\">\n                            <p class=\"eap__more\">\n                    <a href=\"https:\/\/www.modepen.org\/index.php\/events\/concentracion-en-lourenza-5\/\">Read more<\/a>\n                <\/p>\n                        <\/main>\n    <\/div>\n<\/div>\n\n<div id=\"post-532\" class=\"eap__event\">\n    <div class=\"eap__img\">\n        <img loading=\"lazy\" decoding=\"async\" width=\"100\" height=\"87\" src=\"https:\/\/www.modepen.org\/wp-content\/uploads\/2019\/07\/Icono-MODEPEN.jpg\" class=\"attachment-post-thumbnail size-post-thumbnail wp-post-image\" alt=\"\" \/>    <\/div>\n\n    <div class=\"eap__content\">\n        <!-- header -->\n        <header class=\"eap__header\">\n            <h2 class=\"eap__title\"><a href=\"https:\/\/www.modepen.org\/index.php\/events\/concentracion-en-noia-9\/\" rel=\"bookmark\">Concentraci\u00f3n en Noia<\/a><\/h2>\n                        \n<!-- event meta -->\n<p class=\"eap__meta\">\n            <span class=\"eap__date no-wrap\">\n            <span class=\"dashicons dashicons-calendar-alt\"><\/span> Decembro 9, 2019        <\/span>\n         |         <span class=\"eap__time no-wrap\">\n            <span class=\"dashicons dashicons-clock\"><\/span> 12:00 pm        <\/span>\n        \n    <br>\n\n    Noia, A Coru\u00f1a, Galiza<\/p>\n\n        <\/header>\n\n        <!-- main -->\n        <main class=\"eap__excerpt\">\n                            <p class=\"eap__more\">\n                    <a href=\"https:\/\/www.modepen.org\/index.php\/events\/concentracion-en-noia-9\/\">Read more<\/a>\n                <\/p>\n                        <\/main>\n    <\/div>\n<\/div>\n\n<div id=\"post-528\" class=\"eap__event\">\n    <div class=\"eap__img\">\n        <img loading=\"lazy\" decoding=\"async\" width=\"100\" height=\"87\" src=\"https:\/\/www.modepen.org\/wp-content\/uploads\/2019\/07\/Icono-MODEPEN.jpg\" class=\"attachment-post-thumbnail size-post-thumbnail wp-post-image\" alt=\"\" \/>    <\/div>\n\n    <div class=\"eap__content\">\n        <!-- header -->\n        <header class=\"eap__header\">\n            <h2 class=\"eap__title\"><a href=\"https:\/\/www.modepen.org\/index.php\/events\/concentracion-en-ribadeo-2\/\" rel=\"bookmark\">Concentraci\u00f3n en Ribadeo<\/a><\/h2>\n                        \n<!-- event meta -->\n<p class=\"eap__meta\">\n            <span class=\"eap__date no-wrap\">\n            <span class=\"dashicons dashicons-calendar-alt\"><\/span> Decembro 7, 2019        <\/span>\n         |         <span class=\"eap__time no-wrap\">\n            <span class=\"dashicons dashicons-clock\"><\/span> 12:00 pm        <\/span>\n        \n    <br>\n\n    Ribadeo, Lugo, Galiza<\/p>\n\n        <\/header>\n\n        <!-- main -->\n        <main class=\"eap__excerpt\">\n                            <p class=\"eap__more\">\n                    <a href=\"https:\/\/www.modepen.org\/index.php\/events\/concentracion-en-ribadeo-2\/\">Read more<\/a>\n                <\/p>\n                        <\/main>\n    <\/div>\n<\/div>\n\n<div id=\"post-524\" class=\"eap__event\">\n    <div class=\"eap__img\">\n        <img loading=\"lazy\" decoding=\"async\" width=\"100\" height=\"87\" src=\"https:\/\/www.modepen.org\/wp-content\/uploads\/2019\/07\/Icono-MODEPEN.jpg\" class=\"attachment-post-thumbnail size-post-thumbnail wp-post-image\" alt=\"\" \/>    <\/div>\n\n    <div class=\"eap__content\">\n        <!-- header -->\n        <header class=\"eap__header\">\n            <h2 class=\"eap__title\"><a href=\"https:\/\/www.modepen.org\/index.php\/events\/concentracion-en-barreiros-9\/\" rel=\"bookmark\">Concentraci\u00f3n en Barreiros<\/a><\/h2>\n                        \n<!-- event meta -->\n<p class=\"eap__meta\">\n            <span class=\"eap__date no-wrap\">\n            <span class=\"dashicons dashicons-calendar-alt\"><\/span> Decembro 6, 2019        <\/span>\n         |         <span class=\"eap__time no-wrap\">\n            <span class=\"dashicons dashicons-clock\"><\/span> 12:00 pm        <\/span>\n        \n    <br>\n\n    Barreiros, Lugo, Galiza<\/p>\n\n        <\/header>\n\n        <!-- main -->\n        <main class=\"eap__excerpt\">\n                            <p class=\"eap__more\">\n                    <a href=\"https:\/\/www.modepen.org\/index.php\/events\/concentracion-en-barreiros-9\/\">Read more<\/a>\n                <\/p>\n                        <\/main>\n    <\/div>\n<\/div>\n\n<div id=\"post-526\" class=\"eap__event\">\n    <div class=\"eap__img\">\n        <img loading=\"lazy\" decoding=\"async\" width=\"100\" height=\"87\" src=\"https:\/\/www.modepen.org\/wp-content\/uploads\/2019\/07\/Icono-MODEPEN.jpg\" class=\"attachment-post-thumbnail size-post-thumbnail wp-post-image\" alt=\"\" \/>    <\/div>\n\n    <div class=\"eap__content\">\n        <!-- header -->\n        <header class=\"eap__header\">\n            <h2 class=\"eap__title\"><a href=\"https:\/\/www.modepen.org\/index.php\/events\/concentracion-diante-do-concello-lugo-13\/\" rel=\"bookmark\">Concentraci\u00f3n diante do Concello &#8211; Lugo<\/a><\/h2>\n                        \n<!-- event meta -->\n<p class=\"eap__meta\">\n            <span class=\"eap__date no-wrap\">\n            <span class=\"dashicons dashicons-calendar-alt\"><\/span> Decembro 6, 2019        <\/span>\n         |         <span class=\"eap__time no-wrap\">\n            <span class=\"dashicons dashicons-clock\"><\/span> 12:00 pm        <\/span>\n        \n    <br>\n\n    Lugo, Lugo, Galiza<\/p>\n\n        <\/header>\n\n        <!-- main -->\n        <main class=\"eap__excerpt\">\n                            <p class=\"eap__more\">\n                    <a href=\"https:\/\/www.modepen.org\/index.php\/events\/concentracion-diante-do-concello-lugo-13\/\">Read more<\/a>\n                <\/p>\n                        <\/main>\n    <\/div>\n<\/div>\n\n<div id=\"post-522\" class=\"eap__event\">\n    <div class=\"eap__img\">\n        <img loading=\"lazy\" decoding=\"async\" width=\"100\" height=\"87\" src=\"https:\/\/www.modepen.org\/wp-content\/uploads\/2019\/07\/Icono-MODEPEN.jpg\" class=\"attachment-post-thumbnail size-post-thumbnail wp-post-image\" alt=\"\" \/>    <\/div>\n\n    <div class=\"eap__content\">\n        <!-- header -->\n        <header class=\"eap__header\">\n            <h2 class=\"eap__title\"><a href=\"https:\/\/www.modepen.org\/index.php\/events\/concentracion-diante-do-concello-mondonedo-8\/\" rel=\"bookmark\">Concentracion diante do Concello &#8211;  Mondo\u00f1edo<\/a><\/h2>\n                        \n<!-- event meta -->\n<p class=\"eap__meta\">\n            <span class=\"eap__date no-wrap\">\n            <span class=\"dashicons dashicons-calendar-alt\"><\/span> Decembro 5, 2019        <\/span>\n         |         <span class=\"eap__time no-wrap\">\n            <span class=\"dashicons dashicons-clock\"><\/span> 12:00 pm        <\/span>\n        \n    <br>\n\n    Mondo\u00f1edo, Lugo, Galiza<\/p>\n\n        <\/header>\n\n        <!-- main -->\n        <main class=\"eap__excerpt\">\n                            <p class=\"eap__more\">\n                    <a href=\"https:\/\/www.modepen.org\/index.php\/events\/concentracion-diante-do-concello-mondonedo-8\/\">Read more<\/a>\n                <\/p>\n                        <\/main>\n    <\/div>\n<\/div>\n\n<div id=\"post-506\" class=\"eap__event\">\n    <div class=\"eap__img\">\n        <img loading=\"lazy\" decoding=\"async\" width=\"720\" height=\"560\" src=\"https:\/\/www.modepen.org\/wp-content\/uploads\/2019\/11\/Cartaz_CharlaVigo_191204_001-720x560.jpg\" class=\"attachment-post-thumbnail size-post-thumbnail wp-post-image\" alt=\"\" \/>    <\/div>\n\n    <div class=\"eap__content\">\n        <!-- header -->\n        <header class=\"eap__header\">\n            <h2 class=\"eap__title\"><a href=\"https:\/\/www.modepen.org\/index.php\/events\/charla-informativa-servizos-sociais-para-os-maiores-poucos-e-carisimps\/\" rel=\"bookmark\">Charla informativa: Servizos Sociais para os Maiores: Poucos e Car\u00edsimos<\/a><\/h2>\n                        \n<!-- event meta -->\n<p class=\"eap__meta\">\n            <span class=\"eap__date no-wrap\">\n            <span class=\"dashicons dashicons-calendar-alt\"><\/span> Decembro 4, 2019        <\/span>\n         |         <span class=\"eap__time no-wrap\">\n            <span class=\"dashicons dashicons-clock\"><\/span> 7:30 pm        <\/span>\n        \n    <br>\n\n    Espazo Cubo (Rua Dr. Cadaval, 17 B), Vigo, Galiza<\/p>\n\n        <\/header>\n\n        <!-- main -->\n        <main class=\"eap__excerpt\">\n                            <p class=\"eap__more\">\n                    <a href=\"https:\/\/www.modepen.org\/index.php\/events\/charla-informativa-servizos-sociais-para-os-maiores-poucos-e-carisimps\/\">Read more<\/a>\n                <\/p>\n                        <\/main>\n    <\/div>\n<\/div>\n\n<div id=\"post-520\" class=\"eap__event\">\n    <div class=\"eap__img\">\n        <img loading=\"lazy\" decoding=\"async\" width=\"100\" height=\"87\" src=\"https:\/\/www.modepen.org\/wp-content\/uploads\/2019\/07\/Icono-MODEPEN.jpg\" class=\"attachment-post-thumbnail size-post-thumbnail wp-post-image\" alt=\"\" \/>    <\/div>\n\n    <div class=\"eap__content\">\n        <!-- header -->\n        <header class=\"eap__header\">\n            <h2 class=\"eap__title\"><a href=\"https:\/\/www.modepen.org\/index.php\/events\/concentracion-en-boiro-11\/\" rel=\"bookmark\">Concentraci\u00f3n en Boiro<\/a><\/h2>\n                        \n<!-- event meta -->\n<p class=\"eap__meta\">\n            <span class=\"eap__date no-wrap\">\n            <span class=\"dashicons dashicons-calendar-alt\"><\/span> Decembro 3, 2019        <\/span>\n         |         <span class=\"eap__time no-wrap\">\n            <span class=\"dashicons dashicons-clock\"><\/span> 12:00 pm        <\/span>\n        \n    <br>\n\n    Boiro, A C oru\u00f1a, Galiza<\/p>\n\n        <\/header>\n\n        <!-- main -->\n        <main class=\"eap__excerpt\">\n                            <p class=\"eap__more\">\n                    <a href=\"https:\/\/www.modepen.org\/index.php\/events\/concentracion-en-boiro-11\/\">Read more<\/a>\n                <\/p>\n                        <\/main>\n    <\/div>\n<\/div>\n\n<div id=\"post-497\" class=\"eap__event\">\n    <div class=\"eap__img\">\n        <img loading=\"lazy\" decoding=\"async\" width=\"100\" height=\"87\" src=\"https:\/\/www.modepen.org\/wp-content\/uploads\/2019\/07\/Icono-MODEPEN.jpg\" class=\"attachment-post-thumbnail size-post-thumbnail wp-post-image\" alt=\"\" \/>    <\/div>\n\n    <div class=\"eap__content\">\n        <!-- header -->\n        <header class=\"eap__header\">\n            <h2 class=\"eap__title\"><a href=\"https:\/\/www.modepen.org\/index.php\/events\/concentracion-en-noia-8\/\" rel=\"bookmark\">Concentraci\u00f3n en Noia<\/a><\/h2>\n                        \n<!-- event meta -->\n<p class=\"eap__meta\">\n            <span class=\"eap__date no-wrap\">\n            <span class=\"dashicons dashicons-calendar-alt\"><\/span> Decembro 2, 2019        <\/span>\n        \n    <br>\n\n    Noia, A Coru\u00f1a, Galiza<\/p>\n\n        <\/header>\n\n        <!-- main -->\n        <main class=\"eap__excerpt\">\n                            <p class=\"eap__more\">\n                    <a href=\"https:\/\/www.modepen.org\/index.php\/events\/concentracion-en-noia-8\/\">Read more<\/a>\n                <\/p>\n                        <\/main>\n    <\/div>\n<\/div>\n\n<div id=\"post-503\" class=\"eap__event\">\n    <div class=\"eap__img\">\n        <img loading=\"lazy\" decoding=\"async\" width=\"510\" height=\"560\" src=\"https:\/\/www.modepen.org\/wp-content\/uploads\/2019\/11\/WhatsApp-Image-2019-11-26-at-13.43.26-510x560.jpeg\" class=\"attachment-post-thumbnail size-post-thumbnail wp-post-image\" alt=\"\" \/>    <\/div>\n\n    <div class=\"eap__content\">\n        <!-- header -->\n        <header class=\"eap__header\">\n            <h2 class=\"eap__title\"><a href=\"https:\/\/www.modepen.org\/index.php\/events\/concentracion-en-vigo-diante-do-marco\/\" rel=\"bookmark\">Concentraci\u00f3n en Vigo, diante do MARCO<\/a><\/h2>\n                        \n<!-- event meta -->\n<p class=\"eap__meta\">\n            <span class=\"eap__date no-wrap\">\n            <span class=\"dashicons dashicons-calendar-alt\"><\/span> Decembro 2, 2019        <\/span>\n         |         <span class=\"eap__time no-wrap\">\n            <span class=\"dashicons dashicons-clock\"><\/span> 8:00 pm        <\/span>\n        \n    <br>\n\n    Vigo, Vigo, Galiza<\/p>\n\n        <\/header>\n\n        <!-- main -->\n        <main class=\"eap__excerpt\">\n                            <p class=\"eap__more\">\n                    <a href=\"https:\/\/www.modepen.org\/index.php\/events\/concentracion-en-vigo-diante-do-marco\/\">Read more<\/a>\n                <\/p>\n                        <\/main>\n    <\/div>\n<\/div>\n\n<div id=\"post-493\" class=\"eap__event\">\n    <div class=\"eap__img\">\n        <img loading=\"lazy\" decoding=\"async\" width=\"100\" height=\"87\" src=\"https:\/\/www.modepen.org\/wp-content\/uploads\/2019\/07\/Icono-MODEPEN.jpg\" class=\"attachment-post-thumbnail size-post-thumbnail wp-post-image\" alt=\"\" \/>    <\/div>\n\n    <div class=\"eap__content\">\n        <!-- header -->\n        <header class=\"eap__header\">\n            <h2 class=\"eap__title\"><a href=\"https:\/\/www.modepen.org\/index.php\/events\/concentracion-en-barreiros-8\/\" rel=\"bookmark\">Concentraci\u00f3n en Barreiros<\/a><\/h2>\n                        \n<!-- event meta -->\n<p class=\"eap__meta\">\n            <span class=\"eap__date no-wrap\">\n            <span class=\"dashicons dashicons-calendar-alt\"><\/span> Novembro 29, 2019        <\/span>\n         |         <span class=\"eap__time no-wrap\">\n            <span class=\"dashicons dashicons-clock\"><\/span> 12:00 pm        <\/span>\n        \n    <br>\n\n    Barreiros, Lugo, Galiza<\/p>\n\n        <\/header>\n\n        <!-- main -->\n        <main class=\"eap__excerpt\">\n                            <p class=\"eap__more\">\n                    <a href=\"https:\/\/www.modepen.org\/index.php\/events\/concentracion-en-barreiros-8\/\">Read more<\/a>\n                <\/p>\n                        <\/main>\n    <\/div>\n<\/div>\n\n<div id=\"post-495\" class=\"eap__event\">\n    <div class=\"eap__img\">\n        <img loading=\"lazy\" decoding=\"async\" width=\"100\" height=\"87\" src=\"https:\/\/www.modepen.org\/wp-content\/uploads\/2019\/07\/Icono-MODEPEN.jpg\" class=\"attachment-post-thumbnail size-post-thumbnail wp-post-image\" alt=\"\" \/>    <\/div>\n\n    <div class=\"eap__content\">\n        <!-- header -->\n        <header class=\"eap__header\">\n            <h2 class=\"eap__title\"><a href=\"https:\/\/www.modepen.org\/index.php\/events\/concentracion-diante-do-concello-lugo-12\/\" rel=\"bookmark\">Concentraci\u00f3n diante do Concello &#8211; Lugo<\/a><\/h2>\n                        \n<!-- event meta -->\n<p class=\"eap__meta\">\n            <span class=\"eap__date no-wrap\">\n            <span class=\"dashicons dashicons-calendar-alt\"><\/span> Novembro 29, 2019        <\/span>\n        \n    <br>\n\n    Lugo, Lugo, Galiza<\/p>\n\n        <\/header>\n\n        <!-- main -->\n        <main class=\"eap__excerpt\">\n                            <p class=\"eap__more\">\n                    <a href=\"https:\/\/www.modepen.org\/index.php\/events\/concentracion-diante-do-concello-lugo-12\/\">Read more<\/a>\n                <\/p>\n                        <\/main>\n    <\/div>\n<\/div>\n\n<div id=\"post-499\" class=\"eap__event\">\n    <div class=\"eap__img\">\n        <img loading=\"lazy\" decoding=\"async\" width=\"840\" height=\"560\" src=\"https:\/\/www.modepen.org\/wp-content\/uploads\/2019\/11\/WhatsApp-Image-2019-11-22-at-12.20.48-840x560.jpeg\" class=\"attachment-post-thumbnail size-post-thumbnail wp-post-image\" alt=\"\" srcset=\"https:\/\/www.modepen.org\/wp-content\/uploads\/2019\/11\/WhatsApp-Image-2019-11-22-at-12.20.48-840x560.jpeg 840w, https:\/\/www.modepen.org\/wp-content\/uploads\/2019\/11\/WhatsApp-Image-2019-11-22-at-12.20.48-120x80.jpeg 120w, https:\/\/www.modepen.org\/wp-content\/uploads\/2019\/11\/WhatsApp-Image-2019-11-22-at-12.20.48-360x240.jpeg 360w, https:\/\/www.modepen.org\/wp-content\/uploads\/2019\/11\/WhatsApp-Image-2019-11-22-at-12.20.48-600x400.jpeg 600w\" sizes=\"auto, (max-width: 840px) 100vw, 840px\" \/>    <\/div>\n\n    <div class=\"eap__content\">\n        <!-- header -->\n        <header class=\"eap__header\">\n            <h2 class=\"eap__title\"><a href=\"https:\/\/www.modepen.org\/index.php\/events\/concentracion-na-praza-do-concello-en-cangas\/\" rel=\"bookmark\">Concentraci\u00f3n na Praza do Concello en Cangas<\/a><\/h2>\n                        \n<!-- event meta -->\n<p class=\"eap__meta\">\n            <span class=\"eap__date no-wrap\">\n            <span class=\"dashicons dashicons-calendar-alt\"><\/span> Novembro 29, 2019        <\/span>\n         |         <span class=\"eap__time no-wrap\">\n            <span class=\"dashicons dashicons-clock\"><\/span> 7:00 pm        <\/span>\n        \n    <br>\n\n    Cangas, Vigo, Galiza<\/p>\n\n        <\/header>\n\n        <!-- main -->\n        <main class=\"eap__excerpt\">\n                            <p class=\"eap__more\">\n                    <a href=\"https:\/\/www.modepen.org\/index.php\/events\/concentracion-na-praza-do-concello-en-cangas\/\">Read more<\/a>\n                <\/p>\n                        <\/main>\n    <\/div>\n<\/div>\n\n<div id=\"post-489\" class=\"eap__event\">\n    <div class=\"eap__img\">\n        <img loading=\"lazy\" decoding=\"async\" width=\"100\" height=\"87\" src=\"https:\/\/www.modepen.org\/wp-content\/uploads\/2019\/07\/Icono-MODEPEN.jpg\" class=\"attachment-post-thumbnail size-post-thumbnail wp-post-image\" alt=\"\" \/>    <\/div>\n\n    <div class=\"eap__content\">\n        <!-- header -->\n        <header class=\"eap__header\">\n            <h2 class=\"eap__title\"><a href=\"https:\/\/www.modepen.org\/index.php\/events\/concentracion-en-lourenza-4\/\" rel=\"bookmark\">Concentraci\u00f3n en Lourenz\u00e1<\/a><\/h2>\n                        \n<!-- event meta -->\n<p class=\"eap__meta\">\n            <span class=\"eap__date no-wrap\">\n            <span class=\"dashicons dashicons-calendar-alt\"><\/span> Novembro 28, 2019        <\/span>\n        \n    <br>\n\n    Lourenz\u00e1, Lugo, Galiza<\/p>\n\n        <\/header>\n\n        <!-- main -->\n        <main class=\"eap__excerpt\">\n                            <p class=\"eap__more\">\n                    <a href=\"https:\/\/www.modepen.org\/index.php\/events\/concentracion-en-lourenza-4\/\">Read more<\/a>\n                <\/p>\n                        <\/main>\n    <\/div>\n<\/div>\n\n<div id=\"post-491\" class=\"eap__event\">\n    <div class=\"eap__img\">\n        <img loading=\"lazy\" decoding=\"async\" width=\"100\" height=\"87\" src=\"https:\/\/www.modepen.org\/wp-content\/uploads\/2019\/07\/Icono-MODEPEN.jpg\" class=\"attachment-post-thumbnail size-post-thumbnail wp-post-image\" alt=\"\" \/>    <\/div>\n\n    <div class=\"eap__content\">\n        <!-- header -->\n        <header class=\"eap__header\">\n            <h2 class=\"eap__title\"><a href=\"https:\/\/www.modepen.org\/index.php\/events\/concentracion-diante-do-concello-mondonedo-7\/\" rel=\"bookmark\">Concentracion diante do Concello &#8211;  Mondo\u00f1edo<\/a><\/h2>\n                        \n<!-- event meta -->\n<p class=\"eap__meta\">\n            <span class=\"eap__date no-wrap\">\n            <span class=\"dashicons dashicons-calendar-alt\"><\/span> Novembro 28, 2019        <\/span>\n         |         <span class=\"eap__time no-wrap\">\n            <span class=\"dashicons dashicons-clock\"><\/span> 12:00 pm        <\/span>\n        \n    <br>\n\n    Mondo\u00f1edo, Lugo, Galiza<\/p>\n\n        <\/header>\n\n        <!-- main -->\n        <main class=\"eap__excerpt\">\n                            <p class=\"eap__more\">\n                    <a href=\"https:\/\/www.modepen.org\/index.php\/events\/concentracion-diante-do-concello-mondonedo-7\/\">Read more<\/a>\n                <\/p>\n                        <\/main>\n    <\/div>\n<\/div>\n\n<div id=\"post-486\" class=\"eap__event\">\n    <div class=\"eap__img\">\n        <img loading=\"lazy\" decoding=\"async\" width=\"100\" height=\"87\" src=\"https:\/\/www.modepen.org\/wp-content\/uploads\/2019\/07\/Icono-MODEPEN.jpg\" class=\"attachment-post-thumbnail size-post-thumbnail wp-post-image\" alt=\"\" \/>    <\/div>\n\n    <div class=\"eap__content\">\n        <!-- header -->\n        <header class=\"eap__header\">\n            <h2 class=\"eap__title\"><a href=\"https:\/\/www.modepen.org\/index.php\/events\/concentracion-en-boiro-10\/\" rel=\"bookmark\">Concentraci\u00f3n en Boiro<\/a><\/h2>\n                        \n<!-- event meta -->\n<p class=\"eap__meta\">\n            <span class=\"eap__date no-wrap\">\n            <span class=\"dashicons dashicons-calendar-alt\"><\/span> Novembro 26, 2019        <\/span>\n         |         <span class=\"eap__time no-wrap\">\n            <span class=\"dashicons dashicons-clock\"><\/span> 12:00 pm        <\/span>\n        \n    <br>\n\n    Boiro, A Coru\u00f1a, Galiza<\/p>\n\n        <\/header>\n\n        <!-- main -->\n        <main class=\"eap__excerpt\">\n                            <p class=\"eap__more\">\n                    <a href=\"https:\/\/www.modepen.org\/index.php\/events\/concentracion-en-boiro-10\/\">Read more<\/a>\n                <\/p>\n                        <\/main>\n    <\/div>\n<\/div>\n\n<div id=\"post-482\" class=\"eap__event\">\n    <div class=\"eap__img\">\n        <img loading=\"lazy\" decoding=\"async\" width=\"840\" height=\"560\" src=\"https:\/\/www.modepen.org\/wp-content\/uploads\/2019\/11\/WhatsApp-Image-2019-11-20-at-11.49.39-840x560.jpeg\" class=\"attachment-post-thumbnail size-post-thumbnail wp-post-image\" alt=\"\" srcset=\"https:\/\/www.modepen.org\/wp-content\/uploads\/2019\/11\/WhatsApp-Image-2019-11-20-at-11.49.39-840x560.jpeg 840w, https:\/\/www.modepen.org\/wp-content\/uploads\/2019\/11\/WhatsApp-Image-2019-11-20-at-11.49.39-120x80.jpeg 120w, https:\/\/www.modepen.org\/wp-content\/uploads\/2019\/11\/WhatsApp-Image-2019-11-20-at-11.49.39-360x240.jpeg 360w, https:\/\/www.modepen.org\/wp-content\/uploads\/2019\/11\/WhatsApp-Image-2019-11-20-at-11.49.39-600x400.jpeg 600w\" sizes=\"auto, (max-width: 840px) 100vw, 840px\" \/>    <\/div>\n\n    <div class=\"eap__content\">\n        <!-- header -->\n        <header class=\"eap__header\">\n            <h2 class=\"eap__title\"><a href=\"https:\/\/www.modepen.org\/index.php\/events\/concentracion-diante-do-concello\/\" rel=\"bookmark\">Concentraci\u00f3n diante do Concello<\/a><\/h2>\n                        \n<!-- event meta -->\n<p class=\"eap__meta\">\n            <span class=\"eap__date no-wrap\">\n            <span class=\"dashicons dashicons-calendar-alt\"><\/span> Novembro 23, 2019        <\/span>\n         |         <span class=\"eap__time no-wrap\">\n            <span class=\"dashicons dashicons-clock\"><\/span> 12:00 pm        <\/span>\n        \n    <br>\n\n    Cari\u00f1o, A Coru\u00f1a, Galiza<\/p>\n\n        <\/header>\n\n        <!-- main -->\n        <main class=\"eap__excerpt\">\n                            <p class=\"eap__more\">\n                    <a href=\"https:\/\/www.modepen.org\/index.php\/events\/concentracion-diante-do-concello\/\">Read more<\/a>\n                <\/p>\n                        <\/main>\n    <\/div>\n<\/div>\n\n<div id=\"post-476\" class=\"eap__event\">\n    <div class=\"eap__img\">\n        <img loading=\"lazy\" decoding=\"async\" width=\"100\" height=\"87\" src=\"https:\/\/www.modepen.org\/wp-content\/uploads\/2019\/07\/Icono-MODEPEN.jpg\" class=\"attachment-post-thumbnail size-post-thumbnail wp-post-image\" alt=\"\" \/>    <\/div>\n\n    <div class=\"eap__content\">\n        <!-- header -->\n        <header class=\"eap__header\">\n            <h2 class=\"eap__title\"><a href=\"https:\/\/www.modepen.org\/index.php\/events\/concentracion-en-barreiros-7\/\" rel=\"bookmark\">Concentraci\u00f3n en Barreiros<\/a><\/h2>\n                        \n<!-- event meta -->\n<p class=\"eap__meta\">\n            <span class=\"eap__date no-wrap\">\n            <span class=\"dashicons dashicons-calendar-alt\"><\/span> Novembro 22, 2019        <\/span>\n         |         <span class=\"eap__time no-wrap\">\n            <span class=\"dashicons dashicons-clock\"><\/span> 12:00 pm        <\/span>\n        \n    <br>\n\n    Barreiros, Lugo, Galiza<\/p>\n\n        <\/header>\n\n        <!-- main -->\n        <main class=\"eap__excerpt\">\n                            <p class=\"eap__more\">\n                    <a href=\"https:\/\/www.modepen.org\/index.php\/events\/concentracion-en-barreiros-7\/\">Read more<\/a>\n                <\/p>\n                        <\/main>\n    <\/div>\n<\/div>\n\n<div id=\"post-478\" class=\"eap__event\">\n    <div class=\"eap__img\">\n        <img loading=\"lazy\" decoding=\"async\" width=\"840\" height=\"560\" src=\"https:\/\/www.modepen.org\/wp-content\/uploads\/2019\/11\/IMG-20191119-WA0003-840x560.jpg\" class=\"attachment-post-thumbnail size-post-thumbnail wp-post-image\" alt=\"\" srcset=\"https:\/\/www.modepen.org\/wp-content\/uploads\/2019\/11\/IMG-20191119-WA0003-840x560.jpg 840w, https:\/\/www.modepen.org\/wp-content\/uploads\/2019\/11\/IMG-20191119-WA0003-120x80.jpg 120w, https:\/\/www.modepen.org\/wp-content\/uploads\/2019\/11\/IMG-20191119-WA0003-360x240.jpg 360w, https:\/\/www.modepen.org\/wp-content\/uploads\/2019\/11\/IMG-20191119-WA0003-600x400.jpg 600w\" sizes=\"auto, (max-width: 840px) 100vw, 840px\" \/>    <\/div>\n\n    <div class=\"eap__content\">\n        <!-- header -->\n        <header class=\"eap__header\">\n            <h2 class=\"eap__title\"><a href=\"https:\/\/www.modepen.org\/index.php\/events\/concentracion-diante-do-concello-lugo-11\/\" rel=\"bookmark\">Concentraci\u00f3n diante do Concello &#8211; Lugo<\/a><\/h2>\n                        \n<!-- event meta -->\n<p class=\"eap__meta\">\n            <span class=\"eap__date no-wrap\">\n            <span class=\"dashicons dashicons-calendar-alt\"><\/span> Novembro 22, 2019        <\/span>\n         |         <span class=\"eap__time no-wrap\">\n            <span class=\"dashicons dashicons-clock\"><\/span> 12:00 pm        <\/span>\n        \n    <br>\n\n    Lugo, Lugo, Galiza<\/p>\n\n        <\/header>\n\n        <!-- main -->\n        <main class=\"eap__excerpt\">\n                            <p class=\"eap__more\">\n                    <a href=\"https:\/\/www.modepen.org\/index.php\/events\/concentracion-diante-do-concello-lugo-11\/\">Read more<\/a>\n                <\/p>\n                        <\/main>\n    <\/div>\n<\/div>\n\n<div id=\"post-474\" class=\"eap__event\">\n    <div class=\"eap__img\">\n        <img loading=\"lazy\" decoding=\"async\" width=\"100\" height=\"87\" src=\"https:\/\/www.modepen.org\/wp-content\/uploads\/2019\/07\/Icono-MODEPEN.jpg\" class=\"attachment-post-thumbnail size-post-thumbnail wp-post-image\" alt=\"\" \/>    <\/div>\n\n    <div class=\"eap__content\">\n        <!-- header -->\n        <header class=\"eap__header\">\n            <h2 class=\"eap__title\"><a href=\"https:\/\/www.modepen.org\/index.php\/events\/concentracion-diante-do-concello-mondonedo-6\/\" rel=\"bookmark\">Concentracion diante do Concello &#8211;  Mondo\u00f1edo<\/a><\/h2>\n                        \n<!-- event meta -->\n<p class=\"eap__meta\">\n            <span class=\"eap__date no-wrap\">\n            <span class=\"dashicons dashicons-calendar-alt\"><\/span> Novembro 21, 2019        <\/span>\n         |         <span class=\"eap__time no-wrap\">\n            <span class=\"dashicons dashicons-clock\"><\/span> 12:00 pm        <\/span>\n        \n    <br>\n\n    Mondo\u00f1edo, Lugo, Galiza<\/p>\n\n        <\/header>\n\n        <!-- main -->\n        <main class=\"eap__excerpt\">\n                            <p class=\"eap__more\">\n                    <a href=\"https:\/\/www.modepen.org\/index.php\/events\/concentracion-diante-do-concello-mondonedo-6\/\">Read more<\/a>\n                <\/p>\n                        <\/main>\n    <\/div>\n<\/div>\n\n<div id=\"post-465\" class=\"eap__event\">\n    <div class=\"eap__img\">\n        <img loading=\"lazy\" decoding=\"async\" width=\"712\" height=\"560\" src=\"https:\/\/www.modepen.org\/wp-content\/uploads\/2019\/11\/Cartaz-Charla-O-Porri\u00f1o-20-11-2019-1-e1573493078447-712x560.jpg\" class=\"attachment-post-thumbnail size-post-thumbnail wp-post-image\" alt=\"\" \/>    <\/div>\n\n    <div class=\"eap__content\">\n        <!-- header -->\n        <header class=\"eap__header\">\n            <h2 class=\"eap__title\"><a href=\"https:\/\/www.modepen.org\/index.php\/events\/charla-coloquio-servizos-sociais-para-os-maiores-poucos-e-carisimos\/\" rel=\"bookmark\">Charla-Coloquio: Servizos Sociais para os Maiores: Poucos e Car\u00edsimos<\/a><\/h2>\n                        \n<!-- event meta -->\n<p class=\"eap__meta\">\n            <span class=\"eap__date no-wrap\">\n            <span class=\"dashicons dashicons-calendar-alt\"><\/span> Novembro 20, 2019        <\/span>\n         |         <span class=\"eap__time no-wrap\">\n            <span class=\"dashicons dashicons-clock\"><\/span> 7:30 pm        <\/span>\n        \n    <br>\n\n    O Porri\u00f1o, A louri\u00f1a, Galiza<\/p>\n\n        <\/header>\n\n        <!-- main -->\n        <main class=\"eap__excerpt\">\n                            <p class=\"eap__more\">\n                    <a href=\"https:\/\/www.modepen.org\/index.php\/events\/charla-coloquio-servizos-sociais-para-os-maiores-poucos-e-carisimos\/\">Read more<\/a>\n                <\/p>\n                        <\/main>\n    <\/div>\n<\/div>\n\n<div id=\"post-463\" class=\"eap__event\">\n    <div class=\"eap__img\">\n        <img loading=\"lazy\" decoding=\"async\" width=\"100\" height=\"87\" src=\"https:\/\/www.modepen.org\/wp-content\/uploads\/2019\/07\/Icono-MODEPEN.jpg\" class=\"attachment-post-thumbnail size-post-thumbnail wp-post-image\" alt=\"\" \/>    <\/div>\n\n    <div class=\"eap__content\">\n        <!-- header -->\n        <header class=\"eap__header\">\n            <h2 class=\"eap__title\"><a href=\"https:\/\/www.modepen.org\/index.php\/events\/concentracion-en-boiro-9\/\" rel=\"bookmark\">Concentraci\u00f3n en Boiro<\/a><\/h2>\n                        \n<!-- event meta -->\n<p class=\"eap__meta\">\n            <span class=\"eap__date no-wrap\">\n            <span class=\"dashicons dashicons-calendar-alt\"><\/span> Novembro 19, 2019        <\/span>\n         |         <span class=\"eap__time no-wrap\">\n            <span class=\"dashicons dashicons-clock\"><\/span> 12:00 pm        <\/span>\n        \n    <br>\n\n    Boiro, A Coru\u00f1a, Galiza<\/p>\n\n        <\/header>\n\n        <!-- main -->\n        <main class=\"eap__excerpt\">\n                            <p class=\"eap__more\">\n                    <a href=\"https:\/\/www.modepen.org\/index.php\/events\/concentracion-en-boiro-9\/\">Read more<\/a>\n                <\/p>\n                        <\/main>\n    <\/div>\n<\/div>\n\n<div id=\"post-442\" class=\"eap__event\">\n    <div class=\"eap__img\">\n        <img loading=\"lazy\" decoding=\"async\" width=\"794\" height=\"560\" src=\"https:\/\/www.modepen.org\/wp-content\/uploads\/2019\/11\/Cartel-Concentracion-Porri\u00f1o-2019-11-18-794x560.jpg\" class=\"attachment-post-thumbnail size-post-thumbnail wp-post-image\" alt=\"\" \/>    <\/div>\n\n    <div class=\"eap__content\">\n        <!-- header -->\n        <header class=\"eap__header\">\n            <h2 class=\"eap__title\"><a href=\"https:\/\/www.modepen.org\/index.php\/events\/concentracion-en-o-porrino\/\" rel=\"bookmark\">Concentraci\u00f3n en O Porri\u00f1o<\/a><\/h2>\n                        \n<!-- event meta -->\n<p class=\"eap__meta\">\n            <span class=\"eap__date no-wrap\">\n            <span class=\"dashicons dashicons-calendar-alt\"><\/span> Novembro 18, 2019        <\/span>\n         |         <span class=\"eap__time no-wrap\">\n            <span class=\"dashicons dashicons-clock\"><\/span> 8:00 pm        <\/span>\n        \n    <br>\n\n    O Porri\u00f1o, A Louri\u00f1a - Vigo, Galiza<\/p>\n\n        <\/header>\n\n        <!-- main -->\n        <main class=\"eap__excerpt\">\n                            <p class=\"eap__more\">\n                    <a href=\"https:\/\/www.modepen.org\/index.php\/events\/concentracion-en-o-porrino\/\">Read more<\/a>\n                <\/p>\n                        <\/main>\n    <\/div>\n<\/div>\n\n<div id=\"post-461\" class=\"eap__event\">\n    <div class=\"eap__img\">\n        <img loading=\"lazy\" decoding=\"async\" width=\"100\" height=\"87\" src=\"https:\/\/www.modepen.org\/wp-content\/uploads\/2019\/07\/Icono-MODEPEN.jpg\" class=\"attachment-post-thumbnail size-post-thumbnail wp-post-image\" alt=\"\" \/>    <\/div>\n\n    <div class=\"eap__content\">\n        <!-- header -->\n        <header class=\"eap__header\">\n            <h2 class=\"eap__title\"><a href=\"https:\/\/www.modepen.org\/index.php\/events\/concentracion-en-noia-7\/\" rel=\"bookmark\">Concentraci\u00f3n en Noia<\/a><\/h2>\n                        \n<!-- event meta -->\n<p class=\"eap__meta\">\n            <span class=\"eap__date no-wrap\">\n            <span class=\"dashicons dashicons-calendar-alt\"><\/span> Novembro 18, 2019        <\/span>\n         |         <span class=\"eap__time no-wrap\">\n            <span class=\"dashicons dashicons-clock\"><\/span> 12:00 pm        <\/span>\n        \n    <br>\n\n    Noia, A Coru\u00f1a, Galiza<\/p>\n\n        <\/header>\n\n        <!-- main -->\n        <main class=\"eap__excerpt\">\n                            <p class=\"eap__more\">\n                    <a href=\"https:\/\/www.modepen.org\/index.php\/events\/concentracion-en-noia-7\/\">Read more<\/a>\n                <\/p>\n                        <\/main>\n    <\/div>\n<\/div>\n\n<div id=\"post-457\" class=\"eap__event\">\n    <div class=\"eap__img\">\n        <img loading=\"lazy\" decoding=\"async\" width=\"100\" height=\"87\" src=\"https:\/\/www.modepen.org\/wp-content\/uploads\/2019\/07\/Icono-MODEPEN.jpg\" class=\"attachment-post-thumbnail size-post-thumbnail wp-post-image\" alt=\"\" \/>    <\/div>\n\n    <div class=\"eap__content\">\n        <!-- header -->\n        <header class=\"eap__header\">\n            <h2 class=\"eap__title\"><a href=\"https:\/\/www.modepen.org\/index.php\/events\/concentracion-en-barreiros-6\/\" rel=\"bookmark\">Concentracion en Barreiros<\/a><\/h2>\n                        \n<!-- event meta -->\n<p class=\"eap__meta\">\n            <span class=\"eap__date no-wrap\">\n            <span class=\"dashicons dashicons-calendar-alt\"><\/span> Novembro 15, 2019        <\/span>\n         |         <span class=\"eap__time no-wrap\">\n            <span class=\"dashicons dashicons-clock\"><\/span> 12:00 pm        <\/span>\n        \n    <br>\n\n    Barreiros, Lugo, Lugo<\/p>\n\n        <\/header>\n\n        <!-- main -->\n        <main class=\"eap__excerpt\">\n                            <p class=\"eap__more\">\n                    <a href=\"https:\/\/www.modepen.org\/index.php\/events\/concentracion-en-barreiros-6\/\">Read more<\/a>\n                <\/p>\n                        <\/main>\n    <\/div>\n<\/div>\n\n<div id=\"post-459\" class=\"eap__event\">\n    <div class=\"eap__img\">\n        <img loading=\"lazy\" decoding=\"async\" width=\"662\" height=\"560\" src=\"https:\/\/www.modepen.org\/wp-content\/uploads\/2019\/11\/75594328_10215201567289296_8753427126327181312_o-e1573717887181-662x560.jpg\" class=\"attachment-post-thumbnail size-post-thumbnail wp-post-image\" alt=\"\" \/>    <\/div>\n\n    <div class=\"eap__content\">\n        <!-- header -->\n        <header class=\"eap__header\">\n            <h2 class=\"eap__title\"><a href=\"https:\/\/www.modepen.org\/index.php\/events\/concentracion-diante-do-concello-lugo-10\/\" rel=\"bookmark\">Concentracion diante do Concello &#8211; Lugo<\/a><\/h2>\n                        \n<!-- event meta -->\n<p class=\"eap__meta\">\n            <span class=\"eap__date no-wrap\">\n            <span class=\"dashicons dashicons-calendar-alt\"><\/span> Novembro 15, 2019        <\/span>\n         |         <span class=\"eap__time no-wrap\">\n            <span class=\"dashicons dashicons-clock\"><\/span> 12:00 pm        <\/span>\n        \n    <br>\n\n    Lugo, Lugo, Galiza<\/p>\n\n        <\/header>\n\n        <!-- main -->\n        <main class=\"eap__excerpt\">\n                            <p class=\"eap__more\">\n                    <a href=\"https:\/\/www.modepen.org\/index.php\/events\/concentracion-diante-do-concello-lugo-10\/\">Read more<\/a>\n                <\/p>\n                        <\/main>\n    <\/div>\n<\/div>\n\n<div id=\"post-440\" class=\"eap__event\">\n    <div class=\"eap__img\">\n        <img loading=\"lazy\" decoding=\"async\" width=\"100\" height=\"87\" src=\"https:\/\/www.modepen.org\/wp-content\/uploads\/2019\/07\/Icono-MODEPEN.jpg\" class=\"attachment-post-thumbnail size-post-thumbnail wp-post-image\" alt=\"\" \/>    <\/div>\n\n    <div class=\"eap__content\">\n        <!-- header -->\n        <header class=\"eap__header\">\n            <h2 class=\"eap__title\"><a href=\"https:\/\/www.modepen.org\/index.php\/events\/concentracion-diante-do-concello-mondonedo-5\/\" rel=\"bookmark\">Concentracion diante do Concello &#8211;  Mondo\u00f1edo<\/a><\/h2>\n                        \n<!-- event meta -->\n<p class=\"eap__meta\">\n            <span class=\"eap__date no-wrap\">\n            <span class=\"dashicons dashicons-calendar-alt\"><\/span> Novembro 14, 2019        <\/span>\n         |         <span class=\"eap__time no-wrap\">\n            <span class=\"dashicons dashicons-clock\"><\/span> 12:00 pm        <\/span>\n        \n    <br>\n\n    Mondo\u00f1edo, Lugo, Galiza<\/p>\n\n        <\/header>\n\n        <!-- main -->\n        <main class=\"eap__excerpt\">\n                            <p class=\"eap__more\">\n                    <a href=\"https:\/\/www.modepen.org\/index.php\/events\/concentracion-diante-do-concello-mondonedo-5\/\">Read more<\/a>\n                <\/p>\n                        <\/main>\n    <\/div>\n<\/div>\n\n<div id=\"post-438\" class=\"eap__event\">\n    <div class=\"eap__img\">\n        <img loading=\"lazy\" decoding=\"async\" width=\"100\" height=\"87\" src=\"https:\/\/www.modepen.org\/wp-content\/uploads\/2019\/07\/Icono-MODEPEN.jpg\" class=\"attachment-post-thumbnail size-post-thumbnail wp-post-image\" alt=\"\" \/>    <\/div>\n\n    <div class=\"eap__content\">\n        <!-- header -->\n        <header class=\"eap__header\">\n            <h2 class=\"eap__title\"><a href=\"https:\/\/www.modepen.org\/index.php\/events\/concentracion-en-boiro-8\/\" rel=\"bookmark\">Concentraci\u00f3n en Boiro<\/a><\/h2>\n                        \n<!-- event meta -->\n<p class=\"eap__meta\">\n            <span class=\"eap__date no-wrap\">\n            <span class=\"dashicons dashicons-calendar-alt\"><\/span> Novembro 12, 2019        <\/span>\n         |         <span class=\"eap__time no-wrap\">\n            <span class=\"dashicons dashicons-clock\"><\/span> 12:00 pm        <\/span>\n        \n    <br>\n\n    Boiro, A Coru\u00f1a, Galiza<\/p>\n\n        <\/header>\n\n        <!-- main -->\n        <main class=\"eap__excerpt\">\n                            <p class=\"eap__more\">\n                    <a href=\"https:\/\/www.modepen.org\/index.php\/events\/concentracion-en-boiro-8\/\">Read more<\/a>\n                <\/p>\n                        <\/main>\n    <\/div>\n<\/div>\n\n<div id=\"post-436\" class=\"eap__event\">\n    <div class=\"eap__img\">\n        <img loading=\"lazy\" decoding=\"async\" width=\"100\" height=\"87\" src=\"https:\/\/www.modepen.org\/wp-content\/uploads\/2019\/07\/Icono-MODEPEN.jpg\" class=\"attachment-post-thumbnail size-post-thumbnail wp-post-image\" alt=\"\" \/>    <\/div>\n\n    <div class=\"eap__content\">\n        <!-- header -->\n        <header class=\"eap__header\">\n            <h2 class=\"eap__title\"><a href=\"https:\/\/www.modepen.org\/index.php\/events\/concentracion-en-noia-6\/\" rel=\"bookmark\">Concentraci\u00f3n en Noia<\/a><\/h2>\n                        \n<!-- event meta -->\n<p class=\"eap__meta\">\n            <span class=\"eap__date no-wrap\">\n            <span class=\"dashicons dashicons-calendar-alt\"><\/span> Novembro 11, 2019        <\/span>\n         |         <span class=\"eap__time no-wrap\">\n            <span class=\"dashicons dashicons-clock\"><\/span> 12:00 pm        <\/span>\n        \n    <br>\n\n    Noia, A Coru\u00f1a, Galiza<\/p>\n\n        <\/header>\n\n        <!-- main -->\n        <main class=\"eap__excerpt\">\n                            <p class=\"eap__more\">\n                    <a href=\"https:\/\/www.modepen.org\/index.php\/events\/concentracion-en-noia-6\/\">Read more<\/a>\n                <\/p>\n                        <\/main>\n    <\/div>\n<\/div>\n\n<div id=\"post-430\" class=\"eap__event\">\n    <div class=\"eap__img\">\n        <img loading=\"lazy\" decoding=\"async\" width=\"100\" height=\"87\" src=\"https:\/\/www.modepen.org\/wp-content\/uploads\/2019\/07\/Icono-MODEPEN.jpg\" class=\"attachment-post-thumbnail size-post-thumbnail wp-post-image\" alt=\"\" \/>    <\/div>\n\n    <div class=\"eap__content\">\n        <!-- header -->\n        <header class=\"eap__header\">\n            <h2 class=\"eap__title\"><a href=\"https:\/\/www.modepen.org\/index.php\/events\/concentracion-en-lourenza-3\/\" rel=\"bookmark\">Concentraci\u00f3n en Lourenz\u00e1<\/a><\/h2>\n                        \n<!-- event meta -->\n<p class=\"eap__meta\">\n            <span class=\"eap__date no-wrap\">\n            <span class=\"dashicons dashicons-calendar-alt\"><\/span> Novembro 9, 2019        <\/span>\n        \n    <br>\n\n    Lourenz\u00e1, Lugo, Galicia<\/p>\n\n        <\/header>\n\n        <!-- main -->\n        <main class=\"eap__excerpt\">\n                            <p class=\"eap__more\">\n                    <a href=\"https:\/\/www.modepen.org\/index.php\/events\/concentracion-en-lourenza-3\/\">Read more<\/a>\n                <\/p>\n                        <\/main>\n    <\/div>\n<\/div>\n\n<div id=\"post-434\" class=\"eap__event\">\n    <div class=\"eap__img\">\n        <img loading=\"lazy\" decoding=\"async\" width=\"100\" height=\"87\" src=\"https:\/\/www.modepen.org\/wp-content\/uploads\/2019\/07\/Icono-MODEPEN.jpg\" class=\"attachment-post-thumbnail size-post-thumbnail wp-post-image\" alt=\"\" \/>    <\/div>\n\n    <div class=\"eap__content\">\n        <!-- header -->\n        <header class=\"eap__header\">\n            <h2 class=\"eap__title\"><a href=\"https:\/\/www.modepen.org\/index.php\/events\/concentracion-en-foz-2\/\" rel=\"bookmark\">Concentraci\u00f3n en Foz<\/a><\/h2>\n                        \n<!-- event meta -->\n<p class=\"eap__meta\">\n            <span class=\"eap__date no-wrap\">\n            <span class=\"dashicons dashicons-calendar-alt\"><\/span> Novembro 9, 2019        <\/span>\n         |         <span class=\"eap__time no-wrap\">\n            <span class=\"dashicons dashicons-clock\"><\/span> 12:00 pm        <\/span>\n        \n    <br>\n\n    Foz, Lugo, Galiza<\/p>\n\n        <\/header>\n\n        <!-- main -->\n        <main class=\"eap__excerpt\">\n                            <p class=\"eap__more\">\n                    <a href=\"https:\/\/www.modepen.org\/index.php\/events\/concentracion-en-foz-2\/\">Read more<\/a>\n                <\/p>\n                        <\/main>\n    <\/div>\n<\/div>\n\n<div id=\"post-426\" class=\"eap__event\">\n    <div class=\"eap__img\">\n        <img loading=\"lazy\" decoding=\"async\" width=\"100\" height=\"87\" src=\"https:\/\/www.modepen.org\/wp-content\/uploads\/2019\/07\/Icono-MODEPEN.jpg\" class=\"attachment-post-thumbnail size-post-thumbnail wp-post-image\" alt=\"\" \/>    <\/div>\n\n    <div class=\"eap__content\">\n        <!-- header -->\n        <header class=\"eap__header\">\n            <h2 class=\"eap__title\"><a href=\"https:\/\/www.modepen.org\/index.php\/events\/concentracion-en-barreiros-5\/\" rel=\"bookmark\">Concentracion en Barreiros<\/a><\/h2>\n                        \n<!-- event meta -->\n<p class=\"eap__meta\">\n            <span class=\"eap__date no-wrap\">\n            <span class=\"dashicons dashicons-calendar-alt\"><\/span> Novembro 8, 2019        <\/span>\n        \n    <br>\n\n    Barreiros, Lugo, Galicia<\/p>\n\n        <\/header>\n\n        <!-- main -->\n        <main class=\"eap__excerpt\">\n                            <p class=\"eap__more\">\n                    <a href=\"https:\/\/www.modepen.org\/index.php\/events\/concentracion-en-barreiros-5\/\">Read more<\/a>\n                <\/p>\n                        <\/main>\n    <\/div>\n<\/div>\n\n<div id=\"post-428\" class=\"eap__event\">\n    <div class=\"eap__img\">\n        <img loading=\"lazy\" decoding=\"async\" width=\"820\" height=\"560\" src=\"https:\/\/www.modepen.org\/wp-content\/uploads\/2019\/11\/WhatsApp-Image-2019-11-05-at-18.38.18-820x560.jpeg\" class=\"attachment-post-thumbnail size-post-thumbnail wp-post-image\" alt=\"\" \/>    <\/div>\n\n    <div class=\"eap__content\">\n        <!-- header -->\n        <header class=\"eap__header\">\n            <h2 class=\"eap__title\"><a href=\"https:\/\/www.modepen.org\/index.php\/events\/concentracion-diante-do-concello-lugo-9\/\" rel=\"bookmark\">Concentracion diante do Concello &#8211; Lugo<\/a><\/h2>\n                        \n<!-- event meta -->\n<p class=\"eap__meta\">\n            <span class=\"eap__date no-wrap\">\n            <span class=\"dashicons dashicons-calendar-alt\"><\/span> Novembro 8, 2019        <\/span>\n         |         <span class=\"eap__time no-wrap\">\n            <span class=\"dashicons dashicons-clock\"><\/span> 12:00 pm        <\/span>\n        \n    <br>\n\n    Lugo, Lugo, Galicia<\/p>\n\n        <\/header>\n\n        <!-- main -->\n        <main class=\"eap__excerpt\">\n                            <p class=\"eap__more\">\n                    <a href=\"https:\/\/www.modepen.org\/index.php\/events\/concentracion-diante-do-concello-lugo-9\/\">Read more<\/a>\n                <\/p>\n                        <\/main>\n    <\/div>\n<\/div>\n\n<div id=\"post-424\" class=\"eap__event\">\n    <div class=\"eap__img\">\n        <img loading=\"lazy\" decoding=\"async\" width=\"100\" height=\"87\" src=\"https:\/\/www.modepen.org\/wp-content\/uploads\/2019\/07\/Icono-MODEPEN.jpg\" class=\"attachment-post-thumbnail size-post-thumbnail wp-post-image\" alt=\"\" \/>    <\/div>\n\n    <div class=\"eap__content\">\n        <!-- header -->\n        <header class=\"eap__header\">\n            <h2 class=\"eap__title\"><a href=\"https:\/\/www.modepen.org\/index.php\/events\/concentracion-diante-do-concello-mondonedo-4\/\" rel=\"bookmark\">Concentracion diante do Concello &#8211;  Mondo\u00f1edo<\/a><\/h2>\n                        \n<!-- event meta -->\n<p class=\"eap__meta\">\n            <span class=\"eap__date no-wrap\">\n            <span class=\"dashicons dashicons-calendar-alt\"><\/span> Novembro 7, 2019        <\/span>\n         |         <span class=\"eap__time no-wrap\">\n            <span class=\"dashicons dashicons-clock\"><\/span> 12:00 pm        <\/span>\n        \n    <br>\n\n    Mondo\u00f1edo, Lugo, Galicia<\/p>\n\n        <\/header>\n\n        <!-- main -->\n        <main class=\"eap__excerpt\">\n                            <p class=\"eap__more\">\n                    <a href=\"https:\/\/www.modepen.org\/index.php\/events\/concentracion-diante-do-concello-mondonedo-4\/\">Read more<\/a>\n                <\/p>\n                        <\/main>\n    <\/div>\n<\/div>\n\n<div id=\"post-422\" class=\"eap__event\">\n    <div class=\"eap__img\">\n        <img loading=\"lazy\" decoding=\"async\" width=\"840\" height=\"473\" src=\"https:\/\/www.modepen.org\/wp-content\/uploads\/2019\/08\/70085882_2891693944179585_1168317420469747712_n.jpg\" class=\"attachment-post-thumbnail size-post-thumbnail wp-post-image\" alt=\"\" \/>    <\/div>\n\n    <div class=\"eap__content\">\n        <!-- header -->\n        <header class=\"eap__header\">\n            <h2 class=\"eap__title\"><a href=\"https:\/\/www.modepen.org\/index.php\/events\/concentracion-en-boiro-7\/\" rel=\"bookmark\">Concentracion en Boiro<\/a><\/h2>\n                        \n<!-- event meta -->\n<p class=\"eap__meta\">\n            <span class=\"eap__date no-wrap\">\n            <span class=\"dashicons dashicons-calendar-alt\"><\/span> Novembro 5, 2019        <\/span>\n         |         <span class=\"eap__time no-wrap\">\n            <span class=\"dashicons dashicons-clock\"><\/span> 12:00 pm        <\/span>\n        \n    <br>\n\n    Boiro, A Coru\u00f1a, Galicia<\/p>\n\n        <\/header>\n\n        <!-- main -->\n        <main class=\"eap__excerpt\">\n                            <p class=\"eap__more\">\n                    <a href=\"https:\/\/www.modepen.org\/index.php\/events\/concentracion-en-boiro-7\/\">Read more<\/a>\n                <\/p>\n                        <\/main>\n    <\/div>\n<\/div>\n\n<div id=\"post-417\" class=\"eap__event\">\n    <div class=\"eap__img\">\n        <img loading=\"lazy\" decoding=\"async\" width=\"100\" height=\"87\" src=\"https:\/\/www.modepen.org\/wp-content\/uploads\/2019\/07\/Icono-MODEPEN.jpg\" class=\"attachment-post-thumbnail size-post-thumbnail wp-post-image\" alt=\"\" \/>    <\/div>\n\n    <div class=\"eap__content\">\n        <!-- header -->\n        <header class=\"eap__header\">\n            <h2 class=\"eap__title\"><a href=\"https:\/\/www.modepen.org\/index.php\/events\/concentracion-en-noia-5\/\" rel=\"bookmark\">Concentracion en Noia<\/a><\/h2>\n                        \n<!-- event meta -->\n<p class=\"eap__meta\">\n            <span class=\"eap__date no-wrap\">\n            <span class=\"dashicons dashicons-calendar-alt\"><\/span> Novembro 4, 2019        <\/span>\n         |         <span class=\"eap__time no-wrap\">\n            <span class=\"dashicons dashicons-clock\"><\/span> 12:00 pm        <\/span>\n        \n    <br>\n\n    Noia, A Coru\u00f1a, Galicia<\/p>\n\n        <\/header>\n\n        <!-- main -->\n        <main class=\"eap__excerpt\">\n                            <p class=\"eap__more\">\n                    <a href=\"https:\/\/www.modepen.org\/index.php\/events\/concentracion-en-noia-5\/\">Read more<\/a>\n                <\/p>\n                        <\/main>\n    <\/div>\n<\/div>\n\n<div id=\"post-419\" class=\"eap__event\">\n    <div class=\"eap__img\">\n        <img loading=\"lazy\" decoding=\"async\" width=\"805\" height=\"479\" src=\"https:\/\/www.modepen.org\/wp-content\/uploads\/2019\/11\/WhatsApp-Image-2019-10-31-at-14.07.04.jpeg\" class=\"attachment-post-thumbnail size-post-thumbnail wp-post-image\" alt=\"\" srcset=\"https:\/\/www.modepen.org\/wp-content\/uploads\/2019\/11\/WhatsApp-Image-2019-10-31-at-14.07.04.jpeg 805w, https:\/\/www.modepen.org\/wp-content\/uploads\/2019\/11\/WhatsApp-Image-2019-10-31-at-14.07.04-300x179.jpeg 300w, https:\/\/www.modepen.org\/wp-content\/uploads\/2019\/11\/WhatsApp-Image-2019-10-31-at-14.07.04-768x457.jpeg 768w\" sizes=\"auto, (max-width: 805px) 100vw, 805px\" \/>    <\/div>\n\n    <div class=\"eap__content\">\n        <!-- header -->\n        <header class=\"eap__header\">\n            <h2 class=\"eap__title\"><a href=\"https:\/\/www.modepen.org\/index.php\/events\/concentracion-en-vigo-diante-do-marco-20-h\/\" rel=\"bookmark\">Concentracion en Vigo, diante do MARCO &#8211; 20 H.<\/a><\/h2>\n                        \n<!-- event meta -->\n<p class=\"eap__meta\">\n            <span class=\"eap__date no-wrap\">\n            <span class=\"dashicons dashicons-calendar-alt\"><\/span> Novembro 4, 2019        <\/span>\n         |         <span class=\"eap__time no-wrap\">\n            <span class=\"dashicons dashicons-clock\"><\/span> 8:00 pm        <\/span>\n        \n    <br>\n\n    Vigo, Vigo, Galicia<\/p>\n\n        <\/header>\n\n        <!-- main -->\n        <main class=\"eap__excerpt\">\n                            <p class=\"eap__more\">\n                    <a href=\"https:\/\/www.modepen.org\/index.php\/events\/concentracion-en-vigo-diante-do-marco-20-h\/\">Read more<\/a>\n                <\/p>\n                        <\/main>\n    <\/div>\n<\/div>\n\n<div id=\"post-407\" class=\"eap__event\">\n    <div class=\"eap__img\">\n        <img loading=\"lazy\" decoding=\"async\" width=\"100\" height=\"87\" src=\"https:\/\/www.modepen.org\/wp-content\/uploads\/2019\/07\/Icono-MODEPEN.jpg\" class=\"attachment-post-thumbnail size-post-thumbnail wp-post-image\" alt=\"\" \/>    <\/div>\n\n    <div class=\"eap__content\">\n        <!-- header -->\n        <header class=\"eap__header\">\n            <h2 class=\"eap__title\"><a href=\"https:\/\/www.modepen.org\/index.php\/events\/concentracion-en-lourenza-2\/\" rel=\"bookmark\">Concentraci\u00f3n en Lourenz\u00e1<\/a><\/h2>\n                        \n<!-- event meta -->\n<p class=\"eap__meta\">\n            <span class=\"eap__date no-wrap\">\n            <span class=\"dashicons dashicons-calendar-alt\"><\/span> Outubro 28, 2019        <\/span>\n         |         <span class=\"eap__time no-wrap\">\n            <span class=\"dashicons dashicons-clock\"><\/span> 12:00 pm        <\/span>\n        \n    <br>\n\n    Lourenz\u00e1, Lugo, Galicia<\/p>\n\n        <\/header>\n\n        <!-- main -->\n        <main class=\"eap__excerpt\">\n                            <p class=\"eap__more\">\n                    <a href=\"https:\/\/www.modepen.org\/index.php\/events\/concentracion-en-lourenza-2\/\">Read more<\/a>\n                <\/p>\n                        <\/main>\n    <\/div>\n<\/div>\n\n<div id=\"post-410\" class=\"eap__event\">\n    <div class=\"eap__img\">\n        <img loading=\"lazy\" decoding=\"async\" width=\"100\" height=\"87\" src=\"https:\/\/www.modepen.org\/wp-content\/uploads\/2019\/07\/Icono-MODEPEN.jpg\" class=\"attachment-post-thumbnail size-post-thumbnail wp-post-image\" alt=\"\" \/>    <\/div>\n\n    <div class=\"eap__content\">\n        <!-- header -->\n        <header class=\"eap__header\">\n            <h2 class=\"eap__title\"><a href=\"https:\/\/www.modepen.org\/index.php\/events\/concentracion-en-noia-4\/\" rel=\"bookmark\">Concentracion en Noia<\/a><\/h2>\n                        \n<!-- event meta -->\n<p class=\"eap__meta\">\n            <span class=\"eap__date no-wrap\">\n            <span class=\"dashicons dashicons-calendar-alt\"><\/span> Outubro 28, 2019        <\/span>\n         |         <span class=\"eap__time no-wrap\">\n            <span class=\"dashicons dashicons-clock\"><\/span> 12:00 pm        <\/span>\n        \n    <br>\n\n    Noia, A Coru\u00f1a, Galicia<\/p>\n\n        <\/header>\n\n        <!-- main -->\n        <main class=\"eap__excerpt\">\n                            <p class=\"eap__more\">\n                    <a href=\"https:\/\/www.modepen.org\/index.php\/events\/concentracion-en-noia-4\/\">Read more<\/a>\n                <\/p>\n                        <\/main>\n    <\/div>\n<\/div>\n\n<div id=\"post-402\" class=\"eap__event\">\n    <div class=\"eap__img\">\n        <img loading=\"lazy\" decoding=\"async\" width=\"100\" height=\"87\" src=\"https:\/\/www.modepen.org\/wp-content\/uploads\/2019\/07\/Icono-MODEPEN.jpg\" class=\"attachment-post-thumbnail size-post-thumbnail wp-post-image\" alt=\"\" \/>    <\/div>\n\n    <div class=\"eap__content\">\n        <!-- header -->\n        <header class=\"eap__header\">\n            <h2 class=\"eap__title\"><a href=\"https:\/\/www.modepen.org\/index.php\/events\/concentracion-en-barreiros-4\/\" rel=\"bookmark\">Concentraci\u00f3n en Barreiros<\/a><\/h2>\n                        \n<!-- event meta -->\n<p class=\"eap__meta\">\n            <span class=\"eap__date no-wrap\">\n            <span class=\"dashicons dashicons-calendar-alt\"><\/span> Outubro 25, 2019        <\/span>\n         |         <span class=\"eap__time no-wrap\">\n            <span class=\"dashicons dashicons-clock\"><\/span> 12:00 pm        <\/span>\n        \n    <br>\n\n    Barreiros, Lugo, Galicia<\/p>\n\n        <\/header>\n\n        <!-- main -->\n        <main class=\"eap__excerpt\">\n                            <p class=\"eap__more\">\n                    <a href=\"https:\/\/www.modepen.org\/index.php\/events\/concentracion-en-barreiros-4\/\">Read more<\/a>\n                <\/p>\n                        <\/main>\n    <\/div>\n<\/div>\n\n<div id=\"post-404\" class=\"eap__event\">\n    <div class=\"eap__img\">\n        <img loading=\"lazy\" decoding=\"async\" width=\"735\" height=\"560\" src=\"https:\/\/www.modepen.org\/wp-content\/uploads\/2019\/10\/73021588_744735972640749_4153236076766429184_n-735x560.jpg\" class=\"attachment-post-thumbnail size-post-thumbnail wp-post-image\" alt=\"\" \/>    <\/div>\n\n    <div class=\"eap__content\">\n        <!-- header -->\n        <header class=\"eap__header\">\n            <h2 class=\"eap__title\"><a href=\"https:\/\/www.modepen.org\/index.php\/events\/concentracion-diante-do-concello-lugo-8\/\" rel=\"bookmark\">Concentracion diante do Concello &#8211; Lugo<\/a><\/h2>\n                        \n<!-- event meta -->\n<p class=\"eap__meta\">\n            <span class=\"eap__date no-wrap\">\n            <span class=\"dashicons dashicons-calendar-alt\"><\/span> Outubro 25, 2019        <\/span>\n         |         <span class=\"eap__time no-wrap\">\n            <span class=\"dashicons dashicons-clock\"><\/span> 12:00 pm        <\/span>\n        \n    <br>\n\n    Lugo, Lugo, Galicia<\/p>\n\n        <\/header>\n\n        <!-- main -->\n        <main class=\"eap__excerpt\">\n                            <p class=\"eap__more\">\n                    <a href=\"https:\/\/www.modepen.org\/index.php\/events\/concentracion-diante-do-concello-lugo-8\/\">Read more<\/a>\n                <\/p>\n                        <\/main>\n    <\/div>\n<\/div>\n\n<div id=\"post-400\" class=\"eap__event\">\n    <div class=\"eap__img\">\n        <img loading=\"lazy\" decoding=\"async\" width=\"100\" height=\"87\" src=\"https:\/\/www.modepen.org\/wp-content\/uploads\/2019\/07\/Icono-MODEPEN.jpg\" class=\"attachment-post-thumbnail size-post-thumbnail wp-post-image\" alt=\"\" \/>    <\/div>\n\n    <div class=\"eap__content\">\n        <!-- header -->\n        <header class=\"eap__header\">\n            <h2 class=\"eap__title\"><a href=\"https:\/\/www.modepen.org\/index.php\/events\/concentracion-diante-do-concello-mondonedo-3\/\" rel=\"bookmark\">Concentracion diante do Concello &#8211;  Mondo\u00f1edo<\/a><\/h2>\n                        \n<!-- event meta -->\n<p class=\"eap__meta\">\n            <span class=\"eap__date no-wrap\">\n            <span class=\"dashicons dashicons-calendar-alt\"><\/span> Outubro 24, 2019        <\/span>\n        \n    <br>\n\n    Mondo\u00f1edo, Lugo, Galicia<\/p>\n\n        <\/header>\n\n        <!-- main -->\n        <main class=\"eap__excerpt\">\n                            <p class=\"eap__more\">\n                    <a href=\"https:\/\/www.modepen.org\/index.php\/events\/concentracion-diante-do-concello-mondonedo-3\/\">Read more<\/a>\n                <\/p>\n                        <\/main>\n    <\/div>\n<\/div>\n\n<div id=\"post-398\" class=\"eap__event\">\n    <div class=\"eap__img\">\n        <img loading=\"lazy\" decoding=\"async\" width=\"840\" height=\"473\" src=\"https:\/\/www.modepen.org\/wp-content\/uploads\/2019\/08\/70085882_2891693944179585_1168317420469747712_n.jpg\" class=\"attachment-post-thumbnail size-post-thumbnail wp-post-image\" alt=\"\" \/>    <\/div>\n\n    <div class=\"eap__content\">\n        <!-- header -->\n        <header class=\"eap__header\">\n            <h2 class=\"eap__title\"><a href=\"https:\/\/www.modepen.org\/index.php\/events\/concentracion-en-boiro-6\/\" rel=\"bookmark\">Concentracion en Boiro<\/a><\/h2>\n                        \n<!-- event meta -->\n<p class=\"eap__meta\">\n            <span class=\"eap__date no-wrap\">\n            <span class=\"dashicons dashicons-calendar-alt\"><\/span> Outubro 22, 2019        <\/span>\n         |         <span class=\"eap__time no-wrap\">\n            <span class=\"dashicons dashicons-clock\"><\/span> 12:00 pm        <\/span>\n        \n    <br>\n\n    Boiro, A Coru\u00f1a, Galicia<\/p>\n\n        <\/header>\n\n        <!-- main -->\n        <main class=\"eap__excerpt\">\n                            <p class=\"eap__more\">\n                    <a href=\"https:\/\/www.modepen.org\/index.php\/events\/concentracion-en-boiro-6\/\">Read more<\/a>\n                <\/p>\n                        <\/main>\n    <\/div>\n<\/div>\n\n<div id=\"post-145\" class=\"eap__event\">\n    <div class=\"eap__img\">\n        <img loading=\"lazy\" decoding=\"async\" width=\"840\" height=\"560\" src=\"https:\/\/www.modepen.org\/wp-content\/uploads\/2019\/09\/Madrid-2019-10-16-04-840x560.jpg\" class=\"attachment-post-thumbnail size-post-thumbnail wp-post-image\" alt=\"\" srcset=\"https:\/\/www.modepen.org\/wp-content\/uploads\/2019\/09\/Madrid-2019-10-16-04-840x560.jpg 840w, https:\/\/www.modepen.org\/wp-content\/uploads\/2019\/09\/Madrid-2019-10-16-04-120x80.jpg 120w, https:\/\/www.modepen.org\/wp-content\/uploads\/2019\/09\/Madrid-2019-10-16-04-360x240.jpg 360w, https:\/\/www.modepen.org\/wp-content\/uploads\/2019\/09\/Madrid-2019-10-16-04-600x400.jpg 600w\" sizes=\"auto, (max-width: 840px) 100vw, 840px\" \/>    <\/div>\n\n    <div class=\"eap__content\">\n        <!-- header -->\n        <header class=\"eap__header\">\n            <h2 class=\"eap__title\"><a href=\"https:\/\/www.modepen.org\/index.php\/events\/manifestacion-en-madrid-16-10-2016\/\" rel=\"bookmark\">MANIFESTACION EN MADRID 16-10-2016<\/a><\/h2>\n                        \n<!-- event meta -->\n<p class=\"eap__meta\">\n            <span class=\"eap__date no-wrap\">\n            <span class=\"dashicons dashicons-calendar-alt\"><\/span> Outubro 16, 2019        <\/span>\n         |         <span class=\"eap__time no-wrap\">\n            <span class=\"dashicons dashicons-clock\"><\/span> 11:00 am        <\/span>\n         \u2013             <span class=\"eap__time no-wrap\">\n                1:00 pm            <\/span>\n            \n    <br>\n\n    Madrid, Madrid<\/p>\n\n    <!-- additional information -->\n    <p class=\"eap__add-info\">Percorrido: De Sol a o Congreso dos Diputados<\/p>\n            <\/header>\n\n        <!-- main -->\n        <main class=\"eap__excerpt\">\n                            <p class=\"eap__more\">\n                    <a href=\"https:\/\/www.modepen.org\/index.php\/events\/manifestacion-en-madrid-16-10-2016\/\">Read more<\/a>\n                <\/p>\n                        <\/main>\n    <\/div>\n<\/div>\n\n<div id=\"post-895\" class=\"eap__event\">\n    <div class=\"eap__img\">\n        <img loading=\"lazy\" decoding=\"async\" width=\"840\" height=\"560\" src=\"https:\/\/www.modepen.org\/wp-content\/uploads\/2019\/09\/Cartel-Vigo-Redondela-840x560.jpg\" class=\"attachment-post-thumbnail size-post-thumbnail wp-post-image\" alt=\"\" srcset=\"https:\/\/www.modepen.org\/wp-content\/uploads\/2019\/09\/Cartel-Vigo-Redondela-840x560.jpg 840w, https:\/\/www.modepen.org\/wp-content\/uploads\/2019\/09\/Cartel-Vigo-Redondela-120x80.jpg 120w, https:\/\/www.modepen.org\/wp-content\/uploads\/2019\/09\/Cartel-Vigo-Redondela-360x240.jpg 360w, https:\/\/www.modepen.org\/wp-content\/uploads\/2019\/09\/Cartel-Vigo-Redondela-600x400.jpg 600w\" sizes=\"auto, (max-width: 840px) 100vw, 840px\" \/>    <\/div>\n\n    <div class=\"eap__content\">\n        <!-- header -->\n        <header class=\"eap__header\">\n            <h2 class=\"eap__title\"><a href=\"https:\/\/www.modepen.org\/index.php\/events\/viaxe-a-madrid-16-10-2019\/\" rel=\"bookmark\">Viaxe a Madrid 16-10-2019<\/a><\/h2>\n                        \n<!-- event meta -->\n<p class=\"eap__meta\">\n            <span class=\"eap__date no-wrap\">\n            <span class=\"dashicons dashicons-calendar-alt\"><\/span> Outubro 16, 2019        <\/span>\n        \n    <br>\n\n    Madrid<\/p>\n\n        <\/header>\n\n        <!-- main -->\n        <main class=\"eap__excerpt\">\n                            <p class=\"eap__more\">\n                    <a href=\"https:\/\/www.modepen.org\/index.php\/events\/viaxe-a-madrid-16-10-2019\/\">Read more<\/a>\n                <\/p>\n                        <\/main>\n    <\/div>\n<\/div>\n\n<div id=\"post-388\" class=\"eap__event\">\n    <div class=\"eap__img\">\n        <img loading=\"lazy\" decoding=\"async\" width=\"840\" height=\"473\" src=\"https:\/\/www.modepen.org\/wp-content\/uploads\/2019\/08\/70085882_2891693944179585_1168317420469747712_n.jpg\" class=\"attachment-post-thumbnail size-post-thumbnail wp-post-image\" alt=\"\" \/>    <\/div>\n\n    <div class=\"eap__content\">\n        <!-- header -->\n        <header class=\"eap__header\">\n            <h2 class=\"eap__title\"><a href=\"https:\/\/www.modepen.org\/index.php\/events\/concentracion-en-boiro-5\/\" rel=\"bookmark\">Concentracion en Boiro<\/a><\/h2>\n                        \n<!-- event meta -->\n<p class=\"eap__meta\">\n            <span class=\"eap__date no-wrap\">\n            <span class=\"dashicons dashicons-calendar-alt\"><\/span> Outubro 1, 2019        <\/span>\n        \n    <br>\n\n    Boiro, A Coru\u00f1a, Galicia<\/p>\n\n        <\/header>\n\n        <!-- main -->\n        <main class=\"eap__excerpt\">\n                            <p class=\"eap__more\">\n                    <a href=\"https:\/\/www.modepen.org\/index.php\/events\/concentracion-en-boiro-5\/\">Read more<\/a>\n                <\/p>\n                        <\/main>\n    <\/div>\n<\/div>\n\n<div id=\"post-386\" class=\"eap__event\">\n    <div class=\"eap__img\">\n        <img loading=\"lazy\" decoding=\"async\" width=\"100\" height=\"87\" src=\"https:\/\/www.modepen.org\/wp-content\/uploads\/2019\/07\/Icono-MODEPEN.jpg\" class=\"attachment-post-thumbnail size-post-thumbnail wp-post-image\" alt=\"\" \/>    <\/div>\n\n    <div class=\"eap__content\">\n        <!-- header -->\n        <header class=\"eap__header\">\n            <h2 class=\"eap__title\"><a href=\"https:\/\/www.modepen.org\/index.php\/events\/concentracion-en-noia-3\/\" rel=\"bookmark\">Concentracion en Noia<\/a><\/h2>\n                        \n<!-- event meta -->\n<p class=\"eap__meta\">\n            <span class=\"eap__date no-wrap\">\n            <span class=\"dashicons dashicons-calendar-alt\"><\/span> Setembro 30, 2019        <\/span>\n         |         <span class=\"eap__time no-wrap\">\n            <span class=\"dashicons dashicons-clock\"><\/span> 12:00 pm        <\/span>\n        \n    <br>\n\n    Noia, A Coru\u00f1a, Galicia<\/p>\n\n        <\/header>\n\n        <!-- main -->\n        <main class=\"eap__excerpt\">\n                            <p class=\"eap__more\">\n                    <a href=\"https:\/\/www.modepen.org\/index.php\/events\/concentracion-en-noia-3\/\">Read more<\/a>\n                <\/p>\n                        <\/main>\n    <\/div>\n<\/div>\n\n<div id=\"post-353\" class=\"eap__event\">\n    <div class=\"eap__img\">\n        <img loading=\"lazy\" decoding=\"async\" width=\"840\" height=\"560\" src=\"https:\/\/www.modepen.org\/wp-content\/uploads\/2019\/09\/Cartel-Concentracion-Cari\u00f1o-2019-09-28-840x560.jpg\" class=\"attachment-post-thumbnail size-post-thumbnail wp-post-image\" alt=\"\" srcset=\"https:\/\/www.modepen.org\/wp-content\/uploads\/2019\/09\/Cartel-Concentracion-Cari\u00f1o-2019-09-28-840x560.jpg 840w, https:\/\/www.modepen.org\/wp-content\/uploads\/2019\/09\/Cartel-Concentracion-Cari\u00f1o-2019-09-28-120x80.jpg 120w, https:\/\/www.modepen.org\/wp-content\/uploads\/2019\/09\/Cartel-Concentracion-Cari\u00f1o-2019-09-28-360x240.jpg 360w, https:\/\/www.modepen.org\/wp-content\/uploads\/2019\/09\/Cartel-Concentracion-Cari\u00f1o-2019-09-28-600x400.jpg 600w\" sizes=\"auto, (max-width: 840px) 100vw, 840px\" \/>    <\/div>\n\n    <div class=\"eap__content\">\n        <!-- header -->\n        <header class=\"eap__header\">\n            <h2 class=\"eap__title\"><a href=\"https:\/\/www.modepen.org\/index.php\/events\/concentracion-en-carino-diante-do-concello\/\" rel=\"bookmark\">Concentraci\u00f3n en Cari\u00f1o, diante do Concello<\/a><\/h2>\n                        \n<!-- event meta -->\n<p class=\"eap__meta\">\n            <span class=\"eap__date no-wrap\">\n            <span class=\"dashicons dashicons-calendar-alt\"><\/span> Setembro 28, 2019        <\/span>\n        \n    <br>\n\n    Cari\u00f1o, A Coru\u00f1a, Galicia<\/p>\n\n        <\/header>\n\n        <!-- main -->\n        <main class=\"eap__excerpt\">\n                            <p class=\"eap__more\">\n                    <a href=\"https:\/\/www.modepen.org\/index.php\/events\/concentracion-en-carino-diante-do-concello\/\">Read more<\/a>\n                <\/p>\n                        <\/main>\n    <\/div>\n<\/div>\n\n<div id=\"post-356\" class=\"eap__event\">\n    <div class=\"eap__img\">\n        <img loading=\"lazy\" decoding=\"async\" width=\"840\" height=\"560\" src=\"https:\/\/www.modepen.org\/wp-content\/uploads\/2019\/09\/Cartel-Concentracion-Ferrol-2019-09-28-840x560.jpg\" class=\"attachment-post-thumbnail size-post-thumbnail wp-post-image\" alt=\"\" srcset=\"https:\/\/www.modepen.org\/wp-content\/uploads\/2019\/09\/Cartel-Concentracion-Ferrol-2019-09-28-840x560.jpg 840w, https:\/\/www.modepen.org\/wp-content\/uploads\/2019\/09\/Cartel-Concentracion-Ferrol-2019-09-28-120x80.jpg 120w, https:\/\/www.modepen.org\/wp-content\/uploads\/2019\/09\/Cartel-Concentracion-Ferrol-2019-09-28-360x240.jpg 360w, https:\/\/www.modepen.org\/wp-content\/uploads\/2019\/09\/Cartel-Concentracion-Ferrol-2019-09-28-600x400.jpg 600w\" sizes=\"auto, (max-width: 840px) 100vw, 840px\" \/>    <\/div>\n\n    <div class=\"eap__content\">\n        <!-- header -->\n        <header class=\"eap__header\">\n            <h2 class=\"eap__title\"><a href=\"https:\/\/www.modepen.org\/index.php\/events\/concentracion-en-ferrol-na-praza-da-constitucion-canton\/\" rel=\"bookmark\">Concentraci\u00f3n en Ferrol na Praza da Constituci\u00f3n (Cant\u00f3n)<\/a><\/h2>\n                        \n<!-- event meta -->\n<p class=\"eap__meta\">\n            <span class=\"eap__date no-wrap\">\n            <span class=\"dashicons dashicons-calendar-alt\"><\/span> Setembro 28, 2019        <\/span>\n        \n    <br>\n\n    Ferrol, A Coru\u00f1a, Galicia<\/p>\n\n        <\/header>\n\n        <!-- main -->\n        <main class=\"eap__excerpt\">\n                            <p class=\"eap__more\">\n                    <a href=\"https:\/\/www.modepen.org\/index.php\/events\/concentracion-en-ferrol-na-praza-da-constitucion-canton\/\">Read more<\/a>\n                <\/p>\n                        <\/main>\n    <\/div>\n<\/div>\n\n<div id=\"post-347\" class=\"eap__event\">\n    <div class=\"eap__img\">\n        <img loading=\"lazy\" decoding=\"async\" width=\"840\" height=\"560\" src=\"https:\/\/www.modepen.org\/wp-content\/uploads\/2019\/09\/Cartel-Concentracion-Cangas-2019-09-27-840x560.jpg\" class=\"attachment-post-thumbnail size-post-thumbnail wp-post-image\" alt=\"\" srcset=\"https:\/\/www.modepen.org\/wp-content\/uploads\/2019\/09\/Cartel-Concentracion-Cangas-2019-09-27-840x560.jpg 840w, https:\/\/www.modepen.org\/wp-content\/uploads\/2019\/09\/Cartel-Concentracion-Cangas-2019-09-27-120x80.jpg 120w, https:\/\/www.modepen.org\/wp-content\/uploads\/2019\/09\/Cartel-Concentracion-Cangas-2019-09-27-360x240.jpg 360w, https:\/\/www.modepen.org\/wp-content\/uploads\/2019\/09\/Cartel-Concentracion-Cangas-2019-09-27-600x400.jpg 600w\" sizes=\"auto, (max-width: 840px) 100vw, 840px\" \/>    <\/div>\n\n    <div class=\"eap__content\">\n        <!-- header -->\n        <header class=\"eap__header\">\n            <h2 class=\"eap__title\"><a href=\"https:\/\/www.modepen.org\/index.php\/events\/concentracion-en-cangas-na-praza-do-concello\/\" rel=\"bookmark\">Concentracion en Cangas na Praza do Concello<\/a><\/h2>\n                        \n<!-- event meta -->\n<p class=\"eap__meta\">\n            <span class=\"eap__date no-wrap\">\n            <span class=\"dashicons dashicons-calendar-alt\"><\/span> Setembro 27, 2019        <\/span>\n        \n    <br>\n\n    Cangas, Pontevedra, Galicia<\/p>\n\n        <\/header>\n\n        <!-- main -->\n        <main class=\"eap__excerpt\">\n                            <p class=\"eap__more\">\n                    <a href=\"https:\/\/www.modepen.org\/index.php\/events\/concentracion-en-cangas-na-praza-do-concello\/\">Read more<\/a>\n                <\/p>\n                        <\/main>\n    <\/div>\n<\/div>\n\n<div id=\"post-366\" class=\"eap__event\">\n    <div class=\"eap__img\">\n        <img loading=\"lazy\" decoding=\"async\" width=\"100\" height=\"87\" src=\"https:\/\/www.modepen.org\/wp-content\/uploads\/2019\/07\/Icono-MODEPEN.jpg\" class=\"attachment-post-thumbnail size-post-thumbnail wp-post-image\" alt=\"\" \/>    <\/div>\n\n    <div class=\"eap__content\">\n        <!-- header -->\n        <header class=\"eap__header\">\n            <h2 class=\"eap__title\"><a href=\"https:\/\/www.modepen.org\/index.php\/events\/concentracion-en-barreiros-3\/\" rel=\"bookmark\">Concentraci\u00f3n en Barreiros<\/a><\/h2>\n                        \n<!-- event meta -->\n<p class=\"eap__meta\">\n            <span class=\"eap__date no-wrap\">\n            <span class=\"dashicons dashicons-calendar-alt\"><\/span> Setembro 27, 2019        <\/span>\n        \n    <br>\n\n    Barreiros, Lugo, Galicia<\/p>\n\n        <\/header>\n\n        <!-- main -->\n        <main class=\"eap__excerpt\">\n                            <p class=\"eap__more\">\n                    <a href=\"https:\/\/www.modepen.org\/index.php\/events\/concentracion-en-barreiros-3\/\">Read more<\/a>\n                <\/p>\n                        <\/main>\n    <\/div>\n<\/div>\n\n<div id=\"post-369\" class=\"eap__event\">\n    <div class=\"eap__img\">\n        <img loading=\"lazy\" decoding=\"async\" width=\"100\" height=\"87\" src=\"https:\/\/www.modepen.org\/wp-content\/uploads\/2019\/07\/Icono-MODEPEN.jpg\" class=\"attachment-post-thumbnail size-post-thumbnail wp-post-image\" alt=\"\" \/>    <\/div>\n\n    <div class=\"eap__content\">\n        <!-- header -->\n        <header class=\"eap__header\">\n            <h2 class=\"eap__title\"><a href=\"https:\/\/www.modepen.org\/index.php\/events\/concentracion-diante-do-concello-lugo-7\/\" rel=\"bookmark\">Concentracion diante do Concello &#8211; Lugo<\/a><\/h2>\n                        \n<!-- event meta -->\n<p class=\"eap__meta\">\n            <span class=\"eap__date no-wrap\">\n            <span class=\"dashicons dashicons-calendar-alt\"><\/span> Setembro 27, 2019        <\/span>\n        \n    <br>\n\n    Lugo, Lugo, Galicia<\/p>\n\n        <\/header>\n\n        <!-- main -->\n        <main class=\"eap__excerpt\">\n                            <p class=\"eap__more\">\n                    <a href=\"https:\/\/www.modepen.org\/index.php\/events\/concentracion-diante-do-concello-lugo-7\/\">Read more<\/a>\n                <\/p>\n                        <\/main>\n    <\/div>\n<\/div>\n\n<div id=\"post-364\" class=\"eap__event\">\n    <div class=\"eap__img\">\n        <img loading=\"lazy\" decoding=\"async\" width=\"100\" height=\"87\" src=\"https:\/\/www.modepen.org\/wp-content\/uploads\/2019\/07\/Icono-MODEPEN.jpg\" class=\"attachment-post-thumbnail size-post-thumbnail wp-post-image\" alt=\"\" \/>    <\/div>\n\n    <div class=\"eap__content\">\n        <!-- header -->\n        <header class=\"eap__header\">\n            <h2 class=\"eap__title\"><a href=\"https:\/\/www.modepen.org\/index.php\/events\/concentracion-diante-do-concello-mondonedo-2\/\" rel=\"bookmark\">Concentracion diante do Concello &#8211;  Mondo\u00f1edo<\/a><\/h2>\n                        \n<!-- event meta -->\n<p class=\"eap__meta\">\n            <span class=\"eap__date no-wrap\">\n            <span class=\"dashicons dashicons-calendar-alt\"><\/span> Setembro 26, 2019        <\/span>\n        \n    <br>\n\n    Mondo\u00f1edo, Lugo, Galicia<\/p>\n\n        <\/header>\n\n        <!-- main -->\n        <main class=\"eap__excerpt\">\n                            <p class=\"eap__more\">\n                    <a href=\"https:\/\/www.modepen.org\/index.php\/events\/concentracion-diante-do-concello-mondonedo-2\/\">Read more<\/a>\n                <\/p>\n                        <\/main>\n    <\/div>\n<\/div>\n\n<div id=\"post-361\" class=\"eap__event\">\n    <div class=\"eap__img\">\n        <img loading=\"lazy\" decoding=\"async\" width=\"840\" height=\"473\" src=\"https:\/\/www.modepen.org\/wp-content\/uploads\/2019\/08\/70085882_2891693944179585_1168317420469747712_n.jpg\" class=\"attachment-post-thumbnail size-post-thumbnail wp-post-image\" alt=\"\" \/>    <\/div>\n\n    <div class=\"eap__content\">\n        <!-- header -->\n        <header class=\"eap__header\">\n            <h2 class=\"eap__title\"><a href=\"https:\/\/www.modepen.org\/index.php\/events\/concentracion-en-boiro-4\/\" rel=\"bookmark\">Concentraci\u00f3n en Boiro<\/a><\/h2>\n                        \n<!-- event meta -->\n<p class=\"eap__meta\">\n            <span class=\"eap__date no-wrap\">\n            <span class=\"dashicons dashicons-calendar-alt\"><\/span> Setembro 24, 2019        <\/span>\n        \n    <br>\n\n    Boiro, A Coru\u00f1a, Galicia<\/p>\n\n        <\/header>\n\n        <!-- main -->\n        <main class=\"eap__excerpt\">\n                            <p class=\"eap__more\">\n                    <a href=\"https:\/\/www.modepen.org\/index.php\/events\/concentracion-en-boiro-4\/\">Read more<\/a>\n                <\/p>\n                        <\/main>\n    <\/div>\n<\/div>\n\n<div id=\"post-342\" class=\"eap__event\">\n    <div class=\"eap__img\">\n        <img loading=\"lazy\" decoding=\"async\" width=\"100\" height=\"87\" src=\"https:\/\/www.modepen.org\/wp-content\/uploads\/2019\/07\/Icono-MODEPEN.jpg\" class=\"attachment-post-thumbnail size-post-thumbnail wp-post-image\" alt=\"\" \/>    <\/div>\n\n    <div class=\"eap__content\">\n        <!-- header -->\n        <header class=\"eap__header\">\n            <h2 class=\"eap__title\"><a href=\"https:\/\/www.modepen.org\/index.php\/events\/concentracion-en-noia-2\/\" rel=\"bookmark\">Concentracion en Noia<\/a><\/h2>\n                        \n<!-- event meta -->\n<p class=\"eap__meta\">\n            <span class=\"eap__date no-wrap\">\n            <span class=\"dashicons dashicons-calendar-alt\"><\/span> Setembro 23, 2019        <\/span>\n        \n    <br>\n\n    Noia, A coru\u00f1a, Galicia<\/p>\n\n        <\/header>\n\n        <!-- main -->\n        <main class=\"eap__excerpt\">\n                            <p class=\"eap__more\">\n                    <a href=\"https:\/\/www.modepen.org\/index.php\/events\/concentracion-en-noia-2\/\">Read more<\/a>\n                <\/p>\n                        <\/main>\n    <\/div>\n<\/div>\n\n<div id=\"post-338\" class=\"eap__event\">\n    <div class=\"eap__img\">\n        <img loading=\"lazy\" decoding=\"async\" width=\"100\" height=\"87\" src=\"https:\/\/www.modepen.org\/wp-content\/uploads\/2019\/07\/Icono-MODEPEN.jpg\" class=\"attachment-post-thumbnail size-post-thumbnail wp-post-image\" alt=\"\" \/>    <\/div>\n\n    <div class=\"eap__content\">\n        <!-- header -->\n        <header class=\"eap__header\">\n            <h2 class=\"eap__title\"><a href=\"https:\/\/www.modepen.org\/index.php\/events\/concentracion-en-barreiros-2\/\" rel=\"bookmark\">Concentraci\u00f3n en Barreiros<\/a><\/h2>\n                        \n<!-- event meta -->\n<p class=\"eap__meta\">\n            <span class=\"eap__date no-wrap\">\n            <span class=\"dashicons dashicons-calendar-alt\"><\/span> Setembro 20, 2019        <\/span>\n        \n    <br>\n\n    Barreiros, Lugo, Galicia<\/p>\n\n        <\/header>\n\n        <!-- main -->\n        <main class=\"eap__excerpt\">\n                            <p class=\"eap__more\">\n                    <a href=\"https:\/\/www.modepen.org\/index.php\/events\/concentracion-en-barreiros-2\/\">Read more<\/a>\n                <\/p>\n                        <\/main>\n    <\/div>\n<\/div>\n\n<div id=\"post-340\" class=\"eap__event\">\n    <div class=\"eap__img\">\n        <img loading=\"lazy\" decoding=\"async\" width=\"672\" height=\"560\" src=\"https:\/\/www.modepen.org\/wp-content\/uploads\/2019\/09\/Cartel-Concentracion-Lugo-2019-09-20-672x560.jpg\" class=\"attachment-post-thumbnail size-post-thumbnail wp-post-image\" alt=\"\" \/>    <\/div>\n\n    <div class=\"eap__content\">\n        <!-- header -->\n        <header class=\"eap__header\">\n            <h2 class=\"eap__title\"><a href=\"https:\/\/www.modepen.org\/index.php\/events\/concentracion-diante-do-concello-lugo-6\/\" rel=\"bookmark\">Concentracion diante do Concello &#8211; Lugo<\/a><\/h2>\n                        \n<!-- event meta -->\n<p class=\"eap__meta\">\n            <span class=\"eap__date no-wrap\">\n            <span class=\"dashicons dashicons-calendar-alt\"><\/span> Setembro 20, 2019        <\/span>\n        \n    <br>\n\n    Lugo, Lugo, Galicia<\/p>\n\n        <\/header>\n\n        <!-- main -->\n        <main class=\"eap__excerpt\">\n                            <p class=\"eap__more\">\n                    <a href=\"https:\/\/www.modepen.org\/index.php\/events\/concentracion-diante-do-concello-lugo-6\/\">Read more<\/a>\n                <\/p>\n                        <\/main>\n    <\/div>\n<\/div>\n\n<div id=\"post-336\" class=\"eap__event\">\n    <div class=\"eap__img\">\n        <img loading=\"lazy\" decoding=\"async\" width=\"100\" height=\"87\" src=\"https:\/\/www.modepen.org\/wp-content\/uploads\/2019\/07\/Icono-MODEPEN.jpg\" class=\"attachment-post-thumbnail size-post-thumbnail wp-post-image\" alt=\"\" \/>    <\/div>\n\n    <div class=\"eap__content\">\n        <!-- header -->\n        <header class=\"eap__header\">\n            <h2 class=\"eap__title\"><a href=\"https:\/\/www.modepen.org\/index.php\/events\/concentracion-diante-do-concello-mondonedo\/\" rel=\"bookmark\">Concentracion diante do Concello &#8211;  Mondo\u00f1edo<\/a><\/h2>\n                        \n<!-- event meta -->\n<p class=\"eap__meta\">\n            <span class=\"eap__date no-wrap\">\n            <span class=\"dashicons dashicons-calendar-alt\"><\/span> Setembro 19, 2019        <\/span>\n        \n    <br>\n\n    Mondo\u00f1edo, Lugo, Galicia<\/p>\n\n        <\/header>\n\n        <!-- main -->\n        <main class=\"eap__excerpt\">\n                            <p class=\"eap__more\">\n                    <a href=\"https:\/\/www.modepen.org\/index.php\/events\/concentracion-diante-do-concello-mondonedo\/\">Read more<\/a>\n                <\/p>\n                        <\/main>\n    <\/div>\n<\/div>\n\n<div id=\"post-333\" class=\"eap__event\">\n    <div class=\"eap__img\">\n        <img loading=\"lazy\" decoding=\"async\" width=\"840\" height=\"473\" src=\"https:\/\/www.modepen.org\/wp-content\/uploads\/2019\/08\/70085882_2891693944179585_1168317420469747712_n.jpg\" class=\"attachment-post-thumbnail size-post-thumbnail wp-post-image\" alt=\"\" \/>    <\/div>\n\n    <div class=\"eap__content\">\n        <!-- header -->\n        <header class=\"eap__header\">\n            <h2 class=\"eap__title\"><a href=\"https:\/\/www.modepen.org\/index.php\/events\/concentracion-en-boiro-3\/\" rel=\"bookmark\">Concentraci\u00f3n en Boiro<\/a><\/h2>\n                        \n<!-- event meta -->\n<p class=\"eap__meta\">\n            <span class=\"eap__date no-wrap\">\n            <span class=\"dashicons dashicons-calendar-alt\"><\/span> Setembro 17, 2019        <\/span>\n        \n    <br>\n\n    Boiro, A Coru\u00f1a, Galicia<\/p>\n\n        <\/header>\n\n        <!-- main -->\n        <main class=\"eap__excerpt\">\n                            <p class=\"eap__more\">\n                    <a href=\"https:\/\/www.modepen.org\/index.php\/events\/concentracion-en-boiro-3\/\">Read more<\/a>\n                <\/p>\n                        <\/main>\n    <\/div>\n<\/div>\n\n<div id=\"post-283\" class=\"eap__event\">\n    <div class=\"eap__img\">\n        <img loading=\"lazy\" decoding=\"async\" width=\"100\" height=\"87\" src=\"https:\/\/www.modepen.org\/wp-content\/uploads\/2019\/07\/Icono-MODEPEN.jpg\" class=\"attachment-post-thumbnail size-post-thumbnail wp-post-image\" alt=\"\" \/>    <\/div>\n\n    <div class=\"eap__content\">\n        <!-- header -->\n        <header class=\"eap__header\">\n            <h2 class=\"eap__title\"><a href=\"https:\/\/www.modepen.org\/index.php\/events\/concentracion-en-foz\/\" rel=\"bookmark\">Concentracion en Foz<\/a><\/h2>\n                        \n<!-- event meta -->\n<p class=\"eap__meta\">\n            <span class=\"eap__date no-wrap\">\n            <span class=\"dashicons dashicons-calendar-alt\"><\/span> Setembro 14, 2019        <\/span>\n        \n    <br>\n\n    Foz, Lugo, Galicia<\/p>\n\n        <\/header>\n\n        <!-- main -->\n        <main class=\"eap__excerpt\">\n                            <p class=\"eap__more\">\n                    <a href=\"https:\/\/www.modepen.org\/index.php\/events\/concentracion-en-foz\/\">Read more<\/a>\n                <\/p>\n                        <\/main>\n    <\/div>\n<\/div>\n\n<div id=\"post-278\" class=\"eap__event\">\n    <div class=\"eap__img\">\n        <img loading=\"lazy\" decoding=\"async\" width=\"840\" height=\"560\" src=\"https:\/\/www.modepen.org\/wp-content\/uploads\/2019\/09\/Cartel-Manifestacion-Lugo-2019-09-13-840x560.jpg\" class=\"attachment-post-thumbnail size-post-thumbnail wp-post-image\" alt=\"\" srcset=\"https:\/\/www.modepen.org\/wp-content\/uploads\/2019\/09\/Cartel-Manifestacion-Lugo-2019-09-13-840x560.jpg 840w, https:\/\/www.modepen.org\/wp-content\/uploads\/2019\/09\/Cartel-Manifestacion-Lugo-2019-09-13-120x80.jpg 120w, https:\/\/www.modepen.org\/wp-content\/uploads\/2019\/09\/Cartel-Manifestacion-Lugo-2019-09-13-360x240.jpg 360w, https:\/\/www.modepen.org\/wp-content\/uploads\/2019\/09\/Cartel-Manifestacion-Lugo-2019-09-13-600x400.jpg 600w\" sizes=\"auto, (max-width: 840px) 100vw, 840px\" \/>    <\/div>\n\n    <div class=\"eap__content\">\n        <!-- header -->\n        <header class=\"eap__header\">\n            <h2 class=\"eap__title\"><a href=\"https:\/\/www.modepen.org\/index.php\/events\/concentracion-diante-do-concello-lugo-5\/\" rel=\"bookmark\">Concentracion diante do Concello &#8211; Lugo<\/a><\/h2>\n                        \n<!-- event meta -->\n<p class=\"eap__meta\">\n            <span class=\"eap__date no-wrap\">\n            <span class=\"dashicons dashicons-calendar-alt\"><\/span> Setembro 13, 2019        <\/span>\n        \n    <br>\n\n    Lugo, Lugo, Galicia<\/p>\n\n        <\/header>\n\n        <!-- main -->\n        <main class=\"eap__excerpt\">\n                            <p class=\"eap__more\">\n                    <a href=\"https:\/\/www.modepen.org\/index.php\/events\/concentracion-diante-do-concello-lugo-5\/\">Read more<\/a>\n                <\/p>\n                        <\/main>\n    <\/div>\n<\/div>\n\n<div id=\"post-281\" class=\"eap__event\">\n    <div class=\"eap__img\">\n        <img loading=\"lazy\" decoding=\"async\" width=\"100\" height=\"87\" src=\"https:\/\/www.modepen.org\/wp-content\/uploads\/2019\/07\/Icono-MODEPEN.jpg\" class=\"attachment-post-thumbnail size-post-thumbnail wp-post-image\" alt=\"\" \/>    <\/div>\n\n    <div class=\"eap__content\">\n        <!-- header -->\n        <header class=\"eap__header\">\n            <h2 class=\"eap__title\"><a href=\"https:\/\/www.modepen.org\/index.php\/events\/concentracion-en-barreiros\/\" rel=\"bookmark\">Concentraci\u00f3n en Barreiros<\/a><\/h2>\n                        \n<!-- event meta -->\n<p class=\"eap__meta\">\n            <span class=\"eap__date no-wrap\">\n            <span class=\"dashicons dashicons-calendar-alt\"><\/span> Setembro 13, 2019        <\/span>\n         |         <span class=\"eap__time no-wrap\">\n            <span class=\"dashicons dashicons-clock\"><\/span> 12:00 pm        <\/span>\n        \n    <br>\n\n    Barreiros, Lugo, Galicia<\/p>\n\n        <\/header>\n\n        <!-- main -->\n        <main class=\"eap__excerpt\">\n                            <p class=\"eap__more\">\n                    <a href=\"https:\/\/www.modepen.org\/index.php\/events\/concentracion-en-barreiros\/\">Read more<\/a>\n                <\/p>\n                        <\/main>\n    <\/div>\n<\/div>\n\n<div id=\"post-265\" class=\"eap__event\">\n    <div class=\"eap__img\">\n        <img loading=\"lazy\" decoding=\"async\" width=\"840\" height=\"560\" src=\"https:\/\/www.modepen.org\/wp-content\/uploads\/2019\/09\/Cartel-Concentracion-Mondo\u00f1edo-2019-09-12-840x560.jpg\" class=\"attachment-post-thumbnail size-post-thumbnail wp-post-image\" alt=\"\" srcset=\"https:\/\/www.modepen.org\/wp-content\/uploads\/2019\/09\/Cartel-Concentracion-Mondo\u00f1edo-2019-09-12-840x560.jpg 840w, https:\/\/www.modepen.org\/wp-content\/uploads\/2019\/09\/Cartel-Concentracion-Mondo\u00f1edo-2019-09-12-120x80.jpg 120w, https:\/\/www.modepen.org\/wp-content\/uploads\/2019\/09\/Cartel-Concentracion-Mondo\u00f1edo-2019-09-12-360x240.jpg 360w, https:\/\/www.modepen.org\/wp-content\/uploads\/2019\/09\/Cartel-Concentracion-Mondo\u00f1edo-2019-09-12-600x400.jpg 600w\" sizes=\"auto, (max-width: 840px) 100vw, 840px\" \/>    <\/div>\n\n    <div class=\"eap__content\">\n        <!-- header -->\n        <header class=\"eap__header\">\n            <h2 class=\"eap__title\"><a href=\"https:\/\/www.modepen.org\/index.php\/events\/concentracion-en-mondonedo\/\" rel=\"bookmark\">Concentracion diante do Concello &#8211;  Mondo\u00f1edo<\/a><\/h2>\n                        \n<!-- event meta -->\n<p class=\"eap__meta\">\n            <span class=\"eap__date no-wrap\">\n            <span class=\"dashicons dashicons-calendar-alt\"><\/span> Setembro 12, 2019        <\/span>\n        \n    <br>\n\n    Mondo\u00f1edo, Lugo, Galicia<\/p>\n\n        <\/header>\n\n        <!-- main -->\n        <main class=\"eap__excerpt\">\n                            <p class=\"eap__more\">\n                    <a href=\"https:\/\/www.modepen.org\/index.php\/events\/concentracion-en-mondonedo\/\">Read more<\/a>\n                <\/p>\n                        <\/main>\n    <\/div>\n<\/div>\n\n<div id=\"post-263\" class=\"eap__event\">\n    <div class=\"eap__img\">\n        <img loading=\"lazy\" decoding=\"async\" width=\"840\" height=\"473\" src=\"https:\/\/www.modepen.org\/wp-content\/uploads\/2019\/08\/70085882_2891693944179585_1168317420469747712_n.jpg\" class=\"attachment-post-thumbnail size-post-thumbnail wp-post-image\" alt=\"\" \/>    <\/div>\n\n    <div class=\"eap__content\">\n        <!-- header -->\n        <header class=\"eap__header\">\n            <h2 class=\"eap__title\"><a href=\"https:\/\/www.modepen.org\/index.php\/events\/concentracion-en-boiro-2\/\" rel=\"bookmark\">Concentracion en Boiro &#8211; Frente a la plaza del pescado<\/a><\/h2>\n                        \n<!-- event meta -->\n<p class=\"eap__meta\">\n            <span class=\"eap__date no-wrap\">\n            <span class=\"dashicons dashicons-calendar-alt\"><\/span> Setembro 10, 2019        <\/span>\n        \n    <br>\n\n    Boiro, A Coru\u00f1a, Galicia<\/p>\n\n        <\/header>\n\n        <!-- main -->\n        <main class=\"eap__excerpt\">\n                            <p class=\"eap__more\">\n                    <a href=\"https:\/\/www.modepen.org\/index.php\/events\/concentracion-en-boiro-2\/\">Read more<\/a>\n                <\/p>\n                        <\/main>\n    <\/div>\n<\/div>\n\n<div id=\"post-258\" class=\"eap__event\">\n    <div class=\"eap__img\">\n            <\/div>\n\n    <div class=\"eap__content\">\n        <!-- header -->\n        <header class=\"eap__header\">\n            <h2 class=\"eap__title\"><a href=\"https:\/\/www.modepen.org\/index.php\/events\/concentracion-en-lourenza\/\" rel=\"bookmark\">Concentracion en Lourenz\u00e1<\/a><\/h2>\n                        \n<!-- event meta -->\n<p class=\"eap__meta\">\n            <span class=\"eap__date no-wrap\">\n            <span class=\"dashicons dashicons-calendar-alt\"><\/span> Setembro 9, 2019        <\/span>\n        \n    <br>\n\n    Lourenz\u00e1, Lugo, Galicia<\/p>\n\n        <\/header>\n\n        <!-- main -->\n        <main class=\"eap__excerpt\">\n                            <p class=\"eap__more\">\n                    <a href=\"https:\/\/www.modepen.org\/index.php\/events\/concentracion-en-lourenza\/\">Read more<\/a>\n                <\/p>\n                        <\/main>\n    <\/div>\n<\/div>\n\n<div id=\"post-260\" class=\"eap__event\">\n    <div class=\"eap__img\">\n            <\/div>\n\n    <div class=\"eap__content\">\n        <!-- header -->\n        <header class=\"eap__header\">\n            <h2 class=\"eap__title\"><a href=\"https:\/\/www.modepen.org\/index.php\/events\/concentracion-en-noia\/\" rel=\"bookmark\">Concentracion en Noia<\/a><\/h2>\n                        \n<!-- event meta -->\n<p class=\"eap__meta\">\n            <span class=\"eap__date no-wrap\">\n            <span class=\"dashicons dashicons-calendar-alt\"><\/span> Setembro 9, 2019        <\/span>\n        \n    <br>\n\n    Noia, A Coru\u00f1a, Galicia<\/p>\n\n        <\/header>\n\n        <!-- main -->\n        <main class=\"eap__excerpt\">\n                            <p class=\"eap__more\">\n                    <a href=\"https:\/\/www.modepen.org\/index.php\/events\/concentracion-en-noia\/\">Read more<\/a>\n                <\/p>\n                        <\/main>\n    <\/div>\n<\/div>\n\n<div id=\"post-256\" class=\"eap__event\">\n    <div class=\"eap__img\">\n        <img loading=\"lazy\" decoding=\"async\" width=\"100\" height=\"87\" src=\"https:\/\/www.modepen.org\/wp-content\/uploads\/2019\/07\/Icono-MODEPEN.jpg\" class=\"attachment-post-thumbnail size-post-thumbnail wp-post-image\" alt=\"\" \/>    <\/div>\n\n    <div class=\"eap__content\">\n        <!-- header -->\n        <header class=\"eap__header\">\n            <h2 class=\"eap__title\"><a href=\"https:\/\/www.modepen.org\/index.php\/events\/concentracion-en-ribadeo\/\" rel=\"bookmark\">Concentracion en Ribadeo<\/a><\/h2>\n                        \n<!-- event meta -->\n<p class=\"eap__meta\">\n            <span class=\"eap__date no-wrap\">\n            <span class=\"dashicons dashicons-calendar-alt\"><\/span> Setembro 7, 2019        <\/span>\n        \n    <br>\n\n    Ribadeo, Lugo, Galicia<\/p>\n\n        <\/header>\n\n        <!-- main -->\n        <main class=\"eap__excerpt\">\n                            <p class=\"eap__more\">\n                    <a href=\"https:\/\/www.modepen.org\/index.php\/events\/concentracion-en-ribadeo\/\">Read more<\/a>\n                <\/p>\n                        <\/main>\n    <\/div>\n<\/div>\n\n<div id=\"post-222\" class=\"eap__event\">\n    <div class=\"eap__img\">\n        <img loading=\"lazy\" decoding=\"async\" width=\"391\" height=\"560\" src=\"https:\/\/www.modepen.org\/wp-content\/uploads\/2019\/09\/69362079_2420334798243681_6080926199322771456_n.jpg\" class=\"attachment-post-thumbnail size-post-thumbnail wp-post-image\" alt=\"\" \/>    <\/div>\n\n    <div class=\"eap__content\">\n        <!-- header -->\n        <header class=\"eap__header\">\n            <h2 class=\"eap__title\"><a href=\"https:\/\/www.modepen.org\/index.php\/events\/concentracion-diante-do-concello-lugo-4\/\" rel=\"bookmark\">Concentraci\u00f3n diante do Concello &#8211; Lugo<\/a><\/h2>\n                        \n<!-- event meta -->\n<p class=\"eap__meta\">\n            <span class=\"eap__date no-wrap\">\n            <span class=\"dashicons dashicons-calendar-alt\"><\/span> Setembro 6, 2019        <\/span>\n         |         <span class=\"eap__time no-wrap\">\n            <span class=\"dashicons dashicons-clock\"><\/span> 12:00 pm        <\/span>\n         \u2013             <span class=\"eap__time no-wrap\">\n                1:00 pm            <\/span>\n            \n    <br>\n\n    Lugo, Lugo, Galicia<\/p>\n\n        <\/header>\n\n        <!-- main -->\n        <main class=\"eap__excerpt\">\n                            <p class=\"eap__more\">\n                    <a href=\"https:\/\/www.modepen.org\/index.php\/events\/concentracion-diante-do-concello-lugo-4\/\">Read more<\/a>\n                <\/p>\n                        <\/main>\n    <\/div>\n<\/div>\n\n<div id=\"post-212\" class=\"eap__event\">\n    <div class=\"eap__img\">\n        <img loading=\"lazy\" decoding=\"async\" width=\"840\" height=\"473\" src=\"https:\/\/www.modepen.org\/wp-content\/uploads\/2019\/08\/70085882_2891693944179585_1168317420469747712_n.jpg\" class=\"attachment-post-thumbnail size-post-thumbnail wp-post-image\" alt=\"\" \/>    <\/div>\n\n    <div class=\"eap__content\">\n        <!-- header -->\n        <header class=\"eap__header\">\n            <h2 class=\"eap__title\"><a href=\"https:\/\/www.modepen.org\/index.php\/events\/concentracion-en-boiro\/\" rel=\"bookmark\">Concentracion en Boiro<\/a><\/h2>\n                        \n<!-- event meta -->\n<p class=\"eap__meta\">\n            <span class=\"eap__date no-wrap\">\n            <span class=\"dashicons dashicons-calendar-alt\"><\/span> Setembro 3, 2019        <\/span>\n         |         <span class=\"eap__time no-wrap\">\n            <span class=\"dashicons dashicons-clock\"><\/span> 12:00 pm        <\/span>\n         \u2013             <span class=\"eap__time no-wrap\">\n                1:00 pm            <\/span>\n            \n    <br>\n\n    Boiro, A Coru\u00f1a, Galicia<\/p>\n\n        <\/header>\n\n        <!-- main -->\n        <main class=\"eap__excerpt\">\n                            <p class=\"eap__more\">\n                    <a href=\"https:\/\/www.modepen.org\/index.php\/events\/concentracion-en-boiro\/\">Read more<\/a>\n                <\/p>\n                        <\/main>\n    <\/div>\n<\/div>\n\n<div id=\"post-195\" class=\"eap__event\">\n    <div class=\"eap__img\">\n        <img loading=\"lazy\" decoding=\"async\" width=\"396\" height=\"560\" src=\"https:\/\/www.modepen.org\/wp-content\/uploads\/2019\/08\/68993417_2415628368714324_1837092679414972416_n.jpg\" class=\"attachment-post-thumbnail size-post-thumbnail wp-post-image\" alt=\"\" \/>    <\/div>\n\n    <div class=\"eap__content\">\n        <!-- header -->\n        <header class=\"eap__header\">\n            <h2 class=\"eap__title\"><a href=\"https:\/\/www.modepen.org\/index.php\/events\/concentracion-diante-do-m-a-r-c-o-vigo\/\" rel=\"bookmark\">Concentraci\u00f3n diante do M.A.R.C.O. &#8211; Vigo<\/a><\/h2>\n                        \n<!-- event meta -->\n<p class=\"eap__meta\">\n            <span class=\"eap__date no-wrap\">\n            <span class=\"dashicons dashicons-calendar-alt\"><\/span> Setembro 2, 2019        <\/span>\n         |         <span class=\"eap__time no-wrap\">\n            <span class=\"dashicons dashicons-clock\"><\/span> 8:00 pm        <\/span>\n         \u2013             <span class=\"eap__time no-wrap\">\n                9:00 pm            <\/span>\n            \n    <br>\n\n    Vigo, Vigo, Galicia<\/p>\n\n        <\/header>\n\n        <!-- main -->\n        <main class=\"eap__excerpt\">\n                            <p class=\"eap__more\">\n                    <a href=\"https:\/\/www.modepen.org\/index.php\/events\/concentracion-diante-do-m-a-r-c-o-vigo\/\">Read more<\/a>\n                <\/p>\n                        <\/main>\n    <\/div>\n<\/div>\n\n<div id=\"post-192\" class=\"eap__event\">\n    <div class=\"eap__img\">\n        <img loading=\"lazy\" decoding=\"async\" width=\"389\" height=\"560\" src=\"https:\/\/www.modepen.org\/wp-content\/uploads\/2019\/08\/68478355_2415634385380389_7464681197994508288_n.jpg\" class=\"attachment-post-thumbnail size-post-thumbnail wp-post-image\" alt=\"\" \/>    <\/div>\n\n    <div class=\"eap__content\">\n        <!-- header -->\n        <header class=\"eap__header\">\n            <h2 class=\"eap__title\"><a href=\"https:\/\/www.modepen.org\/index.php\/events\/concentracion-diante-do-concello-lugo-3\/\" rel=\"bookmark\">Concentraci\u00f3n diante do Concello &#8211; Lugo<\/a><\/h2>\n                        \n<!-- event meta -->\n<p class=\"eap__meta\">\n            <span class=\"eap__date no-wrap\">\n            <span class=\"dashicons dashicons-calendar-alt\"><\/span> Agosto 30, 2019        <\/span>\n         |         <span class=\"eap__time no-wrap\">\n            <span class=\"dashicons dashicons-clock\"><\/span> 12:00 pm        <\/span>\n         \u2013             <span class=\"eap__time no-wrap\">\n                1:00 pm            <\/span>\n            \n    <br>\n\n    Lugo, Lugo, Galicia<\/p>\n\n        <\/header>\n\n        <!-- main -->\n        <main class=\"eap__excerpt\">\n                            <p class=\"eap__more\">\n                    <a href=\"https:\/\/www.modepen.org\/index.php\/events\/concentracion-diante-do-concello-lugo-3\/\">Read more<\/a>\n                <\/p>\n                        <\/main>\n    <\/div>\n<\/div>\n\n<div id=\"post-188\" class=\"eap__event\">\n    <div class=\"eap__img\">\n        <img loading=\"lazy\" decoding=\"async\" width=\"386\" height=\"560\" src=\"https:\/\/www.modepen.org\/wp-content\/uploads\/2019\/08\/WhatsApp-Image-2019-08-18-at-12.55.52.jpeg\" class=\"attachment-post-thumbnail size-post-thumbnail wp-post-image\" alt=\"\" \/>    <\/div>\n\n    <div class=\"eap__content\">\n        <!-- header -->\n        <header class=\"eap__header\">\n            <h2 class=\"eap__title\"><a href=\"https:\/\/www.modepen.org\/index.php\/events\/concentracion-diante-do-concello-lugo-2\/\" rel=\"bookmark\">Concentracion diante do Concello &#8211; Lugo<\/a><\/h2>\n                        \n<!-- event meta -->\n<p class=\"eap__meta\">\n            <span class=\"eap__date no-wrap\">\n            <span class=\"dashicons dashicons-calendar-alt\"><\/span> Agosto 23, 2019        <\/span>\n         |         <span class=\"eap__time no-wrap\">\n            <span class=\"dashicons dashicons-clock\"><\/span> 12:00 pm        <\/span>\n         \u2013             <span class=\"eap__time no-wrap\">\n                1:00 pm            <\/span>\n            \n    <br>\n\n    Lugo, Lugo, Lugo<\/p>\n\n        <\/header>\n\n        <!-- main -->\n        <main class=\"eap__excerpt\">\n                            <p class=\"eap__more\">\n                    <a href=\"https:\/\/www.modepen.org\/index.php\/events\/concentracion-diante-do-concello-lugo-2\/\">Read more<\/a>\n                <\/p>\n                        <\/main>\n    <\/div>\n<\/div>\n\n<div id=\"post-163\" class=\"eap__event\">\n    <div class=\"eap__img\">\n        <img loading=\"lazy\" decoding=\"async\" width=\"386\" height=\"560\" src=\"https:\/\/www.modepen.org\/wp-content\/uploads\/2019\/08\/Lugo-2019-08-09.jpg\" class=\"attachment-post-thumbnail size-post-thumbnail wp-post-image\" alt=\"\" \/>    <\/div>\n\n    <div class=\"eap__content\">\n        <!-- header -->\n        <header class=\"eap__header\">\n            <h2 class=\"eap__title\"><a href=\"https:\/\/www.modepen.org\/index.php\/events\/concentracion-diante-do-concello-lugo\/\" rel=\"bookmark\">Concentracion diante do Concello &#8211; Lugo<\/a><\/h2>\n                        \n<!-- event meta -->\n<p class=\"eap__meta\">\n            <span class=\"eap__date no-wrap\">\n            <span class=\"dashicons dashicons-calendar-alt\"><\/span> Agosto 9, 2019        <\/span>\n         |         <span class=\"eap__time no-wrap\">\n            <span class=\"dashicons dashicons-clock\"><\/span> 12:00 pm        <\/span>\n         \u2013             <span class=\"eap__time no-wrap\">\n                2:00 pm            <\/span>\n            \n    <br>\n\n    Diante do Concello, Lugo, Lugo<\/p>\n\n        <\/header>\n\n        <!-- main -->\n        <main class=\"eap__excerpt\">\n                            <p class=\"eap__more\">\n                    <a href=\"https:\/\/www.modepen.org\/index.php\/events\/concentracion-diante-do-concello-lugo\/\">Read more<\/a>\n                <\/p>\n                        <\/main>\n    <\/div>\n<\/div>\n        <\/div>\n        <br>\n\n   \n<table class=\"form-table\" style=\"height: 29px;\" width=\"700\">\n<tbody>\n<tr>\n<th scope=\"row\"><\/th>\n<td><\/td>\n<\/tr>\n<\/tbody>\n<\/table>\n<p>&nbsp;<\/p>\n","protected":false},"excerpt":{"rendered":"<p>&nbsp;<\/p>\n","protected":false},"author":3,"featured_media":0,"parent":0,"menu_order":0,"comment_status":"closed","ping_status":"closed","template":"","meta":{"footnotes":""},"class_list":["post-2006","page","type-page","status-publish","hentry"],"_links":{"self":[{"href":"https:\/\/www.modepen.org\/index.php\/wp-json\/wp\/v2\/pages\/2006","targetHints":{"allow":["GET"]}}],"collection":[{"href":"https:\/\/www.modepen.org\/index.php\/wp-json\/wp\/v2\/pages"}],"about":[{"href":"https:\/\/www.modepen.org\/index.php\/wp-json\/wp\/v2\/types\/page"}],"author":[{"embeddable":true,"href":"https:\/\/www.modepen.org\/index.php\/wp-json\/wp\/v2\/users\/3"}],"replies":[{"embeddable":true,"href":"https:\/\/www.modepen.org\/index.php\/wp-json\/wp\/v2\/comments?post=2006"}],"version-history":[{"count":2,"href":"https:\/\/www.modepen.org\/index.php\/wp-json\/wp\/v2\/pages\/2006\/revisions"}],"predecessor-version":[{"id":2010,"href":"https:\/\/www.modepen.org\/index.php\/wp-json\/wp\/v2\/pages\/2006\/revisions\/2010"}],"wp:attachment":[{"href":"https:\/\/www.modepen.org\/index.php\/wp-json\/wp\/v2\/media?parent=2006"}],"curies":[{"name":"wp","href":"https:\/\/api.w.org\/{rel}","templated":true}]}}